{"id":7905,"date":"2023-01-02T17:28:55","date_gmt":"2023-01-02T16:28:55","guid":{"rendered":"http:\/\/s710205766.online.de\/ssv-wordpress\/?page_id=7905"},"modified":"2024-04-20T12:47:19","modified_gmt":"2024-04-20T10:47:19","slug":"aktuelles-2023","status":"publish","type":"page","link":"http:\/\/s710205766.online.de\/ssv-wordpress\/?page_id=7905","title":{"rendered":"Aktuelles 2023"},"content":{"rendered":"<h5 style=\"font-weight: 400;\"><span style=\"color: #008000;\"><strong>Schiessbericht\u00a0 2022<\/strong><\/span><\/h5>\n<p style=\"font-weight: 400;\">Die von Nikolas Bauer\u00a0 gestiftete <strong>Dreik\u00f6nigsscheibe<\/strong> <strong>2022<\/strong>gewann <strong>L o t h a r \u00a0B r a u n<\/strong><\/p>\n<table style=\"font-weight: 400;\" width=\"747\">\n<tbody>\n<tr>\n<td colspan=\"5\" rowspan=\"2\" width=\"565\"><strong>Relegation zur Oberliga Baden Luftgewehr 2022<\/strong><\/td>\n<td width=\"11\"><\/td>\n<td width=\"171\"><\/td>\n<\/tr>\n<tr>\n<td width=\"11\"><\/td>\n<td width=\"171\"><\/td>\n<\/tr>\n<tr>\n<td width=\"53\"><\/td>\n<td width=\"178\"><\/td>\n<td width=\"128\"><\/td>\n<td width=\"128\"><\/td>\n<td width=\"78\"><\/td>\n<td width=\"11\"><\/td>\n<td width=\"171\"><\/td>\n<\/tr>\n<tr>\n<td width=\"53\"><strong>Platz<\/strong><\/td>\n<td width=\"178\"><strong>Mannschaft<\/strong><\/td>\n<td width=\"128\"><strong>Durchgang 1<\/strong><\/td>\n<td width=\"128\"><strong>Durchgang 2<\/strong><\/td>\n<td width=\"78\"><strong>Gesamt<\/strong><\/td>\n<td width=\"11\"><\/td>\n<td width=\"171\"><\/td>\n<\/tr>\n<tr>\n<td width=\"53\">1<\/td>\n<td width=\"178\">SSV Eberbach I<\/td>\n<td width=\"128\">1906<\/td>\n<td width=\"128\">1902<\/td>\n<td width=\"78\"><strong>3808<\/strong><\/td>\n<td width=\"11\"><\/td>\n<td width=\"171\">steigt auf in Oberliga<\/td>\n<\/tr>\n<tr>\n<td width=\"53\">2<\/td>\n<td width=\"178\">KKS Hambr\u00fccken I<\/td>\n<td width=\"128\">1905<\/td>\n<td width=\"128\">1899<\/td>\n<td width=\"78\"><strong>3804<\/strong><\/td>\n<td width=\"11\"><\/td>\n<td width=\"171\"><\/td>\n<\/tr>\n<tr>\n<td width=\"53\">3<\/td>\n<td width=\"178\">SV Mannheim I<\/td>\n<td width=\"128\">1873<\/td>\n<td width=\"128\">1883<\/td>\n<td width=\"78\"><strong>3756<\/strong><\/td>\n<td width=\"11\"><\/td>\n<td width=\"171\"><\/td>\n<\/tr>\n<tr>\n<td width=\"53\"><\/td>\n<td width=\"178\"><\/td>\n<td width=\"128\"><\/td>\n<td width=\"128\"><\/td>\n<td width=\"78\"><\/td>\n<td width=\"11\"><\/td>\n<td width=\"171\"><\/td>\n<\/tr>\n<tr>\n<td width=\"53\"><\/td>\n<td width=\"178\"><\/td>\n<td width=\"128\"><\/td>\n<td width=\"128\"><\/td>\n<td width=\"78\"><\/td>\n<td width=\"11\"><\/td>\n<td width=\"171\"><\/td>\n<\/tr>\n<tr>\n<td width=\"53\"><\/td>\n<td width=\"178\"><strong>Einzelergebnisse:<\/strong><\/td>\n<td width=\"128\"><strong>Durchgang 1<\/strong><\/td>\n<td width=\"128\"><strong>Durchgang 2<\/strong><\/td>\n<td width=\"78\"><\/td>\n<td width=\"11\"><\/td>\n<td width=\"171\"><\/td>\n<\/tr>\n<tr>\n<td width=\"53\"><\/td>\n<td width=\"178\">Scherer, Xenia<\/td>\n<td width=\"128\">386<\/td>\n<td width=\"128\">383<\/td>\n<td width=\"78\"><\/td>\n<td width=\"11\"><\/td>\n<td width=\"171\"><\/td>\n<\/tr>\n<tr>\n<td width=\"53\"><\/td>\n<td width=\"178\">Sch\u00f6lch, Friedrich<\/td>\n<td width=\"128\">385<\/td>\n<td width=\"128\"><\/td>\n<td width=\"78\"><\/td>\n<td width=\"11\"><\/td>\n<td width=\"171\"><\/td>\n<\/tr>\n<tr>\n<td width=\"53\"><\/td>\n<td width=\"178\">Mi\u00dfler, Stephan<\/td>\n<td width=\"128\">377<\/td>\n<td width=\"128\">385<\/td>\n<td width=\"78\"><\/td>\n<td width=\"11\"><\/td>\n<td width=\"171\"><\/td>\n<\/tr>\n<tr>\n<td width=\"53\"><\/td>\n<td width=\"178\">Kre\u00df, Steffen<\/td>\n<td width=\"128\">383<\/td>\n<td width=\"128\">384<\/td>\n<td width=\"78\"><\/td>\n<td width=\"11\"><\/td>\n<td width=\"171\"><\/td>\n<\/tr>\n<tr>\n<td width=\"53\"><\/td>\n<td width=\"178\">Kre\u00df, Max<\/td>\n<td width=\"128\">375<\/td>\n<td width=\"128\">370<\/td>\n<td width=\"78\"><\/td>\n<td width=\"11\"><\/td>\n<td width=\"171\"><\/td>\n<\/tr>\n<tr>\n<td width=\"53\"><\/td>\n<td width=\"178\">Joho, Patrick<\/td>\n<td width=\"128\"><\/td>\n<td width=\"128\">380<\/td>\n<td width=\"78\"><\/td>\n<td width=\"11\"><\/td>\n<td width=\"171\"><\/td>\n<\/tr>\n<\/tbody>\n<\/table>\n<p style=\"font-weight: 400;\"><strong>\u00a0<\/strong><strong>LG und LP Ergebnisse siehe extra Blatt<\/strong><\/p>\n<p style=\"font-weight: 400;\"><strong>LG 1 Platz 2. LL \u2013 Relegation OL<\/strong><\/p>\n<p style=\"font-weight: 400;\"><strong>LG 2 Platz 3. Kreisoberliga<\/strong><\/p>\n<p style=\"font-weight: 400;\"><strong>LG 1 Auflage \u00a0Platz 1. KOL\u00a0\u00a0\u00a0 LG 2 Auflage Platz\u00a0 3. KL<\/strong><\/p>\n<p style=\"font-weight: 400;\"><strong>LG LP 3 Auflage Platz 4. KL \u00a0\u00a0\u00a0LP 1 Platz 3. Landesliga<\/strong><\/p>\n<p style=\"font-weight: 400;\">Bei den <strong>Kreismeisterschaften 2022<\/strong> \u00a0wurden\u00a0 bei 69 Einzel Starts \/ 7 Mannschaften<\/p>\n<p style=\"font-weight: 400;\"><strong>Gold<\/strong> : Einzel\u00a0\u00a0\u00a0\u00a0\u00a0 33\u00a0\u00a0 Mannschaft: 2<\/p>\n<p style=\"font-weight: 400;\"><strong>Silber<\/strong> : Einzel\u00a0\u00a0\u00a0 17\u00a0\u00a0 Mannschaft : 1<\/p>\n<p style=\"font-weight: 400;\"><strong>Bronze<\/strong> : Einzel\u00a0 11\u00a0\u00a0 Mannschaft : 2<\/p>\n<p style=\"font-weight: 400;\">erreicht.<\/p>\n<p style=\"font-weight: 400;\">Bei den <strong>Landesmeisterschaften <\/strong>\u00a0wurden bei 41 E Starts \/ 7 Ma. 3 f. a. Vereine<\/p>\n<p style=\"font-weight: 400;\"><strong>Gold<\/strong> : E\u00a0 7\u00a0 +1 (a. Verein )\u00a0\u00a0 Mannschaft: 2<\/p>\n<p style=\"font-weight: 400;\"><strong>Silber<\/strong> : E 3 +1 (a. Verein )\u00a0\u00a0 \u00a0Mannschaft : 2+1<\/p>\n<p style=\"font-weight: 400;\"><strong>Bronze<\/strong> : E 7 +1 (a. Verein )\u00a0\u00a0 \u00a0\u00a0Mannschaft : &#8211;<\/p>\n<p style=\"font-weight: 400;\">Bei den <strong>Deutschen Meisterschaften<\/strong><strong> \u00a0<\/strong>wurden bei 21 E Starts + 4 Mannschaften darunter<\/p>\n<p style=\"font-weight: 400;\">3 f\u00fcr andere Vereine folgende Platzierungen erreicht:<\/p>\n<p style=\"font-weight: 400;\"><strong>KK 100 M Gabi Hammer Zeitler Platz 7<\/strong><\/p>\n<p style=\"font-weight: 400;\"><strong>KK 100 M Karin Kre\u00df \u00a0Platz 11<\/strong><\/p>\n<p style=\"font-weight: 400;\"><strong><em>1 Mannschafts\u00a0 Bronze Medaille\u00a0 LG gewann<\/em><\/strong><\/p>\n<p style=\"font-weight: 400;\"><strong><em>Kerstin Liebsch mit KKS Ispringen <\/em><\/strong><\/p>\n<p style=\"font-weight: 400;\"><strong><em>Kerstin Liebsch 7 Platz Zimmerstutzen f\u00fcr SG Singen <\/em><\/strong><\/p>\n<p style=\"font-weight: 400;\"><strong>Er &amp; Sie Schie\u00dfen<\/strong><\/p>\n<p style=\"font-weight: 400;\"><strong>Beim Er &amp; Sie schie\u00dfen konnten wir 20 Teilnehmer-\/innen begr\u00fc\u00dfen<\/strong><\/p>\n<p><strong>1. <\/strong><strong>Thomas B\u00e4uerle 170 und 1. Lorena Christoph 174<\/strong><\/p>\n<p style=\"font-weight: 400;\"><strong>Mannschaft Sieger wurde Thomas B\u00e4uerle und Christiane Weidner mit 328 Punkten<\/strong><\/p>\n<p style=\"font-weight: 400;\"><strong>Weitere Ergebnisse siehe extra Blatt <\/strong><\/p>\n<p style=\"font-weight: 400;\"><strong>\u00a0<\/strong><\/p>\n<table style=\"font-weight: 400;\" width=\"721\">\n<tbody>\n<tr>\n<td colspan=\"6\" width=\"640\"><strong>\u00a0<\/strong><\/p>\n<p><strong>\u00a0<\/strong><\/p>\n<p><strong>Internes Zimmerstutzen Turnier 2022<\/strong><\/td>\n<td width=\"81\"><\/td>\n<\/tr>\n<tr>\n<td width=\"84\"><\/td>\n<td width=\"214\"><\/td>\n<td width=\"117\"><\/td>\n<td width=\"70\"><\/td>\n<td width=\"70\"><\/td>\n<td width=\"84\"><\/td>\n<td width=\"81\"><\/td>\n<\/tr>\n<tr>\n<td width=\"84\"><strong>Platz<\/strong><\/td>\n<td width=\"214\"><strong>Name<\/strong><\/td>\n<td width=\"117\"><strong>1. Serie<\/strong><\/td>\n<td width=\"70\"><strong>2. Serie<\/strong><\/td>\n<td width=\"70\"><strong>3. Serie<\/strong><\/td>\n<td width=\"84\"><strong>Gesamt<\/strong><\/td>\n<td width=\"81\"><\/td>\n<\/tr>\n<tr>\n<td width=\"84\"><strong>1<\/strong><\/td>\n<td width=\"214\">M\u00fcller Thomas<\/td>\n<td width=\"117\">89<\/td>\n<td width=\"70\">85<\/td>\n<td width=\"70\">91<\/td>\n<td width=\"84\"><strong>265<\/strong><\/td>\n<td width=\"81\"><\/td>\n<\/tr>\n<tr>\n<td width=\"84\"><strong>2<\/strong><\/td>\n<td width=\"214\">Kre\u00df Karin<\/td>\n<td width=\"117\">90<\/td>\n<td width=\"70\">89<\/td>\n<td width=\"70\">86<\/td>\n<td width=\"84\"><strong>265<\/strong><\/td>\n<td width=\"81\"><\/td>\n<\/tr>\n<tr>\n<td width=\"84\"><strong>3<\/strong><\/td>\n<td width=\"214\">Kre\u00df Martin<\/td>\n<td width=\"117\">83<\/td>\n<td width=\"70\">81<\/td>\n<td width=\"70\">87<\/td>\n<td width=\"84\"><strong>251<\/strong><\/td>\n<td width=\"81\"><\/td>\n<\/tr>\n<tr>\n<td width=\"84\"><\/td>\n<td width=\"214\"><\/td>\n<td width=\"117\"><\/td>\n<td width=\"70\"><\/td>\n<td width=\"70\"><\/td>\n<td width=\"84\"><\/td>\n<td width=\"81\"><\/td>\n<\/tr>\n<tr>\n<td width=\"84\"><strong>Auflage<\/strong><\/td>\n<td width=\"214\"><strong>Auflage<\/strong><\/td>\n<td width=\"117\"><\/td>\n<td width=\"70\"><\/td>\n<td width=\"70\"><\/td>\n<td width=\"84\"><\/td>\n<td width=\"81\"><\/td>\n<\/tr>\n<tr>\n<td width=\"84\"><strong>1<\/strong><\/td>\n<td width=\"214\">B\u00e4uerle Thomas<\/td>\n<td width=\"117\">91<\/td>\n<td width=\"70\">88<\/td>\n<td width=\"70\">88<\/td>\n<td width=\"84\"><strong>267<\/strong><\/td>\n<td width=\"81\"><\/td>\n<\/tr>\n<tr>\n<td width=\"84\"><strong>2<\/strong><\/td>\n<td width=\"214\">Hammer-Zeitler Gabi<\/td>\n<td width=\"117\">89<\/td>\n<td width=\"70\">83<\/td>\n<td width=\"70\">92<\/td>\n<td width=\"84\"><strong>264<\/strong><\/td>\n<td width=\"81\"><\/td>\n<\/tr>\n<tr>\n<td width=\"84\"><strong>3<\/strong><\/td>\n<td width=\"214\">Oe\u00df Fritz<\/td>\n<td width=\"117\">80<\/td>\n<td width=\"70\">81<\/td>\n<td width=\"70\">84<\/td>\n<td width=\"84\"><strong>245<\/strong><\/td>\n<td width=\"81\"><\/td>\n<\/tr>\n<\/tbody>\n<\/table>\n<p style=\"font-weight: 400;\"><strong>KK-Ergebnisse siehe extra Blatt<\/strong><\/p>\n<p style=\"font-weight: 400;\"><strong>\u00a0<\/strong><strong>KK Gewehr 1 Verbandsklasse 2.<\/strong><\/p>\n<p style=\"font-weight: 400;\"><strong>KK Auflage 1\u00a0 Kreisklasse A \u00a01.<\/strong><\/p>\n<p style=\"font-weight: 400;\"><strong>KK Auflage 2\u00a0 Kreisklasse A \u00a03.<\/strong><\/p>\n<p style=\"font-weight: 400;\"><strong>KK Auflage 3\u00a0 Kreisklasse B \u00a03.<\/strong><\/p>\n<p style=\"font-weight: 400;\"><strong>KK Spopi\u00a0 1\u00a0\u00a0\u00a0\u00a0\u00a0\u00a0\u00a0\u00a0 Landesklasse \u00a0\u00a03.<\/strong><\/p>\n<p style=\"font-weight: 400;\"><strong>\u00a0<\/strong><\/p>\n<p style=\"font-weight: 400;\"><strong>Alters- und Seniorenschie\u00dfen des BSV 2022<\/strong><\/p>\n<p style=\"font-weight: 400;\"><strong>am 10.-11.September In Ettlingen<\/strong><\/p>\n<p style=\"font-weight: 400;\"><strong>\u00a0\u00a0\u00a0 <\/strong><\/p>\n<table style=\"font-weight: 400;\" width=\"524\">\n<tbody>\n<tr>\n<td width=\"219\"><\/td>\n<td width=\"77\"><\/td>\n<td width=\"68\"><\/td>\n<td width=\"59\"><\/td>\n<td width=\"101\"><\/td>\n<\/tr>\n<tr>\n<td width=\"219\"><strong>LP-Auflage<\/strong><\/td>\n<td width=\"77\"><strong>Sen A<\/strong><\/td>\n<td width=\"68\"><strong>\u00a0<\/strong><\/td>\n<td width=\"59\"><strong>\u00a0<\/strong><\/td>\n<td width=\"101\"><\/td>\n<\/tr>\n<tr>\n<td width=\"219\">Weidner Christiane<\/td>\n<td width=\"77\">Sen IV<\/td>\n<td width=\"68\">292,8<\/td>\n<td width=\"59\"><strong>3<\/strong><\/td>\n<td width=\"101\"><\/td>\n<\/tr>\n<tr>\n<td width=\"219\">Kress Martin<\/td>\n<td width=\"77\">Sen I<\/td>\n<td width=\"68\">292,7<\/td>\n<td width=\"59\">5<\/td>\n<td width=\"101\">7<\/td>\n<\/tr>\n<tr>\n<td width=\"219\">B\u00e4uerle Thomas<\/td>\n<td width=\"77\">Sen II<\/td>\n<td width=\"68\">291,4<\/td>\n<td width=\"59\">5<\/td>\n<td width=\"101\"><strong style=\"font-size: 14px; color: #1d1d1d;\">\u00a0<\/strong><\/td>\n<\/tr>\n<\/tbody>\n<\/table>\n<p style=\"font-weight: 400;\"><strong>Damen Vergleich siehe extra Blatt<\/strong><\/p>\n<p style=\"font-weight: 400;\"><strong>Vereinspokalschiessen 2022<\/strong><\/p>\n<p style=\"font-weight: 400;\"><strong>\u00a0<\/strong><strong>Beim Vereinspokalschiessen konnten wir nach 2 J\u00e4hriger Corona Pause \u00a0140 Einzel und 26 Mannschaften begr\u00fc\u00dfen.<\/strong><\/p>\n<p style=\"font-weight: 400;\"><strong>Unsere eigenen Mannschaften belegten mit den J\u00e4germeister Damen Platz 4 , <\/strong><\/p>\n<p style=\"font-weight: 400;\"><strong>die Wachenheimers bei Mixed kamen auf Platz 13<\/strong><\/p>\n<p style=\"font-weight: 400;\"><strong>Hanna H\u00f6nig \u201eWachenheimers\u201c wurde \u00a012. mit 136 P.<\/strong><\/p>\n<p style=\"font-weight: 400;\"><strong>Claudia Johe \u00a0\u201eJ\u00e4germeister\u201c 16. mit 132 P.<\/strong><\/p>\n<p>&nbsp;<\/p>\n<p><strong>Ranglistenturnier des Sch\u00fctzenkreises 4 f\u00fcr Gro\u00dfkalibersch\u00fctzen im Sch\u00fctzenhaus Pleutersbach<\/strong><\/p>\n<p><strong>K\u00f6nigsschie\u00dfen 2022<\/strong><\/p>\n<p>Sch\u00fctzenk\u00f6nig wurde Thomas M\u00fcller<\/p>\n<p>1. Ritter Patrick Joho. \u00a0 2. Ritter Nina Johe<\/p>\n<p>Gewinner der K\u00f6nigsscheibe Thomas B\u00e4uerle, gestiftet von Christiane Weidner<\/p>\n<p>Jugendsch\u00fctzenk\u00f6nig 2022 wurde Mike Benzler<\/p>\n<p>1. Jugendritter 2022 Leonie B\u00f6hm 2. Jugendritter 2022 Xenia Scherer<\/p>\n<p>Kreissch\u00fctzenball<\/p>\n<p>Den Wanderpokal KK Auflage und LG Auflage ging wieder nach Eberbach. Bei den Kreismeisterschaften allgemein Landete Eberbach auf dem 3. Platz. Zahlreiche Ehrungen f\u00fcr Erfolge die Kreis-, Landes- und Deutschen Meisterschaften erhielten:<\/p>\n<p>Xenia Scherer, Steffen Kre\u00df, Leon Joho, Gabi Hammer-Zeitler, Karin Kre\u00df, Kerstin Liebsch, Christiane Weidner, Harold Braun, Patrick Joho und Thomas B\u00e4uerle.<\/p>\n<p>F\u00fcr Dekoration der Tische und Saal wurde Pia Sauer stellvertretend mit einem Blumenstrau\u00df geehrt.<\/p>\n<p>Beim K\u00f6nigsschiessen wurde<\/p>\n<p>Steffen Kre\u00df wurde 1. Ritter<\/p>\n<p>Wolfgang Stadler 2. Ritter<\/p>\n<p>Mike Benzler Jugend 1. Ritter<\/p>\n<p style=\"font-weight: 400;\"><strong>Das Meistersch\u00fctzenabzeichen des DSB <\/strong><\/p>\n<p style=\"font-weight: 400;\"><strong>erhielten 2022 folgende Sch\u00fctzen-\/innen<\/strong><\/p>\n<table style=\"font-weight: 400;\" width=\"614\">\n<tbody>\n<tr>\n<td width=\"43\"><\/td>\n<td width=\"67\"><strong>Xenia\u00a0\u00a0\u00a0\u00a0\u00a0\u00a0 <\/strong><\/td>\n<td width=\"108\"><strong>Scherer<\/strong><\/td>\n<td width=\"396\"><strong>SSV 1487 Eberbach<\/strong><\/td>\n<\/tr>\n<tr>\n<td width=\"43\"><strong>\u00a0<\/strong><\/p>\n<p><strong>\u00a0<\/strong><\/p>\n<p><strong>7<\/strong><\/td>\n<td width=\"67\"><strong>Steffen<\/strong><\/td>\n<td width=\"108\"><strong>Kress<\/strong><\/td>\n<td width=\"396\"><strong>SSV 1487 Eberbach<\/strong><\/td>\n<\/tr>\n<tr>\n<td width=\"43\"><\/td>\n<td width=\"67\"><\/td>\n<td width=\"108\"><\/td>\n<td width=\"396\"><\/td>\n<\/tr>\n<tr>\n<td width=\"43\"><strong>9<\/strong><\/td>\n<td width=\"67\"><strong>Patrick<\/strong><\/td>\n<td width=\"108\"><strong>Joho<\/strong><\/td>\n<td width=\"396\"><strong>SSV 1487 Eberbach<\/strong><\/td>\n<\/tr>\n<tr>\n<td width=\"43\"><strong>14<\/strong><\/td>\n<td width=\"67\"><strong>Karin <\/strong><\/td>\n<td width=\"108\"><strong>Kress<\/strong><\/td>\n<td width=\"396\"><strong>SSV 1487 Eberbach<\/strong><\/td>\n<\/tr>\n<tr>\n<td width=\"43\"><\/td>\n<td width=\"67\"><\/td>\n<td width=\"108\"><\/td>\n<td width=\"396\"><\/td>\n<\/tr>\n<tr>\n<td width=\"43\"><strong>15<\/strong><\/td>\n<td width=\"67\"><strong>Kerstin<\/strong><\/td>\n<td width=\"108\"><strong>Liebsch<\/strong><\/td>\n<td width=\"396\"><strong>SSV 1487 Eberbach<\/strong><\/td>\n<\/tr>\n<tr>\n<td width=\"43\"><\/td>\n<td width=\"67\"><\/td>\n<td width=\"108\"><\/td>\n<td width=\"396\"><\/td>\n<\/tr>\n<tr>\n<td width=\"43\"><strong>18<\/strong><\/td>\n<td width=\"67\"><strong>Gabi<\/strong><\/td>\n<td width=\"108\"><strong>Hammer-Zeitler<\/strong><\/td>\n<td width=\"396\"><strong>SSV 1487 Eberbach<\/strong><\/td>\n<\/tr>\n<tr>\n<td width=\"43\"><\/td>\n<td width=\"67\"><\/td>\n<td width=\"108\"><\/td>\n<td width=\"396\"><\/td>\n<\/tr>\n<tr>\n<td width=\"43\"><strong>19<\/strong><\/td>\n<td width=\"67\"><strong>Thomas<\/strong><\/td>\n<td width=\"108\"><strong>B\u00e4uerle<\/strong><\/td>\n<td width=\"396\"><strong>SSV 1487 Eberbach<\/strong><\/td>\n<\/tr>\n<tr>\n<td width=\"43\"><strong>22<\/strong><\/td>\n<td width=\"67\">Christiane<\/td>\n<td width=\"108\"><strong>Weidner<\/strong><\/td>\n<td width=\"396\"><strong>SSV 1487 Eberbach<\/strong><\/td>\n<\/tr>\n<tr>\n<td width=\"43\"><\/td>\n<td width=\"67\"><\/td>\n<td width=\"108\"><\/td>\n<td width=\"396\"><\/td>\n<\/tr>\n<tr>\n<td width=\"43\"><strong>23<\/strong><\/td>\n<td width=\"67\"><strong>Lothar<\/strong><\/td>\n<td width=\"108\"><strong>Braun<\/strong><\/td>\n<td width=\"396\"><strong>SSV 1487 Eberbach<\/strong><\/td>\n<\/tr>\n<tr>\n<td width=\"43\"><strong>27<\/strong><\/td>\n<td width=\"67\"><strong>Klaus<\/strong><\/td>\n<td width=\"108\"><strong>Bickel<\/strong><\/td>\n<td width=\"396\"><strong>SSV 1487 Eberbach<\/strong><\/td>\n<\/tr>\n<tr>\n<td width=\"43\"><\/td>\n<td width=\"67\"><\/td>\n<td width=\"108\"><\/td>\n<td width=\"396\"><\/td>\n<\/tr>\n<tr>\n<td width=\"43\"><strong>30<\/strong><\/td>\n<td width=\"67\"><strong>Reinhard<\/strong><\/td>\n<td width=\"108\"><strong>Zahn<\/strong><\/td>\n<td width=\"396\"><strong>SSV 1487 Eberbach<\/strong><\/td>\n<\/tr>\n<tr>\n<td width=\"43\"><\/td>\n<td width=\"67\"><\/td>\n<td width=\"108\"><\/td>\n<td width=\"396\"><\/td>\n<\/tr>\n<tr>\n<td width=\"43\"><strong>31<\/strong><\/td>\n<td width=\"67\"><strong>Franz<\/strong><\/td>\n<td width=\"108\"><strong>Zeitler<\/strong><\/td>\n<td width=\"396\"><strong>SSV 1487 Eberbach<\/strong><\/td>\n<\/tr>\n<\/tbody>\n<\/table>\n<p>Schiessbericht 2022<\/p>\n<p>Schiessleiter Wolfgang Stadler<\/p>\n<p>&nbsp;<\/p>\n<h5 style=\"font-weight: 400;\"><span style=\"color: #0000ff;\"><strong>A&amp;B Schie\u00dfen 2023<\/strong><\/span><\/h5>\n<p style=\"font-weight: 400;\">Wie jedes Jahr trafen sich die Sch\u00fctzen und Sch\u00fctzinnen zum Abschluss des Sportjahres 2023 um es geb\u00fchrend ausklingen zu lassen.<\/p>\n<p style=\"font-weight: 400;\">Hier wurde je nach Ankunft in Mannschaft A&amp;B aufgeteilt um ein bisschen Wettkampf Flair rein zu bringen.<\/p>\n<p style=\"font-weight: 400;\">Es traten 5 Luftgewehrsch\u00fctzen, 5 Luftgewehr Auflage, 3 Luftpistole Auflage und 1 Luftpistolensch\u00fctze gegeneinander an. Insgesamt waren 14 Teilnehmer am Start.<\/p>\n<p style=\"font-weight: 400;\"><strong><em>Gewonnen hat die Mannschaft A mit 2292:2244 Ringen.<\/em><\/strong><\/p>\n<p style=\"font-weight: 400;\">Hervorzuheben waren die 300(317,5) Ringe von \u201eOnkel Werner\u201c mit 28 Innenzehnern und 105,5 Ringen in der letzten Serie der sich nur Klaus Bickel geschlagen geben musste der ebenfalls 300 (316,5)Ringe und 24 Innenzehner hatte, aber mit 105,9 in der letzten Serie besser ausgeschossen hat.<\/p>\n<p style=\"font-weight: 400;\"><em>Wir haben halt auf \u201evolle Ringe\u201c und nicht auf Zehntel gewertet.<\/em><\/p>\n<p style=\"font-weight: 400;\">Bei den LG Sch\u00fctzen war es \u00e4hnlich knapp, hier setzte sich Stephan Mi\u00dfler gegen Thomas M\u00fcller mit 381\/95 : 381\/94 durch.<\/p>\n<p style=\"font-weight: 400;\">Bei LP Auflage konnte sich Thomas B\u00e4uerle mit 286:285 gegen Karin Kre\u00df knapp behaupten.<\/p>\n<p style=\"font-weight: 400;\">Bei der anschlie\u00dfenden \u201eSiegerehrung\u201c durfte sich jeder an den mitgebrachten Gaben bedienen die die Teilnehmer spendeten.<\/p>\n<p style=\"font-weight: 400;\">Nach lecker Schnitzel mit Brot &amp; selbstgemachter So\u00dfe &#8211; zubereitet von unserer \u201eRestaurant\u201c Chefin Gabi Klinge -Teller waren dann alle gl\u00fccklich und satt.<\/p>\n<p style=\"font-weight: 400;\">Im Anschluss gab es noch Ehrungen die wegen Verhinderung nachgeholt wurden, z.B. das Meistersch\u00fctzenabzeichen 2022. Es konnte an folgende Sch\u00fctzen verliehen werden: <strong><em>Thomas B\u00e4uerle, Klaus Bickel, Lothar Braun, Gabi Hammer-Zeitler, Patrick Joho, Karin Kre\u00df, Steffen Kre\u00df, Kerstin Liebsch, Xenia Scherer, Christiane Weidner, Reinhard Zahn &amp; Franz Zeitler<\/em><\/strong>.<\/p>\n<p><a href=\"http:\/\/s710205766.online.de\/ssv-wordpress\/wp-content\/uploads\/IMG_5443-scaled.jpg\" target=\"_blank\" rel=\"noopener\"><img loading=\"lazy\" decoding=\"async\" class=\"aligncenter wp-image-8617 size-medium\" src=\"http:\/\/s710205766.online.de\/ssv-wordpress\/wp-content\/uploads\/IMG_5443-300x252.jpg\" alt=\"\" width=\"300\" height=\"252\" srcset=\"http:\/\/s710205766.online.de\/ssv-wordpress\/wp-content\/uploads\/IMG_5443-300x252.jpg 300w, http:\/\/s710205766.online.de\/ssv-wordpress\/wp-content\/uploads\/IMG_5443-1024x861.jpg 1024w, http:\/\/s710205766.online.de\/ssv-wordpress\/wp-content\/uploads\/IMG_5443-768x646.jpg 768w, http:\/\/s710205766.online.de\/ssv-wordpress\/wp-content\/uploads\/IMG_5443-1536x1292.jpg 1536w, http:\/\/s710205766.online.de\/ssv-wordpress\/wp-content\/uploads\/IMG_5443-2048x1723.jpg 2048w\" sizes=\"(max-width: 300px) 100vw, 300px\" \/><\/a>W.S. 30.12.2023<\/p>\n<h5><\/h5>\n<h5 style=\"font-weight: 400;\"><span style=\"color: #800080;\"><strong>Letzter\u00a0 Wettkampf \u00a02023 der LG Auflage Sch\u00fctzen:<\/strong><\/span><\/h5>\n<p style=\"font-weight: 400;\">Beim 5 . Wk der Auflagesch\u00fctzen kam es am Montag in Brombach zum Duell Brombach I gegen\u00a0 SSV Eberbach I 0:3<\/p>\n<p style=\"font-weight: 400;\">An Pos. 1 durfte Silvia Seib gegen Gaby Hammer &#8211; Zeitler ran.<\/p>\n<p style=\"font-weight: 400;\">Mit einer 92:100 Serie zu Anfang schaffte Gaby schon genug Vorsprung um einen nie gef\u00e4hrdenden (96:99\/97:100) 285:299 Ringe Sieg einzufahren.\u00a0 0:1 Punkt f\u00fcr Eberbach.<\/p>\n<p style=\"font-weight: 400;\">An Pos. 2 durfte J\u00fcrgen Seib \u00a0gegen Karin Kre\u00df\u00a0 antreten. Mit 97:99 starteten\u00a0 beide und es wurde ein packender Wettkampf (99:100\/ 98:99) den Karin schlie\u00dflich mit 294:298 Ringen gewann. 0:2<\/p>\n<p style=\"font-weight: 400;\">An Pos. 3 durfte Roland Schnepf \u00a0gegen Reinhard Zahn antreten. Auch hier wurde es eng, kamen beide mit 98:99 gut in den Wettkampf aber Reinhard lie\u00df sehr gute 98:100\/97:99 folgen denen \u00a0sich Roland vergeblich wehrte.<\/p>\n<p style=\"font-weight: 400;\">Am Ende war es ein verdienter 293:298 Sieg f\u00fcr Reinhard und Eberbach gewann mit <strong>0:3<\/strong><\/p>\n<p style=\"font-weight: 400;\"><strong>In der 2. Paarung des Abends musste Eberbach II gegen Spechbach 1 antreten.<\/strong><\/p>\n<p style=\"font-weight: 400;\"><strong>1:2 endete der Wettkampf<\/strong><\/p>\n<p style=\"font-weight: 400;\">Auf Pos. 1 musste sich Lothar Braun gegen Jens Gomille mit 98:99 \/ 98:99\/ und<\/p>\n<p style=\"font-weight: 400;\">zum Schluss 100:100 knapp mit guten 296:298 Ringen geschlagen geben. 0:1<\/p>\n<p style=\"font-weight: 400;\">An Pos. 2 startete Fritz Oe\u00df gegen Hans-J\u00fcrgen Kopietz mit 99:99 und 100:100 sehr gut, konnte mit 98:100\u00a0 in der letzten Serie \u00a0aber nicht folgen und verlor sein Match mit 297:299 Ringen 0:2<\/p>\n<p style=\"font-weight: 400;\">An Pos. 3 durfte Klaus Bickel gegen Manfred Braun \u00a0antreten und es wurde der Krimi des Abends. Beide lie\u00dfen bis zum Schluss keine Zehn aus und so stand es am Ende 300:300, ein Stechen musste entscheiden.\u00a0 Beide blieben Standhaft und es ging mit 10:10 weiter. Erst der Zweite Stechschuss entschied zugunsten von Klaus\u00a0 und er gewann mit 10:9 Ringen den Ehrenpunkt f\u00fcr Eberbach.<\/p>\n<p style=\"font-weight: 400;\">Die 1:2 Niederlage war gegen den Tabellen Nachbarn war zwar \u00e4rgerlich, h\u00e4tte man hier Punktgleich ziehen k\u00f6nnen aber so \u00fcberwintert man hinter Eberbach I und Spechbach I auf Platz 3. Im Januar geht\u2019s weiter\u2026<\/p>\n<p style=\"font-weight: 400;\">14.12.2023 W.S.<\/p>\n<h5><\/h5>\n<h5><span style=\"color: #0000ff;\"><strong>4. Kreisoberliga Wettkampf der 2. Luftgewehr Mannschaft:<\/strong><\/span><\/h5>\n<p style=\"font-weight: 400;\"><strong>Eberbach 2 \u2013 Moosbrunn 1- Spechbach 4<\/strong><\/p>\n<p style=\"font-weight: 400;\">Der Wettkampf endete \u00a05:1:3<\/p>\n<p style=\"font-weight: 400;\">Position 1; Steffen Kre\u00df<strong> 372<\/strong> (2) :Miriam Sch\u00f6lch 365 (0): Nina Schifferdecker 367 (1)<\/p>\n<p style=\"font-weight: 400;\">Postion 2; Max Kre\u00df 369 (1): Lilian Eggert 327 (0): Moritz Stehle 376 (2)<\/p>\n<p style=\"font-weight: 400;\">Position 3; Thomas M\u00fcller 373 (2): Thomas Bayer 348 (1): Nikolai M\u00f6\u00dfner 343(0<\/p>\n<p style=\"font-weight: 400;\">Mit einer starken Mannschaftsleistung von 1114 Ringen verabschiedet sich die Mannschaft in die wohlverdiente Winterpause.<\/p>\n<p style=\"font-weight: 400;\"><strong style=\"color: #800080; font-size: 22px;\">3. Kreisoberliga Wettkampf Luftpistole Auflage in Spechbach<\/strong><\/p>\n<p style=\"font-weight: 400;\"><strong>Spechbach &#8211; Brombach &#8211; Eberbach<\/strong><\/p>\n<p style=\"font-weight: 400;\">In einem vorgezogenen Wk mussten die Sch\u00fctzen in Spechbach antreten. Der Wettkampf endete 3:2:4 nach Punkten<\/p>\n<p style=\"font-weight: 400;\">Position 1;Hans- J\u00fcrgen Kopietz 287 (2): J\u00fcrgen Seib 278 (0): Thomas B\u00e4uerle 286 (1)<\/p>\n<p style=\"font-weight: 400;\">Position 2; Iris Mohr 268 (0) : Leo Bundai 278 (2) : Martin Kre\u00df\u00a0 276 (1)<\/p>\n<p style=\"font-weight: 400;\">Position 3; Michael Mall 280 (1) : Roland Schnepf 269 (0) : Karin Kre\u00df 286 (2)<\/p>\n<p style=\"font-weight: 400;\">Christiane Weidner schoss AK mit und erzielte 272 Ringe f\u00fcr die Rangliste.<\/p>\n<p style=\"font-weight: 400;\">Hans-J\u00fcrgen mit Tagesbestergebnis \u00a0von 287 : 286 Ringe von Thomas war schon hart umk\u00e4mpft. Hier war f\u00fcr J\u00fcrgen 278 nichts zu holen.<\/p>\n<p style=\"font-weight: 400;\">Leo mit 278 : Martin 276 Ringe hatte knapp die Nase vorn, Iris 268 k\u00e4mpft sich langsam wieder nach oben.<\/p>\n<p style=\"font-weight: 400;\">Karin 286 : Michael 280 Ringe lie\u00df auch hier nichts anbrennen. Roland 269 konnte hier nicht mithalten.<\/p>\n<p style=\"font-weight: 400;\">09.12.2023 W.S.<\/p>\n<h5><\/h5>\n<h5><span style=\"color: #008000;\"><strong>2. Wk LP Landesliga<\/strong><\/span><\/h5>\n<p style=\"font-weight: 400;\">Die LP Sch\u00fctzen mussten heute in K\u00f6nigshofen zum 2. Wk antreten.<\/p>\n<p style=\"font-weight: 400;\">Leider musste man sich mit 1:4 geschlagen geben.<\/p>\n<p style=\"font-weight: 400;\">An Pos. 1. war Dirk gefordert da er mit Gunnar Braun einem starken \u00a0Sch\u00fctzen gegen\u00fcber stand. War nach der 2.Serie noch Hoffnung -2 Ringe baute Gunnar in der 3. Serie den Vorsprung auf 8 Ringe aus und zog davon. \u00a0Er siegte mit 366:353<\/p>\n<p style=\"font-weight: 400;\">An Pos. 2 war Wolfgang in der 1. Serie noch gleich auf, das \u00e4nderte sich aber in der 2. Serie Schlagartig und Norbert Richter zog mit 9 Ringen davon. Ein Aufb\u00e4umen in der 4. Serie brachte zwar Ergebniskosmetik aber keinen Erfolg mehr da der Abstand zu gro\u00df war. Der Wk endete 346:340 f\u00fcr Norbert Richter.<\/p>\n<p style=\"font-weight: 400;\">An Pos. 3 kam Michael in der 3. Serie auf 2 Ringe an Felix Rieger heran, das reichte aber nicht da Felix in der 4. Serie den Vorsprung auf 6 Ringe ausbaute und ebenfalls mit\u00a0 346:340 den Wk gewann.<\/p>\n<p style=\"font-weight: 400;\">An Pos. 4 hatte Roland nach der 2.Serie noch 2 Ringe Vorsprung, J\u00fcrgen W\u00fcnsche ging aber in der 3. Serie\u00a0 mit 4 Ringen in F\u00fchrung\u00a0 und gewann mit 334:328.<\/p>\n<p style=\"font-weight: 400;\">Steffen an Pos. 5 musste gegen Steffen Rieger antreten der bis zur 3. Serie mit 6 Ringen f\u00fchrte, aber Steffen Kre\u00df konterte\u00a0 in der 3. Serie und ging mit 3 Ringen in F\u00fchrung und baute den Vorsprung in der letzten Serie auf 328:335 Ringe aus und rettete den Ehrenpunkt f\u00fcr Eberbach.<\/p>\n<p style=\"font-weight: 400;\">WS: 03.12.2023<\/p>\n<h5><span style=\"color: #800000;\"><strong>3.Wettkampf LG der Kreis Oberliga in Spechbach<\/strong><\/span><\/h5>\n<p style=\"font-weight: 400;\"><strong>\u00a0Moosbrunn 1 &#8211; Spechbach 4 &#8211; Eberbach 2\u00a0 <\/strong><\/p>\n<p style=\"font-weight: 400;\">Auch diesmal war es ein spannender Wettkampf<\/p>\n<p style=\"font-weight: 400;\">mit knappen Ergebnissen, er endete 4 : 0 : 5<\/p>\n<p style=\"font-weight: 400;\"><strong>Falsche Setzliste kostet \u00a0Punkt <\/strong><\/p>\n<p style=\"font-weight: 400;\"><strong>Moosbrunn<\/strong> hatte am Ende 4 Punkte,<\/p>\n<p style=\"font-weight: 400;\">Kirsten 370 (1P); Miriam 375 (2P); Lilian 350 Ringe (1P);<\/p>\n<p style=\"font-weight: 400;\"><strong>Spechbach<\/strong> konnte hier fast einen Punkt\u00a0 gewinnen, ging aber durch \u00a0falsche Setzliste Pos. 2+3 leer aus.<\/p>\n<p style=\"font-weight: 400;\">Nina 357; Tim 352; Moritz 361 Ringe;<\/p>\n<p style=\"font-weight: 400;\"><strong>Eberbach<\/strong> hatte am Ende 5 Punkte,<\/p>\n<p style=\"font-weight: 400;\">Steffen 378 (2); Thomas 368 (1); Leon 365 Ringe (2);<\/p>\n<p style=\"font-weight: 400;\">03.12..2023 W.S.<\/p>\n<h5><span style=\"color: #0000ff;\"><strong>WK Luftpistole Auflage in Eberbach<\/strong><\/span><\/h5>\n<p style=\"font-weight: 400;\"><strong>Eberbach &#8211; Spechbach &#8211; Brombach<\/strong><\/p>\n<p style=\"font-weight: 400;\"><strong>Der Wettkampf endete 5:3:1 nach Punkten <\/strong><\/p>\n<p style=\"font-weight: 400;\">Auch in ihrem Heimkampf lie\u00dfen Thomas, Karin &amp; Martin keinen Zweifel \u00a0daran wer im Kreis das sagen hat. Mit einer geschlossenen Mannschaftsleistung &#8211; Thomas 288 (2P); Martin 286 (1P); Karin 283 (2P); Ringe endete der WK erfolgreich &#8211; \u00a0Eberbach holte 5 Punkte.<\/p>\n<p style=\"font-weight: 400;\">Christiane schoss AK mit und erzielte 268 Ringe f\u00fcr die Rangliste.<\/p>\n<p style=\"font-weight: 400;\">Iris mit 263 Ringen hatte einen Rabenschwarzen Tag erwischt; Hans-J\u00fcrgen 287 Ringe schoss das zweitbeste Ergebnis (2P) und \u00a0Michael 277 Ringe (1P). \u00a0Spechbach holte 3 Punkte.<\/p>\n<p style=\"font-weight: 400;\">Mit einer ausgeglichenen Mannschaftsleistung\u00a0 holte J\u00fcrgen Seib f\u00fcr Brombach den ersten Punkt:<\/p>\n<p style=\"font-weight: 400;\">J\u00fcrgen 270 (1P); Roland 269; Leo 270 Ringe.<\/p>\n<p style=\"font-weight: 400;\">Bei warmen Fleischk\u00e4sebr\u00f6tchen und Getr\u00e4nken\u00a0 lie\u00df man den Wettkampf in angenehmer Atmosph\u00e4re ausklingen.<\/p>\n<p style=\"font-weight: 400;\">30.11.2023 W.S.<\/p>\n<h5 style=\"font-weight: 400; text-align: center;\"><span style=\"color: #800000;\"><strong>K\u00f6nigsschie\u00dfen &amp; K\u00f6nigsfeier des SSV 1487 Eberbach<\/strong><\/span><\/h5>\n<p style=\"font-weight: 400; text-align: center;\">Dieses Jahr feierten wir die K\u00f6nigsfeier wieder im Sch\u00fctzenhaus.<\/p>\n<p style=\"font-weight: 400; text-align: center;\">Neu war diesmal der Modus dass das K\u00f6nigschie\u00dfen und die K\u00f6nigsfeier am gleichen Tag stattfanden.<\/p>\n<p style=\"font-weight: 400; text-align: center;\">Bei gleichzeitig Kaffee &amp; selbst gebackenen Kuchen f\u00fcllte sich so langsam die Gastst\u00e4tte.<\/p>\n<p><a href=\"http:\/\/s710205766.online.de\/ssv-wordpress\/wp-content\/uploads\/Kuchenbuffet-scaled.jpg\" target=\"_blank\" rel=\"noopener\"><img loading=\"lazy\" decoding=\"async\" class=\"aligncenter wp-image-8534 size-thumbnail\" src=\"http:\/\/s710205766.online.de\/ssv-wordpress\/wp-content\/uploads\/Kuchenbuffet-150x150.jpg\" alt=\"\" width=\"150\" height=\"150\" srcset=\"http:\/\/s710205766.online.de\/ssv-wordpress\/wp-content\/uploads\/Kuchenbuffet-150x150.jpg 150w, http:\/\/s710205766.online.de\/ssv-wordpress\/wp-content\/uploads\/Kuchenbuffet-230x230.jpg 230w\" sizes=\"(max-width: 150px) 100vw, 150px\" \/><\/a><\/p>\n<p style=\"font-weight: 400; text-align: center;\">Nach einem leckeren B\u00fcfett vom Partyservice Zimmermann mit Hirschkalbsbraten, Lachs &amp; H\u00e4hnchenschnitzel und einer eigenen Veggie Ecke<\/p>\n<p><a href=\"http:\/\/s710205766.online.de\/ssv-wordpress\/wp-content\/uploads\/DSC_0205-scaled.jpg\" target=\"_blank\" rel=\"noopener\"><img loading=\"lazy\" decoding=\"async\" class=\"alignleft wp-image-8535 size-thumbnail\" src=\"http:\/\/s710205766.online.de\/ssv-wordpress\/wp-content\/uploads\/DSC_0205-150x150.jpg\" alt=\"\" width=\"150\" height=\"150\" srcset=\"http:\/\/s710205766.online.de\/ssv-wordpress\/wp-content\/uploads\/DSC_0205-150x150.jpg 150w, http:\/\/s710205766.online.de\/ssv-wordpress\/wp-content\/uploads\/DSC_0205-230x230.jpg 230w\" sizes=\"(max-width: 150px) 100vw, 150px\" \/><\/a> <a href=\"http:\/\/s710205766.online.de\/ssv-wordpress\/wp-content\/uploads\/Schlacht-am-Buffet.jpg\" target=\"_blank\" rel=\"noopener\"><img loading=\"lazy\" decoding=\"async\" class=\"wp-image-8536 size-thumbnail aligncenter\" src=\"http:\/\/s710205766.online.de\/ssv-wordpress\/wp-content\/uploads\/Schlacht-am-Buffet-150x150.jpg\" alt=\"\" width=\"150\" height=\"150\" srcset=\"http:\/\/s710205766.online.de\/ssv-wordpress\/wp-content\/uploads\/Schlacht-am-Buffet-150x150.jpg 150w, http:\/\/s710205766.online.de\/ssv-wordpress\/wp-content\/uploads\/Schlacht-am-Buffet-300x298.jpg 300w, http:\/\/s710205766.online.de\/ssv-wordpress\/wp-content\/uploads\/Schlacht-am-Buffet-1024x1018.jpg 1024w, http:\/\/s710205766.online.de\/ssv-wordpress\/wp-content\/uploads\/Schlacht-am-Buffet-768x763.jpg 768w, http:\/\/s710205766.online.de\/ssv-wordpress\/wp-content\/uploads\/Schlacht-am-Buffet-1536x1527.jpg 1536w, http:\/\/s710205766.online.de\/ssv-wordpress\/wp-content\/uploads\/Schlacht-am-Buffet-230x230.jpg 230w, http:\/\/s710205766.online.de\/ssv-wordpress\/wp-content\/uploads\/Schlacht-am-Buffet.jpg 2000w\" sizes=\"(max-width: 150px) 100vw, 150px\" \/><\/a> <a href=\"http:\/\/s710205766.online.de\/ssv-wordpress\/wp-content\/uploads\/DSC_0206.jpg\" target=\"_blank\" rel=\"noopener\"><img loading=\"lazy\" decoding=\"async\" class=\"alignright wp-image-8537 size-thumbnail\" src=\"http:\/\/s710205766.online.de\/ssv-wordpress\/wp-content\/uploads\/DSC_0206-150x150.jpg\" alt=\"\" width=\"150\" height=\"150\" srcset=\"http:\/\/s710205766.online.de\/ssv-wordpress\/wp-content\/uploads\/DSC_0206-150x150.jpg 150w, http:\/\/s710205766.online.de\/ssv-wordpress\/wp-content\/uploads\/DSC_0206-230x230.jpg 230w\" sizes=\"(max-width: 150px) 100vw, 150px\" \/><\/a> <a href=\"http:\/\/s710205766.online.de\/ssv-wordpress\/wp-content\/uploads\/Veggie-Ecke.jpg\" target=\"_blank\" rel=\"noopener\"><img loading=\"lazy\" decoding=\"async\" class=\"aligncenter wp-image-8538 size-thumbnail\" src=\"http:\/\/s710205766.online.de\/ssv-wordpress\/wp-content\/uploads\/Veggie-Ecke-150x150.jpg\" alt=\"\" width=\"150\" height=\"150\" srcset=\"http:\/\/s710205766.online.de\/ssv-wordpress\/wp-content\/uploads\/Veggie-Ecke-150x150.jpg 150w, http:\/\/s710205766.online.de\/ssv-wordpress\/wp-content\/uploads\/Veggie-Ecke-230x230.jpg 230w\" sizes=\"(max-width: 150px) 100vw, 150px\" \/><\/a> <a href=\"http:\/\/s710205766.online.de\/ssv-wordpress\/wp-content\/uploads\/DSC_0204.jpg\" target=\"_blank\" rel=\"noopener\"><img loading=\"lazy\" decoding=\"async\" class=\"alignleft wp-image-8539 size-thumbnail\" src=\"http:\/\/s710205766.online.de\/ssv-wordpress\/wp-content\/uploads\/DSC_0204-150x150.jpg\" alt=\"\" width=\"150\" height=\"150\" srcset=\"http:\/\/s710205766.online.de\/ssv-wordpress\/wp-content\/uploads\/DSC_0204-150x150.jpg 150w, http:\/\/s710205766.online.de\/ssv-wordpress\/wp-content\/uploads\/DSC_0204-230x230.jpg 230w\" sizes=\"(max-width: 150px) 100vw, 150px\" \/><\/a><\/p>\n<p>&nbsp;<\/p>\n<p>&nbsp;<\/p>\n<p>&nbsp;<\/p>\n<p>&nbsp;<\/p>\n<p>&nbsp;<\/p>\n<p style=\"font-weight: 400; text-align: center;\">wurde das traditionelle Sch\u00e4tzspiel gestartet.<\/p>\n<p style=\"font-weight: 400; text-align: center;\">Hier galt es das Gewicht von einem P\u00e4ckchen Kaffeebohnen zu erraten.<\/p>\n<p style=\"font-weight: 400; text-align: center;\">Als Preise warteten Stadtgutscheine. Hier hatte Thomas M\u00fcller mit 217 gr. punktgenau den besten Tipp abgegeben, es folgten 4 mit gleichem Abstand so dass hier die Pl\u00e4tze ausgelost wurden.<\/p>\n<p style=\"font-weight: 400; text-align: center;\">\u00a0\u00a0 \u00a0\u00a0\u00a0\u00a0Anschlie\u00dfend wurden die Vereinsmeister und Teilnehmer der deutschen Meisterschaften geehrt.<\/p>\n<p><a href=\"http:\/\/s710205766.online.de\/ssv-wordpress\/wp-content\/uploads\/Vereinsmeister-scaled.jpg\" target=\"_blank\" rel=\"noopener\"><img loading=\"lazy\" decoding=\"async\" class=\"aligncenter wp-image-8540 size-medium\" src=\"http:\/\/s710205766.online.de\/ssv-wordpress\/wp-content\/uploads\/Vereinsmeister-300x161.jpg\" alt=\"\" width=\"300\" height=\"161\" srcset=\"http:\/\/s710205766.online.de\/ssv-wordpress\/wp-content\/uploads\/Vereinsmeister-300x161.jpg 300w, http:\/\/s710205766.online.de\/ssv-wordpress\/wp-content\/uploads\/Vereinsmeister-1024x550.jpg 1024w, http:\/\/s710205766.online.de\/ssv-wordpress\/wp-content\/uploads\/Vereinsmeister-768x413.jpg 768w, http:\/\/s710205766.online.de\/ssv-wordpress\/wp-content\/uploads\/Vereinsmeister-1536x825.jpg 1536w, http:\/\/s710205766.online.de\/ssv-wordpress\/wp-content\/uploads\/Vereinsmeister-2048x1100.jpg 2048w\" sizes=\"(max-width: 300px) 100vw, 300px\" \/><\/a><\/p>\n<p style=\"font-weight: 400; text-align: center;\">Letztere waren Thomas B\u00e4uerle, Klaus Bickel, Harold Braun, Patrick Joho, Leon Joho, Karin Kre\u00df, Xenia Scherer, Reinhard Zahn, Gabi Hammer Zeitler.<\/p>\n<p style=\"font-weight: 400; text-align: center;\">\u00a0Als kleine Anerkennung gab es einen Taschenofen.<\/p>\n<p style=\"font-weight: 400; text-align: center;\">F\u00fcr die\u00a0 Betreuung der Homepage wurden Martina Walldorf und Gabi Klinge-Teller f\u00fcr das Organisatorische je mit einer Flasche Sekt geehrt.<\/p>\n<p style=\"font-weight: 400; text-align: center;\">Gegen 22.00 Uhr kam der H\u00f6hepunkt des Abends, die Bekanntgabe des K\u00f6nigs und seiner Ritter und der Gewinner der K\u00f6nigsscheibe.<\/p>\n<p style=\"font-weight: 400; text-align: center;\">Sch\u00fctzenk\u00f6nigin wurde zum wiederholten Male Anne Gliese. Sie hatte mit einer 10,1 den besten Schuss auf die in 50m entfernte Scheibe abgegeben.<\/p>\n<p style=\"font-weight: 400; text-align: center;\">Ihr stehen als 1. Ritter Nikolas Bauer und als 2. Ritter Marvin W\u00e4sch zur Seite.<\/p>\n<p style=\"font-weight: 400; text-align: center;\">Die von Thomas B\u00e4uerle gestiftete und handbemalte K\u00f6nigsscheibe gewann Steffen Kre\u00df mit dem besten Schuss.<\/p>\n<p><a href=\"http:\/\/s710205766.online.de\/ssv-wordpress\/wp-content\/uploads\/Koenigin-mit-Gefolge.jpg\" target=\"_blank\" rel=\"noopener\"><img loading=\"lazy\" decoding=\"async\" class=\"aligncenter wp-image-8541 size-medium\" src=\"http:\/\/s710205766.online.de\/ssv-wordpress\/wp-content\/uploads\/Koenigin-mit-Gefolge-300x253.jpg\" alt=\"\" width=\"300\" height=\"253\" srcset=\"http:\/\/s710205766.online.de\/ssv-wordpress\/wp-content\/uploads\/Koenigin-mit-Gefolge-300x253.jpg 300w, http:\/\/s710205766.online.de\/ssv-wordpress\/wp-content\/uploads\/Koenigin-mit-Gefolge-1024x862.jpg 1024w, http:\/\/s710205766.online.de\/ssv-wordpress\/wp-content\/uploads\/Koenigin-mit-Gefolge-768x647.jpg 768w, http:\/\/s710205766.online.de\/ssv-wordpress\/wp-content\/uploads\/Koenigin-mit-Gefolge-1536x1293.jpg 1536w, http:\/\/s710205766.online.de\/ssv-wordpress\/wp-content\/uploads\/Koenigin-mit-Gefolge-2048x1725.jpg 2048w\" sizes=\"(max-width: 300px) 100vw, 300px\" \/><\/a><\/p>\n<p style=\"text-align: center;\">(Bild privat von li.) Steffen Kre\u00df mit K\u00f6nigsscheibe, Nikolas Bauer 1. Ritter, Anne Gliese K\u00f6nigin und Marvin W\u00e4sch 2. Ritter.<\/p>\n<p><a href=\"http:\/\/s710205766.online.de\/ssv-wordpress\/wp-content\/uploads\/Schaetzspiel-scaled.jpg\" target=\"_blank\" rel=\"noopener\"><img loading=\"lazy\" decoding=\"async\" class=\"alignleft wp-image-8542 size-thumbnail\" src=\"http:\/\/s710205766.online.de\/ssv-wordpress\/wp-content\/uploads\/Schaetzspiel-150x150.jpg\" alt=\"\" width=\"150\" height=\"150\" srcset=\"http:\/\/s710205766.online.de\/ssv-wordpress\/wp-content\/uploads\/Schaetzspiel-150x150.jpg 150w, http:\/\/s710205766.online.de\/ssv-wordpress\/wp-content\/uploads\/Schaetzspiel-230x230.jpg 230w\" sizes=\"(max-width: 150px) 100vw, 150px\" \/><\/a> <a href=\"http:\/\/s710205766.online.de\/ssv-wordpress\/wp-content\/uploads\/DSC_0198-scaled.jpg\" target=\"_blank\" rel=\"noopener\"><img loading=\"lazy\" decoding=\"async\" class=\"aligncenter wp-image-8543 size-thumbnail\" src=\"http:\/\/s710205766.online.de\/ssv-wordpress\/wp-content\/uploads\/DSC_0198-150x150.jpg\" alt=\"\" width=\"150\" height=\"150\" srcset=\"http:\/\/s710205766.online.de\/ssv-wordpress\/wp-content\/uploads\/DSC_0198-150x150.jpg 150w, http:\/\/s710205766.online.de\/ssv-wordpress\/wp-content\/uploads\/DSC_0198-230x230.jpg 230w\" sizes=\"(max-width: 150px) 100vw, 150px\" \/><\/a> <a href=\"http:\/\/s710205766.online.de\/ssv-wordpress\/wp-content\/uploads\/DSC_0199-scaled.jpg\" target=\"_blank\" rel=\"noopener\"><img loading=\"lazy\" decoding=\"async\" class=\"alignright wp-image-8544 size-thumbnail\" src=\"http:\/\/s710205766.online.de\/ssv-wordpress\/wp-content\/uploads\/DSC_0199-150x150.jpg\" alt=\"\" width=\"150\" height=\"150\" srcset=\"http:\/\/s710205766.online.de\/ssv-wordpress\/wp-content\/uploads\/DSC_0199-150x150.jpg 150w, http:\/\/s710205766.online.de\/ssv-wordpress\/wp-content\/uploads\/DSC_0199-230x230.jpg 230w\" sizes=\"(max-width: 150px) 100vw, 150px\" \/><\/a> <a href=\"http:\/\/s710205766.online.de\/ssv-wordpress\/wp-content\/uploads\/DSC_0202-scaled.jpg\" target=\"_blank\" rel=\"noopener\"><img loading=\"lazy\" decoding=\"async\" class=\"aligncenter wp-image-8545 size-thumbnail\" src=\"http:\/\/s710205766.online.de\/ssv-wordpress\/wp-content\/uploads\/DSC_0202-150x150.jpg\" alt=\"\" width=\"150\" height=\"150\" srcset=\"http:\/\/s710205766.online.de\/ssv-wordpress\/wp-content\/uploads\/DSC_0202-150x150.jpg 150w, http:\/\/s710205766.online.de\/ssv-wordpress\/wp-content\/uploads\/DSC_0202-230x230.jpg 230w\" sizes=\"(max-width: 150px) 100vw, 150px\" \/><\/a> <a href=\"http:\/\/s710205766.online.de\/ssv-wordpress\/wp-content\/uploads\/DSC_0194-scaled.jpg\" target=\"_blank\" rel=\"noopener\"><img loading=\"lazy\" decoding=\"async\" class=\"alignleft wp-image-8546 size-thumbnail\" src=\"http:\/\/s710205766.online.de\/ssv-wordpress\/wp-content\/uploads\/DSC_0194-150x150.jpg\" alt=\"\" width=\"150\" height=\"150\" srcset=\"http:\/\/s710205766.online.de\/ssv-wordpress\/wp-content\/uploads\/DSC_0194-150x150.jpg 150w, http:\/\/s710205766.online.de\/ssv-wordpress\/wp-content\/uploads\/DSC_0194-230x230.jpg 230w\" sizes=\"(max-width: 150px) 100vw, 150px\" \/><\/a> <a href=\"http:\/\/s710205766.online.de\/ssv-wordpress\/wp-content\/uploads\/DSC_0210-scaled.jpg\" target=\"_blank\" rel=\"noopener\"><img loading=\"lazy\" decoding=\"async\" class=\"aligncenter wp-image-8547 size-thumbnail\" src=\"http:\/\/s710205766.online.de\/ssv-wordpress\/wp-content\/uploads\/DSC_0210-150x150.jpg\" alt=\"\" width=\"150\" height=\"150\" srcset=\"http:\/\/s710205766.online.de\/ssv-wordpress\/wp-content\/uploads\/DSC_0210-150x150.jpg 150w, http:\/\/s710205766.online.de\/ssv-wordpress\/wp-content\/uploads\/DSC_0210-230x230.jpg 230w\" sizes=\"(max-width: 150px) 100vw, 150px\" \/><\/a> <a href=\"http:\/\/s710205766.online.de\/ssv-wordpress\/wp-content\/uploads\/DSC_0197-scaled.jpg\" target=\"_blank\" rel=\"noopener\"><img loading=\"lazy\" decoding=\"async\" class=\"alignright wp-image-8548 size-thumbnail\" src=\"http:\/\/s710205766.online.de\/ssv-wordpress\/wp-content\/uploads\/DSC_0197-150x150.jpg\" alt=\"\" width=\"150\" height=\"150\" srcset=\"http:\/\/s710205766.online.de\/ssv-wordpress\/wp-content\/uploads\/DSC_0197-150x150.jpg 150w, http:\/\/s710205766.online.de\/ssv-wordpress\/wp-content\/uploads\/DSC_0197-230x230.jpg 230w\" sizes=\"(max-width: 150px) 100vw, 150px\" \/><\/a><\/p>\n<p>&nbsp;<\/p>\n<p>&nbsp;<\/p>\n<p>&nbsp;<\/p>\n<p>&nbsp;<\/p>\n<p>&nbsp;<\/p>\n<p style=\"font-weight: 400; text-align: center;\">In geselligem Beieinander feierten wir noch bis zum letzten Glockenschlag, um unserer Homepage betreuenden Martina Walldorf, zum halbrunden Geburtstag zu gratulieren.<\/p>\n<p style=\"font-weight: 400; text-align: left;\"><span style=\"font-size: 14px; text-align: left;\">W.S. 26.11.2023<\/span><\/p>\n<h5 style=\"text-align: center;\"><\/h5>\n<h5 style=\"font-weight: 400;\"><span style=\"color: #0000ff;\"><strong>Neues von den LG Auflage Sch\u00fctzen:<\/strong><\/span><\/h5>\n<p style=\"font-weight: 400;\">Beim 4 . Wk der Auflagesch\u00fctzen kam es am Montag zum Duell SSV Eberbach II gegen\u00a0 SSV Moosbrunn I<\/p>\n<p style=\"font-weight: 400;\">Die 2. Mannschaft machte heute in Eberbach den Anfang.<\/p>\n<p style=\"font-weight: 400;\">An Pos. 1 musste Lothar Braun gegen Thomas Bayer ran.<\/p>\n<p style=\"font-weight: 400;\">Beide hatten am Ende sehr gute 299 Ringe und ein Stechen musste die Partie entscheiden. Es wurde spannend da beide mit den ersten 3\u00a0 Sch\u00fcssen je eine 10 schossen. Erst im 4 Stechschuss machte Lothar mit einer\u00a0 10,1 : 9,7 den Sack zu . 1:0<\/p>\n<p style=\"font-weight: 400;\">An Pos. 2 durfte Fritz \u00d6\u00df\u00a0 gegen Gudrun Jung\u00a0 antreten.<\/p>\n<p style=\"font-weight: 400;\">Es wurde ein spannender Wk und endete sehr knapp mit 296:297 Ringen zu Gunsten der Mossbrunner Sch\u00fctzin. 1:1 Ausgleich<\/p>\n<p style=\"font-weight: 400;\">An Pos. 3 durfte Klaus Bickel gegen Elke Zimmermann antreten die sich die ersten beiden Serien nichts schenkten. Erst in der 3. Serie trumpfte Klaus mit einer 100 Serie gegen 97 von Elke \u00a0auf und gewann mit 295:292 Ringen.<\/p>\n<p style=\"font-weight: 400;\"><strong>Der 2:1 Sieg war gl\u00fccklich aber verdient.\u00a0 <\/strong><\/p>\n<p style=\"font-weight: 400;\">In der 2. Paarung des Abends musste<\/p>\n<p style=\"font-weight: 400;\">Eberbach I gegen KKS Wilhelmsfeld 1 antreten<\/p>\n<p style=\"font-weight: 400;\">Auf Pos. 1 musste sich Reinhard Zahn gegen Richard Hertel knapp mit sehr guten 298:299 Ringen geschlagen geben. 0:1<\/p>\n<p style=\"font-weight: 400;\">An Pos. 2 behielt Karin Kre\u00df gegen Franz Klemm mit sehr guten 299:295 Ringen die Oberhand.\u00a0 1:1 Ausgleich<\/p>\n<p style=\"font-weight: 400;\">An Pos. 3 durfte Werner Gose gegen Harald Trautmann antreten und gewann klar mit \u00a0296:291 Ringen.<\/p>\n<p style=\"font-weight: 400;\"><strong>Der 2:1 Sieg war verdient und Eberbach 1 ist weiterhin ungeschlagen auf Platz 1. <\/strong><\/p>\n<p style=\"font-weight: 400;\">23.11.2023 W.S.<\/p>\n<h5><\/h5>\n<h5 style=\"font-weight: 400;\"><span style=\"color: #800000;\"><strong>2 Niederlagen, aber trotzdem tapfer geschlagen<\/strong><\/span><\/h5>\n<p style=\"font-weight: 400;\">Schon ein Blick auf die Oberliga \u2013 Tabelle zeigte, dass es f\u00fcr unsere 1. Mannschaft sehr schwer werden w\u00fcrde, ein Erfolgserlebnis zu generieren.<\/p>\n<p style=\"font-weight: 400;\">Im ersten Kampf stand den Eberbachern die 2. Mannschaft des SSV Kronau gegen\u00fcber. Mit 0:5 ging dieser Kampf sehr deutlich verloren, obwohl wir mit 1903 im Schnitt bei gut 380 Ringen lagen.<\/p>\n<p style=\"font-weight: 400;\">Leonie auf Position 1 konnte ihre gute Form mit 383R. best\u00e4tigen. Leider reichten die bei weitem nicht aus, um Steffen Hillenbrand mit seinen 391R. zu schlagen.<\/p>\n<p style=\"font-weight: 400;\">Xenia machte es auf Pos.2 spannend. Sie erreichte tolle 387 Ringe, und zeigte eine weiter aufsteigende Formkurve. Leider konnte ihr Gegner Alexander Widelski dieses Ergebnis um 2 Ringe \u00fcberbieten.<\/p>\n<p style=\"font-weight: 400;\">Auch Stephan konnte sich wieder an seine fr\u00fcheren guten Ergebnissen heranschie\u00dfen, und erreichte 383 Ringe, die aber ebenfalls mit den 390 Ringen seiner Gegnerin Melanie Nietschke nicht den erhofften Punkt brachten.<\/p>\n<p style=\"font-weight: 400;\">Marvin auf Pos.4 konnte mit 367 Ringen den 387 von Andreas Pinter ebenfalls nichts entgegensetzen.<\/p>\n<p style=\"font-weight: 400;\">Patrick auf der 5. Position erreichte sehr gute 383 Ringe, musste sich aber auch wie Xenia um 2 Ringe geschlagen geben (385 von Benjamin Butz).<\/p>\n<p style=\"font-weight: 400;\">Nach der Mittagspause wurde f\u00fcr den 2.Kampf gegen K\u00f6nigsbach ein Wechsel vorgenommen. F\u00fcr Patrick wurde Friedrich in die Mannschaft genommen. Um es vorweg zu nehmen: Auch in dieser Partie waren wir mit 1:4 chancenlos. Aber trotzdem war es ein klasse Wettkampf mit einem super Mannschaftsergebnis von 1922Ringen.<\/p>\n<p style=\"font-weight: 400;\">Leonie konnte mit konstanten Serien und sehr guten 384 Ringen zufrieden sein. Ihr Kontrahent Christian Brenneisen lie\u00df ihr aber mit astronomischen 398 Ringen nicht den Hauch einer Chance.<\/p>\n<p style=\"font-weight: 400;\">Xenia rettete uns an diesem Tag unseren Ehrenpunkt! Sagenhafte 393 Ringe mit einer 100er Serie konnte ihr Gegner Wolfgang Keil mit 389R. nicht toppen. Das strahlende L\u00e4cheln stand ihr sehr gut!<\/p>\n<p style=\"font-weight: 400;\">Friedrich an 3. Position zeigte mit 384 ebenfalls eine klasse Leistung, musste sich aber den 390 von Robin F\u00e4ssler geschlagen geben.<\/p>\n<p style=\"font-weight: 400;\">Stephan an 4. Stelle steigerte sich in seinem 2.Kampf nochmals, und konnte tolle 388 Ringe f\u00fcr sich verbuchen. Tom K\u00f6nig nahm mit 391 den Punkt dann aber auch mit nach K\u00f6nigsbach.<\/p>\n<p style=\"font-weight: 400;\">Auch Marvin konnte sich im Gegensatz zum ersten Kampf steigern, und erreichte 373 Ringe. Aber auch die reichten nicht aus, um die 384 von Bernd Neusch zu \u00fcberbieten.<\/p>\n<p style=\"font-weight: 400;\">Abschlie\u00dfend muss man sagen, dass sich unsere Mannschaft sehr gut verkauft hat, und einen tollen Kampfgeist gezeigt hat. Die beiden Gegner hatten aber das Niveau der 2.Bundesliga, und waren definitiv eine Nummer zu gro\u00df.<\/p>\n<p>Unsere Oberliga Mannschaft:<\/p>\n<p><a href=\"http:\/\/s710205766.online.de\/ssv-wordpress\/wp-content\/uploads\/3ba00618-e350-4588-854e-eebd258e6d1c.jpg\" target=\"_blank\" rel=\"noopener\"><img loading=\"lazy\" decoding=\"async\" class=\"aligncenter wp-image-8514 size-thumbnail\" src=\"http:\/\/s710205766.online.de\/ssv-wordpress\/wp-content\/uploads\/3ba00618-e350-4588-854e-eebd258e6d1c-150x150.jpg\" alt=\"\" width=\"150\" height=\"150\" srcset=\"http:\/\/s710205766.online.de\/ssv-wordpress\/wp-content\/uploads\/3ba00618-e350-4588-854e-eebd258e6d1c-150x150.jpg 150w, http:\/\/s710205766.online.de\/ssv-wordpress\/wp-content\/uploads\/3ba00618-e350-4588-854e-eebd258e6d1c-298x300.jpg 298w, http:\/\/s710205766.online.de\/ssv-wordpress\/wp-content\/uploads\/3ba00618-e350-4588-854e-eebd258e6d1c-1018x1024.jpg 1018w, http:\/\/s710205766.online.de\/ssv-wordpress\/wp-content\/uploads\/3ba00618-e350-4588-854e-eebd258e6d1c-768x773.jpg 768w, http:\/\/s710205766.online.de\/ssv-wordpress\/wp-content\/uploads\/3ba00618-e350-4588-854e-eebd258e6d1c-1527x1536.jpg 1527w, http:\/\/s710205766.online.de\/ssv-wordpress\/wp-content\/uploads\/3ba00618-e350-4588-854e-eebd258e6d1c-230x230.jpg 230w, http:\/\/s710205766.online.de\/ssv-wordpress\/wp-content\/uploads\/3ba00618-e350-4588-854e-eebd258e6d1c.jpg 1530w\" sizes=\"(max-width: 150px) 100vw, 150px\" \/><\/a><\/p>\n<p style=\"text-align: center;\">(Bild privat v. li.) Patrick Joho, Xenia Scherer, Stefan Mi\u00dfler, Leonie B\u00f6hm,<\/p>\n<p style=\"text-align: center;\">Marvin W\u00e4sch und Friedrich Sch\u00f6lch<\/p>\n<p>19.11.2023\/ TM<\/p>\n<h5 style=\"font-weight: 400;\"><span style=\"color: #0000ff;\"><strong>Rundenauftakt der Luftpistole Auflage in der Kreis &#8211; Oberliga in Brombach<\/strong><\/span><\/h5>\n<p style=\"font-weight: 400;\"><strong>Brombach \u2013 Eberbach \u2013 Spechbach<\/strong><\/p>\n<p style=\"font-weight: 400;\"><strong>Der Wettkampf endete 0:5:4 nach Punkten <\/strong><\/p>\n<p style=\"font-weight: 400;\">Auch hier schie\u00dfen 3 Mannschaften gegeneinander die gesetzt an Position 1-2-3 jeweils 2 Punkte f\u00fcr das Beste und 1 Punkt f\u00fcr das 2 Beste Ergebnis k\u00e4mpfen, der 3 geht leer aus.<\/p>\n<p style=\"font-weight: 400;\">Brombach ging diesmal trotz gro\u00dfem Kampfgeist leer aus,<\/p>\n<p style=\"font-weight: 400;\">J\u00fcrgen 273; Roland 264; Silvia 244 Ringe.<\/p>\n<p style=\"font-weight: 400;\">Eberbach holte 5 Punkte,<\/p>\n<p style=\"font-weight: 400;\">Thomas 285; Karin 278; Martin 282 Ringe .<\/p>\n<p style=\"font-weight: 400;\">Spechbach holte 4 Punkte,<\/p>\n<p style=\"font-weight: 400;\">Hans-J\u00fcrgen 283; Iris 289; Michael 265 Ringe.<\/p>\n<p style=\"font-weight: 400;\">17.11.2023 W.S.<\/p>\n<p style=\"font-weight: 400;\"><strong style=\"color: #339966; font-size: 22px;\">2. Wettkampf der Kreis Oberliga in Spechbach<\/strong><\/p>\n<p style=\"font-weight: 400;\"><strong>Spechbach 4 &#8211; Moosbrunn 1 &#8211; Eberbach 2\u00a0 <\/strong><\/p>\n<p style=\"font-weight: 400;\">Auch diesmal war es ein spannender Wettkampf<\/p>\n<p style=\"font-weight: 400;\">mit knappen Ergebnissen, er endete 0 : 4 : 5<\/p>\n<p style=\"font-weight: 400;\"><strong>Stechen entscheidet \u00fcber Punktgewinn <\/strong><\/p>\n<p style=\"font-weight: 400;\"><strong>Spechbach<\/strong> konnte hier trotz k\u00e4mpferischer Leistung keinen Punkt erringen und ging leer aus.<\/p>\n<p style=\"font-weight: 400;\">Nina 362; Tim 345; Moritz 356 Ringe;<\/p>\n<p style=\"font-weight: 400;\"><strong>Moosbrunn<\/strong> hatte am Ende 4 Punkte,<\/p>\n<p style=\"font-weight: 400;\">Kirsten 374; Miriam 370; Lilian 359 Ringe ;<\/p>\n<p style=\"font-weight: 400;\"><strong>Eberbach<\/strong> hatte am Ende 5 Punkte,<\/p>\n<p style=\"font-weight: 400;\">Patrick 374; Marvin 372; Thomas 371 Ringe<\/p>\n<p style=\"font-weight: 400;\"><em>Da Kirsten und Patrick Ringgleich waren musste hier ein Stechen entscheiden. Erst im 4 Stechschuss hatte Kirsten\u00a0 mit 9,9 : 9,4 die Nase vorn und sicherte sich 2 Punkte f\u00fcr das beste Ergebnis der an Pos. 1 gesetzten Sch\u00fctzen.\u00a0 <\/em><\/p>\n<p style=\"font-weight: 400;\">17.11.2023 W.S.<\/p>\n<h5><span style=\"color: #0000ff;\"><strong>1. Wettkampf Luftpistole Landesliga brachte keinen Erfolg<\/strong><\/span><\/h5>\n<p style=\"font-weight: 400;\">Die Eberbacher Luftpistolen Sch\u00fctzen mussten heute in Eschelbach zum 1. Wettkampf antreten.<\/p>\n<p style=\"font-weight: 400;\">Leider mussten sich die Eberbacher Sch\u00fctzen mit 1:4 geschlagen geben.<\/p>\n<p style=\"font-weight: 400;\">An Position 1 war Dirk Zimmermann gefordert, da er Alexander Riedl, einem ehemaligen Bundesliga Sch\u00fctzen gegen\u00fcber stand. Da aber auch hier die Nerven mitspielen und dem Eschelbacher im letzten Schuss eine 9 zum Sieg gereicht h\u00e4tten schoss der nur eine 6 und Dirk holte mit 349:347 den Ehrenpunkt f\u00fcr Eberbach.<\/p>\n<p style=\"font-weight: 400;\">An Position 2 war Michael Brockmann immer ein paar Ringe zur\u00fcck, so dass der Wettkampf mit 335:343 gegen Rainer Tremmel verloren ging.<\/p>\n<p style=\"font-weight: 400;\">An Position 3 hatte Steffen Kre\u00df von Anfang an keine Chance gegen eine gut aufgelegte Tanja Heller, die mit 355:329 den Wettkampf gewann.<\/p>\n<p style=\"font-weight: 400;\">An Position 4 hatte Wolfgang Stadler in der 2. Serie nicht das Gl\u00fcck auszugleichen, so dass Gerd H\u00e4uselmann davon zog und mit 352:338 gewann.<\/p>\n<p style=\"font-weight: 400;\">Max Kre\u00df an Position 5 h\u00e4tte mit etwas mehr Gl\u00fcck einen Punkt holen k\u00f6nnen, als er mit 4 Ringen Vorsprung in die letzte Serie ging. Jedoch verlie\u00dfen in nach Trainingsr\u00fcckstand die Kr\u00e4fte und Stefan Schmidt gewann mit 326:320 den 4. Punkt f\u00fcr Eschelbach.<\/p>\n<p style=\"font-weight: 400;\">12.11.2023\/ WS<\/p>\n<h5 style=\"font-weight: 400;\"><span style=\"color: #008000;\"><strong>LG Auflage startet in die neue Runde<\/strong><\/span><\/h5>\n<p><strong><span style=\"font-weight: 400;\">Zum ersten RWK der Auflage Sch\u00fctzen und Sch\u00fctzinnen trat unsere 1. Mannschaft, mit Klaus <\/span><\/strong>Bickel<strong><span style=\"font-weight: 400;\">, Karin Kre\u00df &amp; Gabi Hammer-Zeitler, in Spechbach gegen die dortige 3. Mannschaft an.<\/span><\/strong><\/p>\n<p style=\"font-weight: 400;\">An Position 1. Klaus Bickel gegen Ulrich Haffner. Beide schossen 295 Ringe und mussten Stechen.<\/p>\n<p style=\"font-weight: 400;\">Hier wurde es spannend da die ersten beiden Sch\u00fcsse jeweils 10:10\u00a0 standen und erst im 3. Stechschuss Ulrich Haffner mit 10,2 : 10,6 Ringen den Kampf\u00a0 f\u00fcr sich entschied. 1. Punkt f\u00fcr Spechbach.<\/p>\n<p style=\"font-weight: 400;\">An Position 2. Karin Kre\u00df gegen Harald Steinhauser. schossen beide 297 Ringe und mussten auch ins \u00a0Stechen.<\/p>\n<p style=\"font-weight: 400;\">Karin machte gleich im ersten Stechschuss \u00a0alles klar 10:8 hie\u00df es am Ende f\u00fcr Sie. 1:1 Ausgleich.<\/p>\n<p style=\"font-weight: 400;\">Nur Gabi Hammer-Zeitler.an Position 3 machte es mit 300 : 291 gegen Edwin R\u00f6\u00dfler. gleich perfekt und Eberbach gewann mit 2:1 den ersten Wettkampf.<\/p>\n<p style=\"font-weight: 400;\"><strong>Beim 2. Rwk\u00a0 mussten unsere Sch\u00fctzen und Sch\u00fctzinnen nach Wilhelmsfeld reisen um im direkten Duell gegeneinander zu schie\u00dfen. Eberbach II \u2013 Eberbach I <\/strong><\/p>\n<p style=\"font-weight: 400;\">An Position 1. Lothar Braun gegen Gabi Hammer-Zeitler. schossen beide 300 Ringe. Hier musste ein Stechen\u00a0 entscheiden. Erst im 3. Stechschuss entschied Gabi Hammer-Zeitler. die Partie mit 10,1:10,5 f\u00fcr sich.<\/p>\n<p style=\"font-weight: 400;\">An Position 2. durfte Reinhard Zahn. gegen Karin Kre\u00df antreten, mit299:300 Ringen endete diese\u00a0 Begegnung sehr knapp.<\/p>\n<p style=\"font-weight: 400;\">An Position 3 musste Fritz Oe\u00df gegen Klaus Bickel antreten und gewann 291:288 den Ehrenpunkt f\u00fcr die II Mannschaft. 1:2 endete der Wettkampf.<\/p>\n<p style=\"font-weight: 400;\"><strong>\u00a0<\/strong><strong>Beim 3. RWK musste die II Mannschaft nach Spechbach um gegen Wilhelmsfeld zu schie\u00dfen.<\/strong><\/p>\n<p style=\"font-weight: 400;\">An Position 1 Lothar Braun gegen Richard Hertel. behielt Richard mit 292:298 die Oberhand.<\/p>\n<p style=\"font-weight: 400;\">An Position 2. lie\u00df Gabi Hammer-Zeitler. gegen Hermann Schulz nichts anbrennen und gewann mit 300:296 Ringen.<\/p>\n<p style=\"font-weight: 400;\">An Position 3. musste Fritz Oe\u00df. gegen Franz Klemm schie\u00dfen und gewann knapp mit 297:296 Ringen.<\/p>\n<p style=\"font-weight: 400;\">Eberbach II siegte 2:1<\/p>\n<p style=\"font-weight: 400;\">12.11.2023\/ W.S.<\/p>\n<h5><\/h5>\n<h5 style=\"font-weight: 400;\"><span style=\"color: #800000;\"><strong>Kreis Oberliga- Auftakt der 2. LG Mannschaft:<\/strong><\/span><\/h5>\n<p style=\"font-weight: 400;\"><strong>Eberbach 2 \u2013 Moosbrunn 1- Spechbach 4<\/strong><\/p>\n<p style=\"font-weight: 400;\">Da es in dieser Liga nur 3 Mannschaften pro Gruppe\u00a0 gibt und keiner \u201eSpielfrei\u201c haben soll, gibt es nur Mannschaftspunkte.<\/p>\n<p style=\"font-weight: 400;\">Der beste von den dreien bekommt 2 Punkte, der zweite 1 Punkt, der letzte 0 Punkte.<\/p>\n<p style=\"font-weight: 400;\"><strong>So endete der Wettkampf \u00a04 : 4 : 1<\/strong><\/p>\n<p style=\"font-weight: 400;\">Position 1; \u00a0\u00a0<strong>Max Kre\u00df 370<\/strong> : Kirsten Helm 384 : Nina Schieferdecker 364<\/p>\n<p style=\"font-weight: 400;\">\u00a0\u00a0\u00a0\u00a0\u00a0\u00a0\u00a0\u00a0\u00a0\u00a0\u00a0\u00a0\u00a0\u00a0\u00a0 \u00a0\u00a0\u00a0\u00a0\u00a0\u00a0\u00a0\u00a0\u00a0\u00a01\u00a0\u00a0\u00a0\u00a0\u00a0\u00a0\u00a0\u00a0\u00a0\u00a0 :\u00a0\u00a0\u00a0\u00a0\u00a0\u00a0\u00a0 2 \u00a0\u00a0\u00a0\u00a0\u00a0\u00a0\u00a0\u00a0\u00a0\u00a0\u00a0:\u00a0\u00a0\u00a0\u00a0\u00a0\u00a0 0<\/p>\n<p style=\"font-weight: 400;\">Position 2;\u00a0\u00a0 <strong>Marvin W\u00e4sch 371<\/strong> : Miriam Sch\u00f6lch374 : Tim Stahl 363<\/p>\n<p style=\"font-weight: 400;\">\u00a0\u00a0\u00a0\u00a0\u00a0\u00a0\u00a0\u00a0\u00a0\u00a0\u00a0\u00a0\u00a0\u00a0\u00a0\u00a0 \u00a0\u00a0\u00a0\u00a0\u00a0\u00a0\u00a0\u00a0\u00a0\u00a01\u00a0\u00a0\u00a0\u00a0\u00a0\u00a0\u00a0\u00a0\u00a0\u00a0 :\u00a0\u00a0\u00a0\u00a0\u00a0\u00a0\u00a0 2\u00a0\u00a0\u00a0\u00a0\u00a0\u00a0\u00a0\u00a0\u00a0\u00a0\u00a0 :\u00a0\u00a0\u00a0\u00a0\u00a0\u00a0 0<\/p>\n<p style=\"font-weight: 400;\">Position 3; <strong>Thomas M\u00fcller 370<\/strong> : Lilian Eggert 346 : Moritz Stehle 351<\/p>\n<p style=\"font-weight: 400;\">\u00a0\u00a0\u00a0\u00a0\u00a0\u00a0\u00a0\u00a0\u00a0\u00a0\u00a0\u00a0\u00a0\u00a0\u00a0\u00a0 \u00a0\u00a0\u00a0\u00a0\u00a0\u00a0\u00a0\u00a0\u00a0\u00a02\u00a0\u00a0\u00a0\u00a0\u00a0\u00a0\u00a0\u00a0\u00a0\u00a0 :\u00a0\u00a0\u00a0\u00a0\u00a0\u00a0\u00a0 0\u00a0\u00a0\u00a0\u00a0\u00a0\u00a0\u00a0\u00a0\u00a0\u00a0\u00a0\u00a0 :\u00a0\u00a0\u00a0\u00a0\u00a0 1<\/p>\n<p style=\"font-weight: 400;\">Eberbach hatte mit 1111 : 1104 : 1078 in der Tabelle dann doch die Nase knapp vorn.<\/p>\n<p style=\"font-weight: 400;\">07.11.2023 W.S.<\/p>\n<h5><\/h5>\n<h5 style=\"font-weight: 400; text-align: center;\"><span style=\"color: #0000ff;\"><strong>Kreissch\u00fctzenball 2023<\/strong><\/span><\/h5>\n<p>&nbsp;<\/p>\n<p style=\"font-weight: 400; text-align: center;\">Beim diesj\u00e4hrigen Kreissch\u00fctzenball, der zum wiederholten mal in der Stadthalle Eberbach stattfand, gab es f\u00fcr den SSV Eberbach wieder zahlreiche Ehrungen.<\/p>\n<p style=\"font-weight: 400; text-align: center;\">Den Wanderpokal KK-Auflage und LP-Auflage ging wieder nach Eberbach.<\/p>\n<p style=\"font-weight: 400; text-align: center;\">In der Kategorie beste Medaillen Platzierungen bei den Kreismeisterschaften belegte Eberbach den 2. Platz.<\/p>\n<p style=\"font-weight: 400; text-align: center;\">Zahlreiche Ehrungen \u00a0f\u00fcr Erfolge bei Kreis \u2013 Landes und Deutschen Meisterschaften erhielten:<\/p>\n<p style=\"font-weight: 400; text-align: center;\">Xenia Scherer, Steffen Kre\u00df, Leon Joho, Patrick Joho,<\/p>\n<p style=\"font-weight: 400; text-align: center;\">\u00a0Karin Kre\u00df , Martin Kre\u00df, Harold Braun, Thomas B\u00e4uerle, Christiane Weidner, Gabi-Hammer Zeitler.<\/p>\n<p style=\"font-weight: 400; text-align: center;\">F\u00fcr Dekoration der Tische und Saal wurde Pia Sauer mit einem Blumenstrau\u00df stellvertretend f\u00fcr das Team geehrt.<\/p>\n<p style=\"font-weight: 400; text-align: center;\">Der H\u00f6hepunkt des Abends und mit Spannung erwartet \u00a0wer Kreissch\u00fctzenk\u00f6nig\/in wird ergab folgendes Ergebnis:<\/p>\n<p style=\"text-align: center;\">Kreisjugendsch\u00fctzenk\u00f6nig wurde<strong> Moritz Stehle aus Spechbach<\/strong><\/p>\n<p style=\"text-align: center;\">1. Jugend Ritter wurde Robin Kaiser Spechbach<\/p>\n<p style=\"text-align: center;\">2. Jugend Ritter wurde Maxim Bulle Spechbach<\/p>\n<p>&nbsp;<\/p>\n<p style=\"font-weight: 400; text-align: center;\">Kreissch\u00fctzenk\u00f6nig wurde\u00a0 <strong>Elias Rudewig aus Spechbach<\/strong><\/p>\n<p style=\"font-weight: 400; text-align: center;\">1. Ritter Patrick Joho Eberbach<\/p>\n<p style=\"text-align: center;\">\u00a02. Ritter Georg Wolf Spechbach<\/p>\n<p>&nbsp;<\/p>\n<p>&nbsp;<\/p>\n<p><a href=\"http:\/\/s710205766.online.de\/ssv-wordpress\/wp-content\/uploads\/IMG_20231104_220521015_HDR-scaled.jpg\" target=\"_blank\" rel=\"noopener\"><img loading=\"lazy\" decoding=\"async\" class=\"alignleft wp-image-8468 size-thumbnail\" src=\"http:\/\/s710205766.online.de\/ssv-wordpress\/wp-content\/uploads\/IMG_20231104_220521015_HDR-150x150.jpg\" alt=\"\" width=\"150\" height=\"150\" srcset=\"http:\/\/s710205766.online.de\/ssv-wordpress\/wp-content\/uploads\/IMG_20231104_220521015_HDR-150x150.jpg 150w, http:\/\/s710205766.online.de\/ssv-wordpress\/wp-content\/uploads\/IMG_20231104_220521015_HDR-230x230.jpg 230w\" sizes=\"(max-width: 150px) 100vw, 150px\" \/><\/a> <a href=\"http:\/\/s710205766.online.de\/ssv-wordpress\/wp-content\/uploads\/IMG_20231104_220556349-scaled.jpg\" target=\"_blank\" rel=\"noopener\"><img loading=\"lazy\" decoding=\"async\" class=\"wp-image-8469 size-thumbnail alignright\" src=\"http:\/\/s710205766.online.de\/ssv-wordpress\/wp-content\/uploads\/IMG_20231104_220556349-150x150.jpg\" alt=\"\" width=\"150\" height=\"150\" srcset=\"http:\/\/s710205766.online.de\/ssv-wordpress\/wp-content\/uploads\/IMG_20231104_220556349-150x150.jpg 150w, http:\/\/s710205766.online.de\/ssv-wordpress\/wp-content\/uploads\/IMG_20231104_220556349-230x230.jpg 230w\" sizes=\"(max-width: 150px) 100vw, 150px\" \/><\/a> <a href=\"http:\/\/s710205766.online.de\/ssv-wordpress\/wp-content\/uploads\/IMG_20231104_220503946-scaled.jpg\"><img loading=\"lazy\" decoding=\"async\" class=\"size-thumbnail wp-image-8466 aligncenter\" src=\"http:\/\/s710205766.online.de\/ssv-wordpress\/wp-content\/uploads\/IMG_20231104_220503946-150x150.jpg\" alt=\"\" width=\"150\" height=\"150\" srcset=\"http:\/\/s710205766.online.de\/ssv-wordpress\/wp-content\/uploads\/IMG_20231104_220503946-150x150.jpg 150w, http:\/\/s710205766.online.de\/ssv-wordpress\/wp-content\/uploads\/IMG_20231104_220503946-230x230.jpg 230w\" sizes=\"(max-width: 150px) 100vw, 150px\" \/><\/a> <a href=\"http:\/\/s710205766.online.de\/ssv-wordpress\/wp-content\/uploads\/IMG_20231104_215317940_HDR-scaled.jpg\" target=\"_blank\" rel=\"noopener\"><img loading=\"lazy\" decoding=\"async\" class=\"alignleft wp-image-8471 size-thumbnail\" src=\"http:\/\/s710205766.online.de\/ssv-wordpress\/wp-content\/uploads\/IMG_20231104_215317940_HDR-150x150.jpg\" alt=\"\" width=\"150\" height=\"150\" srcset=\"http:\/\/s710205766.online.de\/ssv-wordpress\/wp-content\/uploads\/IMG_20231104_215317940_HDR-150x150.jpg 150w, http:\/\/s710205766.online.de\/ssv-wordpress\/wp-content\/uploads\/IMG_20231104_215317940_HDR-230x230.jpg 230w\" sizes=\"(max-width: 150px) 100vw, 150px\" \/><\/a> <a href=\"http:\/\/s710205766.online.de\/ssv-wordpress\/wp-content\/uploads\/IMG_20231104_220009185_HDR-scaled.jpg\" target=\"_blank\" rel=\"noopener\"><img loading=\"lazy\" decoding=\"async\" class=\"wp-image-8472 size-thumbnail alignright\" src=\"http:\/\/s710205766.online.de\/ssv-wordpress\/wp-content\/uploads\/IMG_20231104_220009185_HDR-150x150.jpg\" alt=\"\" width=\"150\" height=\"150\" srcset=\"http:\/\/s710205766.online.de\/ssv-wordpress\/wp-content\/uploads\/IMG_20231104_220009185_HDR-150x150.jpg 150w, http:\/\/s710205766.online.de\/ssv-wordpress\/wp-content\/uploads\/IMG_20231104_220009185_HDR-230x230.jpg 230w\" sizes=\"(max-width: 150px) 100vw, 150px\" \/><\/a><\/p>\n<p>&nbsp;<\/p>\n<p>&nbsp;<\/p>\n<p>&nbsp;<\/p>\n<p>&nbsp;<\/p>\n<p>&nbsp;<\/p>\n<p><a href=\"http:\/\/s710205766.online.de\/ssv-wordpress\/wp-content\/uploads\/IMG_20231104_212201186_HDR-scaled.jpg\" target=\"_blank\" rel=\"noopener\"><img loading=\"lazy\" decoding=\"async\" class=\"wp-image-8470 size-thumbnail aligncenter\" src=\"http:\/\/s710205766.online.de\/ssv-wordpress\/wp-content\/uploads\/IMG_20231104_212201186_HDR-150x150.jpg\" alt=\"\" width=\"150\" height=\"150\" srcset=\"http:\/\/s710205766.online.de\/ssv-wordpress\/wp-content\/uploads\/IMG_20231104_212201186_HDR-150x150.jpg 150w, http:\/\/s710205766.online.de\/ssv-wordpress\/wp-content\/uploads\/IMG_20231104_212201186_HDR-230x230.jpg 230w\" sizes=\"(max-width: 150px) 100vw, 150px\" \/><\/a><\/p>\n<p>&nbsp;<\/p>\n<p style=\"text-align: center;\">Beim Sch\u00e4tzspiel mit der Frage:<\/p>\n<p style=\"text-align: center;\">Wieviel wiegt die gesamte Vorstandschaft des Kreises (9 Mann)?<\/p>\n<p style=\"text-align: center;\">Lena Nagel (Waldwimmersbach) und Wolfgang Stadler (Eberbach) hatten beide das gleiche Ergebnis. Der Schinken wurde redlich geteilt. Lena bekam noch eine Flasche Sekt und Wolfgang noch eine Flasche Wein.<\/p>\n<p><a href=\"http:\/\/s710205766.online.de\/ssv-wordpress\/wp-content\/uploads\/IMG_20231104_223019391-scaled.jpg\" target=\"_blank\" rel=\"noopener\"><img loading=\"lazy\" decoding=\"async\" class=\"aligncenter wp-image-8473 size-thumbnail\" src=\"http:\/\/s710205766.online.de\/ssv-wordpress\/wp-content\/uploads\/IMG_20231104_223019391-150x150.jpg\" alt=\"\" width=\"150\" height=\"150\" srcset=\"http:\/\/s710205766.online.de\/ssv-wordpress\/wp-content\/uploads\/IMG_20231104_223019391-150x150.jpg 150w, http:\/\/s710205766.online.de\/ssv-wordpress\/wp-content\/uploads\/IMG_20231104_223019391-230x230.jpg 230w\" sizes=\"(max-width: 150px) 100vw, 150px\" \/><\/a><\/p>\n<p>05.11.2023\/ WS<\/p>\n<p>&nbsp;<\/p>\n<h5 style=\"text-align: center;\"><\/h5>\n<h5 style=\"text-align: center;\"><span style=\"color: #800000;\"><strong>Siegerehrung vom 48. Vereinspokalschie\u00dfen beim SSV Eberbach<\/strong><\/span><\/h5>\n<p>&nbsp;<\/p>\n<p style=\"text-align: center;\">Zum 48. mal wurde im Eberbacher Sch\u00fctzenhaus das Vereinspokalschie\u00dfen durchgef\u00fchrt.<\/p>\n<p style=\"text-align: center;\">Seid 1973 findet dieses traditionelle Turnier statt. Zwei Jahre musste das Vereinspokalschie\u00dfen, leider wegen einem Virus, ausfallen.<\/p>\n<p style=\"text-align: center;\">So langsam kommt das Turnier wieder zu seiner alten St\u00e4rke zur\u00fcck. In diesem Jahr kamen 183 Einzelsch\u00fctzen, die in 34 Mannschaften antraten. Vereine aus Eberbach und der n\u00e4heren Umgebung kommen zum Teil schon Jahrzehnte ins Sch\u00fctzenhaus um dort beim Schie\u00dfen auf Gl\u00fccksscheiben ihr K\u00f6nnen zu beweisen.<\/p>\n<p style=\"text-align: center;\">Gestern fand nun die Siegerehrung im Eberbacher Sch\u00fctzenhaus statt.\u00a0Obersch\u00fctzenmeister Patrick Joho f\u00fchrte durch die Siegerehrung.<\/p>\n<p>&nbsp;<\/p>\n<p><a href=\"http:\/\/s710205766.online.de\/ssv-wordpress\/wp-content\/uploads\/IMG_4260-scaled.jpg\" target=\"_blank\" rel=\"noopener\"><img loading=\"lazy\" decoding=\"async\" class=\"alignleft wp-image-8440 size-thumbnail\" src=\"http:\/\/s710205766.online.de\/ssv-wordpress\/wp-content\/uploads\/IMG_4260-150x150.jpg\" alt=\"\" width=\"150\" height=\"150\" srcset=\"http:\/\/s710205766.online.de\/ssv-wordpress\/wp-content\/uploads\/IMG_4260-150x150.jpg 150w, http:\/\/s710205766.online.de\/ssv-wordpress\/wp-content\/uploads\/IMG_4260-230x230.jpg 230w\" sizes=\"(max-width: 150px) 100vw, 150px\" \/><\/a><\/p>\n<p>&nbsp;<\/p>\n<p>&nbsp;<\/p>\n<h5><\/h5>\n<h5><\/h5>\n<h5><\/h5>\n<p style=\"font-family: Helvetica, sans-serif; font-size: 14px; font-style: normal; caret-color: #1d1d1d; color: #1d1d1d;\"><span style=\"font-family: Helvetica, sans-serif; font-size: 14px; font-style: normal;\">(Bild privat li.) OSM Patrick Joho<\/span><\/p>\n<p><a href=\"http:\/\/s710205766.online.de\/ssv-wordpress\/wp-content\/uploads\/IMG_4280-scaled.jpg\" target=\"_blank\" rel=\"noopener\"><img loading=\"lazy\" decoding=\"async\" class=\"aligncenter wp-image-8448 size-thumbnail\" src=\"http:\/\/s710205766.online.de\/ssv-wordpress\/wp-content\/uploads\/IMG_4280-150x150.jpg\" alt=\"\" width=\"150\" height=\"150\" srcset=\"http:\/\/s710205766.online.de\/ssv-wordpress\/wp-content\/uploads\/IMG_4280-150x150.jpg 150w, http:\/\/s710205766.online.de\/ssv-wordpress\/wp-content\/uploads\/IMG_4280-230x230.jpg 230w\" sizes=\"(max-width: 150px) 100vw, 150px\" \/><\/a><\/p>\n<p>&nbsp;<\/p>\n<p>&nbsp;<\/p>\n<p><a href=\"http:\/\/s710205766.online.de\/ssv-wordpress\/wp-content\/uploads\/IMG_4252-scaled.jpg\" target=\"_blank\" rel=\"noopener\"><img loading=\"lazy\" decoding=\"async\" class=\"alignright wp-image-8438 size-thumbnail\" src=\"http:\/\/s710205766.online.de\/ssv-wordpress\/wp-content\/uploads\/IMG_4252-150x150.jpg\" alt=\"\" width=\"150\" height=\"150\" srcset=\"http:\/\/s710205766.online.de\/ssv-wordpress\/wp-content\/uploads\/IMG_4252-150x150.jpg 150w, http:\/\/s710205766.online.de\/ssv-wordpress\/wp-content\/uploads\/IMG_4252-230x230.jpg 230w\" sizes=\"(max-width: 150px) 100vw, 150px\" \/><\/a><\/p>\n<p>&nbsp;<\/p>\n<p>&nbsp;<\/p>\n<p>&nbsp;<\/p>\n<p>&nbsp;<\/p>\n<p>&nbsp;<\/p>\n<p style=\"text-align: center;\">Die Jugend durfte ab 12 Jahren teilnehmen. Hier die Gewinner von den 11 jugendlichen Teilnehmern.<\/p>\n<p><a href=\"http:\/\/s710205766.online.de\/ssv-wordpress\/wp-content\/uploads\/IMG_4262-scaled.jpg\" target=\"_blank\" rel=\"noopener\"><img loading=\"lazy\" decoding=\"async\" class=\"aligncenter wp-image-8441 size-thumbnail\" src=\"http:\/\/s710205766.online.de\/ssv-wordpress\/wp-content\/uploads\/IMG_4262-150x150.jpg\" alt=\"\" width=\"150\" height=\"150\" srcset=\"http:\/\/s710205766.online.de\/ssv-wordpress\/wp-content\/uploads\/IMG_4262-150x150.jpg 150w, http:\/\/s710205766.online.de\/ssv-wordpress\/wp-content\/uploads\/IMG_4262-230x230.jpg 230w\" sizes=\"(max-width: 150px) 100vw, 150px\" \/><\/a><\/p>\n<p style=\"text-align: center;\">(Bild privat von li.) OSM Patrick Joho, Ben Sch\u00f6pwinkel 2. Platz, Emelie M\u00fcnch 1. Platz und Julius Mattern 3. Platz<\/p>\n<h5><\/h5>\n<p style=\"text-align: center;\">Weiter ging es mit den Damen in der Einzelwertung.<\/p>\n<p><a href=\"http:\/\/s710205766.online.de\/ssv-wordpress\/wp-content\/uploads\/IMG_4266-scaled.jpg\" target=\"_blank\" rel=\"noopener\"><img loading=\"lazy\" decoding=\"async\" class=\"aligncenter wp-image-8442 size-thumbnail\" src=\"http:\/\/s710205766.online.de\/ssv-wordpress\/wp-content\/uploads\/IMG_4266-150x150.jpg\" alt=\"\" width=\"150\" height=\"150\" srcset=\"http:\/\/s710205766.online.de\/ssv-wordpress\/wp-content\/uploads\/IMG_4266-150x150.jpg 150w, http:\/\/s710205766.online.de\/ssv-wordpress\/wp-content\/uploads\/IMG_4266-230x230.jpg 230w\" sizes=\"(max-width: 150px) 100vw, 150px\" \/><\/a><\/p>\n<p style=\"text-align: center;\">(Bild privat, von li.) OSM Patrick Joho, Malu Koch 2. Platz, Simone M\u00fcller 1. Platz und Sandra Lenz 3. Platz (nicht auf dem Bild)<\/p>\n<p>&nbsp;<\/p>\n<p style=\"text-align: center;\">Danach kamen die Herren in der Einzelwertung.<\/p>\n<p><a href=\"http:\/\/s710205766.online.de\/ssv-wordpress\/wp-content\/uploads\/IMG_4267-scaled.jpg\"><img loading=\"lazy\" decoding=\"async\" class=\"aligncenter size-thumbnail wp-image-8443\" src=\"http:\/\/s710205766.online.de\/ssv-wordpress\/wp-content\/uploads\/IMG_4267-150x150.jpg\" alt=\"\" width=\"150\" height=\"150\" srcset=\"http:\/\/s710205766.online.de\/ssv-wordpress\/wp-content\/uploads\/IMG_4267-150x150.jpg 150w, http:\/\/s710205766.online.de\/ssv-wordpress\/wp-content\/uploads\/IMG_4267-230x230.jpg 230w\" sizes=\"(max-width: 150px) 100vw, 150px\" \/><\/a><\/p>\n<p style=\"text-align: center;\">(Bild privat, von li) OSM Patrick Joho, Manuel Rupp 2.Platz, Sven Friedrich 1. Platz und Tim W\u00e4sch 3. Platz<\/p>\n<p>&nbsp;<\/p>\n<p style=\"text-align: center;\">Folgende Damenmannschaften haben in diesem Jahr gewonnen.<\/p>\n<p><a href=\"http:\/\/s710205766.online.de\/ssv-wordpress\/wp-content\/uploads\/IMG_4273-scaled.jpg\" target=\"_blank\" rel=\"noopener\"><img loading=\"lazy\" decoding=\"async\" class=\"aligncenter wp-image-8444 size-thumbnail\" src=\"http:\/\/s710205766.online.de\/ssv-wordpress\/wp-content\/uploads\/IMG_4273-150x150.jpg\" alt=\"\" width=\"150\" height=\"150\" srcset=\"http:\/\/s710205766.online.de\/ssv-wordpress\/wp-content\/uploads\/IMG_4273-150x150.jpg 150w, http:\/\/s710205766.online.de\/ssv-wordpress\/wp-content\/uploads\/IMG_4273-230x230.jpg 230w\" sizes=\"(max-width: 150px) 100vw, 150px\" \/><\/a><\/p>\n<p style=\"text-align: center;\">(Bild privat, von re.) ISV Kailbach 3. Platz, KC Bandenkiller Friedrichsdorf 1. Platz und Tischtennis Abteilung TVE 2. Platz<\/p>\n<p>&nbsp;<\/p>\n<p style=\"text-align: center;\">Hier die Herren Mixed Mannschaften, die gewonnen haben.<\/p>\n<p><a href=\"http:\/\/s710205766.online.de\/ssv-wordpress\/wp-content\/uploads\/IMG_4275-scaled.jpg\" target=\"_blank\" rel=\"noopener\"><img loading=\"lazy\" decoding=\"async\" class=\"aligncenter wp-image-8445 size-thumbnail\" src=\"http:\/\/s710205766.online.de\/ssv-wordpress\/wp-content\/uploads\/IMG_4275-150x150.jpg\" alt=\"\" width=\"150\" height=\"150\" srcset=\"http:\/\/s710205766.online.de\/ssv-wordpress\/wp-content\/uploads\/IMG_4275-150x150.jpg 150w, http:\/\/s710205766.online.de\/ssv-wordpress\/wp-content\/uploads\/IMG_4275-230x230.jpg 230w\" sizes=\"(max-width: 150px) 100vw, 150px\" \/><\/a><\/p>\n<p style=\"text-align: center;\">(Bild privat, von li.) OSM Patrick Joho, Akkordeon Orchester Eberbach 2. Platz, Freiwillige Feuerwehr Friedrichsdorf I 1. Platz und FFW Kailbach I.<\/p>\n<p>&nbsp;<\/p>\n<p style=\"text-align: center;\">Danke an das tolle Publikum, das die Gewinner feierte.<\/p>\n<p><a href=\"http:\/\/s710205766.online.de\/ssv-wordpress\/wp-content\/uploads\/IMG_4279-scaled.jpg\" target=\"_blank\" rel=\"noopener\"><img loading=\"lazy\" decoding=\"async\" class=\"alignleft wp-image-8447 size-thumbnail\" src=\"http:\/\/s710205766.online.de\/ssv-wordpress\/wp-content\/uploads\/IMG_4279-150x150.jpg\" alt=\"\" width=\"150\" height=\"150\" srcset=\"http:\/\/s710205766.online.de\/ssv-wordpress\/wp-content\/uploads\/IMG_4279-150x150.jpg 150w, http:\/\/s710205766.online.de\/ssv-wordpress\/wp-content\/uploads\/IMG_4279-230x230.jpg 230w\" sizes=\"(max-width: 150px) 100vw, 150px\" \/><\/a><\/p>\n<p>&nbsp;<\/p>\n<p><a href=\"http:\/\/s710205766.online.de\/ssv-wordpress\/wp-content\/uploads\/IMG_4259-scaled.jpg\" target=\"_blank\" rel=\"noopener\"><img loading=\"lazy\" decoding=\"async\" class=\"alignright wp-image-8439 size-thumbnail\" src=\"http:\/\/s710205766.online.de\/ssv-wordpress\/wp-content\/uploads\/IMG_4259-150x150.jpg\" alt=\"\" width=\"150\" height=\"150\" srcset=\"http:\/\/s710205766.online.de\/ssv-wordpress\/wp-content\/uploads\/IMG_4259-150x150.jpg 150w, http:\/\/s710205766.online.de\/ssv-wordpress\/wp-content\/uploads\/IMG_4259-230x230.jpg 230w\" sizes=\"(max-width: 150px) 100vw, 150px\" \/><\/a><\/p>\n<p>&nbsp;<\/p>\n<p>&nbsp;<\/p>\n<p>&nbsp;<\/p>\n<p>&nbsp;<\/p>\n<p>&nbsp;<\/p>\n<p>&nbsp;<\/p>\n<p style=\"text-align: center;\">Herzlichen Gl\u00fcckwunsch an alle Gewinner und auch alle anderen Teilnehmer f\u00fcr die tollen Leistungen. Wir freuen uns sehr auf ein Wiedersehen im n\u00e4chsten Jahr beim Vereinspokalschiessen 2024.<\/p>\n<p>&nbsp;<\/p>\n<p style=\"text-align: center;\">Einen herzlichen Dank an die flei\u00dfigen Helferlein, an den 6 Tagen und der Siegerehrung bei der Durchf\u00fchrung des Turnieres. Die Aufsichten, die Scheibenrichter, die Auswertung, am PC, in der K\u00fcche, hinter der Theke und die Bedienungen. Ohne diese Helfer k\u00f6nnten solche Turniere nicht durchgef\u00fchrt werden.<\/p>\n<p>&nbsp;<\/p>\n<p style=\"text-align: center;\">Hier drauf dr\u00fccken, um noch einmal die kompletten Listen anzusehen.<\/p>\n<h5 style=\"text-align: center;\"><a href=\"http:\/\/s710205766.online.de\/ssv-wordpress\/?page_id=8368\" target=\"_blank\" rel=\"noopener\">Vereinspokalschie\u00dfen Ergebnisse Endstand<\/a><\/h5>\n<p>&nbsp;<\/p>\n<p>28.10.2023\/ MW<\/p>\n<h5><\/h5>\n<h5><span style=\"color: #0000ff;\"><strong>DM 2023 Luftgewehr Auflage in Dortmund vom 20.-22. Oktober.<\/strong><\/span><\/h5>\n<p>Am Freitag um 10 Uhr startete das qualifizierte Quartett, Reinhard, Klaus, Gabi und Karin, nebstsportlicher Betreuung, Veronika, Martin und Franz, ihr &#8222;Abenteuer DM&#8220; nach Dortmund. Auf unterschiedlichen Wegen, bedingt durch eine Vollsperrung der BAB, gelangten alle wohlbehaltenin das Quartier in Mengede.<\/p>\n<p>Ohne lange Vorbereitung ging es gleich am Samstag um 8 Uhr mit <strong>Klaus<\/strong> los. Er legte <strong>313.1 Ringe<\/strong> vor und errang Platz<strong> 89 von 179<\/strong> Startern. Ihm folgte anschlie\u00dfend <strong>Reinhard<\/strong> mit <strong>313.7 Ringen<\/strong> auf Platz <strong>41 von 121<\/strong> Mitsch\u00fctzen. Gabi als n\u00e4chste war mit <strong>313.2 Ringen<\/strong>dran &#8211; <strong>volle 300 Ringe<\/strong> &#8211; und platzierte sich auf Rang <strong>28 von 95. <\/strong>Nesth\u00e4kchen Karin war nicht zu halten und erzielte mit <strong>314.2 <\/strong><strong>Ringen <\/strong>das beste Einzelergebnis und landete auf Platz<strong> 35 von 185<\/strong> insgesamt.<\/p>\n<p>Die Mannschaft um <strong>Reinhard, Klaus und Gabi<\/strong> erscho\u00df<strong> 940 Ringe<\/strong> und war als <strong>41ste<\/strong>in der oberen H\u00e4lfte <strong>von 90<\/strong> Teilnehmern.<\/p>\n<p>Hervorzuheben ist das geschlossene Auftreten aller Beteiligten &#8211; wir haben es auch nicht vers\u00e4umt andere Sch\u00fctzen aus dem SK 4 kr\u00e4ftig zu unterst\u00fctzen.<\/p>\n<p>Die Heimreise aller gestaltete sich nicht so schwierig wie bef\u00fcrchtet.<\/p>\n<p>Alles in allem war es ein erfolgreiches Wochenende &#8211; auch durch die Ergebnisse an der Heimatfront.<\/p>\n<p>&nbsp;<\/p>\n<p><a href=\"http:\/\/s710205766.online.de\/ssv-wordpress\/wp-content\/uploads\/419de2ac-aea2-4246-8c3f-fbba07a6eaa0.jpg\" target=\"_blank\" rel=\"noopener\"><img loading=\"lazy\" decoding=\"async\" class=\"alignleft wp-image-8419 size-thumbnail\" src=\"http:\/\/s710205766.online.de\/ssv-wordpress\/wp-content\/uploads\/419de2ac-aea2-4246-8c3f-fbba07a6eaa0-150x150.jpg\" alt=\"\" width=\"150\" height=\"150\" srcset=\"http:\/\/s710205766.online.de\/ssv-wordpress\/wp-content\/uploads\/419de2ac-aea2-4246-8c3f-fbba07a6eaa0-150x150.jpg 150w, http:\/\/s710205766.online.de\/ssv-wordpress\/wp-content\/uploads\/419de2ac-aea2-4246-8c3f-fbba07a6eaa0-230x230.jpg 230w\" sizes=\"(max-width: 150px) 100vw, 150px\" \/><\/a> <a href=\"http:\/\/s710205766.online.de\/ssv-wordpress\/wp-content\/uploads\/20e891d9-9e91-4b37-8ddb-788afa130fa3.jpg\" target=\"_blank\" rel=\"noopener\"><img loading=\"lazy\" decoding=\"async\" class=\"alignleft wp-image-8418 size-thumbnail\" src=\"http:\/\/s710205766.online.de\/ssv-wordpress\/wp-content\/uploads\/20e891d9-9e91-4b37-8ddb-788afa130fa3-150x150.jpg\" alt=\"\" width=\"150\" height=\"150\" srcset=\"http:\/\/s710205766.online.de\/ssv-wordpress\/wp-content\/uploads\/20e891d9-9e91-4b37-8ddb-788afa130fa3-150x150.jpg 150w, http:\/\/s710205766.online.de\/ssv-wordpress\/wp-content\/uploads\/20e891d9-9e91-4b37-8ddb-788afa130fa3-230x230.jpg 230w\" sizes=\"(max-width: 150px) 100vw, 150px\" \/><\/a> <a href=\"http:\/\/s710205766.online.de\/ssv-wordpress\/wp-content\/uploads\/1000e1ad-3599-4efd-8ca0-255acdfd9e12.jpg\" target=\"_blank\" rel=\"noopener\"><img loading=\"lazy\" decoding=\"async\" class=\"wp-image-8417 size-thumbnail alignnone\" src=\"http:\/\/s710205766.online.de\/ssv-wordpress\/wp-content\/uploads\/1000e1ad-3599-4efd-8ca0-255acdfd9e12-150x150.jpg\" alt=\"\" width=\"150\" height=\"150\" srcset=\"http:\/\/s710205766.online.de\/ssv-wordpress\/wp-content\/uploads\/1000e1ad-3599-4efd-8ca0-255acdfd9e12-150x150.jpg 150w, http:\/\/s710205766.online.de\/ssv-wordpress\/wp-content\/uploads\/1000e1ad-3599-4efd-8ca0-255acdfd9e12-230x230.jpg 230w\" sizes=\"(max-width: 150px) 100vw, 150px\" \/><\/a> <a href=\"http:\/\/s710205766.online.de\/ssv-wordpress\/wp-content\/uploads\/c372f15c-5987-422d-801d-21170423bd95.jpg\" target=\"_blank\" rel=\"noopener\"><img loading=\"lazy\" decoding=\"async\" class=\"wp-image-8416 size-thumbnail alignleft\" src=\"http:\/\/s710205766.online.de\/ssv-wordpress\/wp-content\/uploads\/c372f15c-5987-422d-801d-21170423bd95-150x150.jpg\" alt=\"\" width=\"150\" height=\"150\" srcset=\"http:\/\/s710205766.online.de\/ssv-wordpress\/wp-content\/uploads\/c372f15c-5987-422d-801d-21170423bd95-150x150.jpg 150w, http:\/\/s710205766.online.de\/ssv-wordpress\/wp-content\/uploads\/c372f15c-5987-422d-801d-21170423bd95-230x230.jpg 230w\" sizes=\"(max-width: 150px) 100vw, 150px\" \/><\/a><\/p>\n<p>&nbsp;<\/p>\n<p>&nbsp;<\/p>\n<p>24.10.2023 FZ<\/p>\n<p>&nbsp;<\/p>\n<h5 style=\"font-weight: 400;\"><span style=\"color: #800080;\"><strong><u>Sieg und Niederlage zum Auftakt der Oberliga-Runde 2023<\/u><\/strong><\/span><\/h5>\n<p style=\"font-weight: 400;\"><strong>Zum Auftakt der Oberliga 2023 durften die Eberbacher in Marbach antreten. Neben den bekannten Gr\u00f6\u00dfen wurde zum ersten Mal unsere Leonie B\u00f6hm eingesetzt. Um es vorwegzunehmen: es war ein Goldgriff!<\/strong><\/p>\n<p style=\"font-weight: 400;\"><strong>Beim ersten Wettkampf war Marbach unser Gegner. Leider ging dieser mit 1:4 verloren.<\/strong><\/p>\n<p style=\"font-weight: 400;\"><strong>Stephan mit 379:385 und Xenia mit 374:380 verloren Ihre Matches ebenso wie Friedrich mit 378:381 und Steffen mit 372:373. Leonie, die aufgrund Ihrer guten Trainingsergebnisse zum ersten Mal in unserer Oberliga \u2013 Mannschaft eingesetzt wurde, sorgte an diesem Tag f\u00fcr die Sensation! Mit tollen 383 (95\/98\/94\/96) &#8211; 368 lie\u00df Sie Ihrem Gegner keine Chance, und gewann den Ehrenpunkt f\u00fcr Eberbach!<\/strong><\/p>\n<p style=\"font-weight: 400;\"><strong>Nach der Mittagspause war man sich einig, die Mannschaftsaufstellung beizubehalten. <\/strong><\/p>\n<p style=\"font-weight: 400;\"><strong>Und so ging es dann auch in den 2. Wettkampf gegen Hambr\u00fccken.<\/strong><\/p>\n<p style=\"font-weight: 400;\"><strong>Dieser wurde mit 4:1 gewonnen! <\/strong><\/p>\n<p style=\"font-weight: 400;\"><strong>Stephan musste seinen Punkt mit 373:377 abgeben. Unter normalen Umst\u00e4nden h\u00e4tte er diesen ganz locker gewonnen. Aber leider ging Ihm unkontrolliert ein Schuss aufgrund seiner kalten Finger abhanden. <\/strong><\/p>\n<p style=\"font-weight: 400;\"><strong>Xenia fand wieder zu Ihrem gewohnten Niveau, und holte Ihren Punkt mit sehr guten 385:381.<\/strong><\/p>\n<p style=\"font-weight: 400;\"><strong>\u00a0<\/strong><strong>Friedrich machte es spannend. Nach seinem Wettkampf stand es ringgleich 377:377. Ein Stechen musste her. Gleich beim ersten Stechschuss sorgte Er nervenstark mit 10 zu 9 f\u00fcr die Entscheidung.<\/strong><\/p>\n<p style=\"font-weight: 400;\"><strong>Steffen auf Position 4 steigerte sich in seinem 2. Kampf erheblich, und sorgte mit starken 384:383 f\u00fcr einen weiteren Punkt.<\/strong><\/p>\n<p style=\"font-weight: 400;\"><strong>Leonie setzte sich in diesem Wettkampf die Krone auf! Befl\u00fcgelt durch das tolle Ergebnis im ersten Kampf ging Sie hochmotiviert in das Match. Mit 99\/99\/94\/98 zauberte Sie unfassbare 390 Ringe auf den Stand! Die Freude war riesengro\u00df, zumal dies auch ein neuer pers\u00f6nlicher Rekord bedeutete. <\/strong><\/p>\n<p style=\"font-weight: 400;\"><strong>Man darf gespannt sein, was im Laufe der Runde noch kommt. \u00a0\u00a0\u00a0\u00a0\u00a0\u00a0<\/strong><\/p>\n<p style=\"font-weight: 400;\"><strong>22.10.2023\/ TM \u00a0 \u00a0\u00a0<\/strong><\/p>\n<h5><\/h5>\n<h5><span style=\"color: #800000;\"><strong>Deutsche Meisterschaften in Hannover<\/strong><\/span><\/h5>\n<p style=\"font-weight: 400;\">Bei den Deutschen Meisterschaften KK Auflage und LP Auflage die vom 05.-08.10.23 in Hannover stattfanden erreichten unsere Sch\u00fctzen-\/innen folgende Pl\u00e4tze:<\/p>\n<p style=\"font-weight: 400;\">KK 50 M Auflage :<\/p>\n<p style=\"font-weight: 400;\">Karin Kre\u00df Sen I 299,6 Ringe und Platz 34.<\/p>\n<p style=\"font-weight: 400;\">KK 100 M Auflage:<\/p>\n<p style=\"font-weight: 400;\">Karin Kre\u00df Sen I 311,3 Ringe und Platz 15.<\/p>\n<p><a href=\"http:\/\/s710205766.online.de\/ssv-wordpress\/wp-content\/uploads\/9570caab-732d-4446-9ffd-8eb59cfd1f5a.jpg\" target=\"_blank\" rel=\"noopener\"><img loading=\"lazy\" decoding=\"async\" class=\"wp-image-8321 size-thumbnail alignleft\" src=\"http:\/\/s710205766.online.de\/ssv-wordpress\/wp-content\/uploads\/9570caab-732d-4446-9ffd-8eb59cfd1f5a-150x150.jpg\" alt=\"\" width=\"150\" height=\"150\" srcset=\"http:\/\/s710205766.online.de\/ssv-wordpress\/wp-content\/uploads\/9570caab-732d-4446-9ffd-8eb59cfd1f5a-150x150.jpg 150w, http:\/\/s710205766.online.de\/ssv-wordpress\/wp-content\/uploads\/9570caab-732d-4446-9ffd-8eb59cfd1f5a-230x230.jpg 230w\" sizes=\"(max-width: 150px) 100vw, 150px\" \/><\/a><\/p>\n<p>&nbsp;<\/p>\n<p>&nbsp;<\/p>\n<p>(Bild privat) Karin Kre\u00df<\/p>\n<p>&nbsp;<\/p>\n<p>&nbsp;<\/p>\n<p style=\"font-weight: 400;\">Gabi Hammer\u2013Zeitler Sen III 310,3 Ringe und<strong> Platz 7.<\/strong><\/p>\n<p style=\"font-weight: 400;\">Luftpistole Auflage :<\/p>\n<p style=\"font-weight: 400;\">Thomas B\u00e4uerle Sen IV 294,5 Platz 54.<\/p>\n<p style=\"font-weight: 400;\">Allen Teilnehmern-\/innen herzlichen Gl\u00fcckwunsch<\/p>\n<p style=\"font-weight: 400;\">10.10.2023 WS<\/p>\n<h5><\/h5>\n<h5><span style=\"color: #008000;\"><strong>Deutsche Meisterschaften M\u00fcnchen 2023<\/strong><\/span><\/h5>\n<p style=\"font-weight: 400;\">Bei den Deutschen Meisterschaften in der Disziplin Armbrust National 30 M die vom 21.-23. September traditional auf dem M\u00fcnchner Oktoberfest im Sch\u00fctzen Zelt ausgetragen wurde erreichten unsere Sch\u00fctzen folgende Pl\u00e4tze:<\/p>\n<p style=\"font-weight: 400;\">Einzel :<\/p>\n<p style=\"font-weight: 400;\"><em>Xenia Scherer<\/em> Juniorinnen I 94 Ringe und Platz 10.<\/p>\n<p style=\"font-weight: 400;\">Patrick Joho Herren II 115 Ringe und Platz 22.<\/p>\n<p style=\"font-weight: 400;\">Harold Braun Herren III 106 Ringe und Platz 31.<\/p>\n<p style=\"font-weight: 400;\">Leon Joho Herren I 103 Ringe und Platz 64.<\/p>\n<p style=\"font-weight: 400;\">Mit der Mannschaft kamen die Herren auf Platz 20. von 43 gestarteten Mannschaften.<\/p>\n<p>&nbsp;<\/p>\n<p>&nbsp;<\/p>\n<p><a href=\"http:\/\/s710205766.online.de\/ssv-wordpress\/wp-content\/uploads\/a252d2f4-ec0f-4aaf-99a0-6df76a824222.jpg\" target=\"_blank\" rel=\"noopener\"><img loading=\"lazy\" decoding=\"async\" class=\"wp-image-8317 size-thumbnail alignright\" src=\"http:\/\/s710205766.online.de\/ssv-wordpress\/wp-content\/uploads\/a252d2f4-ec0f-4aaf-99a0-6df76a824222-150x150.jpg\" alt=\"\" width=\"150\" height=\"150\" srcset=\"http:\/\/s710205766.online.de\/ssv-wordpress\/wp-content\/uploads\/a252d2f4-ec0f-4aaf-99a0-6df76a824222-150x150.jpg 150w, http:\/\/s710205766.online.de\/ssv-wordpress\/wp-content\/uploads\/a252d2f4-ec0f-4aaf-99a0-6df76a824222-230x230.jpg 230w\" sizes=\"(max-width: 150px) 100vw, 150px\" \/><\/a><\/p>\n<p><a href=\"http:\/\/s710205766.online.de\/ssv-wordpress\/wp-content\/uploads\/cea16566-8e40-4abb-93a8-0772214dadeb-1.jpg\" target=\"_blank\" rel=\"noopener\"><img loading=\"lazy\" decoding=\"async\" class=\"alignleft wp-image-8316 size-thumbnail\" src=\"http:\/\/s710205766.online.de\/ssv-wordpress\/wp-content\/uploads\/cea16566-8e40-4abb-93a8-0772214dadeb-1-150x150.jpg\" alt=\"\" width=\"150\" height=\"150\" srcset=\"http:\/\/s710205766.online.de\/ssv-wordpress\/wp-content\/uploads\/cea16566-8e40-4abb-93a8-0772214dadeb-1-150x150.jpg 150w, http:\/\/s710205766.online.de\/ssv-wordpress\/wp-content\/uploads\/cea16566-8e40-4abb-93a8-0772214dadeb-1-230x230.jpg 230w\" sizes=\"(max-width: 150px) 100vw, 150px\" \/><\/a><\/p>\n<p>&nbsp;<\/p>\n<p>&nbsp;<\/p>\n<p>&nbsp;<\/p>\n<p>&nbsp;<\/p>\n<p>&nbsp;<\/p>\n<p>&nbsp;<\/p>\n<p>(Bild privat) linkes Bild Xenia Scherer, rechtes Bild Leon Joho<\/p>\n<p>&nbsp;<\/p>\n<p>Allen Teilnehmern herzlichen Gl\u00fcckwunsch<\/p>\n<p style=\"font-weight: 400;\">03.10.2023 WS<\/p>\n<h5><\/h5>\n<h5 style=\"font-weight: 400;\"><span style=\"color: #800000;\"><strong>Vom 17. \u2013 27.08.2023 fanden auf der Olympiaschie\u00dfanlage in M\u00fcnchen-Hochbr\u00fcck die Deutschen Meisterschaften statt.<\/strong><\/span><\/h5>\n<p style=\"font-weight: 400;\">Vom SSV 1487 Eberbach starteten folgende Sch\u00fctzen-\/innen:<\/p>\n<p style=\"font-weight: 400;\"><strong>Luftgewehr 10 M:<\/strong><\/p>\n<p style=\"font-weight: 400;\"><em>Silja Schranz<\/em> Jun II 609,1 Ringe Platz 43<\/p>\n<p style=\"font-weight: 400;\"><em>Christina M\u00fcller <\/em>Jun II 573,6 Ringe Platz 100<\/p>\n<p style=\"font-weight: 400;\"><em>Xenia Scherer<\/em> Jun I 599,6 Ringe Platz 67<\/p>\n<p style=\"font-weight: 400;\"><strong><em>Mit der Mannschaft erreichten sie 1782,3 Ringe und \u00a0Platz 33.<\/em><\/strong><\/p>\n<p style=\"font-weight: 400;\"><strong><em>Kerstin Liebsch<\/em><\/strong> Damen III startete f\u00fcr den KKS Ispringen und erreichte<\/p>\n<p style=\"font-weight: 400;\">392,4 Ringe und Platz 34 .<\/p>\n<p style=\"font-weight: 400;\"><em>Carmen Linzner 395,3 Ringe Platz 26. &amp;<\/em><\/p>\n<p style=\"font-weight: 400;\"><em>Anette K\u00f6hler-Heil 395,8 Ringe im Einzel ebenfalls<strong> Platz 3.<\/strong><\/em><\/p>\n<p style=\"font-weight: 400;\"><strong><em>Mit der Mannschaft erreichten sie 1183,5 Ringe und einen hervorragenden 3.Platz.<\/em><\/strong><\/p>\n<p><a href=\"http:\/\/s710205766.online.de\/ssv-wordpress\/wp-content\/uploads\/9fb1a332-998d-4e6f-a6e8-26351eb8fe84.jpg\" target=\"_blank\" rel=\"noopener\"><img loading=\"lazy\" decoding=\"async\" class=\"alignleft wp-image-8305 size-thumbnail\" src=\"http:\/\/s710205766.online.de\/ssv-wordpress\/wp-content\/uploads\/9fb1a332-998d-4e6f-a6e8-26351eb8fe84-150x150.jpg\" alt=\"\" width=\"150\" height=\"150\" srcset=\"http:\/\/s710205766.online.de\/ssv-wordpress\/wp-content\/uploads\/9fb1a332-998d-4e6f-a6e8-26351eb8fe84-150x150.jpg 150w, http:\/\/s710205766.online.de\/ssv-wordpress\/wp-content\/uploads\/9fb1a332-998d-4e6f-a6e8-26351eb8fe84-230x230.jpg 230w\" sizes=\"(max-width: 150px) 100vw, 150px\" \/><\/a> <a href=\"http:\/\/s710205766.online.de\/ssv-wordpress\/wp-content\/uploads\/b16ed5cf-a34f-4dfc-8132-9fcfcb9aca76.jpg\" target=\"_blank\" rel=\"noopener\"><img loading=\"lazy\" decoding=\"async\" class=\"alignright wp-image-8306 size-thumbnail\" src=\"http:\/\/s710205766.online.de\/ssv-wordpress\/wp-content\/uploads\/b16ed5cf-a34f-4dfc-8132-9fcfcb9aca76-150x150.jpg\" alt=\"\" width=\"150\" height=\"150\" srcset=\"http:\/\/s710205766.online.de\/ssv-wordpress\/wp-content\/uploads\/b16ed5cf-a34f-4dfc-8132-9fcfcb9aca76-150x150.jpg 150w, http:\/\/s710205766.online.de\/ssv-wordpress\/wp-content\/uploads\/b16ed5cf-a34f-4dfc-8132-9fcfcb9aca76-230x230.jpg 230w\" sizes=\"(max-width: 150px) 100vw, 150px\" \/><\/a><\/p>\n<p>&nbsp;<\/p>\n<p>(Bilder privat v. li.) Bild links. 3. Platz Mannschaft vom KKS Ispringen.<\/p>\n<p>Bild rechts v. li. Carmen Lindner, Kerstin Liebsch und Anette K\u00f6hler-Heil<\/p>\n<p>&nbsp;<\/p>\n<p>&nbsp;<\/p>\n<p style=\"font-weight: 400;\"><strong>KK-3&#215;20 50M: <\/strong><\/p>\n<p style=\"font-weight: 400;\"><strong>Patrick Joho Herren II erreichte 565 Ringe und einen hervorragenden 6. Platz.<\/strong><\/p>\n<p style=\"font-weight: 400;\"><strong>KK\u2013 50M Liegend :<\/strong><\/p>\n<p style=\"font-weight: 400;\"><em>Silja Schranz<\/em> Jun II 586,6 Ringe Platz 75<\/p>\n<p style=\"font-weight: 400;\"><em>Christina M\u00fcller <\/em>Jun II 572,1 Ringe Platz 80<\/p>\n<p style=\"font-weight: 400;\"><em>Xenia Scherer<\/em> Jun I 590 Ringe Platz 54<\/p>\n<p style=\"font-weight: 400;\"><strong><em>Mit der Mannschaft erreichten sie f\u00fcr den SV Mannheim-Rheinau II startend 1748,7 Ringe und \u00a0Platz 26<\/em><\/strong><\/p>\n<p style=\"font-weight: 400;\"><strong>KK-3&#215;40 50 M : <\/strong><\/p>\n<p style=\"font-weight: 400;\">Silja Schranz Jun II 1077 Ringe Platz 42<\/p>\n<p style=\"font-weight: 400;\">Xenia Scherer Jun I 1073 Ringe Platz 31<\/p>\n<p style=\"font-weight: 400;\"><em>Meinen herzlichen Gl\u00fcckwunsch allen Platzierten f\u00fcr ihre Qualifikation und die hervorragenden Leistungen. <\/em><\/p>\n<p><em>WS<\/em>. 27.08.2023<\/p>\n<h5><\/h5>\n<h5 style=\"font-weight: 400;\"><span style=\"color: #0000ff;\"><strong>Auflage Landesmeisterschaften in Eggenstein KK 100 m<\/strong><\/span><\/h5>\n<p style=\"font-weight: 400;\">Am Wochenende 05.\/06. August \u00a0ging es f\u00fcr unsere \u00a0Auflage Sch\u00fctzen zu den Landesmeisterschaften nach Eggenstein.<\/p>\n<p style=\"font-weight: 400;\">Hier gab es beachtliche Erfolge zu feiern.<\/p>\n<p style=\"font-weight: 400;\"><strong>KK Auflage 100 M : <\/strong><\/p>\n<p style=\"font-weight: 400;\">Karin Kre\u00df \u00a0Sen I 313,3 Ringe Platz <strong>1<\/strong>.<\/p>\n<p style=\"font-weight: 400;\">Thomas B\u00e4uerle \u00a0Sen II\u00a0 310,5 Ringe Platz <strong>3<\/strong>.<\/p>\n<p style=\"font-weight: 400;\">Martin Kre\u00df \u00a0Sen I 305,2 Ringe Platz 8.<\/p>\n<p style=\"font-weight: 400;\"><strong>In der Mannschaftswertung Senioren I erreichten sie mit 929 Ringen Platz 1.<\/strong><\/p>\n<p style=\"font-weight: 400;\">Gabi Hammer \u2013 Zeitler \u00a0Sen III 317,1 Ringe Platz <strong>1<\/strong>.<\/p>\n<p style=\"font-weight: 400;\">Klaus Bickel \u00a0Sen III 308 Ringe Platz 7.<\/p>\n<p style=\"font-weight: 400;\">Reinhard Zahn Sen V 308,2 Ringe Platz 12 <strong>.<\/strong><\/p>\n<p style=\"font-weight: 400;\"><strong>In der Mannschaftswertung Senioren III erreichten sie mit 933,3 Ringen Platz 5.<\/strong><\/p>\n<p style=\"font-weight: 400;\">Einzel:<\/p>\n<p style=\"font-weight: 400;\">Christiane Weidner \u00a0Sen IV\u00a0 309,9 Ringe Platz <strong>2 <\/strong>.<\/p>\n<p style=\"font-weight: 400;\">Allen Teilnehmern herzlichen Gl\u00fcckwunsch f\u00fcr die erreichten Platzierungen.<\/p>\n<p>13.08.2023\/ WS<\/p>\n<h5><\/h5>\n<h5 style=\"font-weight: 400;\"><strong><span style=\"color: #0000ff;\">Auflage Landesmeisterschaften in Ettlingen<\/span><\/strong><\/h5>\n<p style=\"font-weight: 400;\">Am Wochenende 29.\/30. Juli starteten f\u00fcr unsere \u00a0Auflage Sch\u00fctzen die Landesmeisterschaften in Ettlingen.<\/p>\n<p style=\"font-weight: 400;\">Hier gab es beachtliche Erfolge zu feiern.<\/p>\n<p style=\"font-weight: 400;\"><strong>Luftgewehr Auflage 10 M : <\/strong><\/p>\n<p style=\"font-weight: 400;\">Gabi Hammer \u2013 Zeitler Sen III 313,8 Ringe Platz <strong>1<\/strong>.<\/p>\n<p style=\"font-weight: 400;\">Klaus Bickel Sen III 312 Ringe Platz 9.<\/p>\n<p style=\"font-weight: 400;\">Reinhard Zahn Sen V 311,6 Ringe Platz 6.<\/p>\n<p style=\"font-weight: 400;\"><strong>In der Mannschaftswertung erreichten sie mit 937,4 Ringen Platz 8.<\/strong><\/p>\n<p style=\"font-weight: 400;\">Einzel: Karin Kre\u00df \u00a0Sen I\u00a0 311,3 Ringe Platz 4.<\/p>\n<p style=\"font-weight: 400;\"><strong>Luftpistole Auflage 10 M :<\/strong><\/p>\n<p style=\"font-weight: 400;\">Karin Kre\u00df \u00a0Sen I 291 Ringe Platz 4.<\/p>\n<p style=\"font-weight: 400;\">Martin Kre\u00df \u00a0Sen I 292,2 Ringe Platz 8.<\/p>\n<p style=\"font-weight: 400;\">Thomas B\u00e4uerle \u00a0Sen II \u00a0297,8 Ringe Platz <strong>2<\/strong>.<\/p>\n<p style=\"font-weight: 400;\"><strong>In der Mannschaftswertung erreichten sie mit 881 Ringen Platz 3.<\/strong><\/p>\n<p style=\"font-weight: 400;\">Einzel: Christiane Weidner Sen IV 289,9 Ringe Platz 5 .<\/p>\n<p style=\"font-weight: 400;\"><strong>KK Auflage 50 M : <\/strong><\/p>\n<p style=\"font-weight: 400;\">Karin Kre\u00df \u00a0Sen I 306,1 Ringe Platz <strong>1<\/strong>.<\/p>\n<p style=\"font-weight: 400;\">Martin Kre\u00df \u00a0Sen I 290,5 Ringe Platz 6.<\/p>\n<p style=\"font-weight: 400;\">Thomas B\u00e4uerle \u00a0Sen II\u00a0 298,6 Ringe Platz 6.<\/p>\n<p style=\"font-weight: 400;\"><strong>In der Mannschaftswertung erreichten sie mit 895,2 Ringen Platz 2.<\/strong><\/p>\n<p style=\"font-weight: 400;\">Gabi Hammer \u2013 Zeitler \u00a0Sen III 300,7 Ringe Platz <strong>2<\/strong>.<\/p>\n<p style=\"font-weight: 400;\">Christiane Weidner \u00a0Sen IV\u00a0 289,6 Ringe Platz 3 .<\/p>\n<p style=\"font-weight: 400;\">Reinhard Zahn Sen V 300,1 Ringe Platz 4 <strong>.<\/strong><\/p>\n<p style=\"font-weight: 400;\"><strong>In der Mannschaftswertung erreichten sie mit 890,4 Ringen Platz 8.<\/strong><\/p>\n<p style=\"font-weight: 400;\">Klaus Bickel \u00a0Sen III 300,2 Ringe Platz 8.<\/p>\n<p style=\"font-weight: 400;\">Allen Teilnehmern herzlichen Gl\u00fcckwunsch f\u00fcr die erreichten Platzierungen.<\/p>\n<p>WS 31.07.2023<\/p>\n<p>&nbsp;<\/p>\n<p>Bei den\u00a0\u00a0\u00a0 <strong>Landesmeisterschaften 2023 f\u00fcr KK 50-und LG\/LP-Auflage in Ettlingen<\/strong><\/p>\n<p>galt es nicht nur alte Bekannte zu treffen, sondern, bei Wind und Regen, auch die Scheibe.<\/p>\n<p>Diesen Kampf gegen die Witterung, und auch gegen sich selbst, haben gewonnen :<\/p>\n<p>A. <strong>Christiane<\/strong>, die trotz ihrer angeschlagenen Gesundheit, den f\u00fcr sie schwierigen Wettkampf<\/p>\n<p>durchgestanden hat und in LP den <strong>5. Platz<\/strong> erreichte.<strong> Bravo ! <\/strong><\/p>\n<p>B. <strong>Martin <\/strong>hat die Erwartungen als Auflageneuling erf\u00fcllt und erreichte in <strong>LP<\/strong> den<\/p>\n<p><strong> 8.<\/strong> und in <strong>KK<\/strong> <strong>den<\/strong> <strong>6. Platz.<\/strong><\/p>\n<p>C. <strong>Klaus,in<\/strong>\u00a0Fanbegleitung seiner Ehefrau, gelang im <strong>LG ein 9.<\/strong> und im<strong> KK ein 8. Platz. <\/strong><\/p>\n<p>D. <strong>Reinhard <\/strong>erscho\u00df im <strong>LG den 6. <\/strong>und im <strong>KK den 4. Platz.<\/strong><\/p>\n<p><strong>E. Karin, <\/strong>mit einem Mammutprogramm, errang in <strong>LP den<\/strong> <strong>4.<\/strong>, in <strong>LG ebenfalls den 4.,<\/strong> und<\/p>\n<p>kr\u00f6nte sich im<strong> KK mit dem 1. Platz.<\/strong><\/p>\n<p>F.<strong> Gabi, <\/strong>diesmal ohne vertraglich vereinbarten Beistand, erzielte im <strong>KK<\/strong>, trotz &#8222;denkw\u00fcrdigem&#8220;<\/p>\n<p>Ergebnis, den <strong>2. Platz. <\/strong>Im <strong>LG <\/strong>war sie dann wieder im Flow und gewann den <strong>1. Platz.<\/strong><\/p>\n<p>Die Mannschaftergebnisse waren durchwachsen mit 2., 3, 6. und 8. Pl\u00e4tzen. Hervorzuheben<\/p>\n<p>ist der <strong>2. mit dem KK -Trio Thomas, Martin und Karin, <\/strong>die auch in<strong> LP Rang 3.<\/strong>ereichten.<\/p>\n<p>Jetzt hei\u00dft es abzuwarten welche Limitzahlen in Hannover und Dortmund zu erreichen sind.<\/p>\n<p>Einige unserer Sch\u00fctzen werden garantiert dort, <strong>auf der DM,<\/strong> zu finden sein.<\/p>\n<p>P.S. Die zuhause gebliebenen Scheibenwechsler waren nicht unt\u00e4tig und haben kr\u00e4ftig die<\/p>\n<p>Daumen gedr\u00fcckt und, siehe Medaillenregen, erfolgreich.<\/p>\n<p><a href=\"http:\/\/s710205766.online.de\/ssv-wordpress\/wp-content\/uploads\/33241317-adfb-42c1-94b4-df8d446a5040.jpg\" target=\"_blank\" rel=\"noopener\"><img loading=\"lazy\" decoding=\"async\" class=\"wp-image-8287 size-thumbnail alignright\" src=\"http:\/\/s710205766.online.de\/ssv-wordpress\/wp-content\/uploads\/33241317-adfb-42c1-94b4-df8d446a5040-150x150.jpg\" alt=\"\" width=\"150\" height=\"150\" srcset=\"http:\/\/s710205766.online.de\/ssv-wordpress\/wp-content\/uploads\/33241317-adfb-42c1-94b4-df8d446a5040-150x150.jpg 150w, http:\/\/s710205766.online.de\/ssv-wordpress\/wp-content\/uploads\/33241317-adfb-42c1-94b4-df8d446a5040-230x230.jpg 230w\" sizes=\"(max-width: 150px) 100vw, 150px\" \/><\/a> <a href=\"http:\/\/s710205766.online.de\/ssv-wordpress\/wp-content\/uploads\/45473ffa-9233-481d-ae51-ad5bdd28b6c7.jpg\" target=\"_blank\" rel=\"noopener\"><img loading=\"lazy\" decoding=\"async\" class=\"wp-image-8288 size-thumbnail aligncenter\" src=\"http:\/\/s710205766.online.de\/ssv-wordpress\/wp-content\/uploads\/45473ffa-9233-481d-ae51-ad5bdd28b6c7-150x150.jpg\" alt=\"\" width=\"150\" height=\"150\" srcset=\"http:\/\/s710205766.online.de\/ssv-wordpress\/wp-content\/uploads\/45473ffa-9233-481d-ae51-ad5bdd28b6c7-150x150.jpg 150w, http:\/\/s710205766.online.de\/ssv-wordpress\/wp-content\/uploads\/45473ffa-9233-481d-ae51-ad5bdd28b6c7-230x230.jpg 230w\" sizes=\"(max-width: 150px) 100vw, 150px\" \/><\/a> <a href=\"http:\/\/s710205766.online.de\/ssv-wordpress\/wp-content\/uploads\/b28c2969-78a7-4189-8674-fb7377aca3b4.jpg\" target=\"_blank\" rel=\"noopener\"><img loading=\"lazy\" decoding=\"async\" class=\"wp-image-8289 size-thumbnail alignleft\" src=\"http:\/\/s710205766.online.de\/ssv-wordpress\/wp-content\/uploads\/b28c2969-78a7-4189-8674-fb7377aca3b4-150x150.jpg\" alt=\"\" width=\"150\" height=\"150\" srcset=\"http:\/\/s710205766.online.de\/ssv-wordpress\/wp-content\/uploads\/b28c2969-78a7-4189-8674-fb7377aca3b4-150x150.jpg 150w, http:\/\/s710205766.online.de\/ssv-wordpress\/wp-content\/uploads\/b28c2969-78a7-4189-8674-fb7377aca3b4-230x230.jpg 230w\" sizes=\"(max-width: 150px) 100vw, 150px\" \/><\/a><\/p>\n<p>&nbsp;<\/p>\n<p>&nbsp;<\/p>\n<p>&nbsp;<\/p>\n<p>&nbsp;<\/p>\n<p>&nbsp;<\/p>\n<p style=\"text-align: center;\">(Bilder privat) Bild links Mitte Gabi Hammer-Zeitler, Bild Mitte Karin Kre\u00df, Bild rechts Links Thomas B\u00e4uerle, Karin Kre\u00df und Martin Kre\u00df.<\/p>\n<p>Am kommenden Wochende treffen sich alle wieder in Eggenstein zum 100 Meter KK &#8211; wir<\/p>\n<p>werden berichten.<\/p>\n<p>31.07.2023 f r a n z<\/p>\n<h5><\/h5>\n<h5><span style=\"color: #800000;\"><strong>6. Wettkampf der Kreisklassen A\/B, KK 50 m Auflage beim SSV Spechbach am 24.07.2023<\/strong><\/span><\/h5>\n<p>Mit einem furiosen Sieg \u00fcber Wilhelmsfeld 1, <strong>876 zu 859<\/strong> Ringen, verteidigte unsere <strong>1. Mannschaft<\/strong><\/p>\n<p>den 1.Tabellenplatz und die <strong>Meisterschaft<\/strong>. Die <strong>2. Mannschaft<\/strong> verlor zwar gegen <strong>Spechbach 1<\/strong> mit<\/p>\n<p>855 zu 860 Ringen, aber der Klassenerhalt wurde durch ein starkes Gesamtergebnis gehalten.<\/p>\n<p>Im Einzelnen :<\/p>\n<p><strong>Platz 1<\/strong> Unsere nervenstarke <strong>Gabi\u00a0<\/strong>hat sich durch Schlu\u00dfergebnisse von <strong>299 und 298<\/strong> souver\u00e4n mit <strong>1759 Ringen<\/strong> den <strong>Einzelsieg<\/strong>\u00a0geholt.<\/p>\n<p>Nicht weniger erfolgreich war unser &#8222;Nachwuchstalent&#8220; <strong>Karin<\/strong> mit dem <strong>2. Platz.<\/strong>Mit starken <strong>296 und 291 <\/strong>erzielte sie insgesamt <strong>1751 Ringe.<\/strong><\/p>\n<p><strong>Klaus <\/strong>konnte bei gutem Start diese Leistung nicht ganz halten, scho\u00df sich aber mit <strong>1733 Ringen <\/strong><\/p>\n<p>auf <strong>Platz 6. <\/strong>Guter Rat : <strong>Sitzendschie\u00dfen ! <\/strong><\/p>\n<p>Dicht gefolgt von <strong>Lothar <\/strong>auf <strong>Platz 7. <\/strong>Der letzte Wettkampf war sein Desaster, konnte aber mit<\/p>\n<p><strong>1718 Ringen <\/strong>zum Gesamtgelingen beitragen. Guter Rat : <strong>Sitzendschie\u00dfen ! <\/strong><\/p>\n<p>Shootingstar und Newcomer <strong>Martin<\/strong> schlug sich w\u00e4hrend der ganzen Saison tapfer und war mit <strong>1710<\/strong><\/p>\n<p><strong>Ringen <\/strong>nicht vom <strong>9. Platz<\/strong> zu verdr\u00e4ngen.<\/p>\n<p>Starker Anfang, starkes Ende. <strong>Thomas <\/strong>hat sein langes Tief \u00fcberwunden und rettete sich mit <strong>1704 <\/strong><\/p>\n<p><strong>Ringen <\/strong>auf den geteilten <strong>11. Platz. <\/strong><\/p>\n<p>Au\u00dfer Konkurrenz war dabei <strong>Christiane<\/strong> mit <strong>Platz 19<\/strong>, <strong>Reinhard<\/strong> mit <strong>Platz 23<\/strong> und<strong>Fritz<\/strong> mit <strong>Platz 26. <\/strong><\/p>\n<p>Zum guten Schlu\u00df : Schie\u00dfleiter in allen 3 Durchg\u00e4ngen war <strong>&#8222;unser Fritz&#8220;.<\/strong>Scheibenwechsler <strong>Werner <\/strong><\/p>\n<p>war anwesend und vervollst\u00e4ndigte das <strong>A-<\/strong>uflage-<strong>Team.\u00a0<\/strong><\/p>\n<p><strong>Alles in Allem &#8211; ein gelungener Saisonabschlu\u00df.<\/strong><\/p>\n<p><a href=\"http:\/\/s710205766.online.de\/ssv-wordpress\/wp-content\/uploads\/50e1b7ba-6d01-47c0-8478-303b06d192d8.jpg\" target=\"_blank\" rel=\"noopener\"><img loading=\"lazy\" decoding=\"async\" class=\"aligncenter wp-image-8278 size-thumbnail\" src=\"http:\/\/s710205766.online.de\/ssv-wordpress\/wp-content\/uploads\/50e1b7ba-6d01-47c0-8478-303b06d192d8-150x150.jpg\" alt=\"\" width=\"150\" height=\"150\" srcset=\"http:\/\/s710205766.online.de\/ssv-wordpress\/wp-content\/uploads\/50e1b7ba-6d01-47c0-8478-303b06d192d8-150x150.jpg 150w, http:\/\/s710205766.online.de\/ssv-wordpress\/wp-content\/uploads\/50e1b7ba-6d01-47c0-8478-303b06d192d8-230x230.jpg 230w\" sizes=\"(max-width: 150px) 100vw, 150px\" \/><\/a><\/p>\n<p style=\"text-align: center;\">(Fotos privat von li.) Reinhard Zahn, Hermann Schulz, Gabi Hammer &#8211; Zeitler, Klaus Bickel,<\/p>\n<p style=\"text-align: center;\">Karin Kre\u00df und J\u00fcrgen Herbold<\/p>\n<p>26.07.2023 f r a n z<\/p>\n<h5><\/h5>\n<h5 style=\"font-weight: 400;\"><strong><span style=\"color: #0000ff;\">Am heutigen Sonntag endete die \u00a0KK Gewehr und Sportpistole Runde 2023.<\/span><\/strong><\/h5>\n<p style=\"font-weight: 400;\"><strong>Die 1.KK Mannschaft<\/strong> <strong>musste in der Verbandsklasse<\/strong> <strong>Nord<\/strong> <strong>beim<\/strong><\/p>\n<p style=\"font-weight: 400;\"><strong>SSV Weinheim antreten.<\/strong><\/p>\n<p style=\"font-weight: 400;\">Mit sehr guten Einzelergebnissen und bei sch\u00f6nem Wetter nahmen die Eberbacher \u00a0den Sieg mit nach Hause, 1698 : 1619\u00a0 lautete das Endergebnis was zugleich auch das h\u00f6chste der laufenden Runde aller Mannschaften dieser Gruppe war.<\/p>\n<p style=\"font-weight: 400;\"><strong><em>Im Gesamtklassement belegt Eberbach den 2. Platz mit 10047 Ringen hinter dem SSV Spechbach .<\/em><\/strong><\/p>\n<p style=\"font-weight: 400;\">Eberbach: Patrick Joho 566; \u00a0Stephan Mi\u00dfler 571 und Steffen Kre\u00df \u00a0561 Ringe<\/p>\n<p style=\"font-weight: 400;\">Weinheim: Mathias Falter 540; Paula Merk 525 und Mona Seltmann 554 Ringe<\/p>\n<p style=\"font-weight: 400;\"><strong>Die 1.Sportpistolenmannschaft musste<\/strong> <strong>in der Landesklasse Nord gegen den <\/strong><\/p>\n<p style=\"font-weight: 400;\"><strong>SV Mannheim \u2013 Sandhofen antreten<\/strong>.<\/p>\n<p style=\"font-weight: 400;\">War man noch hoffnungsvoll in den Tag gestartet \u00e4nderte sich das bald. Trotz etwas frischem Sommerwetter lief es nicht f\u00fcr alle Rund.<\/p>\n<p style=\"font-weight: 400;\">Philipp mit Schnellfeuer Einlage w\u00e4hrend\u00a0 der Pr\u00e4zisionsserien, Wolfgang im Renovierungsstress des Standes \u00a0und immer f\u00fcr einen Reibungslosen Wettkampf Ablauf bestimmt (und auf Helfersuche &#8211; <em>hier mein Dank an Martin Kre\u00df)<\/em>, einzig Jonas als gechillter Sch\u00fctze mit pers\u00f6nlicher Bestleistung der abgeschlossenen Runde. Daher musste man sich die 1519:1549 Niederlage gefallen lassen.<\/p>\n<p style=\"font-weight: 400;\"><strong><em>Trotz allem haben wir uns mit 9293 Ringen den 1. Platz und\u00a0 die Meisterschaft geholt &#8211; gefolgt vom SSV Pleutersbach der auf den 2. Platz kam.<\/em><\/strong><\/p>\n<p style=\"font-weight: 400;\">Eberbach: Jonas Gumb 533; Philipp Springer 468; Wolfgang Stadler 518 Ringe<\/p>\n<p style=\"font-weight: 400;\">Mannheim &#8211; Sandhofen: Ronald Fritz 523; Siegfried Fattiger 521; Lars St\u00fcrmer 505 Ringe<\/p>\n<p style=\"font-weight: 400;\"><strong><em>Alle Ergebnisse auf www.Badischer Sportsch\u00fctzenverband\/RWK Rundenwettk\u00e4mpfe<\/em><\/strong><\/p>\n<p style=\"font-weight: 400;\">WS,16.07.2023<\/p>\n<h5><\/h5>\n<h5><strong>5.Rundenwettkampf Kreisliga A KK 50 m Auflage in Wilhelmsfeld<\/strong><\/h5>\n<p><strong>&#8230;<\/strong>begann mit einem Paukenschlag. Unsere 1. Mannschaft gewann mit <strong>880 zu 864<\/strong> Ringen gegen<\/p>\n<p>Wilhelmsfeld 1. <strong>Karin<\/strong> war mit sehr starken <strong>296, Gabi<\/strong> mit pers\u00f6nlichem und Rundenrekord von<strong> 299<\/strong> !!!<\/p>\n<p>und Klaus mit <strong>285<\/strong> Ringen an diesem Gesamtergebnis beteiligt. Klaus war der Pechvogel &#8211; seine Standauflage &#8222;pendelte&#8220; soda\u00df ein konzentriertes Schie\u00dfen nicht m\u00f6glich war.<\/p>\n<p>Mit Spannung wurde die 2. Begegnung zwischen unserer 2. Mannschaft mit Spechbach 1 erwartet.<\/p>\n<p>Hier erzielte <strong>Lothar<\/strong> mit <strong>287<\/strong> Ringen ein Remis, <strong>Martin<\/strong> schlug sich wacker und erreichte ebenfalls<\/p>\n<p><strong>287<\/strong> Ringe und <strong>Thomas,<\/strong> ohne &#8222;seine&#8220; Christel,versemmelte mit <strong>277<\/strong>Ringen ein besseres Ergebnis &#8211; er erwischte den gleichen Stand wie vorher Klaus. Damit war die Niederlage mit <strong>851 zu 863 <\/strong>besiegelt.<\/p>\n<p>Trotzdem kann man diesem Wettkampf eine durchaus positive Seite abgewinnen. Der Ringvorsprung<\/p>\n<p>unserer Sch\u00fctzen erh\u00f6hte sich von <strong>8 auf 25<\/strong> Z\u00e4hler &#8211; die Meisterschaft ist in greifbarer N\u00e4he.<\/p>\n<p>Nebenbei : Selbstverst\u00e4ndlich waren alle Scheibenwechsler vollz\u00e4hlig anwesend. Hier ist <strong>Fritz <\/strong><\/p>\n<p>mit seinem doppelten Einsatz besonders zu erw\u00e4hnen.<\/p>\n<p>Mit herzlichen Genesungsw\u00fcnschen an Christiane endete ein erfolgreicher Abend &#8211;<\/p>\n<p>wir sehen uns wieder zum Finale in Spechbach.<\/p>\n<p>f r a n z<\/p>\n<h5><\/h5>\n<h5 style=\"font-weight: 400;\"><span style=\"color: #800080;\"><strong>Letztes Wochenende bei den Landesmeisterschaften in Pforzheim<\/strong><\/span><\/h5>\n<p style=\"font-weight: 400;\">Am Wochenende 08.\/09.Juli endeten f\u00fcr unsere freistehenden Sch\u00fctzen die LM.<\/p>\n<p style=\"font-weight: 400;\">Hier gab es noch einmal sehr gute Ergebnisse zu feiern.<\/p>\n<p style=\"font-weight: 400;\">Bei Rekordverd\u00e4chtigen Temperaturen um die 35\u00b0 und das in Schiesskleidung, Hut ab und dann noch so eine Leistung.<\/p>\n<p style=\"font-weight: 400;\"><strong>Luftgewehr 10 M : <\/strong><\/p>\n<p style=\"font-weight: 400;\">Xenia Scherer Jun I \u2013 \u00a0403,3 Ringe Platz 1.<\/p>\n<p style=\"font-weight: 400;\">Silja Schranz Jun II \u2013 \u00a0404,1 Ringe Platz 2.<\/p>\n<p style=\"font-weight: 400;\">Christina M\u00fcller Jun II \u2013 392,2 Ringe Platz 7.<\/p>\n<p style=\"font-weight: 400;\"><strong>In der Mannschaftswertung erreichten die M\u00e4dels mit 1199,6 Ringen Platz 1.<\/strong><\/p>\n<p style=\"font-weight: 400;\">Max Kre\u00df Jun I \u2013 379,7 Ringe Platz 7.<\/p>\n<p style=\"font-weight: 400;\"><strong>KK 3&#215;20 f\u00fcr Waibstadt startend:<\/strong><\/p>\n<p style=\"font-weight: 400;\">Xenia Scherer Jun I \u2013\u00a0 535 Ringe Platz 1.<\/p>\n<p style=\"font-weight: 400;\">Silja Schranz Jun II \u2013\u00a0 552 Ringe Platz 1.<\/p>\n<p style=\"font-weight: 400;\">Christina M\u00fcller Jun II \u2013 540 Ringe Platz 2.<\/p>\n<p style=\"font-weight: 400;\"><strong>In der Mannschaftswertung erreichten die M\u00e4dels mit 1627 Ringen Platz 1.<\/strong><\/p>\n<p style=\"font-weight: 400;\">Max Kre\u00df Eberbach Jun I \u2013 erreichte 517 Ringe und Platz 2 .<\/p>\n<p style=\"font-weight: 400;\">Allen Teilnehmern herzlichen Gl\u00fcckwunsch f\u00fcr die erreichten Platzierungen.<\/p>\n<p style=\"font-weight: 400;\">W.S 09.07.2023<\/p>\n<h5><\/h5>\n<h5 style=\"font-weight: 400;\"><strong><span style=\"color: #800000;\">Der 5.Wettkampftag KK Gewehr und Sportpistole brachte Sieg und Niederlage<\/span><\/strong><\/h5>\n<p style=\"font-weight: 400;\"><strong>Die 1.KK Mannschaft<\/strong> empfing<strong> in der Verbandsklasse<\/strong> den SSV Rittenweiher .<\/p>\n<p style=\"font-weight: 400;\">Eine super motivierte Mannschaft lie\u00df keine Zweifel daran dass man seinen Erfolg im Hin Kampf wiederholen m\u00f6chte und den 2. Tabellenplatz festigen.<\/p>\n<p style=\"font-weight: 400;\">Mit sehr guten Einzelergebnissen und bei Tagesbestleistung blieb der Sieg in Eberbach, 1693 : 1616\u00a0 lautete das Endergebnis.<\/p>\n<p style=\"font-weight: 400;\">Eberbach: Patrick Joho 568; Stephan Mi\u00dfler 568 \u00a0und Steffen Kre\u00df 557 Ringe. Xenia Scherer 541 Ringe schoss au\u00dfer Konkurrenz mit.<\/p>\n<p style=\"font-weight: 400;\">Rittenweiher : Patrick Hertel 546; Mike Hertel 536; Richard Hertel 534 Ringe<\/p>\n<p style=\"font-weight: 400;\"><strong>Die 1.Sportpistolenmannschaft<\/strong> <strong>startete in der Landesklasse<\/strong> \u00a0bei der SG 1744 Mannheim 2. Hier war man gleichzeitig mit der Verbandsliga Mannschaft &#8211; die gegen SG Wieblingen schoss am Start. Also doppelte Arbeit f\u00fcr die Helfer.<\/p>\n<p style=\"font-weight: 400;\">Aber heute lief es f\u00fcr manchen Eberbacher nicht ganz so Rund und man musste sich am Ende mit dem begn\u00fcgen was die Scheiben so hergaben. Das war eher ern\u00fcchternd als sch\u00f6n, wenn man den Einschlag auch ohne Fernrohr sieht.<\/p>\n<p style=\"font-weight: 400;\">Da wir aber noch gen\u00fcgend Vorsprung haben konnten wir den 1.Tabellenplatz halten. 1569:1529 lautete das Endergebnis.<\/p>\n<p style=\"font-weight: 400;\">Eberbach: Wolfgang Stadler 534; Roland Johe 504 und Philipp Springer 491 Ringe<\/p>\n<p style=\"font-weight: 400;\">Mannheim : Stanislaus Korzystko 540 ;Thomas M\u00fcller 517 und Frank D\u00f6ring 512 Ringe<\/p>\n<p style=\"font-weight: 400;\">WS,02.07.2023<\/p>\n<h5><\/h5>\n<h5><strong><span style=\"color: #008000;\">4. Rundenwettkampf Kreisliga A KK 50 m Auflage in Eberbach<\/span><\/strong><\/h5>\n<p>In der ersten Runde trat unsere 1. Mannschaft gegen den Dauerrivalen Spechbach 1 an. Zuerst gewann<\/p>\n<p><strong>Karin<\/strong> mit <strong>291 zu 289<\/strong> Ringen gegen den mit sich selbst hadernden Hans-J\u00fcrgen, dann absolvierte<\/p>\n<p><strong>Klaus<\/strong> souver\u00e4n seine <strong>289 zu 284<\/strong> gegen Gerd. <strong>Lothar<\/strong> mu\u00dfte f\u00fcr Gabi einspringen und konnte gegen den<\/p>\n<p>heute \u00fcberragenden Manfred mit <strong>284 zu 292<\/strong> Ringen nichts ausrichten. Sein Ergebnis ist teilweise zu<\/p>\n<p>entschuldigen, da er bereits vom &#8222;Le Mans Fieber&#8220; infiziert war. Der WK wurde zwar mit 865 zu 864<\/p>\n<p>verloren &#8211; der Spitzenplatz wurde aber mit 8 Ringen Vorsprung verteidigt.<\/p>\n<p>Gabi als aK-Sch\u00fctzin, gehandycapt durch gesundheitliche Probleme, bewies mit ihren <strong>289<\/strong> Ringen<\/p>\n<p>Steherqualit\u00e4ten.<\/p>\n<p>Die 2. Mannschaft traf auf Wilhelmsfeld 1. Thomas lie\u00df leichte Aufw\u00e4rtstendenz erkennen, hatte<\/p>\n<p>aber mit <strong>280 zu 286<\/strong> keine Chance. Martin war hier der &#8222;shooting star&#8220; auf Platz 2 mit seinen<\/p>\n<p><strong>286 zu 279<\/strong> Ringen. Christiane konnte an ihren vorherigen Erfolg nicht ankn\u00fcpfen und mu\u00dfte mit<\/p>\n<p><strong>282 zu 285<\/strong> Ringen die Segel streichen. Somit war die knappe Niederlage, 848 zu 850 besiegelt.<\/p>\n<p>Hier gilt es in den restlichen WK 3 Ringe aufzuholen.<\/p>\n<p>Fritz nutzte die Gelegenheit, Scheibenwechsler hatten frei, sein aK-Programm wieder aufzunehmen<\/p>\n<p>und erzielte 283 Ringe.<\/p>\n<p>Der Abend klang mit einem, von Gabi kreierten, &#8222;Kochkees und Schwademache&#8220; Essen aus.<\/p>\n<p>F\u00fcr die restlichen WK wird es noch spannend &#8211; warten wir es ab.<\/p>\n<p>f r a n z<\/p>\n<h5><\/h5>\n<h5 style=\"text-align: center;\"><span style=\"color: #800000;\"><strong>Landesmeisterschaften und Sch\u00fcler Cup in Eberbach<\/strong><\/span><\/h5>\n<h6 style=\"text-align: center;\"><\/h6>\n<p style=\"text-align: center;\">Am 24. + 25.06.2023 fanden im Eberbacher Sch\u00fctzenhaus zum ersten mal die Jugendlandesmeisterschaften in den Disziplinen KK liegend:<\/p>\n<p style=\"text-align: center;\"><a href=\"http:\/\/s710205766.online.de\/ssv-wordpress\/wp-content\/uploads\/IMG_2452-scaled.jpg\" target=\"_blank\" rel=\"noopener\"><img loading=\"lazy\" decoding=\"async\" class=\"aligncenter wp-image-8220 size-medium\" src=\"http:\/\/s710205766.online.de\/ssv-wordpress\/wp-content\/uploads\/IMG_2452-300x169.jpg\" alt=\"\" width=\"300\" height=\"169\" srcset=\"http:\/\/s710205766.online.de\/ssv-wordpress\/wp-content\/uploads\/IMG_2452-300x169.jpg 300w, http:\/\/s710205766.online.de\/ssv-wordpress\/wp-content\/uploads\/IMG_2452-1024x576.jpg 1024w, http:\/\/s710205766.online.de\/ssv-wordpress\/wp-content\/uploads\/IMG_2452-768x432.jpg 768w, http:\/\/s710205766.online.de\/ssv-wordpress\/wp-content\/uploads\/IMG_2452-1536x864.jpg 1536w, http:\/\/s710205766.online.de\/ssv-wordpress\/wp-content\/uploads\/IMG_2452-2048x1152.jpg 2048w\" sizes=\"(max-width: 300px) 100vw, 300px\" \/><\/a><\/p>\n<p style=\"text-align: center;\">und Luftgewehr 3Stellung satt:<\/p>\n<p style=\"text-align: center;\"><a href=\"http:\/\/s710205766.online.de\/ssv-wordpress\/wp-content\/uploads\/IMG_2451-scaled.jpg\" target=\"_blank\" rel=\"noopener\"><img loading=\"lazy\" decoding=\"async\" class=\"alignright wp-image-8221 size-medium\" src=\"http:\/\/s710205766.online.de\/ssv-wordpress\/wp-content\/uploads\/IMG_2451-300x169.jpg\" alt=\"\" width=\"300\" height=\"169\" srcset=\"http:\/\/s710205766.online.de\/ssv-wordpress\/wp-content\/uploads\/IMG_2451-300x169.jpg 300w, http:\/\/s710205766.online.de\/ssv-wordpress\/wp-content\/uploads\/IMG_2451-1024x576.jpg 1024w, http:\/\/s710205766.online.de\/ssv-wordpress\/wp-content\/uploads\/IMG_2451-768x432.jpg 768w, http:\/\/s710205766.online.de\/ssv-wordpress\/wp-content\/uploads\/IMG_2451-1536x864.jpg 1536w, http:\/\/s710205766.online.de\/ssv-wordpress\/wp-content\/uploads\/IMG_2451-2048x1152.jpg 2048w\" sizes=\"(max-width: 300px) 100vw, 300px\" \/><\/a> <a href=\"http:\/\/s710205766.online.de\/ssv-wordpress\/wp-content\/uploads\/IMG_2456-scaled.jpg\" target=\"_blank\" rel=\"noopener\"><img loading=\"lazy\" decoding=\"async\" class=\"alignleft wp-image-8222 size-medium\" src=\"http:\/\/s710205766.online.de\/ssv-wordpress\/wp-content\/uploads\/IMG_2456-300x169.jpg\" alt=\"\" width=\"300\" height=\"169\" srcset=\"http:\/\/s710205766.online.de\/ssv-wordpress\/wp-content\/uploads\/IMG_2456-300x169.jpg 300w, http:\/\/s710205766.online.de\/ssv-wordpress\/wp-content\/uploads\/IMG_2456-1024x576.jpg 1024w, http:\/\/s710205766.online.de\/ssv-wordpress\/wp-content\/uploads\/IMG_2456-768x432.jpg 768w, http:\/\/s710205766.online.de\/ssv-wordpress\/wp-content\/uploads\/IMG_2456-1536x864.jpg 1536w, http:\/\/s710205766.online.de\/ssv-wordpress\/wp-content\/uploads\/IMG_2456-2048x1152.jpg 2048w\" sizes=\"(max-width: 300px) 100vw, 300px\" \/><\/a> <a href=\"http:\/\/s710205766.online.de\/ssv-wordpress\/wp-content\/uploads\/IMG_2454-scaled.jpg\" target=\"_blank\" rel=\"noopener\"><img loading=\"lazy\" decoding=\"async\" class=\"aligncenter wp-image-8223 size-medium\" src=\"http:\/\/s710205766.online.de\/ssv-wordpress\/wp-content\/uploads\/IMG_2454-300x169.jpg\" alt=\"\" width=\"300\" height=\"169\" srcset=\"http:\/\/s710205766.online.de\/ssv-wordpress\/wp-content\/uploads\/IMG_2454-300x169.jpg 300w, http:\/\/s710205766.online.de\/ssv-wordpress\/wp-content\/uploads\/IMG_2454-1024x576.jpg 1024w, http:\/\/s710205766.online.de\/ssv-wordpress\/wp-content\/uploads\/IMG_2454-768x432.jpg 768w, http:\/\/s710205766.online.de\/ssv-wordpress\/wp-content\/uploads\/IMG_2454-1536x864.jpg 1536w, http:\/\/s710205766.online.de\/ssv-wordpress\/wp-content\/uploads\/IMG_2454-2048x1152.jpg 2048w\" sizes=\"(max-width: 300px) 100vw, 300px\" \/><\/a><\/p>\n<p style=\"text-align: center;\">Ausserdem gab es noch einen Durchgang in der Disziplin KK 3&#215;40. 40 Schuss kniend, 40 Schuss liegend und 40 Schuss stehend.<\/p>\n<p style=\"text-align: center;\">Ebenfalls an diesem Wochenende geschossen wurde noch der Sch\u00fcler Cup. Je 2 Durchg\u00e4nge Luftpistole und 2 Durchg\u00e4nge Luftgewehr im Wechsel, die am Ende zusammengez\u00e4hlt wurden.<\/p>\n<p>&nbsp;<\/p>\n<p><a href=\"http:\/\/s710205766.online.de\/ssv-wordpress\/wp-content\/uploads\/d89e150d-3636-43b0-9581-e7329c544e69.jpg\" target=\"_blank\" rel=\"noopener\"><img loading=\"lazy\" decoding=\"async\" class=\"wp-image-8225 size-thumbnail alignleft\" src=\"http:\/\/s710205766.online.de\/ssv-wordpress\/wp-content\/uploads\/d89e150d-3636-43b0-9581-e7329c544e69-150x150.jpg\" alt=\"\" width=\"150\" height=\"150\" srcset=\"http:\/\/s710205766.online.de\/ssv-wordpress\/wp-content\/uploads\/d89e150d-3636-43b0-9581-e7329c544e69-150x150.jpg 150w, http:\/\/s710205766.online.de\/ssv-wordpress\/wp-content\/uploads\/d89e150d-3636-43b0-9581-e7329c544e69-230x230.jpg 230w\" sizes=\"(max-width: 150px) 100vw, 150px\" \/><\/a> <a href=\"http:\/\/s710205766.online.de\/ssv-wordpress\/wp-content\/uploads\/2f0c0aef-57cb-43bb-9752-4add4626f524-1.jpg\" target=\"_blank\" rel=\"noopener\"><img loading=\"lazy\" decoding=\"async\" class=\"wp-image-8226 size-thumbnail aligncenter\" src=\"http:\/\/s710205766.online.de\/ssv-wordpress\/wp-content\/uploads\/2f0c0aef-57cb-43bb-9752-4add4626f524-1-150x150.jpg\" alt=\"\" width=\"150\" height=\"150\" srcset=\"http:\/\/s710205766.online.de\/ssv-wordpress\/wp-content\/uploads\/2f0c0aef-57cb-43bb-9752-4add4626f524-1-150x150.jpg 150w, http:\/\/s710205766.online.de\/ssv-wordpress\/wp-content\/uploads\/2f0c0aef-57cb-43bb-9752-4add4626f524-1-230x230.jpg 230w\" sizes=\"(max-width: 150px) 100vw, 150px\" \/><\/a><\/p>\n<h5 style=\"text-align: center;\"><\/h5>\n<h5><a href=\"http:\/\/s710205766.online.de\/ssv-wordpress\/wp-content\/uploads\/f58c5c12-8f2d-4b4d-b398-0bf701d72868.jpg\" target=\"_blank\" rel=\"noopener\"><img loading=\"lazy\" decoding=\"async\" class=\"wp-image-8224 size-thumbnail alignright\" src=\"http:\/\/s710205766.online.de\/ssv-wordpress\/wp-content\/uploads\/f58c5c12-8f2d-4b4d-b398-0bf701d72868-150x150.jpg\" alt=\"\" width=\"150\" height=\"150\" srcset=\"http:\/\/s710205766.online.de\/ssv-wordpress\/wp-content\/uploads\/f58c5c12-8f2d-4b4d-b398-0bf701d72868-150x150.jpg 150w, http:\/\/s710205766.online.de\/ssv-wordpress\/wp-content\/uploads\/f58c5c12-8f2d-4b4d-b398-0bf701d72868-230x230.jpg 230w\" sizes=\"(max-width: 150px) 100vw, 150px\" \/><\/a><\/h5>\n<h5><\/h5>\n<h5><\/h5>\n<h5><\/h5>\n<h5><\/h5>\n<p>&nbsp;<\/p>\n<p>&nbsp;<\/p>\n<h5><\/h5>\n<p>&nbsp;<\/p>\n<p>&nbsp;<\/p>\n<p style=\"text-align: center;\">F\u00fcr das leibliche Wohl war bestens gesorgt. Bei herrlichem Wetter konnte man das Essen und Trinken drau\u00dfen genie\u00dfen.<\/p>\n<p>&nbsp;<\/p>\n<p><a href=\"http:\/\/s710205766.online.de\/ssv-wordpress\/wp-content\/uploads\/3cfa56c5-34e4-4103-ae9f-ec4270227d1b.jpg\" target=\"_blank\" rel=\"noopener\"><img loading=\"lazy\" decoding=\"async\" class=\"alignright wp-image-8227 size-thumbnail\" src=\"http:\/\/s710205766.online.de\/ssv-wordpress\/wp-content\/uploads\/3cfa56c5-34e4-4103-ae9f-ec4270227d1b-150x150.jpg\" alt=\"\" width=\"150\" height=\"150\" srcset=\"http:\/\/s710205766.online.de\/ssv-wordpress\/wp-content\/uploads\/3cfa56c5-34e4-4103-ae9f-ec4270227d1b-150x150.jpg 150w, http:\/\/s710205766.online.de\/ssv-wordpress\/wp-content\/uploads\/3cfa56c5-34e4-4103-ae9f-ec4270227d1b-230x230.jpg 230w\" sizes=\"(max-width: 150px) 100vw, 150px\" \/><\/a> <a href=\"http:\/\/s710205766.online.de\/ssv-wordpress\/wp-content\/uploads\/ec24270f-cecf-4181-bb3b-25aba1d3447a.jpg\" target=\"_blank\" rel=\"noopener\"><img loading=\"lazy\" decoding=\"async\" class=\"wp-image-8230 size-thumbnail alignleft\" src=\"http:\/\/s710205766.online.de\/ssv-wordpress\/wp-content\/uploads\/ec24270f-cecf-4181-bb3b-25aba1d3447a-150x150.jpg\" alt=\"\" width=\"150\" height=\"150\" srcset=\"http:\/\/s710205766.online.de\/ssv-wordpress\/wp-content\/uploads\/ec24270f-cecf-4181-bb3b-25aba1d3447a-150x150.jpg 150w, http:\/\/s710205766.online.de\/ssv-wordpress\/wp-content\/uploads\/ec24270f-cecf-4181-bb3b-25aba1d3447a-230x230.jpg 230w\" sizes=\"(max-width: 150px) 100vw, 150px\" \/><\/a><a href=\"http:\/\/s710205766.online.de\/ssv-wordpress\/wp-content\/uploads\/25375931-0cb5-42e7-8617-ba77bc76cfe7.jpg\" target=\"_blank\" rel=\"noopener\"><img loading=\"lazy\" decoding=\"async\" class=\"aligncenter wp-image-8228 size-thumbnail\" src=\"http:\/\/s710205766.online.de\/ssv-wordpress\/wp-content\/uploads\/25375931-0cb5-42e7-8617-ba77bc76cfe7-150x150.jpg\" alt=\"\" width=\"150\" height=\"150\" srcset=\"http:\/\/s710205766.online.de\/ssv-wordpress\/wp-content\/uploads\/25375931-0cb5-42e7-8617-ba77bc76cfe7-150x150.jpg 150w, http:\/\/s710205766.online.de\/ssv-wordpress\/wp-content\/uploads\/25375931-0cb5-42e7-8617-ba77bc76cfe7-230x230.jpg 230w\" sizes=\"(max-width: 150px) 100vw, 150px\" \/><\/a><\/p>\n<p style=\"text-align: center;\">Herzlichen Gl\u00fcckwunsch an alle Teilnehmer f\u00fcr die tollen Ergebnisse.<\/p>\n<p style=\"text-align: center;\">Besonderen Dank gilt allen Helfern, in der K\u00fcche, am Grill und hinter der Theke. Ohne diese flei\u00dfigen H\u00e4nde kann man so eine Meisterschaft nicht durchf\u00fchren.<\/p>\n<p>&nbsp;<\/p>\n<p>25.06.2023\/ MW<\/p>\n<h5><\/h5>\n<h5 style=\"font-weight: 400;\"><span style=\"color: #800080;\"><strong>4.Wochende bei den Landesmeisterschaften in Pforzheim- Dosenheim und Eberbach<\/strong><\/span><\/h5>\n<p style=\"font-weight: 400;\">Am Wochenende 24.\/25. Mai ging es f\u00fcr unsere Sch\u00fctzen weiter.<\/p>\n<p style=\"font-weight: 400;\">In der Jugend \/ Junioren wird hier mit anderen Vereinen kooperiert. Startete man im Luftgewehr f\u00fcr Eberbach wurde im KK \u00a0f\u00fcr die SG Mannheim &#8211; Rheinau gestartet.<\/p>\n<p style=\"font-weight: 400;\"><strong>KK Liegend: <\/strong><\/p>\n<p style=\"font-weight: 400;\">Xenia Scherer Jun I &#8211; 602,1 &#8211; Ringe Platz 1.<\/p>\n<p style=\"font-weight: 400;\">Silja Schranz Jun II &#8211; 597,8 &#8211; Ringe Platz 4.<\/p>\n<p style=\"font-weight: 400;\">Christina M\u00fcller Jun II &#8211; 580,9 &#8211; Ringe Platz 6.<\/p>\n<p style=\"font-weight: 400;\"><strong>In der Mannschaftswertung erreichten die M\u00e4dels mit 1780,8 Ringen Platz 2.<\/strong><\/p>\n<p style=\"font-weight: 400;\"><strong>Max Kre\u00df Jun I &#8211; startete f\u00fcr Eberbach und erreichte 564 Ringe und Platz 4.<\/strong><\/p>\n<p style=\"font-weight: 400;\"><strong>KK 3&#215;40 Schuss<\/strong><\/p>\n<p style=\"font-weight: 400;\">Xenia Scherer Jun I &#8211; 1100 &#8211; Ringe Platz 1.<\/p>\n<p style=\"font-weight: 400;\">Silja Schranz Jun II &#8211; 1108 &#8211; Ringe Platz 1.<\/p>\n<p style=\"font-weight: 400;\">Christina M\u00fcller Jun II &#8211; 1068 &#8211; Ringe Platz 2.<\/p>\n<p style=\"font-weight: 400;\"><strong>In der Mannschaftswertung kamen die M\u00e4dels mit 3276 Ringen auf Platz 1.<\/strong><\/p>\n<p style=\"font-weight: 400;\"><strong>In der Disziplin Armbrust National starteten f\u00fcr Eberbach:<\/strong><\/p>\n<p style=\"font-weight: 400;\">Steffen Kre\u00df\u00a0 \u2013 \u00a0Herren I\u00a0 &#8211; \u00a0\u00a0105 Ringe Platz 6.<\/p>\n<p style=\"font-weight: 400;\">Patrick Joho \u2013 Herren I\u00a0\u00a0 &#8211; 104 Ringe Platz 7.<\/p>\n<p style=\"font-weight: 400;\">Leon Joho \u00a0\u2013\u00a0 \u00a0\u00a0\u00a0\u00a0Herren I\u00a0 &#8211; \u00a0\u00a097 Ringe Platz 9.<\/p>\n<p style=\"font-weight: 400;\">Harold Braun &#8211;\u00a0 Herren III\u00a0 &#8211;\u00a0 94 Ringe Platz 1.<\/p>\n<p style=\"font-weight: 400;\">Xenia Scherer \u2013 Junioren I \u2013 97 Ringe Platz 1.<\/p>\n<p style=\"font-weight: 400;\"><strong>Als Mannschaft kamen Harold, Patrick und Leon mit 295 Ringen auf Platz 2.<\/strong><\/p>\n<p style=\"font-weight: 400;\">W.S 27.06.2023<\/p>\n<p>&nbsp;<\/p>\n<h5 style=\"font-weight: 400;\"><span style=\"color: #0000ff;\"><strong>3. Wochende bei den Landesmeisterschaften in Pforzheim<\/strong><\/span><\/h5>\n<p style=\"font-weight: 400;\">Am\u00a0 gestrigen Sonntag 18. Mai ging es f\u00fcr unsere Sch\u00fctzen weiter.<\/p>\n<p style=\"font-weight: 400;\">F\u00fcr Eberbach starteten in der Disziplin Luftgewehr 10 M :<\/p>\n<p style=\"font-weight: 400;\">Steffen Kre\u00df\u00a0 \u2013 \u00a0Herren I\u00a0 &#8211; \u00a0\u00a0395,7 Platz 16.<\/p>\n<p style=\"font-weight: 400;\">Leon Joho \u00a0\u2013\u00a0 \u00a0\u00a0\u00a0\u00a0Herren I\u00a0 &#8211; \u00a0\u00a0381,7 Platz 30.<\/p>\n<p style=\"font-weight: 400;\">Patrick Joho &#8211;\u00a0 \u00a0\u00a0\u00a0Herren II \u00a0&#8211;\u00a0 398,5 Platz 6.<\/p>\n<p style=\"font-weight: 400;\">Sascha K\u00fcller &#8211; \u00a0\u00a0Herren II \u00a0&#8211; \u00a0371,1 Platz 16.<\/p>\n<p style=\"font-weight: 400;\">Durch pl\u00f6tzliche Verhinderung von 2\u00a0 Sch\u00fctzen\u00a0 platzten hier die Mannschaften, schade.<\/p>\n<p style=\"font-weight: 400;\">W.S 19.06.2023<\/p>\n<h5><\/h5>\n<h5><span style=\"color: #008000;\"><strong>3. Rundenwettkampf 50 m KK-Auflage in der Kreisliga A in Spechbach<\/strong><\/span><\/h5>\n<p>&nbsp;<\/p>\n<p>Hier traf unsere 2. Mannschaft mit Lothar, Thomas und Martin auf die 1. mit Klaus, Karin und Gabi.<\/p>\n<p>Letztere siegten mit <strong>871 : 854 Ringen<\/strong> und verteidigten dadurch ihren Spitzenplatz. Dramatisch ging<\/p>\n<p>es aber trotz dieses eindeutigen Ergebnisses zu. Auf Platz 1 &#8222;gewann&#8220; <strong>Lothar<\/strong>gegen <strong>Klaus<\/strong><\/p>\n<p>mit<strong> 291 : 290, Thomas<\/strong> versemmelte (nasse Munition) seinen Auftritt gegen die \u00fcberragende <strong>Karin<\/strong><\/p>\n<p>mit <strong>277 : 294<\/strong> und <strong>Gabi<\/strong> m\u00fchte sich gegen<strong> Martin<\/strong> mit <strong>287 : 286 Ringen <\/strong>zum gemeinsamen Erfolg.<\/p>\n<p>Da gleichzeitig Spechbach 1, durch den Leistungseinbruch eines Spitzensch\u00fctzen, nur ein Endergebnis<\/p>\n<p>von 863 Ringen erreichte, erh\u00f6hte sich die Ringdifferenz auf 9 Ringe. Eberbach 2 ist nur noch einen<\/p>\n<p>Ring vom 3. Platz entfernt &#8211; der Klassenerhalt r\u00fcckt n\u00e4her.<\/p>\n<p><strong>Reinhard<\/strong> war aK. mit seinem Ergebnis von 280 Ringen wieder nicht zufrieden, wurde aber von seinem<\/p>\n<p>Scheibenwechsler <strong>Fritz <\/strong>so gut gecoacht, da\u00df er Licht am Ende des Tunnels sehen darf.<\/p>\n<p><strong>Christiane<\/strong> als aK. Sch\u00fctzin ist unsere &#8222;Wundert\u00fcte&#8220;. Ihre gesundheitlichen Probleme haben sie nicht<\/p>\n<p>daran gehindert ein Superergebnis, <strong>291 Ringe<\/strong>, herauszuschie\u00dfen. <strong>Werner<\/strong> hat mit seinem fachlichen<\/p>\n<p>Wissen und einem hervorragendem Scheibenwechseln diese Leistung erm\u00f6glicht. Gratulation !<\/p>\n<p>Gratulieren kann man auch den Auflagesch\u00fctzen des SSV Eberbach. Sie waren <strong>a l l e<\/strong> vor Ort. Danke !<\/p>\n<p>&nbsp;<\/p>\n<p>Bis zum n\u00e4chstenmal &#8211; f r a n z<\/p>\n<h5><\/h5>\n<h5 style=\"font-weight: 400;\"><strong><em>Sieg und Niederlage zum R\u00fcckrundenstart der KK \u00a0und Spopi Runde<\/em><\/strong><\/h5>\n<p style=\"font-weight: 400;\">Am heutigen Sonntag startete die Kleinkaliber Runde in die R\u00fcckrunde.<\/p>\n<p style=\"font-weight: 400;\">Die <strong><em>1. Sportpistolen Mannschaft<\/em><\/strong> empfing in der Landesklasse den SSV Pleutersbach zum Nachbarschaftsduell und gewann mit <strong>1579:1529 <\/strong>Ringen.<\/p>\n<p style=\"font-weight: 400;\">Im Einzel : Jonas Gumb 527 , Roland Johe 523 und Wolfgang Stadler 529 Ringe f\u00fcr Eberbach.<\/p>\n<p style=\"font-weight: 400;\">Joachim B\u00f6senecker 496; Dirk Zimmermann 509;<\/p>\n<p style=\"font-weight: 400;\">Michael Brockmann 524 Ringe f\u00fcr Pleutersbach.<\/p>\n<p style=\"font-weight: 400;\">Die <strong><em>1. KK Mannschaft<\/em><\/strong> empfing in der Verbandsklasse den SSV Spechbach I \u00a0und unterlag trotz guten Ergebnissen mit <strong>1666:1688<\/strong> Ringen<\/p>\n<p style=\"font-weight: 400;\">Im Einzel \u00fcberzeugten: Stephan Mi\u00dfler mit 565,<\/p>\n<p style=\"font-weight: 400;\">Steffen Kre\u00df 555 und Patrick Joho mit 546 Ringen f\u00fcr Eberbach.<\/p>\n<p style=\"font-weight: 400;\">Timo Braun 549; Martin Hildenbrand 566; Florian Hildenbrand 573 Ringe f\u00fcr Spechbach.<\/p>\n<p style=\"font-weight: 400;\">11.06.23 WS<\/p>\n<h5><\/h5>\n<h5 style=\"text-align: center;\"><span style=\"color: #800000;\"><strong>Er &amp; Sie Schie\u00dfen 2023<\/strong><\/span><\/h5>\n<p style=\"text-align: center;\">Am heutigen Pfingstmontag fand wieder unser allj\u00e4hrliches Er &amp; Sie Schie\u00dfen Turnier statt.<\/p>\n<p style=\"text-align: center;\">Das Turnier wird auf Gl\u00fccksscheiben geschossen. 5 Scheiben a&#8216; 2 Schuss.<\/p>\n<p style=\"text-align: center;\">8 Paare gingen an den Start.<\/p>\n<p style=\"text-align: center;\">Auf den 1. Platz kamen Steffen Kre\u00df und Leonie B\u00f6hm mit insgesamt 284 Ringen.<\/p>\n<p style=\"text-align: center;\">Auf den 2. Platz kamen Wolfgang und Doris Stadler mit insgesamt 275 Ringen.<\/p>\n<p style=\"text-align: center;\">Auf den 3. Platz kamen Stephan und Anke Mi\u00dfler mit insgesamt 262 Ringen.<\/p>\n<p style=\"text-align: center;\">Alle Ergebnisse stehen unter Unser Sport\/ Turniere\/ Er &amp; Sie Schie\u00dfen 2023.<\/p>\n<p style=\"text-align: center;\"><a href=\"http:\/\/s710205766.online.de\/ssv-wordpress\/wp-content\/uploads\/Er-Sie-Schiessen-Bilder-2.pdf\" target=\"_blank\" rel=\"noopener\">Er &amp; Sie Schie\u00dfen Bilder<\/a><\/p>\n<p style=\"text-align: center;\">Bei strahlendem Sonnenschein konnten wir Kaffee und Kuchen und sp\u00e4ter leckere Salate mit Steaks und Bratwurst genie\u00dfen. Es war ein sehr sch\u00f6ner, geselliger Nachmittag.<\/p>\n<p style=\"text-align: center;\">Vielleicht k\u00f6nnen wir im n\u00e4chsten Jahr ein paar Teilnehmer mehr begr\u00fc\u00dfen.<\/p>\n<p style=\"text-align: center;\">Publikum bei er Siegerehrung:<\/p>\n<p><a href=\"http:\/\/s710205766.online.de\/ssv-wordpress\/wp-content\/uploads\/IMG_2105-scaled.jpg\" target=\"_blank\" rel=\"noopener\"><img loading=\"lazy\" decoding=\"async\" class=\"wp-image-8188 size-thumbnail alignleft\" src=\"http:\/\/s710205766.online.de\/ssv-wordpress\/wp-content\/uploads\/IMG_2105-150x150.jpg\" alt=\"\" width=\"150\" height=\"150\" srcset=\"http:\/\/s710205766.online.de\/ssv-wordpress\/wp-content\/uploads\/IMG_2105-150x150.jpg 150w, http:\/\/s710205766.online.de\/ssv-wordpress\/wp-content\/uploads\/IMG_2105-230x230.jpg 230w\" sizes=\"(max-width: 150px) 100vw, 150px\" \/><\/a><\/p>\n<h5><\/h5>\n<h5><a href=\"http:\/\/s710205766.online.de\/ssv-wordpress\/wp-content\/uploads\/IMG_2107-scaled.jpg\" target=\"_blank\" rel=\"noopener\"><img loading=\"lazy\" decoding=\"async\" class=\"wp-image-8189 size-thumbnail alignright\" src=\"http:\/\/s710205766.online.de\/ssv-wordpress\/wp-content\/uploads\/IMG_2107-150x150.jpg\" alt=\"\" width=\"150\" height=\"150\" srcset=\"http:\/\/s710205766.online.de\/ssv-wordpress\/wp-content\/uploads\/IMG_2107-150x150.jpg 150w, http:\/\/s710205766.online.de\/ssv-wordpress\/wp-content\/uploads\/IMG_2107-230x230.jpg 230w\" sizes=\"(max-width: 150px) 100vw, 150px\" \/><\/a><\/h5>\n<h5><\/h5>\n<h5><\/h5>\n<h5><\/h5>\n<h5><\/h5>\n<h5><\/h5>\n<h5><\/h5>\n<p>&nbsp;<\/p>\n<p>&nbsp;<\/p>\n<p>&nbsp;<\/p>\n<p style=\"text-align: left;\">29.05.2023\/ MW<\/p>\n<h5><\/h5>\n<h5><\/h5>\n<h5><\/h5>\n<h5><\/h5>\n<h5 style=\"font-weight: 400;\"><span style=\"color: #0000ff;\"><strong>2.Wochende bei den Landesmeisterschaften in Pforzheim<\/strong><\/span><\/h5>\n<p style=\"font-weight: 400;\">Am\u00a0 Wochenende 27.\/28. Mai ging es f\u00fcr unsere Sch\u00fctzen weiter.<\/p>\n<p style=\"font-weight: 400;\">F\u00fcr Eberbach starteten:<\/p>\n<p style=\"font-weight: 400;\">Thomas M\u00fcller &#8211; Luftgewehr Herren III &#8211;\u00a0 390,8 Platz 13.<\/p>\n<p style=\"font-weight: 400;\"><strong>KK 50 m 3&#215;20<\/strong><\/p>\n<p style=\"font-weight: 400;\">Marvin W\u00e4sch &#8211; KK 3&#215;20 Schuss Herren I \u2013 547 Ringe Platz 9.<\/p>\n<p style=\"font-weight: 400;\">Steffen Kress &#8211; KK 3x 20 Schuss Herren I \u00a0\u2013\u00a0 546 Ringe Platz 10.<\/p>\n<p style=\"font-weight: 400;\">Patrick Joho &#8211; KK 3x 20 Schuss Herren II\u00a0 \u2013\u00a0 551 Ringe Platz 3.<\/p>\n<p style=\"font-weight: 400;\"><strong>Hier gewann die Mannschaft den 3. Platz mit 1644 Ringen<\/strong><\/p>\n<p style=\"font-weight: 400;\">Einzel: Leon Joho &#8211; KK 3x 20 Schuss Herren I\u00a0 \u2013\u00a0 539 Ringe Platz 13.<\/p>\n<p style=\"font-weight: 400;\"><strong>KK 50 m Liegend<\/strong><\/p>\n<p style=\"font-weight: 400;\">Patrick Joho &#8211;\u00a0 KK Liegend 60 Schuss Herren II \u2013\u00a0 603,9 Ringe Platz 1.<\/p>\n<p style=\"font-weight: 400;\">Leon Joho \u2013 KK Liegend 60 Schuss Herren I\u00a0 &#8211; 608,1 Platz 2.<\/p>\n<p style=\"font-weight: 400;\">Steffen Kre\u00df\u00a0 \u2013 KK Liegend 60 Schuss Herren I\u00a0 &#8211; 606,6 Platz 3.<\/p>\n<p style=\"font-weight: 400;\"><strong>Hier gewann die Mannschaft den 1. Platz mit 1818,6 Ringen<\/strong><\/p>\n<p style=\"font-weight: 400;\"><strong>KK 50 m 30 Schuss: <\/strong>Steffen Kre\u00df \u2013 KK 50m Herren I\u00a0 30 Schuss \u2013 265 Ringe Platz 20.<\/p>\n<p style=\"font-weight: 400;\"><strong><em>Und in der Junioren Klasse<\/em><\/strong> : Silja Schranz &#8211; KK 50m 30 Schuss \u2013 269 Ringe Platz 3.<\/p>\n<p style=\"font-weight: 400;\">Xenia Scherer- KK 50m 30 Schuss \u2013 268 Ringe Platz 4. Christina M\u00fcller &#8211; KK 50m 30 Schuss \u2013 263 Ringe Platz 5.<\/p>\n<p style=\"font-weight: 400;\">Hier gibt es ausnahmsweise keine Mannschaften.<\/p>\n<p>\u00a0 \u00a0 \u00a0 \u00a0 \u00a0 <a href=\"http:\/\/s710205766.online.de\/ssv-wordpress\/wp-content\/uploads\/0430ea91-3965-42b4-9430-67db4bfc744e-1.jpg\" target=\"_blank\" rel=\"noopener\"><img loading=\"lazy\" decoding=\"async\" class=\"alignright wp-image-8179 size-thumbnail\" src=\"http:\/\/s710205766.online.de\/ssv-wordpress\/wp-content\/uploads\/0430ea91-3965-42b4-9430-67db4bfc744e-1-150x150.jpg\" alt=\"\" width=\"150\" height=\"150\" srcset=\"http:\/\/s710205766.online.de\/ssv-wordpress\/wp-content\/uploads\/0430ea91-3965-42b4-9430-67db4bfc744e-1-150x150.jpg 150w, http:\/\/s710205766.online.de\/ssv-wordpress\/wp-content\/uploads\/0430ea91-3965-42b4-9430-67db4bfc744e-1-230x230.jpg 230w\" sizes=\"(max-width: 150px) 100vw, 150px\" \/><\/a>\u00a0<a href=\"http:\/\/s710205766.online.de\/ssv-wordpress\/wp-content\/uploads\/68ff04a8-951c-4f2d-92f3-0b1f27c2edc2.jpg\" target=\"_blank\" rel=\"noopener\"><img loading=\"lazy\" decoding=\"async\" class=\"aligncenter wp-image-8177 size-thumbnail\" src=\"http:\/\/s710205766.online.de\/ssv-wordpress\/wp-content\/uploads\/68ff04a8-951c-4f2d-92f3-0b1f27c2edc2-150x150.jpg\" alt=\"\" width=\"150\" height=\"150\" srcset=\"http:\/\/s710205766.online.de\/ssv-wordpress\/wp-content\/uploads\/68ff04a8-951c-4f2d-92f3-0b1f27c2edc2-150x150.jpg 150w, http:\/\/s710205766.online.de\/ssv-wordpress\/wp-content\/uploads\/68ff04a8-951c-4f2d-92f3-0b1f27c2edc2-230x230.jpg 230w\" sizes=\"(max-width: 150px) 100vw, 150px\" \/><\/a> <a href=\"http:\/\/s710205766.online.de\/ssv-wordpress\/wp-content\/uploads\/ed9e5cd8-67b7-492f-a1cb-6bedf13ebbed.jpg\" target=\"_blank\" rel=\"noopener\"><img loading=\"lazy\" decoding=\"async\" class=\"alignnone wp-image-8178 size-thumbnail\" src=\"http:\/\/s710205766.online.de\/ssv-wordpress\/wp-content\/uploads\/ed9e5cd8-67b7-492f-a1cb-6bedf13ebbed-150x150.jpg\" alt=\"\" width=\"150\" height=\"150\" srcset=\"http:\/\/s710205766.online.de\/ssv-wordpress\/wp-content\/uploads\/ed9e5cd8-67b7-492f-a1cb-6bedf13ebbed-150x150.jpg 150w, http:\/\/s710205766.online.de\/ssv-wordpress\/wp-content\/uploads\/ed9e5cd8-67b7-492f-a1cb-6bedf13ebbed-230x230.jpg 230w\" sizes=\"(max-width: 150px) 100vw, 150px\" \/><\/a><\/p>\n<p>&nbsp;<\/p>\n<p style=\"text-align: center;\">(Bilder privat von li.)<\/p>\n<p style=\"text-align: center;\">li. Bild Siljia Schranz (rechts), mittl. Bild Steffen Kre\u00df (Mitte) und re. Bild Steffen Kre\u00df (rechts)<\/p>\n<p>&nbsp;<\/p>\n<p style=\"font-weight: 400;\">29.05.2023 WS<\/p>\n<p>&nbsp;<\/p>\n<p>Montag Abend wurde die 1. und die 2. Mannschaft von 4 &#8222;Groupies&#8220; &#8211; Werner, Fritz, Christiane und Franz &#8211; zum Wettkampf nach Wilhelmsfeld begleitet. Die waren auch notwendig, da dort noch auf einer Seilzuganlage geschossen wird und die Scheiben per Hand gewechselt m\u00fcssen.<\/p>\n<p>Unsere 1. Mannschaft gewann gegen Wilhelmsfeld 1 mit <strong>862 zu 859<\/strong> Ringen. Klaus scho\u00df 287, Thomas 286 und Karin 289 Ringe. Gabi war entschuldigt und erzielte im Vorkampf 290 &#8211; und war alles andere als amused.<\/p>\n<p>Die 2. Mannschaft mu\u00dfte gegen Spechbach 1 antreten und unterlag mit <strong>847 zu 868 <\/strong>Ringen. Hier war Reinhard mit 277 Ringen v\u00f6llig von der Rolle, Lothar konnte sich mit einer 98er Schlu\u00dfserie noch einigerma\u00dfen auf 287 retten und Martin schlo\u00df mit 283 Ringen den Wettkampf ab. Au\u00dfer Konkurrenz hat Christiane auch keine B\u00e4ume ausgerissen und blieb mit 272 Ringen weit unter ihrem Potential. Nat\u00fcrlich waren wie immer die &#8222;Scheibenwechsler&#8220; an der Niederlage schuld &#8211; wer sonst.<\/p>\n<p>Auf jeden Fall ist f\u00fcr die weiteren Wettk\u00e4mpfe noch eine Menge Luft nach oben &#8211; die Hoffnung stirbt zuletzt.<\/p>\n<p>So &#8211; das wars f r a n z<\/p>\n<h5><\/h5>\n<h5 style=\"font-weight: 400;\"><span style=\"color: #800000;\"><strong>Der 3.Wettkampftag KK Gewehr und Sportpistole brachte\u00a0 Sieg und Niederlage<\/strong><\/span><\/h5>\n<p style=\"font-weight: 400;\"><strong>Die 1.KK Mannschaft<\/strong> <strong>musste in der Verbandsklasse<\/strong> <strong>Zuhause gegen den <\/strong><strong>SSV Weinheim antreten.<\/strong><\/p>\n<p style=\"font-weight: 400;\">Mit sehr guten Einzelergebnissen und bei sch\u00f6nem Wetter blieb der Sieg in Eberbach, 1677 : 1630\u00a0 lautete das Endergebnis.<\/p>\n<p style=\"font-weight: 400;\">Eberbach: Patrick Joho 558; \u00a0Stephan Mi\u00dfler 562 und Marvin W\u00e4sch \u00a0557 Ringe<\/p>\n<p style=\"font-weight: 400;\">Weinheim: Mathias Falter 548; Klaus Fleuchaus 530; Mona Seltmann 552 Ringe<\/p>\n<p style=\"font-weight: 400;\"><strong>Die 1.Sportpistolenmannschaft musste<\/strong> <strong>in der Landesklasse beim SV Mannheim \u2013 Sandhofen antreten<\/strong>.<\/p>\n<p style=\"font-weight: 400;\">War man noch hoffnungsvoll in den Tag gestartet \u00e4nderte sich das bald. Trotz sch\u00f6nem Sommerwetter lief es nicht f\u00fcr alle Rund.<\/p>\n<p style=\"font-weight: 400;\">Philipp mit Trainingsr\u00fcckstand, Wolfgang mit 2 Fehlsch\u00fcssen im Duell (was eher selten vorkommt) und Jonas als einziger mit stabiler Leistung.<\/p>\n<p style=\"font-weight: 400;\">Daher musste man sich die 1577:1534 Niederlage gefallen lassen.<\/p>\n<p style=\"font-weight: 400;\">Eberbach: Jonas Gumb 531; Philipp Springer 495; Wolfgang Stadler 508 Ringe<\/p>\n<p style=\"font-weight: 400;\">Mannheim &#8211; Sandhofen: Ronald Fritz 515; Siegfried Fattiger 540; Lars St\u00fcrmer 522 Ringe<\/p>\n<p style=\"font-weight: 400;\">22.05.2023\/ WS<\/p>\n<h5><\/h5>\n<h5 style=\"font-weight: 400; text-align: center;\"><strong><span style=\"color: #008000;\">Jahreshauptversammlung des SSV 1487 Eberbach<\/span><\/strong><\/h5>\n<p style=\"font-weight: 400; text-align: center;\">Im Eberbacher Sch\u00fctzenhaus konnten die drei Vorst\u00e4nde Patrick Joho, Thomas M\u00fcller und Karin Kre\u00df k\u00fcrzlich zahlreiche Mitglieder zur diesj\u00e4hrigen Jahreshauptversammlung begr\u00fc\u00dfen. Die Tagesordnung begann mit der Begr\u00fc\u00dfung durch den Obersch\u00fctzenmeister Patrick Joho. Ein besonderer Gru\u00df ging an die anwesenden Ehrenmitglieder Werner Gose, Fritz Oe\u00df und Hans-Peter Hettmansperger. Nach der Genehmigung des Protokolls des Vorjahres wurden die Berichte des Vorstandes vorgetragen. Im Anschluss daran empfahl Hans-Peter Hettmansperger der Versammlung die Entlastung der Vorstandschaft, die einstimmig erfolgte.<br \/>\nDer n\u00e4chste Punkt war die Wahl eines Obersch\u00fctzenmeisters f\u00fcr 3 Jahre. Karin Kre\u00df wurde in ihrem Amt als Obersch\u00fctzenmeister best\u00e4tigt.<\/p>\n<p style=\"font-weight: 400; text-align: center;\">Auch in diesem Jahr gab es wieder einige Ehrungen f\u00fcr langj\u00e4hrige Vereinsmitglieder:<\/p>\n<p style=\"font-weight: 400; text-align: center;\">F\u00fcr 25- j\u00e4hrige Mitgliedschaft wurden mit der Vereinsehrennadel in Silber und mit den Abzeichen des Deutschen Sch\u00fctzenbundes und des Badischen Sportsch\u00fctzenverbandes f\u00fcr 25-j\u00e4hrige Mitgliedschaft Florian, Hildenbrand und Siegfried Kornher ausgezeichnet.<\/p>\n<p style=\"font-weight: 400; text-align: center;\">F\u00fcr 40-j\u00e4hrige Mitgliedschaft wurden mit der Vereinsehrennadel in Gold und mit den Abzeichen des Deutschen Sch\u00fctzenbundes und des Badischen Sportsch\u00fctzenverbandes f\u00fcr 40-j\u00e4hrige Mitgliedschaft Georg Hellmuth, Robert L\u00f6ffler und Sandra Nahm ausgezeichnet.<\/p>\n<p style=\"font-weight: 400; text-align: center;\">F\u00fcr 50-j\u00e4hrige Mitgliedschaft wurden mit einer Ehrengabe des Vereins in Glas, der Kreisehrennadel in Gold und mit den Abzeichen des Deutschen Sch\u00fctzenbundes und des Badischen Sportsch\u00fctzenverbandes f\u00fcr 50-j\u00e4hrige Mitgliedschaft Paul Halamoda und Udo Baumann ausgezeichnet.<\/p>\n<p style=\"font-weight: 400; text-align: center;\">Hans-Peter Hettmansperger wurde f\u00fcr seine 60-j\u00e4hrige Mitgliedschaft im SSV 1487 Eberbach mit der bronzenen Kreisehrennadel mit Kranz und mit den Abzeichen des Deutschen Sch\u00fctzenbundes und des Badischen Sportsch\u00fctzenverbandes ausgezeichnet. Vom Verein gab es einen Gutschein.<\/p>\n<p style=\"font-weight: 400; text-align: center;\">Die Kreisehrennadel \u201eF\u00fcr Verdienste\u201c in Bronze erhielten Anne Gliese, Gabi Teller und Martin Kre\u00df, die Ehrennadel in Silber bekamen Pia Sauer und Karin Kre\u00df.<\/p>\n<p><a href=\"http:\/\/s710205766.online.de\/ssv-wordpress\/wp-content\/uploads\/JHV_2023.jpg\" target=\"_blank\" rel=\"noopener\"><img loading=\"lazy\" decoding=\"async\" class=\"aligncenter wp-image-8152 size-medium\" src=\"http:\/\/s710205766.online.de\/ssv-wordpress\/wp-content\/uploads\/JHV_2023-300x225.jpg\" alt=\"\" width=\"300\" height=\"225\" srcset=\"http:\/\/s710205766.online.de\/ssv-wordpress\/wp-content\/uploads\/JHV_2023-300x225.jpg 300w, http:\/\/s710205766.online.de\/ssv-wordpress\/wp-content\/uploads\/JHV_2023-1024x768.jpg 1024w, http:\/\/s710205766.online.de\/ssv-wordpress\/wp-content\/uploads\/JHV_2023-768x576.jpg 768w, http:\/\/s710205766.online.de\/ssv-wordpress\/wp-content\/uploads\/JHV_2023-1536x1152.jpg 1536w, http:\/\/s710205766.online.de\/ssv-wordpress\/wp-content\/uploads\/JHV_2023.jpg 2000w\" sizes=\"(max-width: 300px) 100vw, 300px\" \/><\/a><\/p>\n<p>18.05.2023\/ KK<\/p>\n<h5><\/h5>\n<h5 style=\"font-weight: 400;\"><span style=\"color: #0000ff;\"><strong>Beginn der Landesmeisterschaften in Pforzheim<\/strong><\/span><\/h5>\n<p style=\"font-weight: 400;\">Am\u00a0 Wochenende 13.\/14. Mai starteten in Pforzheim die Landesmeisterschaften in den verschiedenen Disziplinen. F\u00fcr Eberbach starteten:<\/p>\n<p style=\"font-weight: 400;\">Thomas M\u00fcller &#8211; Zimmerstutzen Herren III &#8211;\u00a0 251 Ringe Platz 11.<\/p>\n<p style=\"font-weight: 400;\">Steffen Kress &#8211; KK 3x 40 Schuss Herren I \u00a0\u2013\u00a0 1109 Ringe Platz 7.<\/p>\n<p style=\"font-weight: 400;\">Patrick Joho &#8211;\u00a0 KK 3x 40 Schuss Herren II \u2013\u00a0 1109 Ringe Platz 2.<\/p>\n<p style=\"font-weight: 400;\">18.05.2023 WS<\/p>\n<p>Kerstin Liebsch startete f\u00fcr den KKS Ispringen in der Disziplin Luftgewehr Damen 3. Sie belegte den ersten Platz mit 394,7 Ringen und mit der Mannschaft aus Ispringen den ersten Platz mit 1184,2 Ringen.<\/p>\n<p>18.05.2023\/ MW<\/p>\n<h5><\/h5>\n<h5><span style=\"color: #800000;\"><strong>Beginn der KK Auflage Runde\u00a0<\/strong><\/span><\/h5>\n<p>Unsere 1. Mannschaft mu\u00dfte gleich gegen den Mitfavoriten Spechbach 1 antreten &#8211; mit Bravour.<\/p>\n<p>Das Ergebnis von <strong>881 zu 874<\/strong> Ringen zu unseren Gunsten war Karin mit 290, Gabi mit 296 und Klaus mit 295 Z\u00e4hlern zu verdanken. Hervorzuheben sind 2 Ereignisse &#8211; Gabi scho\u00df Tagesrekord und mit<\/p>\n<p>313.7 ein pers\u00f6nliches Bestergebnis. Karin hatte Pech mit ihrer wackeligen Holzauflage, die auch prompt bei der Nachfolgesch\u00fctzin abfiel. Unser &#8222;M\u00e4dchen f\u00fcr Alles&#8220; Martin war aber sofort zur Stelle und hat, auch am Nachbarstand, alles wieder befestigt. Das verdient hier ein <strong>Dankesch\u00f6n !<\/strong><\/p>\n<p>Auch die 2. Mannschaft startete erfolgreich und bezwang Wilhelmsfeld 1 mit <strong>866 zu 851<\/strong> Ringen, wobei Thomas mit 292 brillierte, Lothar bei 290 und Reinhard bei 284 landeten. Merkw\u00fcrdiges, das man mal \u00fcberpr\u00fcfen sollte, geschah auf Stand 7. Auf der Anzeige tauchten pl\u00f6tzlich mehr Sch\u00fcsse auf als absolviert wurden, die aber unm\u00f6glich von den Nachbarst\u00e4nden abgegeben werden konnten. Evtl.<\/p>\n<p>R\u00fcckschl\u00e4ge ?<\/p>\n<p>Erfreulicherweise hatten 4 a.K. Sch\u00fctzen die Gelegenheit zur Wettkampferfahrung genutzt. Unser<\/p>\n<p>&#8222;Oldie&#8220; Fritz war mit 288 und Christi<strong>a<\/strong>ne mit 282 sehr gut im Ranking.<\/p>\n<p>Zu guter Letzt wurden beim gem\u00fctlichen Ausklang die gespendeten &#8222;Hot dogs&#8220; vertilgt und man freute<\/p>\n<p>sich auf den 2. Wettkamptag, in 2 Wochen, in Wilhelmsfeld.<\/p>\n<p>09.05.2023\/ FZ<\/p>\n<h5 style=\"font-weight: 400;\"><span style=\"color: #800000;\"><strong>Der 2.Wettkampftag KK Gewehr und Sportpistole brachte 2 Siege<\/strong><\/span><\/h5>\n<p style=\"font-weight: 400;\"><strong>Die 1.KK Mannschaft<\/strong> <strong>durfte in der Verbandsklasse<\/strong> den 2. Wk Zuhause schie\u00dfen da Rittenweiher auf sein Heimrecht verzichtete.<\/p>\n<p style=\"font-weight: 400;\">Mit guten Einzelergebnissen und bei sch\u00f6nem Wetter blieb der Sieg in Eberbach, 1636 : 1611\u00a0 lautete das Endergebnis.<\/p>\n<p style=\"font-weight: 400;\">Eberbach: Steffen Kre\u00df 554; Stephan Mi\u00dfler 542 und Xenia Scherer 540 Ringe<\/p>\n<p style=\"font-weight: 400;\">Rittenweiher : Mike Hertel 543; Patrick Hertel 526; Richard Hertel 542 Ringe<\/p>\n<p style=\"font-weight: 400;\"><strong>Die 1.Sportpistolenmannschaft<\/strong> <strong>startete in der Landesklasse<\/strong> ein wenig sp\u00e4ter und empfing die SG Mannheim 2. Hier bahnte sich ein enges Duell an.<\/p>\n<p style=\"font-weight: 400;\">Hatten die Mannheimer in der Pr\u00e4zision noch 32 Ringe Vorsprung drehten die Eberbacher im Duell das Ergebnis und holten 40 Ringe auf &#8211; was zum 1558:1550 Sieg reichte. Mit eher Durchwachsenen Ergebnissen war man am Ende froh hier noch gewonnen zu haben und Tabellenerster geblieben ist.<\/p>\n<p style=\"font-weight: 400;\">Eberbach: Jonas Gumb 513; Roland Johe 517; Wolfgang Stadler 528 Ringe<\/p>\n<p style=\"font-weight: 400;\">Mannheim : Thomas M\u00fcller 524; Frank D\u00f6ring 486; Stanislaus Korzystko 540 Ringe<\/p>\n<p>07.05.2023\/ WS<\/p>\n<h5><\/h5>\n<h5 style=\"font-weight: 400;\"><strong><span style=\"color: #0000ff;\">Sieg und Niederlage beim Start in die KK \u00a0Runde<\/span><\/strong><\/h5>\n<p style=\"font-weight: 400;\">Am heutigen Sonntag startete die Kleinkaliber Runde in die neue Saison.<\/p>\n<p style=\"font-weight: 400;\">Die <strong><em>1. Sportpistolen Mannschaft<\/em><\/strong> musste in der Landesklasse beim SSV Pleutersbach zum Nachbarschaftsduell antreten und gewann mit <strong>1574:1554 <\/strong>Ringen.<\/p>\n<p style=\"font-weight: 400;\">Im Einzel : Jonas Gumb 530 , Roland Johe 511 und Wolfgang Stadler 533 Ringe f\u00fcr Eberbach.<\/p>\n<p style=\"font-weight: 400;\">Joachim B\u00f6senecker 498, Michael Brockmann 528,<\/p>\n<p style=\"font-weight: 400;\">Marco Knab 528 Ringe f\u00fcr Pleutersbach.<\/p>\n<p style=\"font-weight: 400;\">Die <strong><em>1. KK Mannschaft<\/em><\/strong> musste in der Verbandsklasse beim SSV Spechbach antreten und unterlag mit guten Ergebnissen knapp mit <strong>1677:1681<\/strong> Ringen<\/p>\n<p style=\"font-weight: 400;\">Im Einzel \u00fcberzeugten: Stephan Mi\u00dfler mit 564,<\/p>\n<p style=\"font-weight: 400;\">Steffen Kre\u00df 563 und Patrick Joho mit 550 Ringen f\u00fcr Eberbach.<\/p>\n<p style=\"font-weight: 400;\">Martin Hildenbrand 572, Florian Hildenbrand 561 und Timo Braun 548 Ringe f\u00fcr Spechbach.<\/p>\n<p style=\"font-weight: 400;\">23.04.23 WS<\/p>\n<h5><\/h5>\n<h5 style=\"font-weight: 400; text-align: center;\"><span style=\"color: #800080;\"><strong>Gro\u00dfkaliber Kreismeisterschaften 2023<\/strong><\/span><\/h5>\n<p style=\"font-weight: 400; text-align: center;\">Am 04.\/05.03. fanden in Pleutersbach die Kreismeisterschaften in 9mm, 45 ACP, 357 MAG und 44 MAG statt.<\/p>\n<p style=\"font-weight: 400; text-align: center;\">Hier konnten beachtliche Erfolge gefeiert werden.<\/p>\n<p style=\"font-weight: 400; text-align: center;\">In der Klasse 9mm Herren 3 konnte Roland Johe mit 331 Ringen den 5. Platz belegen.<\/p>\n<p style=\"font-weight: 400; text-align: center;\">Thomas B\u00e4uerle Herren 4 hier f\u00fcr den SSV Pleutersbach startend kam\u00a0 mit 343 Ringen im Einzel wie mit der Mannschaft auf Platz 1.<\/p>\n<p style=\"font-weight: 400; text-align: center;\">In der Disziplin 45 ACP kam Thomas B\u00e4uerle wieder f\u00fcr den SSV Pleutersbach startend mit 370 Ringen im Einzel wie auch mit der Mannschaft auf Platz 1.<\/p>\n<p style=\"font-weight: 400; text-align: center;\">In der Disziplin 357 Magnum Herren 3 belegte Roland Johe mit 346 Ringen Platz 1.<\/p>\n<p style=\"font-weight: 400; text-align: center;\">Thomas B\u00e4uerle Herren 4 wieder f\u00fcr den SSV Pleutersbach startend<\/p>\n<p style=\"font-weight: 400; text-align: center;\">belegte im Einzel mit 356 Ringen Platz 2. und mit der Mannschaft Platz 1.<\/p>\n<p style=\"font-weight: 400; text-align: center;\">In der Disziplin 44 Magnum Herren 4 f\u00fcr den SSV Pleutersbach startend belegte Thomas B\u00e4uerle mit 360 Ringen Platz 1.<\/p>\n<p style=\"font-weight: 400; text-align: left;\">23.04.2023\/ WS<\/p>\n<h5 style=\"text-align: center;\"><span style=\"color: #008000;\"><strong>Kreismeisterschaften vom 08.04. und 15.04\u00a0<\/strong><\/span><\/h5>\n<p style=\"font-weight: 400; text-align: center;\">Bei den <strong>Kreismeisterschaften\u00a0 in Eberbach und Spechbach<\/strong>\u00a0 wurden am Wochenende\u00a0 08.04. und 15.04 \u00a0folgende Ergebnisse erziehlt:<\/p>\n<p style=\"font-weight: 400; text-align: center;\">Im <strong>KK Liegend<\/strong> belegte die\u00a0 Mannschaft\u00a0 mit den Sch\u00fctzen<\/p>\n<p style=\"font-weight: 400; text-align: center;\">Steffen Kre\u00df Herren I\u00a0 (1. mit 613,4 Ringe) , Leon Joho Herren I<\/p>\n<p style=\"font-weight: 400; text-align: center;\">(3. mit 587,8 Ringen) und Patrick Joho\u00a0 Herren II \u00a0( 1. Platz mit 609,1 Ringen), mit 1810,3 Ringe den 1. Platz.<\/p>\n<p style=\"font-weight: 400; text-align: center;\">Bei den Junioren belegte Max Kre\u00df mit 587,9 Ringen den 1.Platz.<\/p>\n<p style=\"font-weight: 400; text-align: center;\">Im <strong>KK 3&#215;20 Schuss<\/strong>\u00a0 belegte die\u00a0 Mannschaft \u00a0den Sch\u00fctzen<\/p>\n<p style=\"font-weight: 400; text-align: center;\">Steffen Kre\u00df Herren I\u00a0 ( 1.mit 284 Ringen) , Marvin W\u00e4sch Herren I<\/p>\n<p style=\"font-weight: 400; text-align: center;\">(2. mit 279 Ringe) und \u00a0Patrick Joho Herren II (1.mit 275 Ringe) mit\u00a0 838 Ringen den 1. Platz.<\/p>\n<p style=\"text-align: center;\">Leon Joho Herren I 248 Ringe<\/p>\n<p style=\"text-align: center;\">Max Kre\u00df Junioren 253 Ringe.<\/p>\n<p style=\"font-weight: 400; text-align: center;\">In der <strong>Disziplin Zimmerstutzen<\/strong> belegte Karin Kre\u00df bei den Damen II<\/p>\n<p style=\"font-weight: 400; text-align: center;\">mit 255 Ringen den 1.Platz.<\/p>\n<p style=\"font-weight: 400; text-align: center;\">Thomas M\u00fcller Herren III\u00a0 belegte mit 250 Ringen den 2. Platz.<\/p>\n<p style=\"font-weight: 400; text-align: center;\">In der <strong>Disziplin Armbrust National<\/strong>\u00a0 belegte die Mannschaft\u00a0 mit den Sch\u00fctzen Patrick Joho 111 Ringe (1. Herren I) , Harold Braun 109 Ringe (1. Herren III) \u00a0und Leon Joho 107 Ringe (2. Herren I) den 1. Platz mit 327 Ringen.<\/p>\n<p style=\"font-weight: 400; text-align: center;\">Xenia Scherer bei den Junioren I belegte mit 109 Ringen den 1. Platz<\/p>\n<p style=\"font-weight: 400; text-align: left;\">23.04.2023\/ WS<\/p>\n<p>&nbsp;<\/p>\n<h5 style=\"text-align: center;\"><strong>KM 2023<\/strong><\/h5>\n<p style=\"font-weight: 400; text-align: center;\"><strong>Am letzten Samstag 25.03.23 fanden in Bammental die Kreismeisterschaften in der <\/strong><\/p>\n<p style=\"font-weight: 400; text-align: center;\"><strong>Disziplin Standardpistole und Schnellfeuer statt.<\/strong><\/p>\n<p style=\"font-weight: 400; text-align: center;\">Mit der Standardpistole gab es folgende Platzierungen:<\/p>\n<p style=\"font-weight: 400; text-align: center;\">Roland\u00a0 Johe\u00a0 &#8211; Herren 3 mit 467 Ringen\u00a0 Platz 3.<\/p>\n<p style=\"font-weight: 400; text-align: center;\">Wolfgang Stadler &#8211; Herren 4 mit 475 Ringen\u00a0 Platz 1.<\/p>\n<p style=\"font-weight: 400; text-align: center;\"><strong>Mit der Schnellfeuerpistole <\/strong>war Michael Brockmann mit 475 Ringen nicht zu schlagen und konnte den 1. Platz \u00a0erreichen.<\/p>\n<p style=\"font-weight: 400; text-align: center;\"><strong>Am Wochenende 01.\/ 02.04.23 fanden die KM Sportpistole cal. 22 und Zentralfeuer cal. 32 \u00a0und Gewehr 3&#215;40 Schuss und KK 30 Schuss in Eberbach statt. <\/strong><\/p>\n<p style=\"font-weight: 400; text-align: center;\">Philipp Springer belegte bei den Herren 1 Spopi\u00a0 mit 258 Ringen den 2. Platz.<\/p>\n<p style=\"font-weight: 400; text-align: center;\">Roland Johe Herren 3 mit 252 Ringen Platz 2.<\/p>\n<p style=\"font-weight: 400; text-align: center;\">Wolfgang Stadler Herren 4 mit 260 Ringen Platz 1.<\/p>\n<p style=\"font-weight: 400; text-align: center;\"><strong>In der Disziplin Zentralfeuer cal. 32<\/strong> konnte sich Roland Johe mit 252 Ringen den 1. Platz sichern.<\/p>\n<p style=\"font-weight: 400; text-align: center;\"><strong>In der Disziplin KK 3&#215;40 und KK 30 Schuss auf 50m gab es folgende Platzierungen:\u00a0 \u00a0\u00a0<\/strong><\/p>\n<p style=\"font-weight: 400; text-align: center;\">Steffen Kre\u00df belegte bei den Herren 1 bei \u00a03&#215;40 Schuss mit 1111 Ringen den 1. Platz<\/p>\n<p style=\"font-weight: 400; text-align: center;\">Ebenso Patrick Joho Herren 2 mit 1109 Ringen den 1. Platz.<\/p>\n<p style=\"font-weight: 400; text-align: center;\"><strong>In der Disziplin 30 Schuss stehend\u00a0 50m<\/strong> gab es folgende Platzierungen:<\/p>\n<p style=\"font-weight: 400; text-align: center;\">Steffen Kre\u00df Herren 1 belegte mit 271 Ringen Platz 1.<\/p>\n<p style=\"font-weight: 400; text-align: center;\">Thomas M\u00fcller belegte mit 255 Ringen\u00a0 Platz 2.<\/p>\n<p style=\"font-weight: 400; text-align: center;\"><strong>Bei den Juniorinnen gab es folgende Platzierungen:<\/strong><\/p>\n<p style=\"font-weight: 400; text-align: center;\">Xenia Scherer mit 275 Ringen Platz 1.<\/p>\n<p style=\"font-weight: 400; text-align: center;\">Silya Schranz\u00a0 mit 270 Ringen Platz 2.<\/p>\n<p style=\"font-weight: 400; text-align: center;\">Christina M\u00fcller mit 267 Ringen Platz 3.<\/p>\n<p><a href=\"http:\/\/s710205766.online.de\/ssv-wordpress\/wp-content\/uploads\/b19c2617-87f7-4550-8d1e-dd0c722bcbef.jpg\" target=\"_blank\" rel=\"noopener\"><img loading=\"lazy\" decoding=\"async\" class=\"aligncenter wp-image-8107 size-medium\" src=\"http:\/\/s710205766.online.de\/ssv-wordpress\/wp-content\/uploads\/b19c2617-87f7-4550-8d1e-dd0c722bcbef-300x225.jpg\" alt=\"\" width=\"300\" height=\"225\" srcset=\"http:\/\/s710205766.online.de\/ssv-wordpress\/wp-content\/uploads\/b19c2617-87f7-4550-8d1e-dd0c722bcbef-300x225.jpg 300w, http:\/\/s710205766.online.de\/ssv-wordpress\/wp-content\/uploads\/b19c2617-87f7-4550-8d1e-dd0c722bcbef-1024x768.jpg 1024w, http:\/\/s710205766.online.de\/ssv-wordpress\/wp-content\/uploads\/b19c2617-87f7-4550-8d1e-dd0c722bcbef-768x576.jpg 768w, http:\/\/s710205766.online.de\/ssv-wordpress\/wp-content\/uploads\/b19c2617-87f7-4550-8d1e-dd0c722bcbef-1536x1152.jpg 1536w, http:\/\/s710205766.online.de\/ssv-wordpress\/wp-content\/uploads\/b19c2617-87f7-4550-8d1e-dd0c722bcbef.jpg 2016w\" sizes=\"(max-width: 300px) 100vw, 300px\" \/><\/a><\/p>\n<p style=\"font-weight: 400;\">03.04.2023\/ W.S.<\/p>\n<h5><\/h5>\n<h5 style=\"text-align: center;\"><span style=\"color: #800000;\"><strong>KM 2023 KK 50m in Eberbach<\/strong>\u00a0<\/span><\/h5>\n<p style=\"text-align: center;\">Hier waren die Witterungsverh\u00e4ltnisse einigerma\u00dfen normal, die Ergebnisse weniger. Trotzdem gab es<\/p>\n<p style=\"text-align: center;\">1. Pl\u00e4tze von Martin mit 299,1, Karin mit glatten <strong>308<\/strong>, Thomas mit 304, Klaus mit 293,6, Gabi 305,6, Lothar mit 302,3<\/p>\n<p style=\"text-align: center;\">und Christine mit 297,7 Ringen. Fritz ist Zweiter mit 295,9, Reinhard und Franz Dritter mit 292,6 bzw. 279,5 Ringen.<\/p>\n<p style=\"text-align: center;\">In S 3 wurde die Mannschaft S 3 Zweiter mit 895,8 Ringen.<\/p>\n<p style=\"text-align: center;\">Fazit : In Zukunft sollte den KK-Sch\u00fctzen etwas mehr Zeit zum trainieren bei h\u00f6heren Temperaturen einger\u00e4umt werden. Aus dem Stand einen Wettkampf zu bestreiten ist im Grunde ein Unding. Nichtsdestrotrotz hatten alle<\/p>\n<p style=\"text-align: center;\">Beteiligten zum Schlu\u00df eine Medaille umh\u00e4ngen.<\/p>\n<p style=\"text-align: center;\">Allen, die zum Gelingen der Wettk\u00e4mpfe beigetragen, m\u00f6chten wir unser Lob aussprechen. Die Veranstaltung ging problemlos \u00fcber die B\u00fchne. <strong>TOLL !<\/strong><\/p>\n<p style=\"text-align: left;\">24.03.2023\/ FZ<\/p>\n<h5 style=\"text-align: center;\"><strong><span style=\"color: #800000;\">KM 2023 KK 100m in H\u00fcffenhard<\/span><\/strong><\/h5>\n<p style=\"text-align: center;\">Bei eisigen Verh\u00e4ltnissen und wenig Vortraining fielen die Ergebnisse nicht so aus wie in den vergangenen Jahren.<\/p>\n<p style=\"text-align: center;\">Trotzdem gab es Medaillen und gute Platzierungen :<\/p>\n<p style=\"text-align: center;\">Keismeister wurden, jeweils in den zugeh\u00f6rigen\u00a0Altersklassen, Martin mit 291, Karin mit 297, Thomas mit 297, Klaus mit 294, Gabi mit 297, Christine mit ebenfalls\u00a0297 und Fritz mit 289 Ringen. Lothar wurde bei Ringgleichheit mit 293 Zweiter, Reinhard mit 292 und Franz jeweils Dritter mit 281 Ringen.<\/p>\n<p style=\"text-align: center;\">Kreismeister mit der\u00a0<span style=\"font-family: Helvetica, sans-serif; font-size: 14px; font-style: normal;\">Mannschaft\u00a0<\/span><span style=\"font-size: 14px;\">wurden in S 1 Karin, Thomas und Martin mit 885, in S 3 Gabi, Klaus und Reinhard mit 883<\/span><\/p>\n<p style=\"text-align: center;\">Sowie Lothar, Fritz und Franz Vierter.<\/p>\n<p style=\"text-align: left;\">24.03.2023\/ FZ<\/p>\n<h5 align=\"center\"><\/h5>\n<h5 align=\"center\"><span style=\"color: #0000ff;\"><strong>Kreismeisterschaften Luftgewehr \u00a0und Luftpistole<\/strong><\/span><\/h5>\n<p align=\"center\">Am gestrigen Sonntag den 26.02.2023 fanden im \u00a0Eberbacher Sch\u00fctzenhaus<\/p>\n<div>\n<p align=\"center\">\u00a0die Kreismeisterschaften in den Disziplinen Luftgewehr und Luftpistole statt.<\/p>\n<\/div>\n<div>\n<p align=\"center\">Da die Teilnehmerzahlen um einiges weniger waren konnten die Meisterschaften an einem Tag ausgef\u00fchrt werden.<\/p>\n<\/div>\n<div>\n<p align=\"center\">Morgens fanden 3 Luftgewehr Durchg\u00e4nge statt. Am Nachmittag 2 Luftpistolen Durchg\u00e4nge.<\/p>\n<\/div>\n<div>\n<p align=\"center\">In der Luftgewehr Disziplin \u00a0gewannen die Eberbacher Sch\u00fctzen 4x Gold, 3x Silber und 2x Bronze Medaillen.<\/p>\n<\/div>\n<div>\n<p align=\"center\">Au\u00dferdem wurde die 1. Mannschaft Kreismeister mit 1206,3 Ringen mit den Sch\u00fctzen Friedrich Sch\u00f6lch (407,2) Steffen Kre\u00df (405,4) und Patrick Joho (393,7)<\/p>\n<\/div>\n<div>\n<p align=\"center\">Bei den Juniorinnen wurde die Mannschaft Kreismeister\u00a0 mit 1173,4 Ringen mit den Sch\u00fctzinnen\u00a0 Xenia Scherer (392,1) Silja Schranz (392,8) und Christina M\u00fcller(388,5)<\/p>\n<\/div>\n<div>\n<p align=\"center\">In der Luftpistolen Disziplin gewannen die Eberbacher Sch\u00fctzen 3x Gold, 1x Silber und 1x Bronze Medaille.<\/p>\n<\/div>\n<div>\n<p align=\"center\">Hier platzte Krankheitsbedingt die Mannschaft.<\/p>\n<p align=\"center\"><a href=\"http:\/\/s710205766.online.de\/ssv-wordpress\/wp-content\/uploads\/6844cb91-8cf8-4bd7-97ee-d0dc3e285f80.jpg\" target=\"_blank\" rel=\"noopener\"><img loading=\"lazy\" decoding=\"async\" class=\"aligncenter wp-image-8083 size-thumbnail\" src=\"http:\/\/s710205766.online.de\/ssv-wordpress\/wp-content\/uploads\/6844cb91-8cf8-4bd7-97ee-d0dc3e285f80-150x150.jpg\" alt=\"\" width=\"150\" height=\"150\" srcset=\"http:\/\/s710205766.online.de\/ssv-wordpress\/wp-content\/uploads\/6844cb91-8cf8-4bd7-97ee-d0dc3e285f80-150x150.jpg 150w, http:\/\/s710205766.online.de\/ssv-wordpress\/wp-content\/uploads\/6844cb91-8cf8-4bd7-97ee-d0dc3e285f80-230x230.jpg 230w\" sizes=\"(max-width: 150px) 100vw, 150px\" \/><\/a><\/p>\n<\/div>\n<p align=\"center\"><a href=\"http:\/\/s710205766.online.de\/ssv-wordpress\/wp-content\/uploads\/02456c13-555a-4956-a286-194005514101.jpg\" target=\"_blank\" rel=\"noopener\"><img loading=\"lazy\" decoding=\"async\" class=\"alignleft wp-image-8081 size-thumbnail\" src=\"http:\/\/s710205766.online.de\/ssv-wordpress\/wp-content\/uploads\/02456c13-555a-4956-a286-194005514101-150x150.jpg\" alt=\"\" width=\"150\" height=\"150\" srcset=\"http:\/\/s710205766.online.de\/ssv-wordpress\/wp-content\/uploads\/02456c13-555a-4956-a286-194005514101-150x150.jpg 150w, http:\/\/s710205766.online.de\/ssv-wordpress\/wp-content\/uploads\/02456c13-555a-4956-a286-194005514101-230x230.jpg 230w\" sizes=\"(max-width: 150px) 100vw, 150px\" \/><\/a> <a href=\"http:\/\/s710205766.online.de\/ssv-wordpress\/wp-content\/uploads\/1d0dfd35-b7f4-4dc7-ade4-0d3e1553c8fb.jpg\" target=\"_blank\" rel=\"noopener\"><img loading=\"lazy\" decoding=\"async\" class=\"alignright wp-image-8082 size-thumbnail\" src=\"http:\/\/s710205766.online.de\/ssv-wordpress\/wp-content\/uploads\/1d0dfd35-b7f4-4dc7-ade4-0d3e1553c8fb-150x150.jpg\" alt=\"\" width=\"150\" height=\"150\" srcset=\"http:\/\/s710205766.online.de\/ssv-wordpress\/wp-content\/uploads\/1d0dfd35-b7f4-4dc7-ade4-0d3e1553c8fb-150x150.jpg 150w, http:\/\/s710205766.online.de\/ssv-wordpress\/wp-content\/uploads\/1d0dfd35-b7f4-4dc7-ade4-0d3e1553c8fb-230x230.jpg 230w\" sizes=\"(max-width: 150px) 100vw, 150px\" \/><\/a><a href=\"http:\/\/s710205766.online.de\/ssv-wordpress\/wp-content\/uploads\/99cf7327-df8a-4cc0-942f-34b95f575059-1.jpg\" target=\"_blank\" rel=\"noopener\"><br \/>\n<\/a><a href=\"http:\/\/s710205766.online.de\/ssv-wordpress\/wp-content\/uploads\/1c3d3a6d-5909-4971-ae0e-a7dee49d70eb.jpg\"><img loading=\"lazy\" decoding=\"async\" class=\"aligncenter size-thumbnail wp-image-8086\" src=\"http:\/\/s710205766.online.de\/ssv-wordpress\/wp-content\/uploads\/1c3d3a6d-5909-4971-ae0e-a7dee49d70eb-150x150.jpg\" alt=\"\" width=\"150\" height=\"150\" srcset=\"http:\/\/s710205766.online.de\/ssv-wordpress\/wp-content\/uploads\/1c3d3a6d-5909-4971-ae0e-a7dee49d70eb-150x150.jpg 150w, http:\/\/s710205766.online.de\/ssv-wordpress\/wp-content\/uploads\/1c3d3a6d-5909-4971-ae0e-a7dee49d70eb-230x230.jpg 230w\" sizes=\"(max-width: 150px) 100vw, 150px\" \/><\/a><a href=\"http:\/\/s710205766.online.de\/ssv-wordpress\/wp-content\/uploads\/f7d4a0b9-51e9-4bc5-848d-ea23590b2342.jpg\" target=\"_blank\" rel=\"noopener\"><img loading=\"lazy\" decoding=\"async\" class=\"alignleft wp-image-8077 size-thumbnail\" src=\"http:\/\/s710205766.online.de\/ssv-wordpress\/wp-content\/uploads\/f7d4a0b9-51e9-4bc5-848d-ea23590b2342-150x150.jpg\" alt=\"\" width=\"150\" height=\"150\" srcset=\"http:\/\/s710205766.online.de\/ssv-wordpress\/wp-content\/uploads\/f7d4a0b9-51e9-4bc5-848d-ea23590b2342-150x150.jpg 150w, http:\/\/s710205766.online.de\/ssv-wordpress\/wp-content\/uploads\/f7d4a0b9-51e9-4bc5-848d-ea23590b2342-230x230.jpg 230w\" sizes=\"(max-width: 150px) 100vw, 150px\" \/><\/a> <a href=\"http:\/\/s710205766.online.de\/ssv-wordpress\/wp-content\/uploads\/99cf7327-df8a-4cc0-942f-34b95f575059.jpg\" target=\"_blank\" rel=\"noopener\"><img loading=\"lazy\" decoding=\"async\" class=\"alignright wp-image-8079 size-thumbnail\" src=\"http:\/\/s710205766.online.de\/ssv-wordpress\/wp-content\/uploads\/99cf7327-df8a-4cc0-942f-34b95f575059-150x150.jpg\" alt=\"\" width=\"150\" height=\"150\" srcset=\"http:\/\/s710205766.online.de\/ssv-wordpress\/wp-content\/uploads\/99cf7327-df8a-4cc0-942f-34b95f575059-150x150.jpg 150w, http:\/\/s710205766.online.de\/ssv-wordpress\/wp-content\/uploads\/99cf7327-df8a-4cc0-942f-34b95f575059-230x230.jpg 230w\" sizes=\"(max-width: 150px) 100vw, 150px\" \/><\/a><a href=\"http:\/\/s710205766.online.de\/ssv-wordpress\/wp-content\/uploads\/6fa88a33-193e-406d-b570-710ecb0ac674.jpg\" target=\"_blank\" rel=\"noopener\"> <img loading=\"lazy\" decoding=\"async\" class=\"aligncenter wp-image-8078 size-thumbnail\" src=\"http:\/\/s710205766.online.de\/ssv-wordpress\/wp-content\/uploads\/6fa88a33-193e-406d-b570-710ecb0ac674-150x150.jpg\" alt=\"\" width=\"150\" height=\"150\" srcset=\"http:\/\/s710205766.online.de\/ssv-wordpress\/wp-content\/uploads\/6fa88a33-193e-406d-b570-710ecb0ac674-150x150.jpg 150w, http:\/\/s710205766.online.de\/ssv-wordpress\/wp-content\/uploads\/6fa88a33-193e-406d-b570-710ecb0ac674-230x230.jpg 230w\" sizes=\"(max-width: 150px) 100vw, 150px\" \/><\/a><\/p>\n<div>\n<p align=\"center\">Vielen Dank der Schiessleitung Karin &amp; Patrick f\u00fcr einen reibungslosen Ablauf in der Schiesshalle &amp;<\/p>\n<\/div>\n<div>\n<p align=\"center\">dem K\u00fcchen &amp; Theken Team <i>Sandra<b>,<\/b><\/i> <i>Gabi T.&amp; Gabi H.Z. , Christiane<\/i>, Lothar &amp; Wolfgang das den ganzen Tag \u00fcber f\u00fcr die Bewirtung sorgte .<\/p>\n<\/div>\n<div>\n<p style=\"text-align: left;\" align=\"center\">27.02.2023 W.S.<\/p>\n<\/div>\n<h5><\/h5>\n<h5><\/h5>\n<h5><\/h5>\n<h5 style=\"text-align: center;\"><span style=\"color: #800000;\"><strong>Kreismeisterschaft LG\/LP-Auflage<\/strong><\/span><\/h5>\n<p style=\"text-align: center;\">In Spechbach fand die diesj\u00e4hrige Kreismeisterschaft LG\/LP-Auflage statt, die erstmals in Zehntelwertung ausgetragen wurde und<\/p>\n<p style=\"text-align: center;\">f\u00fcr die Teilnehmer des SSV Eberbach mit einem hervorragenden Ergebnis endete. Alle Starter konnten mindestens eine Medaille erringen.<\/p>\n<p style=\"text-align: center;\">In der Disziplin LG-Auflage siegte die Mannschaft Eberbach 1 mit Reinhard, Klaus und Gabi mit dem knappsten Vorsprung von 1\/10 bei 934,2 vor Spechbach mit 934,1 Ringen. Eberbach 2 mit Lothar, Fritz und Franz kam auf Platz 5 (918,5 Ringe).<\/p>\n<p style=\"text-align: center;\">Die Einzelwertungen in den jeweiligen Altersklassen sahen Karin mit dem Tagesbestergebnis von 315,4 Ringen auf Platz 1, Klaus mit 312,5 Ringen auf Platz 2, Gabi mit 308,5 Ringen auf Platz 1, Lothar mit 311,3 Ringen auf Platz 2, Reinhard mit 313,2 Ringen auf Platz 2, Fritz mit 306,2 Ringen auf Platz 2 und Franz mit 301 Ringen auf Platz 3.<\/p>\n<p style=\"text-align: center;\">Die LP-Auflage-Mannschaft mit Thomas, Martin und Karin gewann ungef\u00e4hrdet, da keine weitere Mannschaft am Start war, mit 877,5 Ringen.<\/p>\n<p style=\"text-align: center;\">In der Einzelwertung errangen jeweils Gold:\u00a0 Martin (290,1), Karin (286,4), Thomas (301) und Christel (287,3).<\/p>\n<p style=\"text-align: center;\">F\u00fcr die kommende Landesmeisterschaft ist auch f\u00fcr die erfolgreichen Sch\u00fctzen noch Luft nach oben.<\/p>\n<p><a href=\"http:\/\/s710205766.online.de\/ssv-wordpress\/wp-content\/uploads\/KM_LGA_Spechbach_2023.jpg\" target=\"_blank\" rel=\"noopener\"><img loading=\"lazy\" decoding=\"async\" class=\"aligncenter wp-image-8067 size-medium\" src=\"http:\/\/s710205766.online.de\/ssv-wordpress\/wp-content\/uploads\/KM_LGA_Spechbach_2023-300x225.jpg\" alt=\"\" width=\"300\" height=\"225\" srcset=\"http:\/\/s710205766.online.de\/ssv-wordpress\/wp-content\/uploads\/KM_LGA_Spechbach_2023-300x225.jpg 300w, http:\/\/s710205766.online.de\/ssv-wordpress\/wp-content\/uploads\/KM_LGA_Spechbach_2023-1024x768.jpg 1024w, http:\/\/s710205766.online.de\/ssv-wordpress\/wp-content\/uploads\/KM_LGA_Spechbach_2023-768x576.jpg 768w, http:\/\/s710205766.online.de\/ssv-wordpress\/wp-content\/uploads\/KM_LGA_Spechbach_2023-1536x1152.jpg 1536w, http:\/\/s710205766.online.de\/ssv-wordpress\/wp-content\/uploads\/KM_LGA_Spechbach_2023.jpg 1600w\" sizes=\"(max-width: 300px) 100vw, 300px\" \/><\/a><\/p>\n<p style=\"text-align: center;\">(Bild privat von.li.) Karin Kre\u00df, Thomas B\u00e4uerle, Christiane Weidner, Klaus Bickel, Gabi Hammer-Zeitler, Friedrich Oe\u00df, Martin Kre\u00df und Reinhard Zahn<\/p>\n<p>&nbsp;<\/p>\n<p>13.02.2023\/ G.H-Z<\/p>\n<p>&nbsp;<\/p>\n<h5 style=\"font-weight: 400; text-align: center;\"><span style=\"color: #0000ff;\"><strong>Zum Abschluss der LP Landesliga Ost kam es heute zum Duell <\/strong><\/span><\/h5>\n<p style=\"font-weight: 400; text-align: center;\"><strong>SSV 1487 Eberbach I \u2013 KKS Stebbach I\u00a0 .<\/strong><\/p>\n<p style=\"font-weight: 400; text-align: center;\">Der vorletzte gegen den letzten versprach ein hei\u00dfes Duell da Stebbach mit 4:1 h\u00e4tte gewinnen m\u00fcssen um noch an uns\u00a0 vorbei zu kommen. Aber es kam anders\u2026.<\/p>\n<p style=\"font-weight: 400; text-align: center;\">Bei <strong>Dirk auf Position 1 <\/strong>hatte sein Gegner nach der 2. Serie schon 10 Ringe Vorsprung den Er trotz einer guten 89:83 Serie nicht mehr einholen konnte und mit 343:348 Ringen den 1. Punkt f\u00fcr Stebbach abgab.<\/p>\n<p style=\"font-weight: 400; text-align: center;\">Bei <strong>Michael auf Position 2 <\/strong>war trotz eines 5 Ringe \u00a0Vorsprungs \u00a0nach der 3. Serie pl\u00f6tzlich ein 4 Ringe R\u00fcckstand, da halfen auch die guten 91 zu 90 Ringe in der letzten Serie nicht mehr, 343:346 der 2. Punkt f\u00fcr Stebbach.<\/p>\n<p style=\"font-weight: 400; text-align: center;\">Auf <strong>Position 3 hatte Steffen<\/strong> nach der 2. Serie 12 Ringe Vorsprung, seine \u00a0Gegnerin kam aber noch einmal auf 5 Ringe ran, konnte aber in der letzten Serie nicht mehr mithalten 329:311 Ringe hie\u00df es am Ende, <strong>1. Punkt<\/strong> <strong>f\u00fcr Eberbach<\/strong>.<\/p>\n<p style=\"font-weight: 400; text-align: center;\">Auf <strong>Position 4<\/strong> war nach der 3. Serie bei <strong>Roland <\/strong>der Vorsprung auf 14 Ringe angewachsen. Er gewann letztendlich mit 334:321 der <strong>2. Punkt<\/strong> <strong>f\u00fcr Eberbach.<\/strong><\/p>\n<p style=\"font-weight: 400; text-align: center;\"><strong>Wolfgang auf Position 5 <\/strong>hatte nach der 2. Serie 18 Ringe Vorsprung den Er trotz eines Aufb\u00e4umens seines Gegners in der 3. Serie bis zum Schluss nicht mehr her gab und mit 341:310 den <strong>3. Punkt f\u00fcr Eberbach holte.<\/strong><\/p>\n<p style=\"font-weight: 400; text-align: center;\"><strong>War es doch ein vers\u00f6hnlicher Abschluss und mit einem 3:2 Sieg Platz 5 gehalten.<\/strong><\/p>\n<p>&nbsp;<\/p>\n<p><a href=\"http:\/\/s710205766.online.de\/ssv-wordpress\/wp-content\/uploads\/719bb3b1-7fc7-4075-9405-6cc321bccc4c.jpg\" target=\"_blank\" rel=\"noopener\"><img loading=\"lazy\" decoding=\"async\" class=\"aligncenter wp-image-8042 size-medium\" src=\"http:\/\/s710205766.online.de\/ssv-wordpress\/wp-content\/uploads\/719bb3b1-7fc7-4075-9405-6cc321bccc4c-300x225.jpg\" alt=\"\" width=\"300\" height=\"225\" srcset=\"http:\/\/s710205766.online.de\/ssv-wordpress\/wp-content\/uploads\/719bb3b1-7fc7-4075-9405-6cc321bccc4c-300x225.jpg 300w, http:\/\/s710205766.online.de\/ssv-wordpress\/wp-content\/uploads\/719bb3b1-7fc7-4075-9405-6cc321bccc4c-1024x768.jpg 1024w, http:\/\/s710205766.online.de\/ssv-wordpress\/wp-content\/uploads\/719bb3b1-7fc7-4075-9405-6cc321bccc4c-768x576.jpg 768w, http:\/\/s710205766.online.de\/ssv-wordpress\/wp-content\/uploads\/719bb3b1-7fc7-4075-9405-6cc321bccc4c-1536x1152.jpg 1536w, http:\/\/s710205766.online.de\/ssv-wordpress\/wp-content\/uploads\/719bb3b1-7fc7-4075-9405-6cc321bccc4c.jpg 2016w\" sizes=\"(max-width: 300px) 100vw, 300px\" \/><\/a><\/p>\n<p style=\"text-align: center;\">(Bild privat, von li.) Dirk Zimmermann, Michael Brockmann, Pia Sauer, Roland Johe,<\/p>\n<p style=\"text-align: center;\">Steffen Kre\u00df und Wolfgang Stadler<\/p>\n<p>&nbsp;<\/p>\n<p style=\"font-weight: 400;\">29.01.2023\/ W.S.<\/p>\n<h5 style=\"text-align: center;\"><\/h5>\n<h5 style=\"text-align: center;\"><span style=\"color: #800000;\"><strong>Luftgewehr Oberliga\u00a0<\/strong><\/span><\/h5>\n<p style=\"font-weight: 400; text-align: center;\"><strong>Knapp verloren, aber teuer verkauft<\/strong><\/p>\n<p style=\"font-weight: 400; text-align: center;\"><strong>Beim letzten Oberliga \u2013 Kampf in dieser Saison musste die 1. Mannschaft unseres Vereins in Kronau antreten. Diese Mannschaft hat bisher alle Begegnungen f\u00fcr sich entscheiden k\u00f6nnen, und steht damit zurecht auf Platz 1 der Liga. Die Vorzeichen waren somit klar. Der SSV Kronau war auch in dieser Begegnung klarer Favorit. Aber unsere 1. Mannschaft ist trotzdem mit gro\u00dfem Ehrgeiz an diese schier unl\u00f6sbare Aufgabe herangegangen, und hat trotz Niederlage 2 Einzelpunkte ergattert, die nicht unbedingt zu erwarten waren. <\/strong><\/p>\n<p style=\"font-weight: 400; text-align: center;\"><strong>Auf Position1 hatte es Stephan mit Alexander Widelski zu tun. Dieser wie auch die meisten anderen wurden auch schon in der Bundesliga \u2013 Mannschaft von Kronau eingesetzt. Er hatte trotz guten 385 Ringen gegen die 391 seines Gegners keine Chance. Xenia auf Position 2 ereilte das gleiche Schicksal wie Stephan. Ihren 380 Ringen standen am Ende die 389 von Melanie Nietschke gegen\u00fcber. <\/strong><\/p>\n<p style=\"font-weight: 400; text-align: center;\"><strong>Steffen auf Position 3 schoss an diesem Tag seinen besten Wettkampf dieser Runde! Mit 386 R. zu 385 R. konnte er Andreas Pinter diesen Punkt abringen. Ein klasse Duell! Erw\u00e4hnenswert ist die erste Serie von Steffen. Er brachte das Kunstst\u00fcck fertig, mit einer 7 noch 97 Ringe zu schie\u00dfen!<\/strong><\/p>\n<p style=\"font-weight: 400; text-align: center;\"><strong>Position 4 wurde von Marvin besetzt. Er hatte mit R\u00fcckenwind zu k\u00e4mpfen, und setzte einige Sch\u00fcsse knapp rechts neben das Zentrum der Scheibe. Trotzdem erreichte er noch 369 Ringe. Die reichten jedoch bei weitem nicht aus, seinem Gegner Christian Butz gef\u00e4hrlich zu werden. Er schoss 383 Ringe zum lockeren Punktgewinn. <\/strong><\/p>\n<p style=\"font-weight: 400; text-align: center;\"><strong>Kommen wir nun aus Eberbacher Sicht zum Highlight des Tages. Unsere Wundert\u00fcte Max erwischte einen Sahne\u2013Tag!<br \/>\nEr erreichte mit 98 \/ 97 \/ 95 \/ 97 ein Traumergebnis von 387! Sein pers\u00f6nlicher Wettkampf \u2013 Rekord! Sein Kontrahent Benjamin Butz konnte nur in der 1. Serie mithalten, und verlor am Ende dieses Duell. Seine 381 reichten an diesem Tag nicht.<\/strong><\/p>\n<p><a href=\"http:\/\/s710205766.online.de\/ssv-wordpress\/wp-content\/uploads\/IMG-20230122-WA0002.jpg\" target=\"_blank\" rel=\"noopener\"><img loading=\"lazy\" decoding=\"async\" class=\"aligncenter wp-image-8032 size-medium\" src=\"http:\/\/s710205766.online.de\/ssv-wordpress\/wp-content\/uploads\/IMG-20230122-WA0002-300x225.jpg\" alt=\"\" width=\"300\" height=\"225\" srcset=\"http:\/\/s710205766.online.de\/ssv-wordpress\/wp-content\/uploads\/IMG-20230122-WA0002-300x225.jpg 300w, http:\/\/s710205766.online.de\/ssv-wordpress\/wp-content\/uploads\/IMG-20230122-WA0002-1024x768.jpg 1024w, http:\/\/s710205766.online.de\/ssv-wordpress\/wp-content\/uploads\/IMG-20230122-WA0002-768x576.jpg 768w, http:\/\/s710205766.online.de\/ssv-wordpress\/wp-content\/uploads\/IMG-20230122-WA0002-1536x1152.jpg 1536w, http:\/\/s710205766.online.de\/ssv-wordpress\/wp-content\/uploads\/IMG-20230122-WA0002.jpg 1600w\" sizes=\"(max-width: 300px) 100vw, 300px\" \/><\/a><\/p>\n<p style=\"font-weight: 400; text-align: center;\"><strong>Trotz der 3:2 Niederlage konnten wir immerhin 2 super herausgeschossene Einzelpunkte mit nach Hause nehmen. In der Abschlusstabelle steht unser SSV Eberbach nun auf dem 5. Platz punktgleich hinter Marbach. <\/strong><\/p>\n<p style=\"font-weight: 400; text-align: center;\"><strong>Eine klasse Saison, die uns wohl auch in der n\u00e4chsten Runde spannende Oberliga \u2013 K\u00e4mpfe bescheren wird.<\/strong><\/p>\n<p><a href=\"http:\/\/s710205766.online.de\/ssv-wordpress\/wp-content\/uploads\/20230122_110258-scaled.jpg\" target=\"_blank\" rel=\"noopener\"><img loading=\"lazy\" decoding=\"async\" class=\"wp-image-8031 size-medium aligncenter\" src=\"http:\/\/s710205766.online.de\/ssv-wordpress\/wp-content\/uploads\/20230122_110258-300x225.jpg\" alt=\"\" width=\"300\" height=\"225\" srcset=\"http:\/\/s710205766.online.de\/ssv-wordpress\/wp-content\/uploads\/20230122_110258-300x225.jpg 300w, http:\/\/s710205766.online.de\/ssv-wordpress\/wp-content\/uploads\/20230122_110258-1024x768.jpg 1024w, http:\/\/s710205766.online.de\/ssv-wordpress\/wp-content\/uploads\/20230122_110258-768x576.jpg 768w, http:\/\/s710205766.online.de\/ssv-wordpress\/wp-content\/uploads\/20230122_110258-1536x1152.jpg 1536w, http:\/\/s710205766.online.de\/ssv-wordpress\/wp-content\/uploads\/20230122_110258-2048x1536.jpg 2048w\" sizes=\"(max-width: 300px) 100vw, 300px\" \/><\/a><\/p>\n<h5 style=\"font-style: normal; text-align: center;\"><strong style=\"font-family: Helvetica, sans-serif; font-size: 14px; font-style: normal; caret-color: #1d1d1d; color: #1d1d1d; text-align: center;\">(Bild privat, von li.) Steffen Kre\u00df, Marvin W\u00e4sch, Xenia Scherer, <\/strong><\/h5>\n<h5 style=\"font-style: normal; text-align: center;\"><strong style=\"font-family: Helvetica, sans-serif; font-size: 14px; font-style: normal; caret-color: #1d1d1d; color: #1d1d1d; text-align: center;\">Max Kre\u00df, Stephan Mi\u00dfler und Patrick Joho<\/strong><\/h5>\n<p>&nbsp;<\/p>\n<p><strong style=\"font-family: Helvetica, sans-serif; font-size: 14px; font-style: normal;\">24.01.23\/TM<\/strong><\/p>\n<h5><\/h5>\n<h5 style=\"text-align: center;\"><span style=\"color: #0000ff;\"><strong>Dreik\u00f6nigs Schiessen beim SSV Eberbach<\/strong><\/span><\/h5>\n<p>&nbsp;<\/p>\n<p style=\"text-align: center;\">Am heutigen Dreik\u00f6nigs Schiessen im Sch\u00fctzenhaus trafen sich 14 Sch\u00fctzen, um mit dem besten Schuss, die Dreik\u00f6nigs Scheibe zu gewinnen.<\/p>\n<p style=\"text-align: center;\">Bester Sch\u00fctze wurde \u00a0in diesem Jahr wieder der Gewinner vom letzten Jahr, Lothar Braun<\/p>\n<p style=\"text-align: center;\">Herzlichen Gl\u00fcckwunsch zum Sieg.<\/p>\n<p style=\"text-align: center;\"><a href=\"http:\/\/s710205766.online.de\/ssv-wordpress\/wp-content\/uploads\/IMG_0203-scaled.jpg\" target=\"_blank\" rel=\"noopener\"><img loading=\"lazy\" decoding=\"async\" class=\"aligncenter wp-image-7942 size-medium\" src=\"http:\/\/s710205766.online.de\/ssv-wordpress\/wp-content\/uploads\/IMG_0203-225x300.jpg\" alt=\"\" width=\"225\" height=\"300\" srcset=\"http:\/\/s710205766.online.de\/ssv-wordpress\/wp-content\/uploads\/IMG_0203-225x300.jpg 225w, http:\/\/s710205766.online.de\/ssv-wordpress\/wp-content\/uploads\/IMG_0203-768x1024.jpg 768w, http:\/\/s710205766.online.de\/ssv-wordpress\/wp-content\/uploads\/IMG_0203-1152x1536.jpg 1152w, http:\/\/s710205766.online.de\/ssv-wordpress\/wp-content\/uploads\/IMG_0203-1536x2048.jpg 1536w, http:\/\/s710205766.online.de\/ssv-wordpress\/wp-content\/uploads\/IMG_0203-scaled.jpg 1920w\" sizes=\"(max-width: 225px) 100vw, 225px\" \/><\/a><\/p>\n<p>06023\/ MW<\/p>\n","protected":false},"excerpt":{"rendered":"<p>Schiessbericht\u00a0 2022 Die von Nikolas Bauer\u00a0 gestiftete Dreik\u00f6nigsscheibe 2022gewann L o t h a r \u00a0B r a u n Relegation zur Oberliga Baden Luftgewehr 2022 Platz Mannschaft Durchgang 1 Durchgang 2 Gesamt 1 SSV Eberbach I 1906 1902 3808&hellip; <\/p>\n","protected":false},"author":1,"featured_media":0,"parent":0,"menu_order":0,"comment_status":"closed","ping_status":"closed","template":"","meta":{"footnotes":""},"_links":{"self":[{"href":"http:\/\/s710205766.online.de\/ssv-wordpress\/index.php?rest_route=\/wp\/v2\/pages\/7905"}],"collection":[{"href":"http:\/\/s710205766.online.de\/ssv-wordpress\/index.php?rest_route=\/wp\/v2\/pages"}],"about":[{"href":"http:\/\/s710205766.online.de\/ssv-wordpress\/index.php?rest_route=\/wp\/v2\/types\/page"}],"author":[{"embeddable":true,"href":"http:\/\/s710205766.online.de\/ssv-wordpress\/index.php?rest_route=\/wp\/v2\/users\/1"}],"replies":[{"embeddable":true,"href":"http:\/\/s710205766.online.de\/ssv-wordpress\/index.php?rest_route=%2Fwp%2Fv2%2Fcomments&post=7905"}],"version-history":[{"count":118,"href":"http:\/\/s710205766.online.de\/ssv-wordpress\/index.php?rest_route=\/wp\/v2\/pages\/7905\/revisions"}],"predecessor-version":[{"id":8800,"href":"http:\/\/s710205766.online.de\/ssv-wordpress\/index.php?rest_route=\/wp\/v2\/pages\/7905\/revisions\/8800"}],"wp:attachment":[{"href":"http:\/\/s710205766.online.de\/ssv-wordpress\/index.php?rest_route=%2Fwp%2Fv2%2Fmedia&parent=7905"}],"curies":[{"name":"wp","href":"https:\/\/api.w.org\/{rel}","templated":true}]}}