{"id":5844,"date":"2020-02-20T21:11:49","date_gmt":"2020-02-20T20:11:49","guid":{"rendered":"http:\/\/s710205766.online.de\/ssv-wordpress\/?page_id=5844"},"modified":"2020-02-21T18:14:11","modified_gmt":"2020-02-21T17:14:11","slug":"aktuelles-2019","status":"publish","type":"page","link":"http:\/\/s710205766.online.de\/ssv-wordpress\/?page_id=5844","title":{"rendered":"Aktuelles 2019"},"content":{"rendered":"\r\n<h3 class=\"wp-block-heading\"><strong>A&amp;B Schie\u00dfen<\/strong><\/h3>\r\n<p>&nbsp;<\/p>\r\n<p>Heute am 27.12.2019 fand wieder unser traditionelles A&amp;B Schie\u00dfen statt.<\/p>\r\n<p>Immer am letztm\u00f6glichen Trainingsabend im alten Jahr treffen sich die Sch\u00fctzen zum Schie\u00dfen und anschlie\u00dfendem Essen und gem\u00fctlichem Beisammensein.<\/p>\r\n<p>Es gibt eine kleine Tombola, von der sich jeder Teilnehmer ein Geschenk aussuchen darf.<\/p>\r\n<p>Der Wanderpokal geht in diesem Jahr an die Gruppe B<\/p>\r\n<p>Ein besonderer Dank geht an die Helfer hinter der Theke und an die K\u00fcchenfee,<\/p>\r\n<p>die uns leckere Steaks zubereitet hat.<\/p>\r\n<p>Mit diesem Abend verabschieden wir uns vom alten Jahr.<\/p>\r\n<p>Das neue Jahr wird wieder viele Wettk\u00e4mpfe und Turniere bereithalten, packen wir es an.<\/p>\r\n<div class=\"wp-block-image\">\u00a0<\/div>\r\n<p>27.12.17\/ MW<\/p>\r\n<h4>\u00a0<\/h4>\r\n<h4><strong>LG Auflage 5. Wettkampf KOL<\/strong><\/h4>\r\n<p><strong>Eberbach 1 verliert Spitzenduell<\/strong><\/p>\r\n<p>Zum 2. Wettkampf der R\u00fcckrunde musste die 1. Mannschaft beim 5. Ligawettkampf in der Kreisoberliga gegen den h\u00e4rtesten Gegner Spechbach 1 zum vorentscheidenden Wettkampf um die Meisterschaft in Spechbach antreten.<\/p>\r\n<p>An Position 3 hatte Lothar gegen seinen Gegner leider mit 296:299 Ringen keine Chance, der erste Punkt ging an Spechbach. An zweiter Position gelang Wulfrin wieder kein volles Ergebnis, sondern nur 298 Ringe, die gegen seinen Gegner mit 299 Ringen den vorentscheidenden zweiten Verlustpunkt bedeuteten. An Position 1 legte Gabi in sehr schneller Schie\u00dfzeit 299 Ringe vor. Ihr Gegner hatte zu diesem Zeitpunkt gerade erst die H\u00e4lfte seiner Sch\u00fcsse absolviert. Er behielt jedoch die Nerven und schloss mit 300 Ringen ab, so dass damit der Sieg von Spechbach mit 3:0 feststand.<\/p>\r\n<p>Auch ringzahlm\u00e4\u00dfig war Spechbach den Eberbachern deutlich \u00fcberlegen; 898 : 893 Ringe.<\/p>\r\n<p>Durch diese Niederlage fiel Eberbach 1 auf den zweiten Tabellenplatz zur\u00fcck; der Ligasieg in der KOL f\u00fcr Spechbach d\u00fcrfte damit nur noch Formsache sein.<\/p>\r\n<p>F\u00fcr die Rangliste der Einzelwertung schossen mit der Luftpistole Christiane Weidner 284 und Thomas B\u00e4uerle 280 Ringe und haben damit alle in die Wertung kommenden 6 Wettk\u00e4mpfe abgeschlossen. Im Endergebnis der internen Familienwertung behielt damit Christiane mit 3 Ringen Vorsprung (1692 Ringe, Schnitt 282) die Oberhand vor Thomas (1689 Ringe, Schnitt 281,5).<\/p>\r\n<p>WS 02.12.2019<\/p>\r\n<p>&nbsp;<\/p>\r\n<hr \/>\r\n<h4><strong>LG Auflage 4. Wettkampf KLA<\/strong><\/h4>\r\n<p><strong>Eberbach 2 und 3 mit Saisonbestleistungen<\/strong><\/p>\r\n<p>Zum Auftakt der R\u00fcckrunde hatte die 2. und 3. Mannschaft beim 4. Ligawettkampf in der Kreisliga A in Eberbach Heimrecht.<\/p>\r\n<p>Zum Auftakt kam Eberbach 2 gegen Brombach 2 zu einem ungef\u00e4hrdetem 3:0 Sieg; die erzielten 894 Ringe bedeuteten Saisonbestleistung. Fritz und Klaus erzielten mit 299 Ringen und 297 Ringen ebenfalls Saisonbestleistung, w\u00e4hrend Reinhard mit 298 Ringen nun schon seinen vierten Klassewettkampf ablieferte.<\/p>\r\n<p>Das Mannschaftsergebnis von 888 Ringen war ebenfalls Saisonbestleistung. Unver\u00e4ndert: Bei Eberbach 3 gegen Moosbrunn 2 war erwartungsgem\u00e4\u00df mehr Spannung in der Partie. An Position 1 wurde \u201eOnkel Werner\u201c als Joker eingesetzt, der nach 20 Schuss mit 196:197 Ringe zur\u00fccklag. Durch die Schlussserie von 100:96 Ringen konnte er jedoch zur Freude seiner Anh\u00e4nger mit 296 zu 293 Ringen siegreich bleiben und den ersten Punkt f\u00fcr Eberbach erringen. An Position 2 schoss Anne erneut einen sehr guten Wettkampf (Saisonbestleistung) und gewann ungef\u00e4hrdet mit 298: 290 Ringen den Siegpunkt zum Zwischenstand von 2:0. An Position 3 mussten Annette und ihre Gegnerin nach Gleichstand von 294 Ringen ins Stechen. Hier blieb nach dem zweiten Stechschuss die Moosbrunner Sch\u00fctzin mit 19:20 die Gl\u00fccklichere und verk\u00fcrzte zum Endstand von 2:1 f\u00fcr Eberbach 3. Das Mannschaftsergebnis von 888 Ringen war ebenfalls Saisonbestleistung.<\/p>\r\n<p>Durch die beiden Siege der Eberbacher Mannschaften bleibt Eberbach 2 mit 6:2 MP Tabellenf\u00fchrer dank der um einen Punkt besseren EP vor Eberbach 3.<\/p>\r\n<p>F\u00fcr die Rangliste der Einzelwertung schossen mit der Luftpistole Christiane Weidner 278 und Thomas B\u00e4uerle 282 Ringe und liegen damit im internen Familienduell nur 1 Ring (Vorteil Thomas) auseinander. Martin Kress schoss in seinem Deb\u00fctwettkampf nach seinem Missgeschick im ersten Schuss noch 253 Ringe.<\/p>\r\n<p>WS 25.11.2019<\/p>\r\n<p>&nbsp;<\/p>\r\n<hr \/>\r\n<p>&nbsp;<\/p>\r\n<p>&nbsp;<\/p>\r\n<h1><strong>K\u00f6nigsfeier 2019<\/strong><\/h1>\r\n<p>&nbsp;<\/p>\r\n<p>Am 23.11.2019 fand wieder unsere traditionelle K\u00f6nigsfeier im eigenen Sch\u00fctzenhaus statt.<\/p>\r\n<p>&nbsp;<\/p>\r\n<p>In der wundersch\u00f6n geschm\u00fcckten Halle wurden die 68 Sch\u00fctzenkameraden und G\u00e4ste von Obersch\u00fctzenmeister Patrick Joho begr\u00fc\u00dft.<\/p>\r\n<p>&nbsp;<\/p>\r\n<p>Besonderen Gru\u00df ging an die anwesenden Ehrenmitglieder:<\/p>\r\n<p>&nbsp;<\/p>\r\n<p>Friedrich Oe\u00df, Werner Gose und Hans-Peter Hettmansperger<\/p>\r\n<p>&nbsp;<\/p>\r\n<p><a class=\"fbx-link\" href=\"http:\/\/s710205766.online.de\/ssv-wordpress\/wp-content\/uploads\/DSC_0844.jpg\" target=\"_blank\" rel=\"noopener noreferrer\"><img loading=\"lazy\" decoding=\"async\" class=\"alignleft wp-image-5429 size-medium\" src=\"http:\/\/s710205766.online.de\/ssv-wordpress\/wp-content\/uploads\/DSC_0844-199x300.jpg\" alt=\"\" width=\"199\" height=\"300\" srcset=\"http:\/\/s710205766.online.de\/ssv-wordpress\/wp-content\/uploads\/DSC_0844-199x300.jpg 199w, http:\/\/s710205766.online.de\/ssv-wordpress\/wp-content\/uploads\/DSC_0844-768x1155.jpg 768w, http:\/\/s710205766.online.de\/ssv-wordpress\/wp-content\/uploads\/DSC_0844-681x1024.jpg 681w, http:\/\/s710205766.online.de\/ssv-wordpress\/wp-content\/uploads\/DSC_0844.jpg 1575w\" sizes=\"(max-width: 199px) 100vw, 199px\" \/><\/a><\/p>\r\n<p>&nbsp;<\/p>\r\n<p>(Foto privat) OSM Patrick Joho<a class=\"fbx-link\" href=\"http:\/\/s710205766.online.de\/ssv-wordpress\/wp-content\/uploads\/IMG_2635-2.jpg\" target=\"_blank\" rel=\"noopener noreferrer\"><img loading=\"lazy\" decoding=\"async\" class=\"aligncenter wp-image-5430 size-medium\" src=\"http:\/\/s710205766.online.de\/ssv-wordpress\/wp-content\/uploads\/IMG_2635-2-300x162.jpg\" alt=\"\" width=\"300\" height=\"162\" srcset=\"http:\/\/s710205766.online.de\/ssv-wordpress\/wp-content\/uploads\/IMG_2635-2-300x162.jpg 300w, http:\/\/s710205766.online.de\/ssv-wordpress\/wp-content\/uploads\/IMG_2635-2-768x415.jpg 768w, http:\/\/s710205766.online.de\/ssv-wordpress\/wp-content\/uploads\/IMG_2635-2-1024x554.jpg 1024w\" sizes=\"(max-width: 300px) 100vw, 300px\" \/><\/a><\/p>\r\n<p>(Foto privat) Tischdeko von Pia Sauer und Michaela Scherer<\/p>\r\n<p>&nbsp;<\/p>\r\n<p>Dann wurde das B\u00fcffet er\u00f6ffnet. (Kai Bachert)<\/p>\r\n<p><a class=\"fbx-link\" href=\"http:\/\/s710205766.online.de\/ssv-wordpress\/wp-content\/uploads\/DSC_0847.jpg\" target=\"_blank\" rel=\"noopener noreferrer\"><img loading=\"lazy\" decoding=\"async\" class=\"aligncenter wp-image-5432 size-large\" src=\"http:\/\/s710205766.online.de\/ssv-wordpress\/wp-content\/uploads\/DSC_0847-1024x681.jpg\" alt=\"\" width=\"700\" height=\"466\" srcset=\"http:\/\/s710205766.online.de\/ssv-wordpress\/wp-content\/uploads\/DSC_0847-1024x681.jpg 1024w, http:\/\/s710205766.online.de\/ssv-wordpress\/wp-content\/uploads\/DSC_0847-300x199.jpg 300w, http:\/\/s710205766.online.de\/ssv-wordpress\/wp-content\/uploads\/DSC_0847-768x510.jpg 768w\" sizes=\"(max-width: 700px) 100vw, 700px\" \/><\/a><\/p>\r\n<p>(Foto privat v.li.)Thomas B\u00e4uerle, Friedrich Sch\u00f6lch, Sascha K\u00fcller,Steffen Kre\u00df, Kerstin Liebsch,Wulfrin Schatz, Annette Schatz,Thomas M\u00fcller, Roland Johe,Gabi Hammer-Zeitler,Martina Walldorf, Wolfgang Stadler,Leon Joho,Karin Kre\u00df, Xenia Scherer,Aaliyah Demirci, Max Kre\u00df,Martin Kre\u00df, Michael Brockmann, Christiane Weidner, Anne Gliese, Dirk Zimmermann, Benjamin Dannefelser, Lothar Braun, Patrick Joho, Tim V\u00f6lker, Franz Zeitler,Klaus Bickel, Friedrich Oe\u00df, Werner Gose,<\/p>\r\n<p>&nbsp;<\/p>\r\n<p>Die gesamte Ergebnisliste findet sich unter Unser Sport\/ Meisterschaften\/ Vereinsmeisterschaften<\/p>\r\n<p>&nbsp;<\/p>\r\n<p>Dieses Jahr gab es einen besonderen Programmpunkt.<\/p>\r\n<p>&nbsp;<\/p>\r\n<p>Unser Ehrenmitglied Werner Gose m\u00f6chte nach 48 Jahren mit dem aktiven Schie\u00dfen aufh\u00f6ren.<\/p>\r\n<p><a class=\"fbx-link\" href=\"http:\/\/s710205766.online.de\/ssv-wordpress\/wp-content\/uploads\/IMG_2644.jpg\" target=\"_blank\" rel=\"noopener noreferrer\"><img loading=\"lazy\" decoding=\"async\" class=\"aligncenter wp-image-5444 size-medium\" src=\"http:\/\/s710205766.online.de\/ssv-wordpress\/wp-content\/uploads\/IMG_2644-225x300.jpg\" alt=\"\" width=\"225\" height=\"300\" srcset=\"http:\/\/s710205766.online.de\/ssv-wordpress\/wp-content\/uploads\/IMG_2644-225x300.jpg 225w, http:\/\/s710205766.online.de\/ssv-wordpress\/wp-content\/uploads\/IMG_2644-768x1025.jpg 768w, http:\/\/s710205766.online.de\/ssv-wordpress\/wp-content\/uploads\/IMG_2644-767x1024.jpg 767w\" sizes=\"(max-width: 225px) 100vw, 225px\" \/><\/a><\/p>\r\n<p>&nbsp;<\/p>\r\n<p>Die letzten 11 Jahre hat er sehr erfolgreich Luftgewehr Auflage geschossen und diese Disziplin in unserem Verein vorangetrieben und sehr gepr\u00e4gt.<\/p>\r\n<p>&nbsp;<\/p>\r\n<p>Anl\u00e4sslich der K\u00f6nigsfeier am 23.11.2019 erfuhr \u201eOnkel\u201c Werner Gose f\u00fcr seine Verdienste um das Auflageschie\u00dfen von seinen Mannschaftskameraden eine besondere Ehrung.<\/p>\r\n<p>&nbsp;<\/p>\r\n<p>Ein Geschenkkorb mit \u201eOnkel Werners Spezialit\u00e4ten\u201c wurde als Dank vom Auflageteam \u00fcberreicht.<\/p>\r\n<p>&nbsp;<\/p>\r\n<p><a class=\"fbx-link\" href=\"http:\/\/s710205766.online.de\/ssv-wordpress\/wp-content\/uploads\/DSC_0849-1.jpg\" target=\"_blank\" rel=\"noopener noreferrer\"><img loading=\"lazy\" decoding=\"async\" class=\"aligncenter wp-image-5435 size-large\" src=\"http:\/\/s710205766.online.de\/ssv-wordpress\/wp-content\/uploads\/DSC_0849-1-681x1024.jpg\" alt=\"\" width=\"681\" height=\"1024\" srcset=\"http:\/\/s710205766.online.de\/ssv-wordpress\/wp-content\/uploads\/DSC_0849-1-681x1024.jpg 681w, http:\/\/s710205766.online.de\/ssv-wordpress\/wp-content\/uploads\/DSC_0849-1-200x300.jpg 200w, http:\/\/s710205766.online.de\/ssv-wordpress\/wp-content\/uploads\/DSC_0849-1-768x1155.jpg 768w, http:\/\/s710205766.online.de\/ssv-wordpress\/wp-content\/uploads\/DSC_0849-1.jpg 1785w\" sizes=\"(max-width: 681px) 100vw, 681px\" \/><\/a>(Foto privat v. li.) Friedrich Oe\u00df, Werner Gose und Wulfrin Schatz<\/p>\r\n<p>&nbsp;<\/p>\r\n<p>Der Wunsch von Werner, k\u00fcnftig etwas k\u00fcrzer zu treten, wird von seinen Mannschaftskameraden nat\u00fcrlich mit zwei weinenden Augen gesehen, aber letztendlich akzeptiert. Sein Versprechen, im Notfall einzuspringen, wird erfreut zur Kenntnis genommen.<\/p>\r\n<p>&nbsp;<\/p>\r\n<p>Die Sch\u00fctzenkameraden von Eberbach werden sich freuen, wenn Onkel Werner noch recht oft, zu einem gem\u00fctlichen Beisammensein, ins Sch\u00fctzenhaus kommt.<\/p>\r\n<p>&nbsp;<\/p>\r\n<p>Die Jugend bedankte sich auch in diesem Jahr wieder bei ihren Trainern, f\u00fcr die Geduld und Betreuung \u00fcber das ganze Jahr.<\/p>\r\n<p><a class=\"fbx-link\" href=\"http:\/\/s710205766.online.de\/ssv-wordpress\/wp-content\/uploads\/DSC_0853.jpg\" target=\"_blank\" rel=\"noopener noreferrer\"><img loading=\"lazy\" decoding=\"async\" class=\"aligncenter wp-image-5433 size-large\" src=\"http:\/\/s710205766.online.de\/ssv-wordpress\/wp-content\/uploads\/DSC_0853-1024x681.jpg\" alt=\"\" width=\"700\" height=\"466\" srcset=\"http:\/\/s710205766.online.de\/ssv-wordpress\/wp-content\/uploads\/DSC_0853-1024x681.jpg 1024w, http:\/\/s710205766.online.de\/ssv-wordpress\/wp-content\/uploads\/DSC_0853-300x199.jpg 300w, http:\/\/s710205766.online.de\/ssv-wordpress\/wp-content\/uploads\/DSC_0853-768x511.jpg 768w\" sizes=\"(max-width: 700px) 100vw, 700px\" \/><\/a><\/p>\r\n<p>(Foto privat v. li.) Max Kre\u00df, Patrick Joho (stellvertretender Jugendleiter) Xenia Scherer, Tim V\u00f6lker und Jugendleiter Thomas M\u00fcller<\/p>\r\n<p>&nbsp;<\/p>\r\n<p>Auch das beliebte Sch\u00e4tzspiel war in diesem Jahr wieder dabei. Gabi Klinge-Teller hat sich die Sch\u00e4tzfrage ausgedacht.<\/p>\r\n<p>&nbsp;<\/p>\r\n<p>Wieviele Puzzelteile sind in diesem Glas?<\/p>\r\n<p>&nbsp;<\/p>\r\n<p><a class=\"fbx-link\" href=\"http:\/\/s710205766.online.de\/ssv-wordpress\/wp-content\/uploads\/DSC_0852.jpg\" target=\"_blank\" rel=\"noopener noreferrer\"><img loading=\"lazy\" decoding=\"async\" class=\"aligncenter wp-image-5436 size-large\" src=\"http:\/\/s710205766.online.de\/ssv-wordpress\/wp-content\/uploads\/DSC_0852-1024x681.jpg\" alt=\"\" width=\"700\" height=\"466\" srcset=\"http:\/\/s710205766.online.de\/ssv-wordpress\/wp-content\/uploads\/DSC_0852-1024x681.jpg 1024w, http:\/\/s710205766.online.de\/ssv-wordpress\/wp-content\/uploads\/DSC_0852-300x199.jpg 300w, http:\/\/s710205766.online.de\/ssv-wordpress\/wp-content\/uploads\/DSC_0852-768x511.jpg 768w\" sizes=\"(max-width: 700px) 100vw, 700px\" \/><\/a>(Foto v. li.) Gabi Teller Verg\u00fcgungsausschu\u00df, Doris Stadler 2. Platz, Marta Dworaczek 1. Platz, Andrea M\u00fcller 3. Platz und Karin Kre\u00df OSM<\/p>\r\n<p>&nbsp;<\/p>\r\n<p>&nbsp;<\/p>\r\n<p>Auch in diesem Jahr bekamen wieder alle Teilnehmer bei einer Deutschen Meisterschaft ein Pr\u00e4sent als Anerkennung vom Verein.<\/p>\r\n<p>&nbsp;<\/p>\r\n<p><a class=\"fbx-link\" href=\"http:\/\/s710205766.online.de\/ssv-wordpress\/wp-content\/uploads\/DSC_0850.jpg\" target=\"_blank\" rel=\"noopener noreferrer\"><img loading=\"lazy\" decoding=\"async\" class=\"aligncenter wp-image-5437 size-large\" src=\"http:\/\/s710205766.online.de\/ssv-wordpress\/wp-content\/uploads\/DSC_0850-1024x681.jpg\" alt=\"\" width=\"700\" height=\"466\" srcset=\"http:\/\/s710205766.online.de\/ssv-wordpress\/wp-content\/uploads\/DSC_0850-1024x681.jpg 1024w, http:\/\/s710205766.online.de\/ssv-wordpress\/wp-content\/uploads\/DSC_0850-300x199.jpg 300w, http:\/\/s710205766.online.de\/ssv-wordpress\/wp-content\/uploads\/DSC_0850-768x511.jpg 768w\" sizes=\"(max-width: 700px) 100vw, 700px\" \/><\/a>(Foto v. li.) OSM Patrick Joho, Annete und Wulfrin Schatz, Kerstin Liebsch, Gabi Hammer-Zeitler, Steffen Kre\u00df; Xenia Scherer, Karin Kre\u00df, Benjamin Dannefelser, Thomas M\u00fcller, Lothar Braun,Werner Gose und Klaus Bickel.<\/p>\r\n<p>&nbsp;<\/p>\r\n<p>Nun konnten Lose f\u00fcr die Tombola gekauft werden.<\/p>\r\n<p>&nbsp;<\/p>\r\n<p><a class=\"fbx-link\" href=\"http:\/\/s710205766.online.de\/ssv-wordpress\/wp-content\/uploads\/IMG_2630-1.jpg\" target=\"_blank\" rel=\"noopener noreferrer\"><img loading=\"lazy\" decoding=\"async\" class=\"wp-image-5442 size-medium alignleft\" src=\"http:\/\/s710205766.online.de\/ssv-wordpress\/wp-content\/uploads\/IMG_2630-1-300x225.jpg\" alt=\"\" width=\"300\" height=\"225\" srcset=\"http:\/\/s710205766.online.de\/ssv-wordpress\/wp-content\/uploads\/IMG_2630-1-300x225.jpg 300w, http:\/\/s710205766.online.de\/ssv-wordpress\/wp-content\/uploads\/IMG_2630-1-768x576.jpg 768w, http:\/\/s710205766.online.de\/ssv-wordpress\/wp-content\/uploads\/IMG_2630-1-1024x768.jpg 1024w\" sizes=\"(max-width: 300px) 100vw, 300px\" \/><\/a> <a class=\"fbx-link\" href=\"http:\/\/s710205766.online.de\/ssv-wordpress\/wp-content\/uploads\/IMG_2628-1.jpg\" target=\"_blank\" rel=\"noopener noreferrer\"><img loading=\"lazy\" decoding=\"async\" class=\"wp-image-5441 size-medium aligncenter\" src=\"http:\/\/s710205766.online.de\/ssv-wordpress\/wp-content\/uploads\/IMG_2628-1-300x225.jpg\" alt=\"\" width=\"300\" height=\"225\" srcset=\"http:\/\/s710205766.online.de\/ssv-wordpress\/wp-content\/uploads\/IMG_2628-1-300x225.jpg 300w, http:\/\/s710205766.online.de\/ssv-wordpress\/wp-content\/uploads\/IMG_2628-1-768x576.jpg 768w, http:\/\/s710205766.online.de\/ssv-wordpress\/wp-content\/uploads\/IMG_2628-1-1024x768.jpg 1024w\" sizes=\"(max-width: 300px) 100vw, 300px\" \/><\/a><a class=\"fbx-link\" href=\"http:\/\/s710205766.online.de\/ssv-wordpress\/wp-content\/uploads\/IMG_2630-1.jpg\" target=\"_blank\" rel=\"noopener noreferrer\"><img loading=\"lazy\" decoding=\"async\" class=\"alignright wp-image-5442 size-medium\" src=\"http:\/\/s710205766.online.de\/ssv-wordpress\/wp-content\/uploads\/IMG_2630-1-300x225.jpg\" alt=\"\" width=\"300\" height=\"225\" srcset=\"http:\/\/s710205766.online.de\/ssv-wordpress\/wp-content\/uploads\/IMG_2630-1-300x225.jpg 300w, http:\/\/s710205766.online.de\/ssv-wordpress\/wp-content\/uploads\/IMG_2630-1-768x576.jpg 768w, http:\/\/s710205766.online.de\/ssv-wordpress\/wp-content\/uploads\/IMG_2630-1-1024x768.jpg 1024w\" sizes=\"(max-width: 300px) 100vw, 300px\" \/><\/a><\/p>\r\n<p>&nbsp;<\/p>\r\n<h4>\u00a0<\/h4>\r\n<p>&nbsp;<\/p>\r\n<p>&nbsp;<\/p>\r\n<p>&nbsp;<\/p>\r\n<h4>\u00a0<\/h4>\r\n<p>&nbsp;<\/p>\r\n<p>Nach einem Besuch am leckeren Dessertb\u00fcffet ging es zum H\u00f6hepunkt einer jeden K\u00f6nigsfeier. Die Bekanntgabe der diesj\u00e4hrigen K\u00f6nige.<\/p>\r\n<p>&nbsp;<\/p>\r\n<p>Zuerst die Jugend. Nachdem die Vorjahressieger ihre Anstecknadel in Empfang genommen haben, wurde der neue Jugendk\u00f6nig, mit seinem Gefolge bekannt gegeben.<\/p>\r\n<p>&nbsp;<\/p>\r\n<p>Jugendk\u00f6nig wurde Daniel Dermanovskiy, 1.Ritter Leon Joho und 2. Ritter Max Kre\u00df<\/p>\r\n<p>&nbsp;<\/p>\r\n<p>Den Jugendpokal bekam in diesem Jahr Zita Stumpf.<\/p>\r\n<p>&nbsp;<\/p>\r\n<p><a class=\"fbx-link\" href=\"http:\/\/s710205766.online.de\/ssv-wordpress\/wp-content\/uploads\/DSC_0855.jpg\" target=\"_blank\" rel=\"noopener noreferrer\"><img loading=\"lazy\" decoding=\"async\" class=\"aligncenter wp-image-5447 size-large\" src=\"http:\/\/s710205766.online.de\/ssv-wordpress\/wp-content\/uploads\/DSC_0855-1024x681.jpg\" alt=\"\" width=\"700\" height=\"466\" srcset=\"http:\/\/s710205766.online.de\/ssv-wordpress\/wp-content\/uploads\/DSC_0855-1024x681.jpg 1024w, http:\/\/s710205766.online.de\/ssv-wordpress\/wp-content\/uploads\/DSC_0855-300x199.jpg 300w, http:\/\/s710205766.online.de\/ssv-wordpress\/wp-content\/uploads\/DSC_0855-768x511.jpg 768w\" sizes=\"(max-width: 700px) 100vw, 700px\" \/><\/a>(Foto privat v. li.) OSM Thomas M\u00fcller, OSM Karin Kre\u00df, Leon Joho, Daniel Dermanovskiy, Max Kre\u00df, Zita Stumpf und OSM Patrick Joho<\/p>\r\n<p>&nbsp;<\/p>\r\n<p>Der Gewinner, der von Karin Kre\u00df gestifteten K\u00f6nigsscheibe, hei\u00dft Patrick Joho.<\/p>\r\n<p>&nbsp;<\/p>\r\n<p>Die Scheibe wurde erstmalig von Frau Martina Woschko \u00fcberreicht. Frau Woschko bemalt seid vielen Jahren die Ehrenscheiben des SSV Eberbach<\/p>\r\n<p>&nbsp;<\/p>\r\n<p><a class=\"fbx-link\" href=\"http:\/\/s710205766.online.de\/ssv-wordpress\/wp-content\/uploads\/DSC_0875.jpg\" target=\"_blank\" rel=\"noopener noreferrer\"><img loading=\"lazy\" decoding=\"async\" class=\"aligncenter wp-image-5448 size-large\" src=\"http:\/\/s710205766.online.de\/ssv-wordpress\/wp-content\/uploads\/DSC_0875-681x1024.jpg\" alt=\"\" width=\"681\" height=\"1024\" srcset=\"http:\/\/s710205766.online.de\/ssv-wordpress\/wp-content\/uploads\/DSC_0875-681x1024.jpg 681w, http:\/\/s710205766.online.de\/ssv-wordpress\/wp-content\/uploads\/DSC_0875-199x300.jpg 199w, http:\/\/s710205766.online.de\/ssv-wordpress\/wp-content\/uploads\/DSC_0875-768x1155.jpg 768w, http:\/\/s710205766.online.de\/ssv-wordpress\/wp-content\/uploads\/DSC_0875.jpg 1697w\" sizes=\"(max-width: 681px) 100vw, 681px\" \/><\/a>(Foto privat v. li.) Patrick Joho und Martina Woschko<\/p>\r\n<p>&nbsp;<\/p>\r\n<p>Nachdem auch diese Vorjahresgewinner ihre Anstecknadel bekommen haben, wurden die diesj\u00e4hrigen Majest\u00e4ten bekannt gegeben.<\/p>\r\n<p>&nbsp;<\/p>\r\n<p>Die Sch\u00fctzenk\u00f6nigin 2019 ist Pia Sauer, die 1. Dame ist Nina Johe und der 2. Ritter ist Lothar Braun Unver\u00e4ndert: <a class=\"fbx-link\" href=\"http:\/\/s710205766.online.de\/ssv-wordpress\/wp-content\/uploads\/DSC_0877-1.jpg\" target=\"_blank\" rel=\"noopener noreferrer\"><img loading=\"lazy\" decoding=\"async\" class=\"aligncenter wp-image-5489 size-large\" src=\"http:\/\/s710205766.online.de\/ssv-wordpress\/wp-content\/uploads\/DSC_0877-1-1024x681.jpg\" alt=\"\" width=\"700\" height=\"466\" srcset=\"http:\/\/s710205766.online.de\/ssv-wordpress\/wp-content\/uploads\/DSC_0877-1-1024x681.jpg 1024w, http:\/\/s710205766.online.de\/ssv-wordpress\/wp-content\/uploads\/DSC_0877-1-300x199.jpg 300w, http:\/\/s710205766.online.de\/ssv-wordpress\/wp-content\/uploads\/DSC_0877-1-768x511.jpg 768w\" sizes=\"(max-width: 700px) 100vw, 700px\" \/><\/a><\/p>\r\n<p>(Foto privat v. li.) Patrick Joho, Thomas M\u00fcller, Max Kre\u00df, Daniel Dermanovskiy, Pia Sauer, Lothar Braun und Karin. Nicht auf dem Bild Nina Johe und Leon Joho<\/p>\r\n<p>&nbsp;<\/p>\r\n<p>Nach diesem H\u00f6hepunkt wurde die K\u00f6nigsbar er\u00f6ffnet und die Lose der Tombola konnten eingetauscht werden.<\/p>\r\n<p><a class=\"fbx-link\" href=\"http:\/\/s710205766.online.de\/ssv-wordpress\/wp-content\/uploads\/IMG_2639.jpg\" target=\"_blank\" rel=\"noopener noreferrer\"><img loading=\"lazy\" decoding=\"async\" class=\"alignleft wp-image-5451 size-medium\" src=\"http:\/\/s710205766.online.de\/ssv-wordpress\/wp-content\/uploads\/IMG_2639-300x235.jpg\" alt=\"\" width=\"300\" height=\"235\" srcset=\"http:\/\/s710205766.online.de\/ssv-wordpress\/wp-content\/uploads\/IMG_2639-300x235.jpg 300w, http:\/\/s710205766.online.de\/ssv-wordpress\/wp-content\/uploads\/IMG_2639-768x603.jpg 768w, http:\/\/s710205766.online.de\/ssv-wordpress\/wp-content\/uploads\/IMG_2639-1024x804.jpg 1024w\" sizes=\"(max-width: 300px) 100vw, 300px\" \/><\/a><\/p>\r\n<p><a class=\"fbx-instance fbx-link\" href=\"http:\/\/s710205766.online.de\/ssv-wordpress\/wp-content\/uploads\/DSC_0883-2.jpg\"><img loading=\"lazy\" decoding=\"async\" class=\"alignright size-medium wp-image-5455\" src=\"http:\/\/s710205766.online.de\/ssv-wordpress\/wp-content\/uploads\/DSC_0883-2-300x199.jpg\" alt=\"\" width=\"300\" height=\"199\" srcset=\"http:\/\/s710205766.online.de\/ssv-wordpress\/wp-content\/uploads\/DSC_0883-2-300x199.jpg 300w, http:\/\/s710205766.online.de\/ssv-wordpress\/wp-content\/uploads\/DSC_0883-2-768x511.jpg 768w, http:\/\/s710205766.online.de\/ssv-wordpress\/wp-content\/uploads\/DSC_0883-2-1024x681.jpg 1024w\" sizes=\"(max-width: 300px) 100vw, 300px\" \/><\/a><\/p>\r\n<p>&nbsp;<\/p>\r\n<h4>\u00a0<\/h4>\r\n<p>&nbsp;<\/p>\r\n<h4>\u00a0<\/h4>\r\n<p>&nbsp;<\/p>\r\n<h4>\u00a0<\/h4>\r\n<p>:<\/p>\r\n<h4>\u00a0<\/h4>\r\n<p>&nbsp;<\/p>\r\n<p>&nbsp;<\/p>\r\n<p>&nbsp;<\/p>\r\n<p>&nbsp;<\/p>\r\n<p>&nbsp;<\/p>\r\n<p>Es war wieder eine gelungene K\u00f6nigsfeier und ein wundersch\u00f6ner Abend. Es gab ein tolles Essen und das Programm war abwechslungsreich.<\/p>\r\n<p>&nbsp;<\/p>\r\n<p>&nbsp;<\/p>\r\n<p><a class=\"fbx-link\" href=\"http:\/\/s710205766.online.de\/ssv-wordpress\/wp-content\/uploads\/IMG_2645-3-1.jpg\" target=\"_blank\" rel=\"noopener noreferrer\"><img loading=\"lazy\" decoding=\"async\" class=\"aligncenter wp-image-5533 size-large\" src=\"http:\/\/s710205766.online.de\/ssv-wordpress\/wp-content\/uploads\/IMG_2645-3-1-1024x520.jpg\" alt=\"\" width=\"700\" height=\"355\" srcset=\"http:\/\/s710205766.online.de\/ssv-wordpress\/wp-content\/uploads\/IMG_2645-3-1-1024x520.jpg 1024w, http:\/\/s710205766.online.de\/ssv-wordpress\/wp-content\/uploads\/IMG_2645-3-1-300x152.jpg 300w, http:\/\/s710205766.online.de\/ssv-wordpress\/wp-content\/uploads\/IMG_2645-3-1-768x390.jpg 768w\" sizes=\"(max-width: 700px) 100vw, 700px\" \/><\/a>Einen besonderen Dank geht an alle fleissigen Helfer, ohne die ein solcher Abend nicht m\u00f6glich w\u00e4re.<\/p>\r\n<p>\u00a025.11.19\/ MW<\/p>\r\n<p>&nbsp;<\/p>\r\n<h4>\u00a0<\/h4>\r\n<h4><strong>LG Auflage 4. Wettkampf KOL<\/strong><\/h4>\r\n<p><strong>Eberbach 1 mit Rekordergebnis<\/strong><\/p>\r\n<p>Zum Auftakt der R\u00fcckrunde musste die 1. Mannschaft beim 4. Ligawettkampf in der Kreisoberliga in Moosbrunn gegen Neckargem\u00fcnd antreten. F\u00fcr Eberbach 1 lief es fast optimal, denn sowohl Gabi und Lothar kamen mit je 300 Ringen gegen ihre Gegner relativ gefahrlos zum Sieg. Lediglich Wulfrin tanzte mit 299 Ringen aus dem Rahmen; aber auch er konnte deutlich gewinnen. So stand am Schluss ein Mannschaftsergebnis von 899 Ringen an der Ergebnistafel. Dies bedeutet Kreisrekord in der nun 12-j\u00e4hrigen Geschichte der Ligarunde Aufgelegt im Sch\u00fctzenkreis 4.<\/p>\r\n<p>Durch diesen Mannschaftsieg mit 3:0 blieb die 1. Mannschaft ungeschlagen mit 8:0 Mannschaftspunkten und 10:2 Einzelpunkten zu Beginn der R\u00fcckrunde auf dem ersten Platz. Der Zweite, Spechbach 1, liegt jedoch mit einem Wettkampf weniger mit 6:0 MP und 8:1 EP ebenfalls noch aussichtsreich im Rennen. Beim n\u00e4chsten Ligawettkampf kommt es zwischen diesen beiden Mannschaften in Spechbach zum direkten Duell und wohl zur Vorentscheidung um den Gesamtsieg.<\/p>\r\n<p>F\u00fcr die Rangliste der Einzelwertung schossen mit der Luftpistole Christiane Weidner 279 und Thomas B\u00e4uerle 282 Ringe und liegen damit im internen Familienduell nur noch 3 Ringe (Vorteil Christiane) auseinander.<\/p>\r\n<p>WS 18.11.2019<\/p>\r\n<p>&nbsp;<\/p>\r\n<h4><strong>LG Auflage 3. Wettkampf KLA<\/strong><\/h4>\r\n<p><strong>Eberbach 2 Halbzeitmeister<\/strong><\/p>\r\n<p>Zum 3. Ligawettkampf in der Kreisliga A mussten die 2. und 3. Mannschaft in Brombach antreten. Hier kam es zum direkten Duell beider Eberbacher Mannschaften gegeneinander.<\/p>\r\n<p>Reinhard (MA 2) an Position 1, der schon in den beiden ersten Wettk\u00e4mpfen sehr gut schoss, lie\u00df auch im dritten Wettkampf gegen Annette nichts anbrennen und gewann klar mit 298:292 Ringen den ersten Punkt f\u00fcr Eberbach 2.<\/p>\r\n<p>\u00a0An Position 2 ging es zwischen Anne (MA 3) und Fritz \u00e4u\u00dferst spannend zu. Nach 20 Schuss lagen beide mit 198 Ringen gleichauf. In der letzten Serie setzte sich dann Anne mit 98:96 Ringen durch, so dass nach dem Endergebnis von 296:294 Ringen die 3.Mannschaft zum 1:1 Ausgleich kam.<\/p>\r\n<p>An Position 3 ging es \u00e4hnlich zu. Auch hier lagen der sich erneut steigernde Franz (MA 3) und Klaus nach 20 Schuss beide mit 196 Ringen gleichauf. Hier setzte sich aber in der letzten Serie Klaus von der MA 2 mit 99:98 Ringen durch und gewann f\u00fcr die 2. Mannschaft mit 293:292 Ringen den 2:1-Siegpunkt.<\/p>\r\n<p>Durch diesen Sieg wurde die 2. Mannschaft mit 4:2 Punkten und 6:3 Einzelpunkten aufgrund der besseren Gesamtringzahl Halbzeitmeister vor der 3. Mannschaft mit gleichen Mannschafts- und Einzelpunkten. Dahinter lauert mit ebenfalls 4:2 Mannschaftspunkten Moosbrunn 2.<\/p>\r\n<p>F\u00fcr die Rangliste der Einzelwertung schossen mit der Luftpistole Christiane Weidner und Thomas B\u00e4uerle sehr gute 288 und 287 Ringe.<\/p>\r\n<p>WS 11.11.2019<\/p>\r\n<p>&nbsp;<\/p>\r\n<h4><strong>Turnier f\u00fcr Selbstladegewehre<\/strong><\/h4>\r\n<p>&nbsp;<\/p>\r\n<p>Am Samstag, den 09.11.2019 fand beim SSV Pleutersbach das Turnier f\u00fcr Selbstladegewehre statt.<\/p>\r\n<p>Eingeladen waren alle Sch\u00fctzen die im Besitz eines solchen Gewehres sind, oder mit einer geliehenen Waffe schie\u00dfen konnten.<\/p>\r\n<p>Die Durchf\u00fchrung fand in 2 Wettkampfklassen statt:<\/p>\r\n<p>Mit offener Visierung (Kimme und Korn)<\/p>\r\n<p>Geschlossene Visierung (Zielfernrohr)<\/p>\r\n<p>Geschossen wurde auf eine verkleinerte 100m Scheibe zum Ordonnanzgewehrschiessen, Entfernung 50m<\/p>\r\n<p>Die Schusszahl betrug 20 Schuss, hierbei sollte beachtet werden, die offene Visierung hatte<\/p>\r\n<p>30 Minuten Gesamtzeit (inklusive Probesch\u00fcsse).<\/p>\r\n<p>Die Zielfernrohrsch\u00fctzen hatten pro 10 Schuss nur 20 Sekunden Zeitlimit.<\/p>\r\n<p>Von den 20 Startern in der Klasse, offene Visierung, schossen ein Gro\u00dfteil mit dem Kaliber .223 Remington (metrisch 5.56\u00d745mm), auch die .308 Winchester (metrisch 7,62x 51mm) war vertreten, auch die KK-Version (.22 lfB) eines Selbstladers war vorhanden.<\/p>\r\n<p>Ein Sch\u00fctze vom SSV Eberbach hat auch an diesem Turnier teilgenommen und den 4. Platz erreicht (offene Visierung).<\/p>\r\n<p>&nbsp;<\/p>\r\n<p>09.11.19\/ TB<\/p>\r\n<p>&nbsp;<\/p>\r\n<h4><strong>LG Auflage 3. Wettkampf KOL<\/strong><\/h4>\r\n<p><strong>Eberbach 1 Halbzeitmeister<\/strong><\/p>\r\n<p>Zum 3. Ligawettkampf in der Kreisoberliga musste die 1. Mannschaft in Spechbach gegen Brombach 1 antreten.<\/p>\r\n<p>Gabi an Position 1 legte gegen ihren Gegner sehr schnell 200 Ringe vor, die sich am Ende nach einer 98er-Serie auf 298 Ringe beliefen. Ihr Gegner hatte 296 Ringe; damit war der erste Punkt f\u00fcr Eberbach errungen.<\/p>\r\n<p>Wulfrin an Position 2 konnte sein Niveau aus Dortmund leider nicht wiederholen und musste nach 2 Neunern mit einem 298:296 Sieg und dem 2.Siegpunkt f\u00fcr die Mannschaft zufrieden sein.<\/p>\r\n<p>An Position 3 kam Lothar gegen seine Gegnerin zu einem ungef\u00e4hrdeten Sieg mit 296:286 Ringen.<\/p>\r\n<p>\u00a0Durch den Mannschaftsieg mit 3:0 gegen Brombach 1 blieb die 1. Mannschaft ungeschlagen mit 6:0 Mannschaftspunkten und 7:2 Einzelpunkten zur Halbzeit der Ligarunde auf dem ersten Platz. Der Zweite, Spechbach 1, liegt jedoch mit einem Wettkampf weniger mit 4:0 MP und 5:1 EP ebenfalls noch aussichtsreich im Rennen.<\/p>\r\n<p>\u00a0WS 04.11.2019<\/p>\r\n<p>&nbsp;<\/p>\r\n<h1><strong>Kreissch\u00fctzenball 2019<\/strong><\/h1>\r\n<p>&nbsp;<\/p>\r\n<p>Am 02.11.20190 fand in Eberbach der Kreissch\u00fctzenball 2019 statt.<\/p>\r\n<p>In der wundersch\u00f6n geschm\u00fcckten Stadthalle konnte der Kreisobersch\u00fctzenmeister Reinhard Zahn seine zahlreichen Besucher begr\u00fc\u00dfen.<\/p>\r\n<p>Von 17 Kreisvereinen sind 14 Vereine mit zahlreichen Mitgliedern, der Einladung gefolgt.<\/p>\r\n<p><a class=\"fbx-link\" href=\"http:\/\/s710205766.online.de\/ssv-wordpress\/wp-content\/uploads\/IMG_2542.jpg\" target=\"_blank\" rel=\"noopener noreferrer\"><img loading=\"lazy\" decoding=\"async\" class=\"wp-image-5303 size-medium alignleft\" src=\"http:\/\/s710205766.online.de\/ssv-wordpress\/wp-content\/uploads\/IMG_2542-300x225.jpg\" alt=\"\" width=\"300\" height=\"225\" srcset=\"http:\/\/s710205766.online.de\/ssv-wordpress\/wp-content\/uploads\/IMG_2542-300x225.jpg 300w, http:\/\/s710205766.online.de\/ssv-wordpress\/wp-content\/uploads\/IMG_2542-768x576.jpg 768w, http:\/\/s710205766.online.de\/ssv-wordpress\/wp-content\/uploads\/IMG_2542-1024x768.jpg 1024w\" sizes=\"(max-width: 300px) 100vw, 300px\" \/><\/a><\/p>\r\n<p>\u00a0<a class=\"fbx-link\" href=\"http:\/\/s710205766.online.de\/ssv-wordpress\/wp-content\/uploads\/IMG_2543.jpg\" target=\"_blank\" rel=\"noopener noreferrer\"><img loading=\"lazy\" decoding=\"async\" class=\"wp-image-5304 size-medium aligncenter\" src=\"http:\/\/s710205766.online.de\/ssv-wordpress\/wp-content\/uploads\/IMG_2543-300x225.jpg\" alt=\"\" width=\"300\" height=\"225\" srcset=\"http:\/\/s710205766.online.de\/ssv-wordpress\/wp-content\/uploads\/IMG_2543-300x225.jpg 300w, http:\/\/s710205766.online.de\/ssv-wordpress\/wp-content\/uploads\/IMG_2543-768x576.jpg 768w, http:\/\/s710205766.online.de\/ssv-wordpress\/wp-content\/uploads\/IMG_2543-1024x768.jpg 1024w\" sizes=\"(max-width: 300px) 100vw, 300px\" \/><\/a><\/p>\r\n<p>&nbsp;<\/p>\r\n<p>Nach dem Einmarsch des Eberbacher Fanfarenzuges und der Vereins-Fahnen wurde der Abend mit dem Badener Lied begonnen.<\/p>\r\n<p>&nbsp;<\/p>\r\n<p><a class=\"fbx-link\" href=\"http:\/\/s710205766.online.de\/ssv-wordpress\/wp-content\/uploads\/IMG_2525.jpg\" target=\"_blank\" rel=\"noopener noreferrer\"><img loading=\"lazy\" decoding=\"async\" class=\"aligncenter wp-image-5306 size-large\" src=\"http:\/\/s710205766.online.de\/ssv-wordpress\/wp-content\/uploads\/IMG_2525-1024x768.jpg\" alt=\"\" width=\"700\" height=\"525\" srcset=\"http:\/\/s710205766.online.de\/ssv-wordpress\/wp-content\/uploads\/IMG_2525-1024x768.jpg 1024w, http:\/\/s710205766.online.de\/ssv-wordpress\/wp-content\/uploads\/IMG_2525-300x225.jpg 300w, http:\/\/s710205766.online.de\/ssv-wordpress\/wp-content\/uploads\/IMG_2525-768x576.jpg 768w\" sizes=\"(max-width: 700px) 100vw, 700px\" \/><\/a><\/p>\r\n<p>Es folgten zahlreiche Ehrungen, mit denen die Sch\u00fctzen f\u00fcr das abgelaufene Sportjahr f\u00fcr ihre Leistungen belohnt wurden.<\/p>\r\n<p>Bei den erreichten Medaillen der Kreismeisterschaften erreichte Eberbach den zweiten Platz.<\/p>\r\n<p>Einen Pokal f\u00fcr den ersten Platz in der Luftgewehr Auflage Runde, bekam die 1. LG Auflage Mannschaft.:<\/p>\r\n<p><a class=\"fbx-instance fbx-link\" href=\"http:\/\/s710205766.online.de\/ssv-wordpress\/wp-content\/uploads\/IMG_2541.jpg\"><img loading=\"lazy\" decoding=\"async\" class=\"aligncenter size-medium wp-image-5308\" src=\"http:\/\/s710205766.online.de\/ssv-wordpress\/wp-content\/uploads\/IMG_2541-300x225.jpg\" alt=\"\" width=\"300\" height=\"225\" srcset=\"http:\/\/s710205766.online.de\/ssv-wordpress\/wp-content\/uploads\/IMG_2541-300x225.jpg 300w, http:\/\/s710205766.online.de\/ssv-wordpress\/wp-content\/uploads\/IMG_2541-768x576.jpg 768w, http:\/\/s710205766.online.de\/ssv-wordpress\/wp-content\/uploads\/IMG_2541-1024x768.jpg 1024w\" sizes=\"(max-width: 300px) 100vw, 300px\" \/><\/a><a class=\"fbx-instance fbx-link\" href=\"http:\/\/s710205766.online.de\/ssv-wordpress\/wp-content\/uploads\/IMG_2554.jpg\"><img loading=\"lazy\" decoding=\"async\" class=\"alignright size-medium wp-image-5309\" src=\"http:\/\/s710205766.online.de\/ssv-wordpress\/wp-content\/uploads\/IMG_2554-300x225.jpg\" alt=\"\" width=\"300\" height=\"225\" srcset=\"http:\/\/s710205766.online.de\/ssv-wordpress\/wp-content\/uploads\/IMG_2554-300x225.jpg 300w, http:\/\/s710205766.online.de\/ssv-wordpress\/wp-content\/uploads\/IMG_2554-768x576.jpg 768w, http:\/\/s710205766.online.de\/ssv-wordpress\/wp-content\/uploads\/IMG_2554-1024x768.jpg 1024w\" sizes=\"(max-width: 300px) 100vw, 300px\" \/><\/a><\/p>\r\n<p>&nbsp;<\/p>\r\n<p>&nbsp;<\/p>\r\n<p>&nbsp;<\/p>\r\n<p>&nbsp;<\/p>\r\n<p>&nbsp;<\/p>\r\n<p>&nbsp;<\/p>\r\n<p>&nbsp;<\/p>\r\n<p>W\u00e4hrend den Ehrungen wurden zwei Showdarbietungen gezeigt, die beim Publikum sehr gut ankamen.<\/p>\r\n<p>Ein H\u00f6hepunkt eines Kreis-Sch\u00fctzenballs ist die Kr\u00f6nung der Kreis-Sch\u00fctzenk\u00f6nige.<\/p>\r\n<p>Vom Eberbacher Sch\u00fctzenverein wurde Karin Kre\u00df zweite Hofdame. Beim Jugendk\u00f6nig, wurde die Eberbacher Jugendliche Leonie B\u00f6hm erste Hofdame.<\/p>\r\n<p><a class=\"fbx-link\" href=\"http:\/\/s710205766.online.de\/ssv-wordpress\/wp-content\/uploads\/IMG_2562.jpg\" target=\"_blank\" rel=\"noopener noreferrer\"><img loading=\"lazy\" decoding=\"async\" class=\"aligncenter wp-image-5310 size-large\" src=\"http:\/\/s710205766.online.de\/ssv-wordpress\/wp-content\/uploads\/IMG_2562-1024x768.jpg\" alt=\"\" width=\"700\" height=\"525\" srcset=\"http:\/\/s710205766.online.de\/ssv-wordpress\/wp-content\/uploads\/IMG_2562-1024x768.jpg 1024w, http:\/\/s710205766.online.de\/ssv-wordpress\/wp-content\/uploads\/IMG_2562-300x225.jpg 300w, http:\/\/s710205766.online.de\/ssv-wordpress\/wp-content\/uploads\/IMG_2562-768x576.jpg 768w\" sizes=\"(max-width: 700px) 100vw, 700px\" \/><\/a><\/p>\r\n<p>(Foto privat) 2. Hofdame Karin Kre\u00df (links) und 1. Hofdame Leonie B\u00f6hm (rechts)<\/p>\r\n<p>Der letzte H\u00f6hepunkt von Eberbacher Seite kam zum Schluss. Unser Sch\u00fctze Friedrich Oe\u00df wurde f\u00fcr langj\u00e4hrige Verdienste im Kreisvorstand zum neuen Ehrenmitglied des Sch\u00fctzenkreises 4 Neckartal ernannt.<\/p>\r\n<p><a class=\"fbx-link\" href=\"http:\/\/s710205766.online.de\/ssv-wordpress\/wp-content\/uploads\/IMG_2567-e1572802773182.jpg\" target=\"_blank\" rel=\"noopener noreferrer\"><img loading=\"lazy\" decoding=\"async\" class=\"aligncenter wp-image-5312 size-full\" src=\"http:\/\/s710205766.online.de\/ssv-wordpress\/wp-content\/uploads\/IMG_2567-e1572802773182.jpg\" alt=\"\" width=\"500\" height=\"798\" \/><\/a>(Foto privat v. li.) Friedrich Oe\u00df, J\u00fcrgen Dingeldein und Reinhard Zahn<\/p>\r\n<p>&nbsp;<\/p>\r\n<p>Es war ein wirklich sch\u00f6ner Abend im gro\u00dfen Saal der Stadhalle von Eberbach und wir k\u00f6nnen uns schon wieder auf das n\u00e4chste Jahr freuen, da\u00df im gleichen Rahmen stattfinden wird.<\/p>\r\n<p>&nbsp;<\/p>\r\n<p>03.11.19\/MW<\/p>\r\n<p>&nbsp;<\/p>\r\n<h3>\u00a0<\/h3>\r\n<h3>\u00a0<\/h3>\r\n<h3><strong>Deutsche Meisterschaft Auflage 2019<\/strong><\/h3>\r\n<p>&nbsp;<\/p>\r\n<p>Zum Abschluss der Meisterschaftssaison der Auflagesch\u00fctzen standen die Deutschen Meisterschaften auf dem Programm, die in den KK- und LP-Disziplinen in Hannover sowie mit dem Luftgewehr in Dortmund stattfanden.<\/p>\r\n<p>F\u00fcr Hannover mit dem KK-Gewehr 50m hatten sich in der Klasse S3 Lothar Braun und Wulfrin Schatz qualifiziert. Nach dem Startverzicht von Lothar Braun ging lediglich Wulfrin Schatz an den Start. Bei relativer Windstille, fast ein Novum in Hannover, begann Wulfrin seinen Wettkampf in der ersten Serie mit 103,1 Ringen ganz passabel, kam dann aber in den beiden letzten Serien nicht mehr wie gew\u00fcnscht zurecht, so dass am Schluss nicht ganz zufriedenstellende 303,5 Ringe am Bildschirm standen. Damit belegte er Platz 47 bei 79 Teilnehmern.<\/p>\r\n<p>Nach Dortmund, 14 Tage sp\u00e4ter, fuhr schon traditionell eine gr\u00f6\u00dfere Teilnehmerschar von 7 Eberbacher Auflagesch\u00fctzen samt Fanclub.<\/p>\r\n<p>Zum Auftakt der diesj\u00e4hrigen Titelk\u00e4mpfe, bei dem an zwei Tagen ca. 1.700 Auflagesch\u00fctzen an den Start durften, ging die Mannschaft der Eberbach Senioren 3 (66-70 Jahre) an die Sch\u00fctzenlinie. Lother Braun und Klaus Bickel blieben dabei leider mit 309,5 Ringen und 309,0 Ringen unter ihren M\u00f6glichkeiten. Wulfrin Schatz komplettierte mit 316,8 Ringen das Mannschaftsergebnis auf 935,2 Ringe, mit dem unter den 95 Mannschaften noch der 40. Platz erzielt wurde.<\/p>\r\n<p>(Foto privat v.l.) Wulfrin Schatz, Klaus Bickel und Lothar Braun<\/p>\r\n<p>In der Einzelwertung gelang Wulfrin mit seinem Vorkampfergebnis von 316,8 Ringen als 6. von 235 Sch\u00fctzen der Einzug in das Finale der besten 8 Sch\u00fctzen.<\/p>\r\n<p>Beim Finale z\u00e4hlt das Vorkampfergebnis dann keine Rolle mehr; d.h. die Finalwertung beginnt bei Null. Der neue Ablauf des Finales ist publikumswirksamer ausgestaltet, um den einigen hundert Zuschauern in der Finalhalle visuell und per Gro\u00dfleinwand samt Moderator ein m\u00f6glichst anschauliches Event zu bieten. So beginnt das Finale am Sammelpunkt der 8 Finalisten mit der Einweisung (Info \u00fcber den Ablauf des Finales). Danach haben die Finalisten 5 Minuten Zeit, ihren Stand einzurichten. Nach der Einrichtung m\u00fcssen sie den Stand wieder zur\u00fcck zum Sammelpunkt verlassen, um danach \u201emedienwirksam\u201c in der Reihenfolge ihrer Standeinteilung wieder einzumarschieren. Es folgt eine f\u00fcnfminutige Probeschie\u00dfzeit, an die sich eine pers\u00f6nliche Vorstellung der Finalisten anschlie\u00dft. Erst danach beginnt die erste F\u00fcnferserie in einer Zeit von 250 Sekunden. Nach der Kommentierung dieser ersten 5 Finalsch\u00fcsse erfolgt eine zweite F\u00fcnferserie. Nach der Kommentierung der nun ersten 10 Finalsch\u00fcsse erfolgen jeweils zwei Stechsch\u00fcsse auf Kommando. Nach den ersten 2 Stechsch\u00fcssen wird der Sch\u00fctze mit dem niedrigsten Gesamtresultat mit Platz 8 verabschiedet. Nach jeweils 2 weiteren Stechsch\u00fcssen werden die weiteren Sch\u00fctzen \u201everabschiedet\u201c, bis nach insgesamt 24 Sch\u00fcssen die beiden verbleibenden Sch\u00fctzen den Deutschen Meister ausschie\u00dfen.<\/p>\r\n<p>Wulfrin konnte leider in diesem Finale mit den ersten 10 Schuss an seine Vorkampfleistungen nicht ankn\u00fcpfen und musste daher als Achter der diesj\u00e4hrigen DM ausscheiden.<\/p>\r\n<p>Erst am Abend des ersten Tages konnte Werner Gose als Senior 5 (&gt; 75 Jahre !!) seinen pers\u00f6nlich als letzten DM-Start bezeichneten Wettkampf bestreiten. Unter dem anhaltenden Beifall seiner Anh\u00e4nger erreichte er gute 310,9 Ringe und Platz 100 unter 180 Teilnehmern.<\/p>\r\n<p>&nbsp;<\/p>\r\n<p>Am Folgetag ging die Mannschaft der Eberbacher Seniorinnen 1-2 (51-65 Jahre) ins Rennen. Die Sch\u00fctzen Kerstin Liebsch, Annette Schatz und Gabriele Hammer- Zeitler hatten sich bei der Landesmeisterschaft zwar alle als Einzelsch\u00fctzen f\u00fcr die DM qualifiziert, nicht jedoch als Mannschaft. Aufgrund einer Regelung in der Sportordnung, wonach drei qualifizierte Einzelsch\u00fctzen als Mannschaft nachgemeldet werden k\u00f6nnen, war dennoch ein Mannschaftsstart als einzige Mannschaft des Badischen Sportsch\u00fctzenverbandes in dieser Klasse m\u00f6glich. Diese Chance lie\u00dfen sich die 3 M\u00e4dels nat\u00fcrlich nicht entgehen und rollten das Mannschafsfeld der 103 Mannschaften von hinten auf. Der Lohn war mit 934,9 Ringen ein sensationeller Platz 50 unter 103 Mannschaften. In der Einzelwertung kam Gabriele Hammer- Zeitler mit 313,4 Ringen auf Platz 71 von 282 Teilnehmerinnen. Annette Schatz musste leider den Unzul\u00e4nglichkeiten der nicht ausreichend vorhandenen passenden Auflagest\u00e4nder anf\u00e4nglich Tribut zollen und kam trotzdem noch auf 310,9 Ringe. Kerstin Liebsch vervollst\u00e4ndigte mit 310,6 Ringen das Mannschaftsergebnis.<\/p>\r\n<p>&nbsp;<\/p>\r\n<p>(Foto privat v.l.) Gabi Hammer-Zeitler, Kerstin Liebsch und Annette Schatz<\/p>\r\n<p>WS 28.10.2019<\/p>\r\n<p>&nbsp;<\/p>\r\n<p>&nbsp;<\/p>\r\n<h4><strong>LG Auflage 2. Wettkampf KL A<\/strong><\/h4>\r\n<p><strong>Sieg und Niederlage f\u00fcr Eberbach <\/strong><\/p>\r\n<p>Der 2. Ligawettkampf in der Kreisliga A fand in Moosbrunn statt.<\/p>\r\n<p>\u00a0Zum Auftakt startete die 2. Mannschaft gegen Moosbrunn 2. An Position 1 gelang Reinhard wieder ein guter konstanter Wettkampf, den er mit 298:294 Ringen zur 1:0 F\u00fchrung abschloss. Leider hatten seine Mannschaftskameraden einen weniger guten Tag erwischt. So verlor Klaus an Position 2 (290:297 Ringe) ebenso wie Fritz an Position 3 (292:295 Ringe). So stand zum Abschluss die 1:2 Niederlage fest; in der noch nicht aussagekr\u00e4ftigen Tabelle der KLA liegt die Mannschaft damit mit einem ausgeglichenen Punktekonto (2:2) auf Platz 2.<\/p>\r\n<p>Anschlie\u00dfend kam die 3. Mannschaft gegen Brombach 2 zum Einsatz. Annette an Position 1 musste wegen der vom Betreuer unsachgem\u00e4\u00df und damit zittrig befestigten Auflage Tribut zollen, konnte aber mit 293:290 Ringen noch den ersten Siegpunkt erringen. Anne an Position 2 schoss konstant gut und lie\u00df ihrem Gegner mit 296:282 Ringen keine Chance. Damit war bereits der 2. Siegpunkt errungen. Franz an Position 3 lag nach 20 Schuss mit 191:195 Ringen zur\u00fcck, konnte aber in der dritten Serie mit gro\u00dfer Konzentration und Kampfgeist mit 99:94 Ringen noch den Ausgleich (290:290) erzielen, so dass wieder mal ein Stechen entscheiden musste. Hier behielt er mit 10:9 die Oberhand und konnte unter dem Jubel seiner Anh\u00e4nger zum 3:0 Siegpunkt abschlie\u00dfen. Damit liegt die 3.Mannschaft im Moment auf Platz 1 der KL A.<\/p>\r\n<p>Innerhalb der Rangliste schossen Christiane und Thomas mit der Luftpistole. Sie steigerten sich gegen\u00fcber dem 1. Wettkampf; Christiane mit sehr guten 289 Ringen sehr deutlich und Thomas mit 280 Ringen noch um 2 Ringe.<\/p>\r\n<p>WS 21.10.2019<\/p>\r\n<p>&nbsp;<\/p>\r\n<h4><strong>10. Gro\u00dfkaliber-Ranglistenturnier in Pleutersbach<\/strong><\/h4>\r\n<p>&nbsp;<\/p>\r\n<p>Am Samstag, den 19.10.2019 fand wieder das Gro\u00dfkaliber-Ranglistenturnier in Pleutersbach statt.<\/p>\r\n<p>Vom SSV Eberbach gingen 4 Sch\u00fctzen an den Start.<\/p>\r\n<p><strong>Thomas B\u00e4uerle:<\/strong> 1. Platz 264 Ringe Disziplin 2.53 Pistole 9 mm Luger<\/p>\r\n<ol start=\"2\">\r\n<li>Platz 273 Ringe Disziplin 2.55 Revolver .357 Magnum<\/li>\r\n<li>Platz 254 Ringe Disziplin Revolver 44 Mag.<\/li>\r\n<li>Platz 253 Ringe Disziplin Pistole .45 ACP<\/li>\r\n<\/ol>\r\n<p><strong>Roland Johe: <\/strong> 7. Platz 247 Ringe Disziplin 2.53 Pistole 9 mm Luger<\/p>\r\n<ol start=\"3\">\r\n<li>Platz 261 Ringe Disziplin 2.55 Revolver .357 Magnum<\/li>\r\n<\/ol>\r\n<p><strong>Philipp Springer <\/strong> 10. Platz 244 Ringe Disziplin 2.53 Pistole 9 mm Luger<\/p>\r\n<p><strong>Lothar M\u00fcnch<\/strong> 23. Platz 175 Ringe Disziplin 2.550Revolver .357 Magnum<\/p>\r\n<p><strong>Mannschaftswertung:<\/strong><\/p>\r\n<ol>\r\n<li>Platz 705 Ringe Disziplin 2.55 Revolver .357 Magnum<\/li>\r\n<li>Platz 755 Ringe Disziplin 2.53 Pistole 9mm Luger<\/li>\r\n<\/ol>\r\n<p>Wir gratulieren allen Sch\u00fctzen f\u00fcr ihre guten Ergebnisse und Tabellenpl\u00e4tze.<\/p>\r\n<p>Die komplette Liste unter Unser Sport.<\/p>\r\n<p>19.10.19\/MW<\/p>\r\n<p>&nbsp;<\/p>\r\n<p><strong>LG Auflage 2. Wettkampf KOL<\/strong><\/p>\r\n<p><strong>Eberbach 1 verteidigt Tabellenf\u00fchrung<\/strong><\/p>\r\n<p>Der 2. Ligawettkampf in der Kreisoberliga fand in Brombach auf Scheibenzuganlagen statt, die f\u00fcr Eberbach immer wieder mit Problemen verbunden sind. In ihrer Begegnung gegen Moosbrunn 1 hatte der Gegner an Position 1 und 2 jeweils starke Sch\u00fctzen bzw. Sch\u00fctzinnen, so dass der Ausgang der Begegnung eher offen war. In diesem Sinne fand sogleich bei der Paarung 3 der erste Nervenkitzel statt, weil Lothar Braun unerwartete Schwierigkeiten hatte, seinen Gegner mit f\u00fcr ihn ungewohnten 293:289 Ringen zu bezwingen.<\/p>\r\n<p>An Position 2 fand auf wesentlich h\u00f6herem Niveau der n\u00e4chste Nervenkitzel statt. Gabriele Hammer-Zeitler lag nach 20 Sch\u00fcssen gegen ihre Gegnerin mit 199:200 Ringen zur\u00fcck, konnte aber in der letzten Serie mit nervenstarken 100:98 Ringe noch die Begegnung zu ihren Gunsten (299:298) entscheiden und damit nicht nur den entscheidenden zweiten Siegpunkt erringen, sondern setzte sich damit auch in der Eberbacher Setzliste auf Rang 1.<\/p>\r\n<p>Auch an Position 1 ging es zwischen Wulfrin Schatz und seinem Gegner \u00e4u\u00dferst spannend zu. Auch hier lag der Eberbach Sch\u00fctze nach undiskutablen 3 Sch\u00fcssen in die 9 nach 20 Schuss mit 197:198 Ringen zur\u00fcck. Nach der letzten Serie mit 100:99 Ringen musste wegen Gleichstand von 297:297 Ringen ein Stechen entscheiden. Dies ging zwar leider 9:10 verloren; dennoch war am 2:1 Sieg der 1. Eberbacher Mannschaft nicht zu r\u00fctteln. Damit konnte zun\u00e4chst die Tabellenf\u00fchrung in der KOL gehalten werden.<\/p>\r\n<p>WS 14.10.2019<\/p>\r\n<p>&nbsp;<\/p>\r\n<h4><strong>Auftakt der Ligawettk\u00e4mpfe LG Auflage<\/strong><\/h4>\r\n<p><strong>Alle 3 Eberbacher MA siegreich<\/strong><\/p>\r\n<p>Am 30.09.2019 fand in Spechbach der Auftakt der Ligawettk\u00e4mpfe Luftgewehr 2019\/2020 statt. Eberbach war wie im Vorjahr mit 3 Mannschaften am Start. In der mit 7 Mannschaften umfassenden Kreisoberliga startet Eberbach 1 als Titelverteidiger, w\u00e4hrend Eberbach 2 nach ihrem Abstieg aus der KOL und Eberbach 3 nach ihrem Aufstieg aus der B-Klasse beide in der A-Klasse vertreten sind.<\/p>\r\n<p>In der Kreisoberliga musste Eberbach 1 gegen Spechbach 2 an den Start. An Position 1 brachte Wulfrin Schatz einen guten Wettkampf zustande und siegte gegen seinen Gegner in einer hochklassigen Begegnung mit 300:299 Ringen. Gabriele Hammer-Zeitler an Position 3 hatte mit ihrem Gegner weniger Probleme und holte mit 300:292 Ringen den zweiten Punkt und damit schon den Sieg. Lothar Braun an Position 2 hatte noch mit den Nachwirkungen einer Mageninfektion zu k\u00e4mpfen und erk\u00e4mpfte gegen seinen Gegner ein 297:297 Ringe-Unent-schieden, so dass wieder mal ein Stechen \u00fcber den 3. Mannschaftspunkt entscheiden musste. Lothar als vereinsinterner \u201eStechmeister\u201c ging gewohnt selbstsicher in das Stechen, musste sich aber im zweiten Schuss mit 9:10 geschlagen geben. Trotzdem war der Sieg der 1. MA dadurch mit 2:1 sichergestellt.<\/p>\r\n<p>In der 4 Mannschaften umfassenden Kreisoberliga A kam die 2. Mannschaft in der Besetzung Klaus Bickel (296 Ringe), Friedrich Oe\u00df (296 Ringe) und Reinhard Zahn gegen Brombach 2 zu einem ungef\u00e4hrdeten 3:0 Sieg. \u00dcberragender Sch\u00fctze war hier Reinhard Zahn mit 299 Ringen.<\/p>\r\n<p>\u00a0In der 3. Mannschaft erzielte Annette Schatz mit 298 Ringen ihr seit Jahren bestes Ligaergebnis und sicherte in gewohnt schneller Schie\u00dfzeit gegen ihren Gegner (291) den ersten Punkt. An Position 3 schoss Franz Zeitler seine erste Serie (93:98) zu schnell und konnte daher letztendlich nach guten 97 und 98 Ringen mit 288 Ringen das gegnerisch Ergebnis von 290 Ringen nicht mehr ganz erreichen und musste den Ausgleich zum 1:1 hinnehmen. Anneliese Gliese an Position 2 gelang es, nach der ersten Serie ihre Nervosit\u00e4t ablegen und sicherte mit 293:289 Ringen den nicht unbedingt erwarteten Mannschaftssieg gegen Moosbrunn 2.<\/p>\r\n<p>Als Ranglistensch\u00fctzen erreichten mit der Luftpistole Thomas B\u00e4uerle und Christiane Weidner 278 und 274 Ringe.<\/p>\r\n<p>WS 30.09.2019<\/p>\r\n<p>&nbsp;<\/p>\r\n<h3>\u00a0<\/h3>\r\n<h2>\u00a0<\/h2>\r\n<h2><strong><u>Siegerehrung des 46. Vereinspokalschiessen im Sch\u00fctzenhaus<\/u><\/strong><\/h2>\r\n<p>&nbsp;<\/p>\r\n<p>Am vergangenen Freitag 27.09. fand in unserem Sch\u00fctzenhaus die Siegerehrung unseres 46. Vereinspokalschiessen statt. Die Sieger in der Jugendwertung sowie der beiden Mannschaftswertungen standen zu diesem Zeitpunkt schon fest.<\/p>\r\n<p>Wie im vergangenen Jahr wurden die Sieger der Einzelwertung in der Damen und Herrenklasse in einem Finalschiessen ermittelt. Der Finalmodus entspricht dem von internationalen Schiesssportereignissen wie Olympischen Spielen oder Weltmeisterschaften. Geschossen wurde auf die elektronische Trefferanzeige mit leicht modifizierten Scheiben. Das Finale wurde f\u00fcr die ca. 50 Zuschauer von OSM Joho moderiert.<\/p>\r\n<p>&nbsp;<\/p>\r\n<p><a class=\"fbx-instance fbx-link\" href=\"http:\/\/s710205766.online.de\/ssv-wordpress\/wp-content\/uploads\/dsc_0917.jpg\"><img loading=\"lazy\" decoding=\"async\" class=\"alignleft size-medium wp-image-5189\" src=\"http:\/\/s710205766.online.de\/ssv-wordpress\/wp-content\/uploads\/dsc_0917-300x200.jpg\" alt=\"\" width=\"300\" height=\"200\" srcset=\"http:\/\/s710205766.online.de\/ssv-wordpress\/wp-content\/uploads\/dsc_0917-300x200.jpg 300w, http:\/\/s710205766.online.de\/ssv-wordpress\/wp-content\/uploads\/dsc_0917-768x512.jpg 768w, http:\/\/s710205766.online.de\/ssv-wordpress\/wp-content\/uploads\/dsc_0917-1024x683.jpg 1024w\" sizes=\"(max-width: 300px) 100vw, 300px\" \/><\/a><a class=\"fbx-instance fbx-link\" href=\"http:\/\/s710205766.online.de\/ssv-wordpress\/wp-content\/uploads\/dsc_0922.jpg\"><img loading=\"lazy\" decoding=\"async\" class=\"aligncenter size-medium wp-image-5190\" src=\"http:\/\/s710205766.online.de\/ssv-wordpress\/wp-content\/uploads\/dsc_0922-300x200.jpg\" alt=\"\" width=\"300\" height=\"200\" srcset=\"http:\/\/s710205766.online.de\/ssv-wordpress\/wp-content\/uploads\/dsc_0922-300x200.jpg 300w, http:\/\/s710205766.online.de\/ssv-wordpress\/wp-content\/uploads\/dsc_0922-768x512.jpg 768w, http:\/\/s710205766.online.de\/ssv-wordpress\/wp-content\/uploads\/dsc_0922-1024x683.jpg 1024w\" sizes=\"(max-width: 300px) 100vw, 300px\" \/><\/a><a class=\"fbx-instance fbx-link\" href=\"http:\/\/s710205766.online.de\/ssv-wordpress\/wp-content\/uploads\/dsc_0952.jpg\"><img loading=\"lazy\" decoding=\"async\" class=\"alignright size-medium wp-image-5191\" src=\"http:\/\/s710205766.online.de\/ssv-wordpress\/wp-content\/uploads\/dsc_0952-300x200.jpg\" alt=\"\" width=\"300\" height=\"200\" srcset=\"http:\/\/s710205766.online.de\/ssv-wordpress\/wp-content\/uploads\/dsc_0952-300x200.jpg 300w, http:\/\/s710205766.online.de\/ssv-wordpress\/wp-content\/uploads\/dsc_0952-768x512.jpg 768w, http:\/\/s710205766.online.de\/ssv-wordpress\/wp-content\/uploads\/dsc_0952-1024x683.jpg 1024w\" sizes=\"(max-width: 300px) 100vw, 300px\" \/><\/a><\/p>\r\n<p>&nbsp;<\/p>\r\n<p>&nbsp;<\/p>\r\n<p>&nbsp;<\/p>\r\n<p>&nbsp;<\/p>\r\n<p>&nbsp;<\/p>\r\n<p>&nbsp;<\/p>\r\n<p>&nbsp;<\/p>\r\n<p>Zun\u00e4chst gingen die Damen in das Finale, welches Marina Ostertag Smith, gefolgt von Heidi Vesper und Ute Fink, f\u00fcr sich entscheiden konnte. Die Damen lieferten sich bis zum Ende einen spannendes Finale bei dem die F\u00fchrung stetig wechselte. Am Ende hatte die Siegerin Marina Ostertag-Smith die st\u00e4rksten Nerven.<\/p>\r\n<p>&nbsp;<\/p>\r\n<p><a class=\"fbx-link\" href=\"http:\/\/s710205766.online.de\/ssv-wordpress\/wp-content\/uploads\/dsc_0943.jpg\" target=\"_blank\" rel=\"noopener noreferrer\"><img loading=\"lazy\" decoding=\"async\" class=\"aligncenter wp-image-5192 size-large\" src=\"http:\/\/s710205766.online.de\/ssv-wordpress\/wp-content\/uploads\/dsc_0943-1024x683.jpg\" alt=\"\" width=\"700\" height=\"467\" srcset=\"http:\/\/s710205766.online.de\/ssv-wordpress\/wp-content\/uploads\/dsc_0943-1024x683.jpg 1024w, http:\/\/s710205766.online.de\/ssv-wordpress\/wp-content\/uploads\/dsc_0943-300x200.jpg 300w, http:\/\/s710205766.online.de\/ssv-wordpress\/wp-content\/uploads\/dsc_0943-768x512.jpg 768w\" sizes=\"(max-width: 700px) 100vw, 700px\" \/><\/a><\/p>\r\n<p>1.Platz Marina Ostertag-Smith (Akkordeon Orchester) Mitte<\/p>\r\n<p>&nbsp;<\/p>\r\n<p>2.Platz Heidi Vesper (Kerwe Club Rockenau) Links<\/p>\r\n<p>&nbsp;<\/p>\r\n<p>3.Platz Ute Fink (Die Unglaublichen) Rechts<\/p>\r\n<p>&nbsp;<\/p>\r\n<p>Bei den Herren sicherte sich Fabian Zimmermann (MGV Liederkranz) den Sieg, auch er bewies Nervenst\u00e4rke bis zum Schluss. Platz zwei ging an Nicolai Kaufmann, den 3. Platz belegte Armin Kaufmann, beide vom ISV Kailbach.<\/p>\r\n<p>&nbsp;<\/p>\r\n<p><a class=\"fbx-link\" href=\"http:\/\/s710205766.online.de\/ssv-wordpress\/wp-content\/uploads\/dsc_0977.jpg\" target=\"_blank\" rel=\"noopener noreferrer\"><img loading=\"lazy\" decoding=\"async\" class=\"aligncenter wp-image-5193 size-large\" src=\"http:\/\/s710205766.online.de\/ssv-wordpress\/wp-content\/uploads\/dsc_0977-1024x683.jpg\" alt=\"\" width=\"700\" height=\"467\" srcset=\"http:\/\/s710205766.online.de\/ssv-wordpress\/wp-content\/uploads\/dsc_0977-1024x683.jpg 1024w, http:\/\/s710205766.online.de\/ssv-wordpress\/wp-content\/uploads\/dsc_0977-300x200.jpg 300w, http:\/\/s710205766.online.de\/ssv-wordpress\/wp-content\/uploads\/dsc_0977-768x512.jpg 768w\" sizes=\"(max-width: 700px) 100vw, 700px\" \/><\/a>1.Platz Fabian Zimmermann (MGV Liederkranz) Mitte<\/p>\r\n<p>&nbsp;<\/p>\r\n<p>&nbsp;<\/p>\r\n<p>2.Platz Nicolai Kaufmann (ISV Kailbach) Links<\/p>\r\n<p>&nbsp;<\/p>\r\n<p>3.Platz Armin Kaufmann (ISV Kailbach) Rechts<\/p>\r\n<p>&nbsp;<\/p>\r\n<p>Der 1. Platz Jugend ging an Konrad Bode gefolgt von Max Bode, beide vom Pfadfinderstamm der Silberreiher. Die erfolgreichen Jugendlichen erhalten Medaillen sowie einen Gutschein.<\/p>\r\n<p>&nbsp;<\/p>\r\n<p>Die Siegreichen Damen durften sich \u00fcber Medaillen und Blumenstr\u00e4usse freuen. Die Siegreichen Herren erhielten ebenfalls Medaillen sowie Bierpr\u00e4sente.<\/p>\r\n<p>&nbsp;<\/p>\r\n<p><a class=\"fbx-link\" href=\"http:\/\/s710205766.online.de\/ssv-wordpress\/wp-content\/uploads\/dsc_0950.jpg\" target=\"_blank\" rel=\"noopener noreferrer\"><img loading=\"lazy\" decoding=\"async\" class=\"aligncenter wp-image-5194 size-large\" src=\"http:\/\/s710205766.online.de\/ssv-wordpress\/wp-content\/uploads\/dsc_0950-1024x683.jpg\" alt=\"\" width=\"700\" height=\"467\" srcset=\"http:\/\/s710205766.online.de\/ssv-wordpress\/wp-content\/uploads\/dsc_0950-1024x683.jpg 1024w, http:\/\/s710205766.online.de\/ssv-wordpress\/wp-content\/uploads\/dsc_0950-300x200.jpg 300w, http:\/\/s710205766.online.de\/ssv-wordpress\/wp-content\/uploads\/dsc_0950-768x512.jpg 768w\" sizes=\"(max-width: 700px) 100vw, 700px\" \/><\/a>In der Mannschaftswertung Damen ergaben sich folgende Platzierungen:<\/p>\r\n<p>&nbsp;<\/p>\r\n<p>&nbsp;<\/p>\r\n<p>1.Platz KC 80 Eberbach<\/p>\r\n<p>&nbsp;<\/p>\r\n<p>2.Platz Kerweclub Rockena<\/p>\r\n<p>&nbsp;<\/p>\r\n<p>3.Platz Deutschritter Traudel&#8217;s<\/p>\r\n<p>&nbsp;<\/p>\r\n<p><a class=\"fbx-link\" href=\"http:\/\/s710205766.online.de\/ssv-wordpress\/wp-content\/uploads\/dsc_0985.jpg\" target=\"_blank\" rel=\"noopener noreferrer\"><img loading=\"lazy\" decoding=\"async\" class=\"aligncenter wp-image-5197 size-large\" src=\"http:\/\/s710205766.online.de\/ssv-wordpress\/wp-content\/uploads\/dsc_0985-1024x683.jpg\" alt=\"\" width=\"700\" height=\"467\" srcset=\"http:\/\/s710205766.online.de\/ssv-wordpress\/wp-content\/uploads\/dsc_0985-1024x683.jpg 1024w, http:\/\/s710205766.online.de\/ssv-wordpress\/wp-content\/uploads\/dsc_0985-300x200.jpg 300w, http:\/\/s710205766.online.de\/ssv-wordpress\/wp-content\/uploads\/dsc_0985-768x512.jpg 768w\" sizes=\"(max-width: 700px) 100vw, 700px\" \/><\/a><\/p>\r\n<p>Bei den Mixedmannschaften ergab sich folgendes Bild<\/p>\r\n<p>&nbsp;<\/p>\r\n<p>1.Platz Liederkranz Eberbach<\/p>\r\n<p>&nbsp;<\/p>\r\n<p>2.Platz ISV Kailbach<\/p>\r\n<p>&nbsp;<\/p>\r\n<p>3.Platz Akkodeonorchester<\/p>\r\n<p>&nbsp;<\/p>\r\n<p>Die Sieger der Mannschaftswertung erhielten einen Wanderpokal, dar\u00fcber hinaus gab es f\u00fcr jede platzierte Mannschaft Bier oder Weinpr\u00e4sente sowie ein Glaspokal.<\/p>\r\n<p>Der SSV Eberbach bedankt sich auf diesem Wege bei den \u00fcber 180 Teilnehmern die in 35 Mannschaften an der Veranstaltung teilgenommen haben.<\/p>\r\n<p>Ein ganz dickes Dankesch\u00f6n an die vielen Helfer, ohne die man so ein Event nicht durchf\u00fchren k\u00f6nnte. Jeden Abend in der Woche in K\u00fcche, an Theke, PC, Auswertung, Schreiber und Aufsichten in der Halle. Man braucht sehr viele Leute und es ist toll, dass der Verein mit seinen Mitgliedern immer wieder solch eine Veranstaltung durchf\u00fchren kann.<\/p>\r\n<p>&nbsp;<\/p>\r\n<p>29.09.2019\/PJ<\/p>\r\n<p>&nbsp;<\/p>\r\n<hr \/>\r\n<p>&nbsp;<\/p>\r\n<h4><strong>ASS Auflage BSV: 1 x Gold, 1 x Silber und<\/strong><\/h4>\r\n<p>&nbsp;<\/p>\r\n<h4><strong>4 x Bronze f\u00fcr Eberbach<\/strong><\/h4>\r\n<p>&nbsp;<\/p>\r\n<p>Beim Alters- und Seniorenschie\u00dfen des BSV in Mannheim waren die Eberbacher Auflagesch\u00fctzen mit 2 Mannschaften vertreten, die altersm\u00e4\u00dfig klassen\u00fcbergreifend gebildet werden konnten. Allerdings wird in Mannheim beim ASS auf Papierscheiben geschossen, das die Eberbacher mittlerweile weniger gew\u00f6hnt sind. Erschwerend kommt hinzu, dass die Zeitvorgabe gegen\u00fcber der SpO um 10 Minuten verk\u00fcrzt ist, was bei den extrem langsamen Scheibenzuganlagen grenzlastig ist und die Scheibenhalterung sehr unterschiedlich und so weit vor den Sch\u00fctzen anh\u00e4lt, dass z. B. Sitzendsch\u00fctzen kaum oder gar nicht an die Scheiben zum Wechseln kommen, es sei denn, sie stehen nach jedem Schuss auf, was nat\u00fcrlich ein v\u00f6lliges Unding ist. Gleichzeitig wird ein Scheibenwechseln f\u00fcr Sitzendsch\u00fctzen nicht gestattet. Die Sportleitung des BSV, auf diese Diskrepanzen angesprochen, hat hierf\u00fcr keine wirklich sinnvolle Begr\u00fcndung, sondern nur eine an das Beamtenzeitalter des 19. Jahrhundert erinnernde Antwort \u201eDas steht in der Ausschreibung, war schon immer so und die Sitzendsch\u00fctzen sollen halt aufstehen\u201c!<\/p>\r\n<p>Aber zur\u00fcck zu den Erfolgen der Eberbacher Auflagesch\u00fctzen. Die 1. Mannschaft in der Besetzung Gabriele Hammer-Zeitler, Klaus Bickel und Wulfrin Schatz kam durch eine geschlossene Mannschaftsleistung auf 894 Ringe und den dritten Platz. Gabriele musste schon in der Vorbereitung wegen Lichtdefekt am Stand diesen wechseln, brachte aber dennoch 298 Ringe auf die Scheiben, was den 2. Platz in der Klasse S2w bedeutete. Klaus, aufgrund der verk\u00fcrzten Zeitvorgabe schon stark ver\u00e4rgert, gelang trotzdem mit ebenfalls 298 Ringen eine gute Leistung und den verdienten 3. Platz bei den Senioren 3. Wulfrin als notgedrungenes \u201eStehaufm\u00e4nnchen\u201c erzielte ebenfalls 298 Ringe und kam auf den 4.Platz bei den Senioren 3.<\/p>\r\n<p>Die 2. Mannschaft wurden von den Sch\u00fctzen Annette Schatz (295 Ringe, Platz 3 bei den Seniorinnen 2w), Reinhard Zahn (296 Ringe, Platz 8 S4) und Fritz Oe\u00df (291 Ringe, Platz 12, S5) gebildet. Das Gesamtergebnis von 882 Ringen bedeutete Platz 12.<\/p>\r\n<p><a class=\"fbx-instance fbx-link\" href=\"http:\/\/s710205766.online.de\/ssv-wordpress\/wp-content\/uploads\/MA-3-1.jpg\"><img loading=\"lazy\" decoding=\"async\" class=\"aligncenter size-medium wp-image-5110\" src=\"http:\/\/s710205766.online.de\/ssv-wordpress\/wp-content\/uploads\/MA-3-1-300x169.jpg\" alt=\"\" width=\"300\" height=\"169\" srcset=\"http:\/\/s710205766.online.de\/ssv-wordpress\/wp-content\/uploads\/MA-3-1-300x169.jpg 300w, http:\/\/s710205766.online.de\/ssv-wordpress\/wp-content\/uploads\/MA-3-1-768x432.jpg 768w, http:\/\/s710205766.online.de\/ssv-wordpress\/wp-content\/uploads\/MA-3-1-1024x576.jpg 1024w\" sizes=\"(max-width: 300px) 100vw, 300px\" \/><\/a><a class=\"fbx-instance fbx-link\" href=\"http:\/\/s710205766.online.de\/ssv-wordpress\/wp-content\/uploads\/E-S2w-1.jpg\"><img loading=\"lazy\" decoding=\"async\" class=\"aligncenter size-medium wp-image-5116\" src=\"http:\/\/s710205766.online.de\/ssv-wordpress\/wp-content\/uploads\/E-S2w-1-300x169.jpg\" alt=\"\" width=\"300\" height=\"169\" srcset=\"http:\/\/s710205766.online.de\/ssv-wordpress\/wp-content\/uploads\/E-S2w-1-300x169.jpg 300w, http:\/\/s710205766.online.de\/ssv-wordpress\/wp-content\/uploads\/E-S2w-1-768x432.jpg 768w, http:\/\/s710205766.online.de\/ssv-wordpress\/wp-content\/uploads\/E-S2w-1-1024x576.jpg 1024w\" sizes=\"(max-width: 300px) 100vw, 300px\" \/><\/a><a class=\"fbx-instance fbx-link\" href=\"http:\/\/s710205766.online.de\/ssv-wordpress\/wp-content\/uploads\/E-S3-1.jpg\"><img loading=\"lazy\" decoding=\"async\" class=\"aligncenter size-medium wp-image-5117\" src=\"http:\/\/s710205766.online.de\/ssv-wordpress\/wp-content\/uploads\/E-S3-1-300x169.jpg\" alt=\"\" width=\"300\" height=\"169\" srcset=\"http:\/\/s710205766.online.de\/ssv-wordpress\/wp-content\/uploads\/E-S3-1-300x169.jpg 300w, http:\/\/s710205766.online.de\/ssv-wordpress\/wp-content\/uploads\/E-S3-1-768x432.jpg 768w, http:\/\/s710205766.online.de\/ssv-wordpress\/wp-content\/uploads\/E-S3-1-1024x576.jpg 1024w\" sizes=\"(max-width: 300px) 100vw, 300px\" \/><\/a> Unver\u00e4ndert:<\/p>\r\n<p>Ebenfalls am Start waren unsere zwei Luftpistolensch\u00fctzen Thomas B\u00e4uerle und Christiane Weidner. Beide lieferten einen guten Wettkampf ab. Thomas B\u00e4uerle kam bei den Senioren 2 auf 285 Ringe und Platz 3, w\u00e4hrend es Christiane Weidner mit 281 Ringen vorenthalten blieb, in der Klasse S4w die einzige besonders umjubelte Goldmedaille f\u00fcr Eberbach zu erringen.<\/p>\r\n<p><a class=\"fbx-instance fbx-link\" href=\"http:\/\/s710205766.online.de\/ssv-wordpress\/wp-content\/uploads\/E-S4w-LP.jpg\"><img loading=\"lazy\" decoding=\"async\" class=\"aligncenter size-medium wp-image-5113\" src=\"http:\/\/s710205766.online.de\/ssv-wordpress\/wp-content\/uploads\/E-S4w-LP-300x169.jpg\" alt=\"\" width=\"300\" height=\"169\" srcset=\"http:\/\/s710205766.online.de\/ssv-wordpress\/wp-content\/uploads\/E-S4w-LP-300x169.jpg 300w, http:\/\/s710205766.online.de\/ssv-wordpress\/wp-content\/uploads\/E-S4w-LP-768x432.jpg 768w, http:\/\/s710205766.online.de\/ssv-wordpress\/wp-content\/uploads\/E-S4w-LP-1024x576.jpg 1024w\" sizes=\"(max-width: 300px) 100vw, 300px\" \/><\/a><a class=\"fbx-instance fbx-link\" href=\"http:\/\/s710205766.online.de\/ssv-wordpress\/wp-content\/uploads\/E-S2-LP.jpg\"><img loading=\"lazy\" decoding=\"async\" class=\"aligncenter size-medium wp-image-5114\" src=\"http:\/\/s710205766.online.de\/ssv-wordpress\/wp-content\/uploads\/E-S2-LP-300x169.jpg\" alt=\"\" width=\"300\" height=\"169\" srcset=\"http:\/\/s710205766.online.de\/ssv-wordpress\/wp-content\/uploads\/E-S2-LP-300x169.jpg 300w, http:\/\/s710205766.online.de\/ssv-wordpress\/wp-content\/uploads\/E-S2-LP-768x432.jpg 768w, http:\/\/s710205766.online.de\/ssv-wordpress\/wp-content\/uploads\/E-S2-LP-1024x576.jpg 1024w\" sizes=\"(max-width: 300px) 100vw, 300px\" \/><\/a>15.09.2019 WS Unver\u00e4ndert: 15.09.2019 WS<\/p>\r\n<p>&nbsp;<\/p>\r\n<h4><strong>Freundschaftskampf gegen Appenhofen<\/strong><\/h4>\r\n<p>&nbsp;<\/p>\r\n<p>Zur Vorbereitung auf die bevorstehende Ligarunde fand am Wochenende ein Freundschaftkampf gegen Appenhofen statt. Geschossen wurden zwei Wettk\u00e4mpfe. Die Ergebnisse waren durchweg alle auf einem sehr guten Niveau.<\/p>\r\n<p><a class=\"fbx-instance fbx-link\" href=\"http:\/\/s710205766.online.de\/ssv-wordpress\/wp-content\/uploads\/Appenhofen.jpg\"><img loading=\"lazy\" decoding=\"async\" class=\"aligncenter size-medium wp-image-5069\" src=\"http:\/\/s710205766.online.de\/ssv-wordpress\/wp-content\/uploads\/Appenhofen-225x300.jpg\" alt=\"\" width=\"225\" height=\"300\" srcset=\"http:\/\/s710205766.online.de\/ssv-wordpress\/wp-content\/uploads\/Appenhofen-225x300.jpg 225w, http:\/\/s710205766.online.de\/ssv-wordpress\/wp-content\/uploads\/Appenhofen-768x1024.jpg 768w\" sizes=\"(max-width: 225px) 100vw, 225px\" \/><\/a><\/p>\r\n<p>09.09.2019 k\u00df<\/p>\r\n<p>&nbsp;<\/p>\r\n<h4><strong>Deutsche Meisterschaften in M\u00fcnchen<\/strong><\/h4>\r\n<p>&nbsp;<\/p>\r\n<p>In der Zeit vom 22. &#8211; 31.08.2019 fanden die Deutschen Meisterschaften in M\u00fcnchen statt.<\/p>\r\n<p>&nbsp;<\/p>\r\n<p>Der SSV Eberbach durfte in 9 Disziplinen antreten.<\/p>\r\n<p>&nbsp;<\/p>\r\n<p>Steffen Kre\u00df ging am Freitag, den ersten Wettkampftag an den Stand. In der Disziplin Luftgewehr schoss er ein tolles Ergebnis, 609,3 Ringe.<\/p>\r\n<p>&nbsp;<\/p>\r\n<p><a class=\"fbx-link\" href=\"http:\/\/s710205766.online.de\/ssv-wordpress\/wp-content\/uploads\/IMG_2164-e1567444486616.jpg\" target=\"_blank\" rel=\"noopener noreferrer\"><img loading=\"lazy\" decoding=\"async\" class=\"aligncenter wp-image-5038 size-medium\" src=\"http:\/\/s710205766.online.de\/ssv-wordpress\/wp-content\/uploads\/IMG_2164-e1567444486616-225x300.jpg\" alt=\"\" width=\"225\" height=\"300\" srcset=\"http:\/\/s710205766.online.de\/ssv-wordpress\/wp-content\/uploads\/IMG_2164-e1567444486616-225x300.jpg 225w, http:\/\/s710205766.online.de\/ssv-wordpress\/wp-content\/uploads\/IMG_2164-e1567444486616-768x1024.jpg 768w\" sizes=\"(max-width: 225px) 100vw, 225px\" \/><\/a>(Foto privat) Steffen Kre\u00df<\/p>\r\n<p>&nbsp;<\/p>\r\n<p>Kerstin Liebsch startete mit ihrer Mannschaft aus Ispringen am Dienstagmorgen in der Disziplin Luftgewehr. Sie erreichte 392,4 Ringe.<\/p>\r\n<p><a class=\"fbx-link\" href=\"http:\/\/s710205766.online.de\/ssv-wordpress\/wp-content\/uploads\/IMG_2175-1.jpg\" target=\"_blank\" rel=\"noopener noreferrer\"><img loading=\"lazy\" decoding=\"async\" class=\"aligncenter wp-image-5039 size-medium\" src=\"http:\/\/s710205766.online.de\/ssv-wordpress\/wp-content\/uploads\/IMG_2175-1-e1567447162779-225x300.jpg\" alt=\"\" width=\"225\" height=\"300\" srcset=\"http:\/\/s710205766.online.de\/ssv-wordpress\/wp-content\/uploads\/IMG_2175-1-e1567447162779-225x300.jpg 225w, http:\/\/s710205766.online.de\/ssv-wordpress\/wp-content\/uploads\/IMG_2175-1-e1567447162779-768x1024.jpg 768w\" sizes=\"(max-width: 225px) 100vw, 225px\" \/><\/a> (Foto privat) Kerstin Liebsch<\/p>\r\n<p>Am selben Tag um 10 Uhr durfte Thomas M\u00fcller in der Disziplin Zimmerstutzen antreten. Er erreichte 263 Ringe.<\/p>\r\n<p><a class=\"fbx-link\" href=\"http:\/\/s710205766.online.de\/ssv-wordpress\/wp-content\/uploads\/IMG_2178.jpg\" target=\"_blank\" rel=\"noopener noreferrer\"><img loading=\"lazy\" decoding=\"async\" class=\"aligncenter wp-image-5040 size-medium\" src=\"http:\/\/s710205766.online.de\/ssv-wordpress\/wp-content\/uploads\/IMG_2178-e1567447273832-225x300.jpg\" alt=\"\" width=\"225\" height=\"300\" srcset=\"http:\/\/s710205766.online.de\/ssv-wordpress\/wp-content\/uploads\/IMG_2178-e1567447273832-225x300.jpg 225w, http:\/\/s710205766.online.de\/ssv-wordpress\/wp-content\/uploads\/IMG_2178-e1567447273832-768x1024.jpg 768w\" sizes=\"(max-width: 225px) 100vw, 225px\" \/><\/a>(Foto privat) Thomas M\u00fcller<\/p>\r\n<p>&nbsp;<\/p>\r\n<p>Am Mittwoch gingen Karin Kre\u00df (271 Ringe) und Karina Schneider (272) in der Disziplin Zimmerstutzen an den Start.<\/p>\r\n<p><a class=\"fbx-link\" href=\"http:\/\/s710205766.online.de\/ssv-wordpress\/wp-content\/uploads\/IMG_2231-e1567447365444.jpg\" target=\"_blank\" rel=\"noopener noreferrer\"><img loading=\"lazy\" decoding=\"async\" class=\"aligncenter wp-image-5041 size-medium\" src=\"http:\/\/s710205766.online.de\/ssv-wordpress\/wp-content\/uploads\/IMG_2231-e1567447365444-225x300.jpg\" alt=\"\" width=\"225\" height=\"300\" srcset=\"http:\/\/s710205766.online.de\/ssv-wordpress\/wp-content\/uploads\/IMG_2231-e1567447365444-225x300.jpg 225w, http:\/\/s710205766.online.de\/ssv-wordpress\/wp-content\/uploads\/IMG_2231-e1567447365444-768x1024.jpg 768w\" sizes=\"(max-width: 225px) 100vw, 225px\" \/><\/a>\u00a0<\/p>\r\n<p>Ab Freitag, den 30.09. kamen die Jugendlichen zum Einsatz.<\/p>\r\n<p>In der Disiplin KK 3&#215;20 startete Benjamin Dannefelser. Er erreichte 521 Ringe.<\/p>\r\n<p>In der Diszipiln Luftgewehr 3 Stellung gingen Coco de With (564), Joa Xander (569) umd Xenia Scherer (587) als Mannschaft an den Start.<\/p>\r\n<p>Xenia erreichte im Einzel einen tollen 14 Platz von 100 Startern.<\/p>\r\n<p>&nbsp;<\/p>\r\n<p><a class=\"fbx-link\" href=\"http:\/\/s710205766.online.de\/ssv-wordpress\/wp-content\/uploads\/50f65484-0b19-4b1c-b81e-735e547a85a0.jpg\" target=\"_blank\" rel=\"noopener noreferrer\"><img loading=\"lazy\" decoding=\"async\" class=\"aligncenter wp-image-5042 size-medium\" src=\"http:\/\/s710205766.online.de\/ssv-wordpress\/wp-content\/uploads\/50f65484-0b19-4b1c-b81e-735e547a85a0-225x300.jpg\" alt=\"\" width=\"225\" height=\"300\" srcset=\"http:\/\/s710205766.online.de\/ssv-wordpress\/wp-content\/uploads\/50f65484-0b19-4b1c-b81e-735e547a85a0-225x300.jpg 225w, http:\/\/s710205766.online.de\/ssv-wordpress\/wp-content\/uploads\/50f65484-0b19-4b1c-b81e-735e547a85a0.jpg 768w\" sizes=\"(max-width: 225px) 100vw, 225px\" \/><\/a>(Foto privat) Xenia Scherer<\/p>\r\n<p>&nbsp;<\/p>\r\n<p>Als Einzelsch\u00fctze startete Lukas Schertlen (573).<\/p>\r\n<p>Am letzten Tag, Samstag der 01.09. durfte Xenia Scherer noch in der Disziplin Luftgewehr (403) antreten.<\/p>\r\n<p>Es waren wieder sch\u00f6ne Tage in M\u00fcnchen. Wir gratulieren allen Teilnehmern zu ihren tollen Ergebnissen und w\u00fcnschen weiterhin Gut Schuss.<\/p>\r\n<p>Alle Ergebnisse unter Unser Sport\/ Meisterschaften\/ Deutsche Meisterschaften<\/p>\r\n<p>02.09.2019\/ MW<\/p>\r\n<h4>\u00a0<\/h4>\r\n<h4><strong>Finale RWK KK-Auflage <\/strong><\/h4>\r\n<p>&nbsp;<\/p>\r\n<p><strong>Eberbach 1 RWK-Sieger A-Klasse, Eberbach 2 mit Abstieg<\/strong><\/p>\r\n<p>Der zentrale Finalwettkampf der KK-Auflagesch\u00fctzen in Spechbach hatte f\u00fcr die Sch\u00fctzen des SSV Eberbach 1 ein positives Endergebnis, w\u00e4hrend die Sch\u00fctzen von Eberbach 2 mit einer \u201eTr\u00e4ne im Knopfloch\u201c die Heimreise antraten.<\/p>\r\n<p>Die 1. Mannschaft war als Tabellenf\u00fchrer der A-Klasse mit einem Vorsprung von 26 Ringen auf Spechbach 1 angetreten, so dass die Titelverteidigung fast schon klar war. Vielleicht deswegen konnte die Mannschaft befreit aufschie\u00dfen und erzielte ein Rekordergebnis von 886 Ringen. Hierzu trug Lothar Braun bei, der bereits zum vierten Mal in dieser Runde 296 Ringe erzielte. Bei Gabi Hammer-Zeitler ist der Knoten auch mal geplatzt; auch sie steuerte 296 Ringe bei. Dritter im Bunde war Wulfrin Schatz mit 294 Ringen.<\/p>\r\n<p>Da Spechbach 1 auf 881 Ringe kam, konnte der Vorsprung der Eberbacher auf 31 Ringe ausgebaut werden. Mit einem Durchschnitt von 876,67 Ringen (Steigerung gegen\u00fcber Vorjahr 22 Ringe) stand der Rundenwettkampfsieg fest und der Vorjahressieg konnte wiederholt werden.<\/p>\r\n<p><a class=\"fbx-link\" href=\"http:\/\/s710205766.online.de\/ssv-wordpress\/wp-content\/uploads\/Einzelwertung1.jpg\" target=\"_blank\" rel=\"noopener noreferrer\"><img loading=\"lazy\" decoding=\"async\" class=\"aligncenter wp-image-4967 size-medium\" src=\"http:\/\/s710205766.online.de\/ssv-wordpress\/wp-content\/uploads\/Einzelwertung1-300x169.jpg\" alt=\"\" width=\"300\" height=\"169\" srcset=\"http:\/\/s710205766.online.de\/ssv-wordpress\/wp-content\/uploads\/Einzelwertung1-300x169.jpg 300w, http:\/\/s710205766.online.de\/ssv-wordpress\/wp-content\/uploads\/Einzelwertung1-768x432.jpg 768w, http:\/\/s710205766.online.de\/ssv-wordpress\/wp-content\/uploads\/Einzelwertung1-1024x576.jpg 1024w\" sizes=\"(max-width: 300px) 100vw, 300px\" \/><\/a><\/p>\r\n<p>(Foto privat v.li.) Reinhard Zahn, Wulfrin Schatz, Lothar Braun, Gabi Hammer-Zeitler und J\u00fcrgen Herbold<\/p>\r\n<p>Eberbach 2 in der A-Klasse hatte als Tabellenletzter vor dem Abschlusswettkampf einen knappen Vorsprung von 4 Ringen vor dem Tabellenf\u00fchrer der B-Klasse (Spechbach 2). Klaus Bickel konnte mit 291 Ringen wieder \u00fcberzeugen, w\u00e4hrend es bei Friedrich Oe\u00df und Annette Schatz mit je 282 Ringen nicht ganz optimal lief. Das Mannschaftsergebnis von 855 Ringen war zwar nicht schlecht, war jedoch gegen die Saisonbestleistung von Spechbach 2 mit 864 Ringen zu wenig, so dass wegen 5 Ringen, die zugebenerma\u00dfen in den ersten 4 Wettk\u00e4mpfen liegen gelassen wurden, der Abstieg in die B-Klasse erfolgt.<\/p>\r\n<p>Eberbach 3 in der B-Klasse kam aufgrund von diversen Problemen in dieser Saison nicht an ihre Vorjahresleistung heran und belegte den abschlie\u00dfenden 4. Platz. Trotzdem gelang ihr zum Abschluss mit 853 Ringen eine Saisonbestleistung, zu der Anneliese Gliese mit 287 Ringen (Saisonbestleistung), Reinhard Zahn mit 284 Ringen und Thomas B\u00e4uerle mit 282 Ringen (Saisonbestleistung) beitrugen.<\/p>\r\n<p>In der Einzelwertung aller teilnehmenden 26 Sch\u00fctzen und Sch\u00fctzinnen mit insgesamt 6 Wettk\u00e4mpfen belegte Lothar Braun mit dem bisherigen Rekordergebnis von 1767 Ringen (Durchschnitt 294,50) und einem Vorsprung von 15 Ringen den ersten Platz. Wulfrin Schatz kam mit einem Schnitt von 292 Ringen auf Platz 2, w\u00e4hrend Gabriele Hammer-Zeitler durch ihren letzten \u00fcberragenden Wettkampf mit 291,33 Ringen noch auf Platz 3 vorstie\u00df.<\/p>\r\n<p>&nbsp;<\/p>\r\n<p><a class=\"fbx-link\" href=\"http:\/\/s710205766.online.de\/ssv-wordpress\/wp-content\/uploads\/Einzelwertung2.jpg\" target=\"_blank\" rel=\"noopener noreferrer\"><img loading=\"lazy\" decoding=\"async\" class=\"aligncenter wp-image-4968 size-medium\" src=\"http:\/\/s710205766.online.de\/ssv-wordpress\/wp-content\/uploads\/Einzelwertung2-300x169.jpg\" alt=\"\" width=\"300\" height=\"169\" srcset=\"http:\/\/s710205766.online.de\/ssv-wordpress\/wp-content\/uploads\/Einzelwertung2-300x169.jpg 300w, http:\/\/s710205766.online.de\/ssv-wordpress\/wp-content\/uploads\/Einzelwertung2-768x432.jpg 768w, http:\/\/s710205766.online.de\/ssv-wordpress\/wp-content\/uploads\/Einzelwertung2-1024x576.jpg 1024w\" sizes=\"(max-width: 300px) 100vw, 300px\" \/><\/a>(Foto privat v.li.) Wulfrin Schatz, Lothar Braun und Gabi Hammer-Zeitler<\/p>\r\n<p>Zum Abschluss der Rundenwettk\u00e4mpfe gilt ein besonderer Dank an den \u201eguten Geist\u201c Werner Gose, der obwohl kein KK-Sch\u00fctze bei allen Wettk\u00e4mpfen den Sch\u00fctzen hilfreich zur Seite stand und insbesondere bei Heimwettk\u00e4mpfen durch sein Engagement zum positiven Gelingen der Rundenwettk\u00e4mpfe beitrug. Dank gilt ferner allen Scheibenwechslern, ohne die die Sitzendsch\u00fctzen nicht zum Erfolg k\u00e4men. Ferner gilt Dank auch den Sch\u00fctzen und Sch\u00fctzinnen, die durch die Sicherstellung der Verpflegung bei Heimwettk\u00e4mpfen nicht nur die Sch\u00fctzen, sondern auch den SSV Eberbach unterst\u00fctzt haben.<\/p>\r\n<p>22.07.2019 WS<\/p>\r\n<p>&nbsp;<\/p>\r\n<h3><strong>Abschluss der Landesmeisterschaften in Ittersbach<\/strong><\/h3>\r\n<p>Am vergangenen Wochenende fand mit dem Luftgewehr die letzte Landesmeisterschaft Disziplin im Jugendbereich in Ittersbach statt.<\/p>\r\n<p>Unsere Jugendmannschaft mit den Sch\u00fctzen: Leonie B\u00f6hm, Benjamin Dannefelser und Max Kre\u00df kam mit 1.095 Ringen auf den 6. Platz.<\/p>\r\n<p>Leonie schoss sehr konzentriert um kam mit guten 369 Ringen auf den 11. Platz in der Jugendklasse weiblich. Benjamin schoss sogar noch einen Ring mehr, seine 370 Ringe brachten ihn auf Platz vier. Max war mit seinem Schie\u00dfen nicht zufrieden und landete letztlich mit 356 Ringen auf dem 13. Platz.<\/p>\r\n<p>Xenia Scherer die in dieser Disziplin f\u00fcr Plankstadt antrat kam mit ihrer Mannschaft auf den 1. Platz.<\/p>\r\n<p>\u00a0In der Einzelwertung konnte sie mit sehr guten 382 Ringen die Silber Medaille gewinnen.<\/p>\r\n<p><strong>Wir w\u00fcnschen allen Sch\u00fctzen, die die Qualifikation zur Deutschen Meisterschaft erreicht haben &#8222;Gut Schu\u00df&#8220;.<\/strong><\/p>\r\n<p>16.07.19 k\u00df<\/p>\r\n<p>&nbsp;<\/p>\r\n<h4><strong>5. RWK B-Kasse KK-Auflage <\/strong><\/h4>\r\n<p>&nbsp;<\/p>\r\n<p>Beim f\u00fcnften RWK KK-Auflage in der B-Klasse kam die dritte Mannschaft in Wilhelmsfeld leider nur auf 819 Ringe und konnte damit ihren 4. Platz in der B-Klasse nicht verlassen.<\/p>\r\n<p>Mannschaftsbester war Reinhard mit 276 Ringen vor Franz Zeitler, der mit 273 Ringen seine pers\u00f6nliche Bestleistung wiederholen konnte. Anneliese Gliese erzielte 270 Ringe.<\/p>\r\n<p>F\u00fcr Eberbach 2 (A-Klasse) war dieser 5. RWK in der B-Klasse von gr\u00f6\u00dferer Bedeutung, denn danach hat sich ihr R\u00fcckstand gegen\u00fcber dem Tabellenf\u00fchrer der B-Klasse, der f\u00fcr den Auf- oder Abstieg entscheidend ist, auf einen Vorsprung von 4 Ringen ver\u00e4ndert. Insoweit wird der abschlie\u00dfende 6. RWK in der n\u00e4chsten Woche in Spechbach die Entscheidung \u00fcber Auf- oder Abstieg bringen.<\/p>\r\n<p>15.07.2019 WS<\/p>\r\n<p>&nbsp;<\/p>\r\n<h4>\u00a0<\/h4>\r\n<h4><strong>5. RWK B-Kasse KK-Auflage <\/strong><\/h4>\r\n<p>Beim f\u00fcnften RWK KK-Auflage in der B-Klasse kam die dritte Mannschaft in Wilhelmsfeld leider nur auf 819 Ringe und konnte damit ihren 4. Platz in der B-Klasse nicht verlassen.<\/p>\r\n<p>Mannschaftsbester war Reinhard mit 276 Ringen vor Franz Zeitler, der mit 273 Ringen seine pers\u00f6nliche Bestleistung wiederholen konnte. Anneliese Gliese erzielte 270 Ringe.<\/p>\r\n<p>F\u00fcr Eberbach 2 (A-Klasse) war dieser 5. RWK in der B-Klasse von gr\u00f6\u00dferer Bedeutung, denn danach hat sich ihr R\u00fcckstand gegen\u00fcber dem Tabellenf\u00fchrer der B-Klasse, der f\u00fcr den Auf- oder Abstieg entscheidend ist, auf einen Vorsprung von 4 Ringen ver\u00e4ndert. Insoweit wird der abschlie\u00dfende 6. RWK in der n\u00e4chsten Woche in Spechbach die Entscheidung \u00fcber Auf- oder Abstieg bringen.<\/p>\r\n<p>15.07.2019 WS<\/p>\r\n<p>&nbsp;<\/p>\r\n<h4><strong>5. RWK KK-Auflage der A-Klasse<\/strong><\/h4>\r\n<p>&nbsp;<\/p>\r\n<h5><strong>Eberbach 1 baut Tabellenf\u00fchrung aus<\/strong><\/h5>\r\n<p>Beim f\u00fcnften Rundenwettkampf KK-Auflage in der A-Klasse konnten beide Eberbacher Mannschaften erneut gute Mannschaftsergebnisse erzielen.<\/p>\r\n<p>In der 1. Mannschaft waren alle drei Sch\u00fctzen zwar diesmal unzufrieden, ohne allerdings wirklich die Ursachen zu kennen. Die Lichtverh\u00e4ltnisse in Eberbach waren n\u00e4mlich nach der Baumentastungsaktion deutlich verbessert, trotzdem erzielte Lothar Braun \u201enur\u201c 291 Ringe; baute seinen Vorsprung in der Einzelwertung dennoch auf 13 Ringe aus. Wulfrin Schatz mit 290 Ringe und Gabi Hammer-Zeitler mit 288 Ringen vervollst\u00e4ndigten das Mannschaftsergebnis auf diesmal \u201enur\u201c 869 Ringe und betrauerten die \u201eschlechteste\u201c Saisonleistung. Gegen\u00fcber Spechbach 1, die diesmal 861 Ringe auf die Scheiben brachten, konnte die Tabellenf\u00fchrung trotzdem auf einen Vorsprung von 26 Ringen ausgebaut werden. Vor dem abschlie\u00dfenden letzten Wettkampf d\u00fcrfte damit die Titelverteidigung gesichert sein.<\/p>\r\n<p>Die 2. Mannschaft steigerte ihre Saisonbestleistung auf 861 Ringe, bleibt aber mit deutlichem R\u00fcckstand auf dem 4. und letzten Platz in der A-Klasse. Der R\u00fcckstand gegen\u00fcber dem Tabellenf\u00fchrer der B-Klasse, der f\u00fcr den Auf- oder Anstieg entscheidend ist, ist jedoch noch aufholbar. Insoweit wird der 5. RWK in der B-Klasse in der n\u00e4chsten Woche in Wilhelmsfeld sehr interessant. Die Einzelsch\u00fctzen der 2. Mannschaft waren Klaus Bickel mit sehr guten 290 Ringen, Fritz Oe\u00df mit guten 287 Ringen und Annette Schatz komplettierte mit 284 Ringen f\u00fcr den verhinderten Reinhard Zahn das gute Mannschaftsergebnis. Innerhalb der Rangliste Einzelwertung schossen Anneliese Gliese 278 Ringe und Franz Zeitler 273 Ringe.<\/p>\r\n<p>08.07.2019 WS<\/p>\r\n<p>&nbsp;<\/p>\r\n<h4><strong>Landesmeisterschaften<\/strong><\/h4>\r\n<p>Am vergangenen Wochenende wurden f\u00fcr dieses Jahr, die letzten Medaillen in Pforzheim vergeben.<\/p>\r\n<p>Einmal Gold, zweimal Silber und einmal Bronze konnten erreicht werden.<\/p>\r\n<p>Am Samstag starteten unsere M\u00e4nner in der Klasse H3 mit ihrem 3&#215;20 Programm. Die Mannschaft mit Andreas Reinig, Wolf-Dieter Schmitt und Martin Kre\u00df belegte am Ende den 9. Platz.<\/p>\r\n<p>\u00a0Im Einzel wurde Andreas Reinig 10., Wolf-Dieter Schmitt 19. Und Martin Kre\u00df 21.<\/p>\r\n<p>Wolfgang Stadler hatte in der Disziplin Spopi leider zwei Waffenst\u00f6rungen, dadurch konnte er nur ein Ergebnis von 514 erreichen und kam auf den 19 Platz.<\/p>\r\n<p>Unsere Damenmannschaft mit den Sch\u00fctzinnen Karina Schneider, Nina Johe und Karin Kre\u00df war wie im letzten Jahr sehr zielsicher mit dem Zimmerstutzen und konnte Platz zwei mit 797 Ringen erreichen.<\/p>\r\n<p>Karina Schneider gewann mit starken 277 Ringen Silber und Karin Kre\u00df reichte es mit 268 Ringen zur Bronzemedaille. Nina Johe erreichte mit 252 Ringen den 8. Platz.<\/p>\r\n<p>Am Sonntag stand das 60 Schu\u00df liegend Programm der Herren 3 an. Hier erreichte unsere Mannschaft mit den Sch\u00fctzen Wolf-Dieter Schmitt, Holger Kuhn und Andreas Reinig mit 1.665 Ringen den 5. Platz.<\/p>\r\n<p>Im Einzel schaffte Andreas Reinig mit 559 Ringen den 19. Platz, Wolf-Dieter Schmitt mit 554 Ringen den 21. Platz und Holger Kuhn wurde mit 552 Ringen 23.<\/p>\r\n<p>Karin Kre\u00df trat in der Disziplin 3&#215;20 an und gewann mit einem Ergebnis von 525 Ringen in der Klasse Damen 2 die Goldmedaille.<\/p>\r\n<p>In der Disziplin Luftgewehr Herren 1 trat unsere Mannschaft mit den Sch\u00fctzen Steffen Kre\u00df, Stephan Sch\u00f6lch und Sascha K\u00fcller an. Sie konnten mit einem Ergebnis von 1.141 den 9 Platz erreichen.<\/p>\r\n<p>Steffen Kre\u00df, der in diesem Jahr zum ersten Mal in der Herrenklasse antreten durfte, behielt seine Nerven im Griff. Er schoss hoch konzentriert und erreichte mit 391 Ringen seine pers\u00f6nliche Bestleistung in einem Wettbewerb. Dies bedeutete am Ende Platz 5 ringgleich mit Platz 3.<\/p>\r\n<p>Stephan Sch\u00f6lch schoss ebenfalls sehr stark und kam mit 386 Ringen auf den 14. Rang. Sascha K\u00fcller wurde mit 364 Ringen 12. (H2) und Timo Sch\u00e4fer mit 363 Ringen 59.<\/p>\r\n<p>Auch in Ittersbach fanden am Sonntag wieder Wettk\u00e4mpfe unserer Jugend statt.<\/p>\r\n<p>Benjamin Dannefelser und Max Kre\u00df schossen 3&#215;20. Benjamin holte sich hier mit 517 Ringen die Bronze Medaille. Max Kre\u00df wurde 5.<\/p>\r\n<p>10.07.19 k\u00df<\/p>\r\n<p>&nbsp;<\/p>\r\n<h4>\u00a0<\/h4>\r\n<h4><strong>Eberbach 3 stabilisiert 4. Platz in der B-Kasse KK-Auflage <\/strong><\/h4>\r\n<p>Beim vierten RWK KK-Auflage in der B-Klasse schoss die dritte Mannschaft 842 Ringe und stabilisierte damit ihren 4. Platz in der B-Klasse.<\/p>\r\n<p>In der 1. Mannschaft waren alle drei Sch\u00fctzen zwar diesmal unzufrieden, ohne allerdings wirklich die Ursachen zu kennen. Die Lichtverh\u00e4ltnisse in Eberbach waren n\u00e4mlich nach der Baumentastungsaktion deutlich verbessert, trotzdem erzielte Lothar Braun \u201enur\u201c 291 Ringe; baute seinen Vorsprung in der Einzelwertung dennoch auf 13 Ringe aus. Wulfrin Schatz mit 290 Ringe und Gabi Hammer-Zeitler mit 288 Ringen vervollst\u00e4ndigten das Mannschaftsergebnis auf diesmal \u201enur\u201c 869 Ringe und betrauerten die \u201eschlechteste\u201c Saisonleistung. Gegen\u00fcber Spechbach 1, die diesmal 861 Ringe auf die Scheiben brachten, konnte die Tabellenf\u00fchrung trotzdem auf einen Vorsprung von 26 Ringen ausgebaut werden. Vor dem abschlie\u00dfenden letzten Wettkampf d\u00fcrfte damit die Titelverteidigung gesichert sein.<\/p>\r\n<p>Die 2. Mannschaft steigerte ihre Saisonbestleistung auf 861 Ringe, bleibt aber mit deutlichem R\u00fcckstand auf dem 4. und letzten Platz in der A-Klasse. Der R\u00fcckstand gegen\u00fcber dem Tabellenf\u00fchrer der B-Klasse, der f\u00fcr den Auf- oder Anstieg entscheidend ist, ist jedoch noch aufholbar. Insoweit wird der 5. RWK in der B-Klasse in der n\u00e4chsten Woche in Wilhelmsfeld sehr interessant. Die Einzelsch\u00fctzen der 2. Mannschaft waren Klaus Bickel mit sehr guten 290 Ringen, Fritz Oe\u00df mit guten 287 Ringen und Annette Schatz komplettierte mit 284 Ringen f\u00fcr den verhinderten Reinhard Zahn das gute Mannschaftsergebnis. Innerhalb der Rangliste Einzelwertung schossen Anneliese Gliese 278 Ringe und Franz Zeitler 273 Ringe.<\/p>\r\n<p>01.07.2019 WS<\/p>\r\n<p>&nbsp;<\/p>\r\n<h3><strong>Hitzeschlacht in Pforzheim und Ittersbach<\/strong><\/h3>\r\n<p>2 x Gold, 2 x Silber und 2 x Bronze, war die Ausbeute des zweiten Landesmeisterschafts &#8211; Wochenende.<\/p>\r\n<p>Am Samstagvormittag standen 60 Schuss Liegend auf dem Programm. Steffen Kre\u00df (HI) blieb unter seinen M\u00f6glichkeiten und haderte mit seinem Ergebnis von 573 Ringen die Platz 9 bedeuteten.<\/p>\r\n<p>Karin Kre\u00df (DII) erreichte mit 558 Ringen den 2. Platz.<\/p>\r\n<p>Thomas B\u00e4uerle (SI) trat in der Disziplin 25 m Pistole Auflage an und konnte mit 280 Ringen den 5. Platz erreichen.<\/p>\r\n<p>Am Nachmittag ging es mit KK 50 m 30 Schuss weiter. Hier konnten in der Klasse HI folgende Platzierungen erreicht werden.<\/p>\r\n<p>9. Steffen Kre\u00df mit 268 Ringen, 14. Karin Kre\u00df mit 259 Ringen, 16. Andreas Reinig mit 256 Ringen und 22. Thomas M\u00fcller mit 248 Ringen.<\/p>\r\n<p>\u00a0In der Jugendklasse 1 wurde Xenia Scherer mit 252 Ringen vierte.<\/p>\r\n<p>Unsere Jugend war zur selben Zeit in Ittersbach flei\u00dfig. Dort stand LG 3-Stellung auf dem Programm. Unsere Mannschaft mit den Sch\u00fctzen Xenia Scherer, Coco de With und Joa Xander konnte hier den ersten Platz mit 1.713 Ringen erreichen.<\/p>\r\n<p>In der Einzelwertung Jugend m\u00e4nnlich gewann Lukas Schertlen Gold mit 575 Ringen, Joa Xander belegte mit 563 Ringen den Bronze Platz. Max Kre\u00df mit 553 Ringen wurde Vierter.<\/p>\r\n<p>Xenia Scherer in der Jugendklasse weiblich zeigte es ihren m\u00e4nnlichen Kollegen und schoss b\u00e4renstarke 580 Ringe die f\u00fcr sie die Gold &#8211; Medaille bedeuteten. Coco de With wurde mit 570 Ringen Vierte.<\/p>\r\n<p>Der Sonntag stand ganz im Zeichen der Hitze, die den Sch\u00fctzen schon ganz sch\u00f6n zu schaffen machte.<\/p>\r\n<p>Die Jugend begann morgens in Ittersbach mit 60 Schuss Liegend. Hier gewann Benjamin Dannefelser mit 551 Ringen die Bronze Medaille. Max Kre\u00df wurde mit 531 Ringen F\u00fcnfter.<\/p>\r\n<p>Xenia Scherer die in dieser Disziplin f\u00fcr Kronau antrat hatte Probleme mit ihrer Waffe und wurde mit 542 Ringen F\u00fcnfte.<\/p>\r\n<p>In der Klasse Jugend II Luftgewehr gewann unsere Mannschaft mit den Sch\u00fctzen Leon Joho, Elias Rudewig und Tim Stahl die Silber-Medaille mit 1.083 Ringen.<\/p>\r\n<p>In der Einzelwertung wurde Elias Rudewig mit 369 Ringen vierter, Leon Joho erreichte mit 363 Ringen den sechsten Platz und Tim Stahl wurde mit 351 Ringen Zw\u00f6lfter.<\/p>\r\n<p>Unsere Herren Stephan Sch\u00f6lch und Steffen Kre\u00df mussten in Pforzheim um 14.00 Uhr bei ca. 40 C ihre KK 3 x 20 Serie schie\u00dfen. Am Ende wurde Stephan mit starken 563 Ringen Sechster. 14. wurde Steffen mit 543 Ringen.<\/p>\r\n<p>&nbsp;<\/p>\r\n<p>01.07.2019 k\u00df<\/p>\r\n<p>&nbsp;<\/p>\r\n<h3><strong>Vierter RWK KK-Auflage der A-Klasse<\/strong><\/h3>\r\n<p><strong>Eberbach 1 verteidigt Tabellenf\u00fchrung<\/strong><\/p>\r\n<p>Beim vierten Rundenwettkampf KK-Auflage in der A-Klasse konnten beide Eberbacher Mannschaften gute Mannschaftsergebnisse erzielen.<\/p>\r\n<p>In der 1. Mannschaft erzielte Lothar Braun bereits zum dritten Mal in dieser Runde 296 Ringe und baute seinen Vorsprung in der Einzelwertung damit auf 12 Ringe aus. Wulfrin Schatz mit 292 Ringe und Gabi Hammer-Zeitler mit 291 Ringen vervollst\u00e4ndigten das Mannschaftsergebnis auf 879 Ringe, mit dem der Vereinsrekord eingestellt wurde. Gegen\u00fcber Spechbach 1, die diesmal ebenfalls 879 Ringe auf die Scheiben brachten, konnte die Tabellenf\u00fchrung mit einem Vorsprung von 18 Ringen verteidigt werden.<\/p>\r\n<p>Die 2. Mannschaft verbesserte sich mit 856 Ringen auf Saisonbestleistung, bleibt aber mit deutlichem R\u00fcckstand auf dem 4. und letzten Platz in der A-Klasse. Der R\u00fcckstand gegen\u00fcber dem Tabellenf\u00fchrer der B-Klasse, der f\u00fcr den Auf- oder Anstieg entscheidend ist, ist jedoch noch aufholbar. Die Einzelsch\u00fctzen der 2. Mannschaft waren Fritz Oe\u00df mit guten 290 Ringen, Reinhard Zahn mit wieder erstarkten 286 Ringen und Klaus Bickel mit 280 Ringen. Franz Zeitler schoss f\u00fcr die Rangliste 267 Ringe.<\/p>\r\n<p>24.06.2019 WS<\/p>\r\n<p>&nbsp;<\/p>\r\n<h3>\u00a0<\/h3>\r\n<h3><strong>Landesmeisterschaften in Pforzheim haben begonnen<\/strong><\/h3>\r\n<p>2 x Gold und 1 x Silber konnten die Sch\u00fctzen in Pforzheim bisher erringen.<\/p>\r\n<p>Das erste Wochenende (01.06. + 02.06.19) begann mit der Disziplin 25m Zentralfeuerpistole. Hier erreichten in der H III Roland Johe (508 Ringe) den 15. und Thomas B\u00e4uerle (442 Ringe) den 26. Platz.<\/p>\r\n<p>Im Zimmerstutzen traten unsere H III Sch\u00fctzen leider nur im Einzel an.<\/p>\r\n<p>Thomas M\u00fcller landete mit 266 Ringen auf Platz 7. Andreas Reinig (261 Ringe) kam auf Platz 12. und Martin Kre\u00df (239 Ringe) auf Platz 19.<\/p>\r\n<p>Andreas Reinig erreichte in der Disziplin 3 x 40 (H II) mit 1.061 Ringen den 4. Platz.<\/p>\r\n<p>Karin Kre\u00df gewann im Luftgewehr D II mit 372 Ringen den 2. Platz.<\/p>\r\n<p>Am vergangenen Wochenende stand ausschlie\u00dflich KK 100 m auf dem Programm.<\/p>\r\n<p>Kerstin Liebsch landete mit starken 283 Ringen in der D III ganz oben auf dem Podest.<\/p>\r\n<p>Wolf-Dieter Schmitt (H III) erreichte mit 270 Ringen den 15. Platz.<\/p>\r\n<p>\u00a0In der Herrenklasse 1 trat im zweiten Durchgang Steffen Kre\u00df an. Er stellte einen neuen pers\u00f6nlichen Rekord auf und schoss b\u00e4renstarke 292 Ringe. Bis zum letzten Durchgang blieb es spannend welchen Platz dieses Ergebnis bringen w\u00fcrde. Am Ende stand fest, er hatte es knapp geschafft. Platz 1 ringgleich mit Platz zwei, aber in der zweiten Serie besser ausgeschossen.<\/p>\r\n<p>\u00a0Am kommenden Wochenende geht es in Pforzheim weiter und auch unsere Jugend wird dann in Ittersbach angreifen.<\/p>\r\n<p>\u00a024.06.19 k\u00df<\/p>\r\n<p>&nbsp;<\/p>\r\n<h3>\u00a0<\/h3>\r\n<h3><strong>LM Auflage LG \u2013 KK50, 2. Tag<\/strong><\/h3>\r\n<p><strong>Einmal Gold, zweimal Bronze &#8211; Frauenpower ungebrochen<\/strong><\/p>\r\n<p>Am zweiten Wettkampftag der Landesmeisterschaften Auflage in den Disziplinen LG und KK50 Auflage errangen die Sch\u00fctzen des SSV Eberbach mit einmal Gold und zweimal Bronze erneut Edelmetall. Die Gesamtausbeute der Auflagemeisterschaften erh\u00f6hte sich dadurch auf 5 x Gold, 2 x Silber und 4 x Bronze. Interessant oder sogar bezeichnend ist die Tatsache, dass alle 11 Medaillen ausschlie\u00dflich von den Auflagesch\u00fctzinnen errungen wurden! Ihre m\u00e4nnlichen Kollegen blieben dieses Jahr samt und sonders ohne Medaillengewinn. So nimmt es nicht Wunder, dass Rufe nach einem M\u00e4nnerbeauftragten, Spezialtrainer oder nach psychologischer Betreuung immer lauter werden.<\/p>\r\n<p>\u00a0Was nun die Ergebnisse des zweiten Tages betrifft, so er\u00f6ffneten die Sch\u00fctzen der SIII bis SV am heutigen Sonntag mit dem Luftgewehr die Wettk\u00e4mpfe. Ziel war, nach der fast vollst\u00e4ndigen Pleite im vergangenen Jahr heuer mit ansprechenden Zehntelergebnissen die Qualifikation zur DM nach Dortmund wieder zu erreichen. Dementsprechend war aber auch die nervliche Anspannung, die bei allen deutlich sichtbar war. Die 1. Mannschaft mit den Sch\u00fctzen Wulfrin Schatz (314,4 Ringe, 6. Platz), Lothar Braun (313,3 Ringe, 9. Platz) und Klaus Bickel (312,0 Ringe, 13. Platz) kam auf 939,7 Ringe und hat damit die Qualifikation deutlich geschafft. Aus der 2. Mannschaft hat es Werner Gose mit 311 Ringen und Platz 12 in der Klasse SV zur Freude des gesamten Teams ebenfalls geschafft. Bei seinen Mannschaftsmitgliedern Fritz Oe\u00df (306,6) und Anneliese Gliese (306,2) sowie bei dem Einzelsch\u00fctzen Franz Zeitler (298,9) reicht es dagegen nicht.<\/p>\r\n<p>Zum Abschluss des Wettkampftages griffen die KK-Sch\u00fctzinnen der Seniorenklasse I-II in das Geschehen ein. Gabriele Hammer-Zeitler (S II) erreichte mit 299,2 Ringen den Landesmeistertitel. Annette Schatz (S II) kam mit 298,0 Ringen auf Platz 3. Kerstin Liebsch (S I) kam diesmal nicht ganz zurecht und erreichte mit 286,8 Ringen Platz 5. Die Mannschaft erzielte mit diesen Sch\u00fctzinnen zusammen 884,0 Ringe und wurde Dritte. F\u00fcr die Qualifikation zur Deutschen Meisterschaft nach Hannover reichen die Ergebnisse allerdings leider nicht.<\/p>\r\n<p>&nbsp;<\/p>\r\n<p>23.06.2019 WS<\/p>\r\n<h3>\u00a0<\/h3>\r\n<h3><strong>LM Auflage LG \u2013 KK50, 1. Tag<\/strong><\/h3>\r\n<p><strong>Zweimal Gold, einmal Silber, einmal Bronze\u00a0<\/strong><\/p>\r\n<p>Am ersten Wettkampftag der Landesmeisterschaften Auflage in den Disziplinen LG und LP Auflage sowie KK50 Auflage konnten die Sch\u00fctzen des SSV Eberbach mit zweimal Gold, einmal Silber und einmal Bronze die Heimreise antreten.<\/p>\r\n<p>Zum Auftakt des ersten Landesmeisterschaftstages ging Christiane Weidner mit der Luftpistole (Seniorinnen IV) an den Start. Leider kam sie nervlich nicht so wie sonst zur Ruhe und brachte 284,3 Ringe auf die Scheiben, was zwar zum dritten Platz reichte, aber nicht f\u00fcr die Qualifikation zur DM nach Hannover.<\/p>\r\n<p>Danach waren die KK-Sch\u00fctzen der Seniorenklasse III-V am Start. Hier lie\u00df es sich Klaus Bickel nicht nehmen, dem Reigen seiner Pannenergebnisse ein weiteres Highlight hinzuzuf\u00fcgen, in dem er die Waffe \u201enach seinem Gegner warf\u201c, d.h. sie fiel ihm vom Hocker und hatte den Korntunnel verbogen. Aber unser \u201eBastelklaus\u201c w\u00e4re nicht unser Bastelklaus, wenn ihm dies sonderlich aus dem Konzept bringen w\u00fcrde. Ein Mann, eine Tat, Korntunnel repariert und Wettkampfschie\u00dfen wieder aufgenommen. Mit seiner Bierruhe war es dann aber offensichtlich doch etwas vorbei, dennoch rette er sich mit 290,7 Ringen ins Ziel. Lothar Braun und Wulfrin Schatz haderten mit ihren Ergebnissen von 304,0 und 303,7 Ringen und Platz 7 und 8 etwas, haben aber gemessen an der Vorjahresqualifikationsringzahl die Teilnahme an der DM erreicht. Die Mannschaft erreichte in dieser Besetzung mit 898,4 Ringen Platz 10.<\/p>\r\n<p>Zum Abschluss des Wettkampftages griffen die LG-Sch\u00fctzinnen der Seniorenklasse I-II in das Geschehen ein. Gabriele Hammer-Zeitler (S II) erreichte trotz akuter gesundheitlicher Probleme mit drei Serien \u00fcber 103 Ringen eine Gesamtringzahl von 310,7 Ringen (Platz 4) und blieb noch 0,5 Ringe \u00fcber der Vorjahresqualifikationsringzahl zur Teilnahme an der DM. Kerstin Liebsch (S I) kam in ihrem ersten LM-Wettkampf in dieser Disziplin auf 312,9 Ringe und den zweiten Platz und ist damit sicher bei der DM. Bei Annette Schatz (S II) war nach 2 Serien im Bereich von 102 Ringen die DM schon abgeschrieben, aber nach einem fulminanten Endspurt von 106,4 Ringen standen am Schluss doch noch 311,7 Ringe auf dem Bildschirm, was nicht nur die Qualifikation zur DM bedeutete, sondern sogar den Landesmeistertitel. Die Mannschaft erreichte mit diesen Sch\u00fctzinnen zusammen 935,3 Ringe und mit neuen Landesrekord den ersten Platz. F\u00fcr die Qualifikation zur Deutschen Meisterschaft reicht das Mannschaftsergebnis vermutlich auch aus (+ 0,2 Ringe).<\/p>\r\n<p>&nbsp;<\/p>\r\n<p>22.06.2019 WS<\/p>\r\n<p>&nbsp;<\/p>\r\n<h4>\u00a0<\/h4>\r\n<h4><strong>LM KK-Auflage 100m<\/strong><\/h4>\r\n<p><strong>2 x Gold, 1 x Silber, 1 x Bronze f\u00fcr die Damenmannschaft<\/strong><\/p>\r\n<p>Zum Auftakt der Landesmeisterschaften der Auflagesch\u00fctzen im Wettbewerb KK 100m wurden die Sch\u00fctzen des SSV Eberbach wie schon im Vorjahr mit wenigen Ausnahmen von Pleiten, Pech und Pannen \u201eheimgesucht\u201c. Positiv war das Wetter, n\u00e4mlich wolkig bis sonnig, nicht zu hei\u00df und ohne nennenswerten Wind. Mit den Ergebnissen waren dagegen die wenigsten zufrieden.<\/p>\r\n<p>Zum Auftakt erzielten am Samstag die Sch\u00fctzen der Seniorenklasse III-V nachfolgende Ergebnisse:<\/p>\r\n<p>Bickel, Klaus 305,3 Ringe Platz 13<\/p>\r\n<p>Braun, Lothar 309,1 Ringe Platz 9<\/p>\r\n<p>Gliese, Anne 302,7 Ringe 4 Platz<\/p>\r\n<p>Oe\u00df, Friedrich 308,2 Ringe Platz 14<\/p>\r\n<p>Schatz, Wulfrin 310,8 Rnge Platz 6<\/p>\r\n<p>Zeitler, Franz 304,1 Ringe Platz 22<\/p>\r\n<p>Mannschaft 1 (Bickel, Braun, Schatz) 925,2 Ringe Platz 9<\/p>\r\n<p>Mannschaft 2 (Gliese, =e\u00df,Zeitler) 915,0 Ringe Platz 13<\/p>\r\n<p>Fazit war, \u201eviele Bekannte getroffen\u201c, in der Platzierung unter ferner liefen und von der Qualifikation zur DM nach Hannover weit entfernt.<\/p>\r\n<p>Am Sonntag waren die \u201eJungsenioren\u201c der Seniorenklasse I und II am Start; hier war mit Gabriele Hammer-Zeitler, Kerstin Liebsch und Annette Schatz eine reine Damenmannschaft am Start, die sich mit den M\u00e4nnern messen musste.<\/p>\r\n<p>In der Seniorenklasse 1 weiblich konnte sich Kerstin Liebsch gegen\u00fcber dem Vorjahr erheblich steigern und wurde mit 308,4 Ringen und neuem Landesrekord Badische Meisterin.<\/p>\r\n<p>\u00a0In der Seniorenklasse II lieferte Gabriele Hammer-Zeitler einen sehr guten Wettkampf ab und wurde mit 312,4 Ringen, auch Landesrekord, ebenfalls Badische Meisterin. Annette Schatz komplettierte die Mannschaft mit 304,1 und der Bronzemedaille.<\/p>\r\n<p>In der Mannschaftswertung sprang mit 924,9 Ringen der 2. Platz heraus. Allerdings wurden auch in der Seniorinnenklasse 1 und 2 die letztj\u00e4hrigen Limitzahlen zur DM nach Hannover knapp oder deutlich verfehlt.<\/p>\r\n<p>&nbsp;<\/p>\r\n<p><a class=\"fbx-link\" href=\"http:\/\/s710205766.online.de\/ssv-wordpress\/wp-content\/uploads\/KK100-S2-E.jpg\" target=\"_blank\" rel=\"noopener noreferrer\"><img loading=\"lazy\" decoding=\"async\" class=\"aligncenter wp-image-4865 size-medium\" src=\"http:\/\/s710205766.online.de\/ssv-wordpress\/wp-content\/uploads\/KK100-S2-E-300x169.jpg\" alt=\"\" width=\"300\" height=\"169\" srcset=\"http:\/\/s710205766.online.de\/ssv-wordpress\/wp-content\/uploads\/KK100-S2-E-300x169.jpg 300w, http:\/\/s710205766.online.de\/ssv-wordpress\/wp-content\/uploads\/KK100-S2-E-768x432.jpg 768w, http:\/\/s710205766.online.de\/ssv-wordpress\/wp-content\/uploads\/KK100-S2-E-1024x576.jpg 1024w\" sizes=\"(max-width: 300px) 100vw, 300px\" \/><\/a>\u00a0<\/p>\r\n<p><a class=\"fbx-link\" href=\"http:\/\/s710205766.online.de\/ssv-wordpress\/wp-content\/uploads\/KLK100-MA-S1.jpg\" target=\"_blank\" rel=\"noopener noreferrer\"><img loading=\"lazy\" decoding=\"async\" class=\"alignright wp-image-4866 size-medium\" src=\"http:\/\/s710205766.online.de\/ssv-wordpress\/wp-content\/uploads\/KLK100-MA-S1-300x169.jpg\" alt=\"\" width=\"300\" height=\"169\" srcset=\"http:\/\/s710205766.online.de\/ssv-wordpress\/wp-content\/uploads\/KLK100-MA-S1-300x169.jpg 300w, http:\/\/s710205766.online.de\/ssv-wordpress\/wp-content\/uploads\/KLK100-MA-S1.jpg 640w\" sizes=\"(max-width: 300px) 100vw, 300px\" \/><\/a><\/p>\r\n<p>&nbsp;<\/p>\r\n<p>&nbsp;<\/p>\r\n<p>&nbsp;<\/p>\r\n<p>&nbsp;<\/p>\r\n<p>&nbsp;<\/p>\r\n<p>&nbsp;<\/p>\r\n<p>&nbsp;<\/p>\r\n<p>&nbsp;<\/p>\r\n<p>16.06.2019 WS<\/p>\r\n<p>&nbsp;<\/p>\r\n<h3>\u00a0<\/h3>\r\n<h3><strong>Er &amp; Sie Schie\u00dfen im Sch\u00fctzenhaus Eberbach<\/strong><\/h3>\r\n<p>&nbsp;<\/p>\r\n<p>Am Pfingstmontag, den 10.09.2019 fand beim SSV Eberbach wieder das traditionelle Er &amp; Sie Schie\u00dfen statt. Jedes Jahr kommen die Sch\u00fctzen ins Sch\u00fctzenhaus , um als Paare anzutreten. Es werden 10 Schuss auf Gl\u00fccksscheiben abgegeben, so das jedermal eine Chance hat, vorne mit dabei zu sein.<\/p>\r\n<p>&nbsp;<\/p>\r\n<p>Es gingen 10 Mannschaften an den Start. Hier die Siegermannschaften:<\/p>\r\n<p>&nbsp;<\/p>\r\n<p>1.Platz Gabi und Franz Zeitler<\/p>\r\n<p>&nbsp;<\/p>\r\n<p>2.Platz Sandra und Patrick Joho<\/p>\r\n<p>&nbsp;<\/p>\r\n<p>3.Platz Gabi Klinge-Teller und Nicolas Bauer<\/p>\r\n<p><a class=\"fbx-link\" href=\"http:\/\/s710205766.online.de\/ssv-wordpress\/wp-content\/uploads\/IMG_1737-e1560282847676.jpg\" target=\"_blank\" rel=\"noopener noreferrer\"><img loading=\"lazy\" decoding=\"async\" class=\"aligncenter wp-image-4850 size-medium\" src=\"http:\/\/s710205766.online.de\/ssv-wordpress\/wp-content\/uploads\/IMG_1737-e1560282847676-225x300.jpg\" alt=\"\" width=\"225\" height=\"300\" srcset=\"http:\/\/s710205766.online.de\/ssv-wordpress\/wp-content\/uploads\/IMG_1737-e1560282847676-225x300.jpg 225w, http:\/\/s710205766.online.de\/ssv-wordpress\/wp-content\/uploads\/IMG_1737-e1560282847676-768x1024.jpg 768w\" sizes=\"(max-width: 225px) 100vw, 225px\" \/><\/a><\/p>\r\n<p>&nbsp;<\/p>\r\n<p>Hier die Gewinner bei den Damen:<\/p>\r\n<p>&nbsp;<\/p>\r\n<p>1. Platz Gabi Hammer-Zeitler<\/p>\r\n<p>&nbsp;<\/p>\r\n<p>2. Platz Karin Kre\u00df<\/p>\r\n<p>&nbsp;<\/p>\r\n<p>3. Platz Andrea M\u00fcller<\/p>\r\n<p><a class=\"fbx-link\" href=\"http:\/\/s710205766.online.de\/ssv-wordpress\/wp-content\/uploads\/img_1733-e1560283323963.jpg\" target=\"_blank\" rel=\"noopener noreferrer\"><img loading=\"lazy\" decoding=\"async\" class=\"aligncenter wp-image-4851 size-medium\" src=\"http:\/\/s710205766.online.de\/ssv-wordpress\/wp-content\/uploads\/img_1733-e1560283323963-225x300.jpg\" alt=\"\" width=\"225\" height=\"300\" srcset=\"http:\/\/s710205766.online.de\/ssv-wordpress\/wp-content\/uploads\/img_1733-e1560283323963-225x300.jpg 225w, http:\/\/s710205766.online.de\/ssv-wordpress\/wp-content\/uploads\/img_1733-e1560283323963-768x1024.jpg 768w\" sizes=\"(max-width: 225px) 100vw, 225px\" \/><\/a><\/p>\r\n<p>&nbsp;<\/p>\r\n<p>Hier die Gewinner bei den Herren.<\/p>\r\n<p>&nbsp;<\/p>\r\n<p>1. Platz Nicolas Bauer<\/p>\r\n<p>&nbsp;<\/p>\r\n<p>2. Platz Steffen Kre\u00df<\/p>\r\n<p>&nbsp;<\/p>\r\n<p>3. Platz Patrick Joho<\/p>\r\n<p><a class=\"fbx-link\" href=\"http:\/\/s710205766.online.de\/ssv-wordpress\/wp-content\/uploads\/IMG_1734-e1560283423240.jpg\" target=\"_blank\" rel=\"noopener noreferrer\"><img loading=\"lazy\" decoding=\"async\" class=\"aligncenter wp-image-4852 size-medium\" src=\"http:\/\/s710205766.online.de\/ssv-wordpress\/wp-content\/uploads\/IMG_1734-e1560283423240-225x300.jpg\" alt=\"\" width=\"225\" height=\"300\" srcset=\"http:\/\/s710205766.online.de\/ssv-wordpress\/wp-content\/uploads\/IMG_1734-e1560283423240-225x300.jpg 225w, http:\/\/s710205766.online.de\/ssv-wordpress\/wp-content\/uploads\/IMG_1734-e1560283423240-768x1024.jpg 768w\" sizes=\"(max-width: 225px) 100vw, 225px\" \/><\/a><\/p>\r\n<p>Es war ein sehr sch\u00f6ner Nachmittag bei gutem Essen und gem\u00fctlicher Runde.<\/p>\r\n<p>&nbsp;<\/p>\r\n<p>Einen gro\u00dfes Dank geht an die Helfer, ohne die so ein Turnier nicht m\u00f6glich w\u00e4re.<\/p>\r\n<p>&nbsp;<\/p>\r\n<p>11062019\/ MW<\/p>\r\n<p>&nbsp;<\/p>\r\n<p>&nbsp;<\/p>\r\n<h4><strong>Dritter RWK KK-Auflage der A-Klasse<\/strong><\/h4>\r\n<p>Der dritte Rundenwettkampf KK-Auflage in der A-Klasse fand nach der Umr\u00fcstung auf elektronische St\u00e4nde in Eberbach statt.<\/p>\r\n<p>In der 1. Mannschaft musste Lothar Braun urlaubsbedingt durch Klaus Bickel ersetzt werden, der mit 285 Ringen eine solide Leistung brachte. Wulfrin Schatz mit 294 Ringen und Gabi Hammer-Zeitler mit 292 Ringen steuerten die Ringe \u00fcber 290 hinzu, um das Mannschaftsergebnis mit 871 Ringen wieder \u00fcber die 870-Ringmarke zu bringen. Nachdem ihr direkter Gegner Spechbach 1 drei Ringe weniger erzielte, konnte die Tabellenf\u00fchrung bei Halbzeitstand auf 18 Ringe ausgebaut werden.<\/p>\r\n<p>Die 2. Mannschaft kam diesmal nur auf 847 Ringe und liegt nunmehr mit 28 Ringen R\u00fcckstand auf dem letzten Platz. Fritz Oe\u00df und Annette Schatz lagen mit 286 und 285 Ringen dicht beisammen. Lediglich Reinhard Zahn haderte Zielfernrohrbedingt mit seinen 276 Ringen.<\/p>\r\n<p>03.06.2019 WS<\/p>\r\n<p>&nbsp;<\/p>\r\n<h4><strong>Schwarzer Tag f\u00fcr 3. MA RWK KK-Auflage <\/strong><\/h4>\r\n<p>Beim zweiten Rundenwettkampf KK-Auflage in der B-Klasse hatte Eberbach 3 mit 826 Ringen ringzahlm\u00e4\u00dfig einen schwarzen Tag erwischt, der sie mit schon deutlichem Abstand auf den vorletzten Tabellenplatz zur\u00fcck warf. Aber dies sollte zweitrangig sein, da in erster Linie der Spa\u00df am KK-Auflageschie\u00dfen im Vordergrund stehen sollte.<\/p>\r\n<p>Die Mannschaft hatte zun\u00e4chst den Ausfall von Anne Gliese zu kompensieren. An ihre Stelle kam Franz Zeitler in die Mannschaft, der mit 268 Ringen etwas seiner Anfangsnervosit\u00e4t Tribut zollte. Annette Schatz kam aus nicht nachvollziehbaren Gr\u00fcnden \u00fcberhaupt nicht zurecht und brachte nur 277 Ringe auf die Scheiben. Thomas B\u00e4uerle erzielte wiederum solide 281 Ringe und avancierte zum Tagesbesten der 3.Mannschaft.<\/p>\r\n<p>27.05.2019 WS<\/p>\r\n<h4><strong>Beide Eberbacher KK Mannschaften halten die Klasse<\/strong><\/h4>\r\n<p>Am vergangenen Wochenende fand der sechste und letzte Rundenwettkampf der Saison statt.<\/p>\r\n<p>Eberbach 1 hatte Heimrecht gegen den SSV Rittenweier und gewann den Wettkampf mit 6 Ringen und einem Gesamtergebnis von 1.672 Ringe. Die Sch\u00fctzen waren: Stephan Sch\u00f6lch 567 Ringe, Friedrich Sch\u00f6lch 553 Ringe und Nina Johe mit 552 Ringe, Wolf-Dieter Schmitt schoss AK 523 Ringe.<\/p>\r\n<p>Die 2. Mannschaft absolvierte ihren letzten Wettkampf in Spechbach und erreichte ein Gesamtergebnis von 1.639. Die Spechbacher Sch\u00fctzen waren mit einem Ergebnis von 1.696 Ringe an diesem Tag nicht zu schlagen. Die Sch\u00fctzen waren: Steffen Kre\u00df 561 Ringe, Patrick Joho 555 Ringe und Leon Joho 523 Ringe.<\/p>\r\n<p>Am Ende kam unsere 1. Mannschaft mit einem Ergebnis von 9.999 Ringe auf einen guten zweiten Platz in der Tabelle. Eberbach 2 belegt den vierten Platz und schaffte mit 4 Ringen den Verbleib in der Verbandsliga.<\/p>\r\n<p>22.05.19 K\u00df<\/p>\r\n<p>&nbsp;<\/p>\r\n<h4><strong>Zweiter RWK KK-Auflage der A-Klasse<\/strong><\/h4>\r\n<p>Beim zweiten Rundenwettkampf KK-Auflage in der A-Klasse konnten die beiden Eberbacher Mannschaften ihre Ergebnisse aus dem ersten Wettkampf best\u00e4tigen, wenngleich doch einige Sch\u00fctzen mit ihren Ergebnissen nicht zufrieden waren.<\/p>\r\n<p>\u00a0In der 1. Mannschaft best\u00e4tigte Lothar Braun mit erneuten 296 Ringen und Tagesbestleistung seine derzeitige Form. Gabi Hammer-Zeitler kam trotz unerkl\u00e4rlichen Sch\u00fcssen in die Acht noch auf 292 Ringe. Wulfrin Schatz war im Gegensatz zum ersten Wettkampf mit der technischen Ausf\u00fchrung in seinem zweiten Wettkampf als Sitzendsch\u00fctze hochzufrieden, dennoch unterliefen ihm in der dritten Serie unerkl\u00e4rliche Sch\u00fcsse in die 9 und sogar 8, so dass am Schluss nur 290 Ringe zu Buche stand. F\u00fcr die Mannschaft bedeutete die Gesamtringzahl von 878 Ringen eine Steigerung um einen Ring, ein neuer Vereinsrekord (bisher 879 Ringe) wurde jedoch verfehlt. Dennoch konnte die Tabellenf\u00fchrung gegen\u00fcber Spechbach 1, die auf 868 Ringe kamen, auf 15 Ringe ausgebaut werden.<\/p>\r\n<p>Die 2. Mannschaft wiederholte mit 851 Ringen ihr Ergebnis aus dem ersten Wettkampf und ist damit momentan Tabellenletzter. Ihr Augenmerk muss sich abstiegsm\u00e4\u00dfig jedoch an der B-Klasse orientieren, in der zu Anfang der Runde aber noch alles im gr\u00fcnen Bereich ist. Fritz Oe\u00df und Reinhard Zahn haderten nat\u00fcrlich mit ihren 283 und 277 Ringen, aber Klaus Bickel wuchs diesmal \u00fcber sich hinaus und rettete mir seinen ausgezeichneten 291 Ringen das Mannschaftsergebnis.<\/p>\r\n<p>20.05.2019 W<\/p>\r\n<p>&nbsp;<\/p>\r\n<p>&nbsp;<\/p>\r\n<h4><strong>Erster RWK KK-Auflage der B-Klasse<\/strong><\/h4>\r\n<h4>\u00a0<\/h4>\r\n<p>Beim ersten Rundenwettkampf KK-Auflage in der B-Klasse kam Eberbach 3 mit 849 Ringen \u00fcber ihren Vorjahresschnitt und sogar bis auf 2 Ringe an Eberbach 2 heran. Ein Blick auf die gegnerischen Mannschaften zeigt, dass offensichtlich auch in dieser Runde wieder fast alle 5 Mannschaften eng beieinander liegen. So hat der erste Tabellenf\u00fchrer Wilhelmsfeld 1 mit 853 Ringen gerademal 12 Ringe mehr als der Vierte Brombach 1 mit 841 Ringen. Dazwischen liegen Spechbach 2 mit 845 und Eberbach 3 mit 849 Ringen.<\/p>\r\n<p>Die Mannschaftssch\u00fctzen der dritten Mannschaft waren Annette Schatz, die zum Auftakt hervorragende 290 Ringe erzielte; Thomas B\u00e4uerle, der mit seinen 281 Ringen ebenfalls zufrieden sein darf und Anne Gliese, die mit ihren 278 Ringen noch etwas haderte. Als Ranglistensch\u00fctze kam Franz Zeitler auf gute 273 Ringe.<\/p>\r\n<p>3.05.2019 WS<\/p>\r\n<p>&nbsp;<\/p>\r\n<h4><strong>Erster RWK KK-Auflage der A-Klasse<\/strong><\/h4>\r\n<p>Beim ersten Rundenwettkampf KK-Auflage in der A-Klasse hatten die beiden Eberbacher Mannschaften solide bis gute Auftaktergebnisse. Unver\u00e4ndert: Beim ersten Rundenwettkampf KK-Auflage in der A-Klasse hatten die beiden Eberbacher Mannschaften solide bis gute Auftaktergebnisse.<\/p>\r\n<p>In der 1. Mannschaft schoss Lothar Braun mit 296 Ringen ein grandioses Ergebnis. Wulfrin Schatz und Gabi Hammer-Zeitler vervollst\u00e4ndigten mit 292 und 289 Ringen das Mannschaftsergebnis von 877 Ringen, mit dem gegen Spechbach 1 (872 Ringe) knapp gewonnen wurde.<\/p>\r\n<p>Die 2. Mannschaft erzielte ein Mannschaftergebnis von 851 Ringen, an dem Fritz Oe\u00df mit 287 Ringen, Reinhard Zahn mit 284 Ringen und Klaus Bickel mit 280 Ringen beteiligt waren. Gegen\u00fcber Neckargem\u00fcnd 1, die 852 Ringe erzielten, wurde damit knapp verloren.<\/p>\r\n<p>06.05.2019 WS<\/p>\r\n<p>&nbsp;<\/p>\r\n<hr \/>\r\n<h3><strong>Kreismeisterschaften Endspurt in Spechbach<\/strong><\/h3>\r\n<p>&nbsp;<\/p>\r\n<p>Am Wochenende, den 06.+07.04.wurden die letzten Kreismeisterschaften, f\u00fcr das Sportjahr 2019, ausgetragen.<\/p>\r\n<p>Folgende Disziplinen wurden geschossen: Zimmerstutzen, KK 50m Liegend und KK 3&#215;20.<\/p>\r\n<p>Die Disziplinen: Armbrust 10m, Armbrust 30m nat. Luftgewehr 3-Stellung, KK 50m 30 Schuss, KK 100m, KK 3&#215;40 fanden an anderen Terminen stattt. Siegerehrung f\u00fcr diese Disziplinen wurden auch an diesem Wochenende durchgef\u00fchrt.<\/p>\r\n<p>Pl\u00e4tze von unsreren Eberbacher Sch\u00fctzen:<\/p>\r\n<p>Luftgewehr 3-Stellung: Auf den 1. Platz, mit 1740 Ringen, kam die 1. Mannschaft mit folgenden Sch\u00fctzen:Coco de With (582 Ringe, 1. Platz einzel), Xenia Scherer (582 Ringe 2. Platz einzel) und Joa Xander 576 Ringe, 2. Platz einzel)<\/p>\r\n<p>Die 2. Mannschaft kam mit 1716 Ringen auf den 2. Platz, mit folgenden Sch\u00fctzen: Lukas Schertlen (579 Ringe 1. Platz einzel) Max Kre\u00df (571 Ringe 3. Platz einzel) und Benjamin Dannefelser (566 Ringe 4. Platz einzel)<\/p>\r\n<p>Armbrust 10m: Schmitt, Wolf-Dieter 361 Ringe 1. Plattz und Braun, Harold 329 Ringe 2. Platz<\/p>\r\n<p>Armbrust 30m:Patrick Joho 114 Ringe 1. Platz, Wolf-Dieter Schmitt 106 Ringe 1. Platz und Harold Braun 102 Ringe 3. Platz. Die Mannschaft mit diesen Sch\u00fctzen kam mit 322 Ringen auf den 1. Platz.<\/p>\r\n<p>&nbsp;<\/p>\r\n<p><a class=\"fbx-link\" href=\"http:\/\/s710205766.online.de\/ssv-wordpress\/wp-content\/uploads\/f0dab0f2-b49b-490a-806a-8d09f416417a.jpg\" target=\"_blank\" rel=\"noopener noreferrer\"><img loading=\"lazy\" decoding=\"async\" class=\"aligncenter wp-image-4621 size-medium\" src=\"http:\/\/s710205766.online.de\/ssv-wordpress\/wp-content\/uploads\/f0dab0f2-b49b-490a-806a-8d09f416417a-225x300.jpg\" alt=\"\" width=\"225\" height=\"300\" srcset=\"http:\/\/s710205766.online.de\/ssv-wordpress\/wp-content\/uploads\/f0dab0f2-b49b-490a-806a-8d09f416417a-225x300.jpg 225w, http:\/\/s710205766.online.de\/ssv-wordpress\/wp-content\/uploads\/f0dab0f2-b49b-490a-806a-8d09f416417a.jpg 768w\" sizes=\"(max-width: 225px) 100vw, 225px\" \/><\/a>(Foto privat v. li.) 3. von links Wolf-Dieter Schmitt<\/p>\r\n<p>&nbsp;<\/p>\r\n<p>Zimmerstutzen: Karina Schneider 269 Ringe 2. Platz, Nina Johe 263 Ringe 3. Platz und Karin Kre\u00df 255 Ringe 4. Platz. Die Mannschaft mit diesen Sch\u00fctzinnen kam mit 787 auf den 2. Platz<\/p>\r\n<p>Wolf-Dieter Schmitt 267 Ringe 1. Platz, Andreas Reinig 265 Ringe 2. Platz und Thomas M\u00fcller mit 256 Ringe 3. Platz. Die Mannschaft mit diesen Sch\u00fctzen kam ebenfalls auf den 2. Platz.<\/p>\r\n<p>\u00a0<a class=\"fbx-link\" href=\"http:\/\/s710205766.online.de\/ssv-wordpress\/wp-content\/uploads\/a9edcf8f-d88e-476b-a20f-667e19f7e68b-1.jpg\" target=\"_blank\" rel=\"noopener noreferrer\"><img loading=\"lazy\" decoding=\"async\" class=\"alignleft wp-image-4639 size-medium\" src=\"http:\/\/s710205766.online.de\/ssv-wordpress\/wp-content\/uploads\/a9edcf8f-d88e-476b-a20f-667e19f7e68b-1-225x300.jpg\" alt=\"\" width=\"225\" height=\"300\" srcset=\"http:\/\/s710205766.online.de\/ssv-wordpress\/wp-content\/uploads\/a9edcf8f-d88e-476b-a20f-667e19f7e68b-1-225x300.jpg 225w, http:\/\/s710205766.online.de\/ssv-wordpress\/wp-content\/uploads\/a9edcf8f-d88e-476b-a20f-667e19f7e68b-1.jpg 768w\" sizes=\"(max-width: 225px) 100vw, 225px\" \/><\/a><a class=\"fbx-link\" href=\"http:\/\/s710205766.online.de\/ssv-wordpress\/wp-content\/uploads\/13ea4be6-da96-4d6b-a6f9-85798c525048-1.jpg\" target=\"_blank\" rel=\"noopener noreferrer\"><img loading=\"lazy\" decoding=\"async\" class=\"alignright wp-image-4638 size-medium\" src=\"http:\/\/s710205766.online.de\/ssv-wordpress\/wp-content\/uploads\/13ea4be6-da96-4d6b-a6f9-85798c525048-1-225x300.jpg\" alt=\"\" width=\"225\" height=\"300\" srcset=\"http:\/\/s710205766.online.de\/ssv-wordpress\/wp-content\/uploads\/13ea4be6-da96-4d6b-a6f9-85798c525048-1-225x300.jpg 225w, http:\/\/s710205766.online.de\/ssv-wordpress\/wp-content\/uploads\/13ea4be6-da96-4d6b-a6f9-85798c525048-1.jpg 768w\" sizes=\"(max-width: 225px) 100vw, 225px\" \/><\/a><\/p>\r\n<p>&nbsp;<\/p>\r\n<p>&nbsp;<\/p>\r\n<p>&nbsp;<\/p>\r\n<p>&nbsp;<\/p>\r\n<p>&nbsp;<\/p>\r\n<p>&nbsp;<\/p>\r\n<p>&nbsp;<\/p>\r\n<p>&nbsp;<\/p>\r\n<p>KK Liegend: Steffen Kre\u00df 583 Ringe, Nina Johe 570 Ringe 1. Platz, Karin Kre\u00df 561 Ringe 1. Platz.<\/p>\r\n<p>Andreas Reinig 572 Ringe 1. Platz, Holger Kuhn570 Ringe 2. Platz und Wolf-Dieter Schmitt 546 Ringe 3. Platz. Diese Sch\u00fctzen kamen mit ihrer Mannschaft, mit 1688 Ringen auf den 1. PLatz.<\/p>\r\n<p>&nbsp;<\/p>\r\n<p><a class=\"fbx-link\" href=\"http:\/\/s710205766.online.de\/ssv-wordpress\/wp-content\/uploads\/12be427e-ecde-4ccb-9780-23e2dbbee6b5.jpg\" target=\"_blank\" rel=\"noopener noreferrer\"><img loading=\"lazy\" decoding=\"async\" class=\"aligncenter wp-image-4625 size-medium\" src=\"http:\/\/s710205766.online.de\/ssv-wordpress\/wp-content\/uploads\/12be427e-ecde-4ccb-9780-23e2dbbee6b5-225x300.jpg\" alt=\"\" width=\"225\" height=\"300\" srcset=\"http:\/\/s710205766.online.de\/ssv-wordpress\/wp-content\/uploads\/12be427e-ecde-4ccb-9780-23e2dbbee6b5-225x300.jpg 225w, http:\/\/s710205766.online.de\/ssv-wordpress\/wp-content\/uploads\/12be427e-ecde-4ccb-9780-23e2dbbee6b5.jpg 768w\" sizes=\"(max-width: 225px) 100vw, 225px\" \/><\/a>(Foto privat v. li.) Holger Kuhn, Andreas Reinig und Wolf-Dieter Schmitt<\/p>\r\n<p>Benjamin Dannefelser 552 Ringe 1. Platz und Max Kre\u00df 535 Ringe 2. Platz.<\/p>\r\n<p>Leon Joho 576 Rnge 1. Platz, Elias Rudewig 548 Ringe 2. Platz und Tim Stahl 539 3. Platz. Mit der Mannschaft wurden sie mit 1663 Ringen Erster.<\/p>\r\n<p>&nbsp;<\/p>\r\n<p><a class=\"fbx-link\" href=\"http:\/\/s710205766.online.de\/ssv-wordpress\/wp-content\/uploads\/a499f3ca-cf4c-4031-9fc8-44f1f60435db.jpg\" target=\"_blank\" rel=\"noopener noreferrer\"><img loading=\"lazy\" decoding=\"async\" class=\"aligncenter wp-image-4626 size-medium\" src=\"http:\/\/s710205766.online.de\/ssv-wordpress\/wp-content\/uploads\/a499f3ca-cf4c-4031-9fc8-44f1f60435db-225x300.jpg\" alt=\"\" width=\"225\" height=\"300\" srcset=\"http:\/\/s710205766.online.de\/ssv-wordpress\/wp-content\/uploads\/a499f3ca-cf4c-4031-9fc8-44f1f60435db-225x300.jpg 225w, http:\/\/s710205766.online.de\/ssv-wordpress\/wp-content\/uploads\/a499f3ca-cf4c-4031-9fc8-44f1f60435db.jpg 768w\" sizes=\"(max-width: 225px) 100vw, 225px\" \/><\/a>(Foto privat v. li.) Tim Stahl, Max Kre\u00df, Leon Joho und Elias Rudewig. Nicht auf dem Bild Benjamin Dannefelser<\/p>\r\n<p>KK 3&#215;20: Steffen Kre\u00df 283 Ringe, Stephan Sch\u00f6lch 282 Ringe 1. Platz und Patrick Joho 269 Ringe 2. Platz.<\/p>\r\n<p>Nina Johe 268 Ringe 1. PLatz und Karin Kre\u00df 259 Ringe 1. Platz.<\/p>\r\n<p>Andreas Reinig 273 Ringe 1. Platz, Wolf-Dieter Schmitt 257 Ringe 2. Platz und Martin Kre\u00df 249 Ringe 3. Platz. Die Mannschaft kam auf den 2. Platz.<\/p>\r\n<p>&nbsp;<\/p>\r\n<p><a class=\"fbx-link\" href=\"http:\/\/s710205766.online.de\/ssv-wordpress\/wp-content\/uploads\/73248657-b2bb-4e63-9a59-f7d357dba6ac.jpg\" target=\"_blank\" rel=\"noopener noreferrer\"><img loading=\"lazy\" decoding=\"async\" class=\"aligncenter wp-image-4628 size-medium\" src=\"http:\/\/s710205766.online.de\/ssv-wordpress\/wp-content\/uploads\/73248657-b2bb-4e63-9a59-f7d357dba6ac-225x300.jpg\" alt=\"\" width=\"225\" height=\"300\" srcset=\"http:\/\/s710205766.online.de\/ssv-wordpress\/wp-content\/uploads\/73248657-b2bb-4e63-9a59-f7d357dba6ac-225x300.jpg 225w, http:\/\/s710205766.online.de\/ssv-wordpress\/wp-content\/uploads\/73248657-b2bb-4e63-9a59-f7d357dba6ac.jpg 768w\" sizes=\"(max-width: 225px) 100vw, 225px\" \/><\/a>(Foto privat v. li.) Wolf-Dieter Schmitt, Andreas Reinig und Martin Kre\u00df.<\/p>\r\n<p>Benjamin Dannefelser 251 Ringe 1. Platz und Max Kre\u00df 247 Ringe 2. Platz.<\/p>\r\n<p>Leon Joho 277 Ringe 1. Platz, Elias Rudewig 259 Ringe 2. Platz und Tim Stahl 252 Ringe 3. Platz. Die Mannschaft wurde mit 788 Ringen Erster.<\/p>\r\n<p>&nbsp;<\/p>\r\n<p><a class=\"fbx-link\" href=\"http:\/\/s710205766.online.de\/ssv-wordpress\/wp-content\/uploads\/24b5d1ed-49cb-48e2-a06e-0fa096bd6a12.jpg\" target=\"_blank\" rel=\"noopener noreferrer\"><img loading=\"lazy\" decoding=\"async\" class=\"aligncenter wp-image-4627 size-medium\" src=\"http:\/\/s710205766.online.de\/ssv-wordpress\/wp-content\/uploads\/24b5d1ed-49cb-48e2-a06e-0fa096bd6a12-225x300.jpg\" alt=\"\" width=\"225\" height=\"300\" srcset=\"http:\/\/s710205766.online.de\/ssv-wordpress\/wp-content\/uploads\/24b5d1ed-49cb-48e2-a06e-0fa096bd6a12-225x300.jpg 225w, http:\/\/s710205766.online.de\/ssv-wordpress\/wp-content\/uploads\/24b5d1ed-49cb-48e2-a06e-0fa096bd6a12.jpg 768w\" sizes=\"(max-width: 225px) 100vw, 225px\" \/><\/a>(Foto privat v. li. ) Tim Stahl, Leon Joho und Elias Rudewig<\/p>\r\n<p>Wir gratulieren allen Teilnehmern f\u00fcr ihre guten Leistungen. Allen die sich mit ihren Ergebnissen f\u00fcr die Landesmeisterschaften qualifiziert haben w\u00fcnschen wir auf diesem Weg schon jetzt &#8222;Gut Schuss&#8220; und das Quentchen Gl\u00fcck zum Erreichen der Deutschen Meisterschaften.<\/p>\r\n<p>&nbsp;<\/p>\r\n<p>Weitere Bilder sind in der Galerie unter Kreismeisterschaften Spechbach zu finden.<\/p>\r\n<p>07.04.19\/ MW<\/p>\r\n<p>&nbsp;<\/p>\r\n<hr \/>\r\n<p><strong>Kreismeisterschaften in Eberbach<\/strong><\/p>\r\n<p>&nbsp;<\/p>\r\n<p>Am letzten Wochenende wurden die Kreismeisterschaften in diesen Disziplinen in Eberbach durchgef\u00fchrt: Zimmerstutzen Auflage, Zentralfeuer Pistole, Sportpistole Auflage, Pistole 50m Auflage, KK 3&#215;40, Sportpistole.<\/p>\r\n<p>&nbsp;<\/p>\r\n<p>Am Freitag gingen die Zimmerstutzen Auflage Sch\u00fctzen an den Start. F\u00fcr Eberbach starteten Gabi Hammer-Zeitler (268 Ringe 1. Platz) und Friedrich Oe\u00df (261 Ringe 3. Platz).<\/p>\r\n<p><a class=\"fbx-link\" href=\"http:\/\/s710205766.online.de\/ssv-wordpress\/wp-content\/uploads\/IMG_1097.jpg\" target=\"_blank\" rel=\"noopener noreferrer\"><img loading=\"lazy\" decoding=\"async\" class=\"alignright wp-image-4513 size-medium\" src=\"http:\/\/s710205766.online.de\/ssv-wordpress\/wp-content\/uploads\/IMG_1097-300x225.jpg\" alt=\"\" width=\"300\" height=\"225\" srcset=\"http:\/\/s710205766.online.de\/ssv-wordpress\/wp-content\/uploads\/IMG_1097-300x225.jpg 300w, http:\/\/s710205766.online.de\/ssv-wordpress\/wp-content\/uploads\/IMG_1097-768x576.jpg 768w, http:\/\/s710205766.online.de\/ssv-wordpress\/wp-content\/uploads\/IMG_1097-1024x768.jpg 1024w\" sizes=\"(max-width: 300px) 100vw, 300px\" \/><\/a><a class=\"fbx-link\" href=\"http:\/\/s710205766.online.de\/ssv-wordpress\/wp-content\/uploads\/IMG_1091.jpg\" target=\"_blank\" rel=\"noopener noreferrer\"><img loading=\"lazy\" decoding=\"async\" class=\"alignleft wp-image-4512 size-medium\" src=\"http:\/\/s710205766.online.de\/ssv-wordpress\/wp-content\/uploads\/IMG_1091-300x225.jpg\" alt=\"\" width=\"300\" height=\"225\" srcset=\"http:\/\/s710205766.online.de\/ssv-wordpress\/wp-content\/uploads\/IMG_1091-300x225.jpg 300w, http:\/\/s710205766.online.de\/ssv-wordpress\/wp-content\/uploads\/IMG_1091-768x576.jpg 768w, http:\/\/s710205766.online.de\/ssv-wordpress\/wp-content\/uploads\/IMG_1091-1024x768.jpg 1024w\" sizes=\"(max-width: 300px) 100vw, 300px\" \/><\/a><\/p>\r\n<p>&nbsp;<\/p>\r\n<p><a class=\"fbx-link\" href=\"http:\/\/s710205766.online.de\/ssv-wordpress\/wp-content\/uploads\/IMG_1101.jpg\" target=\"_blank\" rel=\"noopener noreferrer\"><img loading=\"lazy\" decoding=\"async\" class=\"aligncenter wp-image-4514 size-medium\" src=\"http:\/\/s710205766.online.de\/ssv-wordpress\/wp-content\/uploads\/IMG_1101-300x225.jpg\" alt=\"\" width=\"300\" height=\"225\" srcset=\"http:\/\/s710205766.online.de\/ssv-wordpress\/wp-content\/uploads\/IMG_1101-300x225.jpg 300w, http:\/\/s710205766.online.de\/ssv-wordpress\/wp-content\/uploads\/IMG_1101-768x576.jpg 768w, http:\/\/s710205766.online.de\/ssv-wordpress\/wp-content\/uploads\/IMG_1101-1024x768.jpg 1024w\" sizes=\"(max-width: 300px) 100vw, 300px\" \/><\/a><\/p>\r\n<p>Auf dem Sportpistolen Stand ging Thomas B\u00e4uerle (272 Ringe 1. Platz) in der Disziplin Sportpistle Auflage an den Start.<\/p>\r\n<p>Am Samstag starteten 2 Sch\u00fctzen in der Disziplin KK 3&#215;40. Andreas Reinig (1083 Ringe 1. Platz) und Wolf-Dieter Schmitt (1057 Ringe 2. Platz).<\/p>\r\n<p>Bei der Disziplin Sportpistole schossen die Eberbacher Sch\u00fctzen folgende Ergebnisse:<\/p>\r\n<p>Wolfgang Stadler (257 Ringe 2. Platz), Roland Johe ( 251 Ringe, 4 Platz) Elke B\u00f6hm (187 Ringe 1. Platz), Thomas B\u00e4uerle (250 Ringe 2. Platz), Richard Gompf (217 Ringe 5. Platz)<\/p>\r\n<p>&nbsp;<\/p>\r\n<p>\u00a0<a class=\"fbx-link\" href=\"http:\/\/s710205766.online.de\/ssv-wordpress\/wp-content\/uploads\/IMG_1105.jpg\" target=\"_blank\" rel=\"noopener noreferrer\"><img loading=\"lazy\" decoding=\"async\" class=\"alignleft wp-image-4516 size-medium\" src=\"http:\/\/s710205766.online.de\/ssv-wordpress\/wp-content\/uploads\/IMG_1105-300x225.jpg\" alt=\"\" width=\"300\" height=\"225\" srcset=\"http:\/\/s710205766.online.de\/ssv-wordpress\/wp-content\/uploads\/IMG_1105-300x225.jpg 300w, http:\/\/s710205766.online.de\/ssv-wordpress\/wp-content\/uploads\/IMG_1105-768x576.jpg 768w, http:\/\/s710205766.online.de\/ssv-wordpress\/wp-content\/uploads\/IMG_1105-1024x768.jpg 1024w\" sizes=\"(max-width: 300px) 100vw, 300px\" \/><\/a><\/p>\r\n<p>&nbsp;<\/p>\r\n<p><a class=\"fbx-link\" href=\"http:\/\/s710205766.online.de\/ssv-wordpress\/wp-content\/uploads\/IMG_1130-e1553546034499.jpg\" target=\"_blank\" rel=\"noopener noreferrer\"><img loading=\"lazy\" decoding=\"async\" class=\"alignright wp-image-4515 size-medium\" src=\"http:\/\/s710205766.online.de\/ssv-wordpress\/wp-content\/uploads\/IMG_1130-e1553546034499-225x300.jpg\" alt=\"\" width=\"225\" height=\"300\" srcset=\"http:\/\/s710205766.online.de\/ssv-wordpress\/wp-content\/uploads\/IMG_1130-e1553546034499-225x300.jpg 225w, http:\/\/s710205766.online.de\/ssv-wordpress\/wp-content\/uploads\/IMG_1130-e1553546034499-768x1024.jpg 768w\" sizes=\"(max-width: 225px) 100vw, 225px\" \/><\/a><\/p>\r\n<p>&nbsp;<\/p>\r\n<p>&nbsp;<\/p>\r\n<p>&nbsp;<\/p>\r\n<p>&nbsp;<\/p>\r\n<p>&nbsp;<\/p>\r\n<p>&nbsp;<\/p>\r\n<p>&nbsp;<\/p>\r\n<p>&nbsp;<\/p>\r\n<p>Am 09.03.2019 fanden die Kreismeisterschaften in den Disziplinen Standard Pistole und Olympisches Schnellfeuer Pistole statt.<\/p>\r\n<p>&nbsp;<\/p>\r\n<p>Am 09.03.2019 fanden die Kreismeisterschaften in den Disziplinen Standard Pistole und Olympisches Schnellfeuer Pistole statt.<\/p>\r\n<p>&nbsp;<\/p>\r\n<p>An den Start gingen in der Diszilplin Standard Pistole: Wolfgang Stadler ( 497 Ringe 1. Platz) und Roland Johe (485 Ringe 3. Platz). In der Disziplin OSP kam Michael Brockmann mit 440 Ringen auf den 1. Platz.<\/p>\r\n<p>&nbsp;<\/p>\r\n<p>Am 17.03.2019 gingen 11 Eberbacher Sch\u00fctzen in der Disziplin KK Gewehr 50m 30 Schuss an den Start.<\/p>\r\n<p>&nbsp;<\/p>\r\n<p>Die kompletten Ergebnislisten sind unter Unser Sport\/ Meisterschaften\/ Kreismeisterschaften Ergebnisse einzusehen.<\/p>\r\n<p>&nbsp;<\/p>\r\n<p>Weitere Bilder gibt es in der Galerie.<\/p>\r\n<p>&nbsp;<\/p>\r\n<p>Hier ein besonderer Dank an die vielen Helfer, ohne die man so ein Kreismeisterschaftswochenende nicht durchf\u00fchren k\u00f6nnte.<\/p>\r\n<p>&nbsp;<\/p>\r\n<p>250319\/MW<\/p>\r\n<hr \/>\r\n<h3><strong>Kreismeisterschaften KK100 Auflage<\/strong><\/h3>\r\n<p>&nbsp;<\/p>\r\n<h4><strong>4x Gold, 4x Silber, 1x Bronze<\/strong><\/h4>\r\n<p>&nbsp;<\/p>\r\n<p>Bei den Kreismeisterschaften in der Disziplin KK100m waren die Auflagesch\u00fctzen des SSV Eberbach mit 4x Gold, 4x Silber und 1x Bronze sehr erfolgreich. Nahezu alle Starter\/innen des Vereins waren an der Edelmetallsammlung beteiligt. Dar\u00fcber hinaus haben alle Mannschaften und Einzelsch\u00fctzen mit ziemlicher Sicherheit die Qualifikation zur Landesmeisterschaft geschafft.<\/p>\r\n<p>&nbsp;<\/p>\r\n<p>In der Seniorenklasse 1\/2 war mit Gabriele Hammer-Zeitler, Annette Schatz und Kerstin Liebsch die diesj\u00e4hrige reine Frauenmannschaft am Start, die auf 880 Ringe kam. Das Mannschaftergebnis war Kreisrekord, aber wegen des a.K.-Ergebnisses von Kerstin nicht der erste Platz, sondern \u201enur\u201c die Qualifikation zur Landesmeisterschaft. Kerstin hatte wohnortbedingt au\u00dfer Konkurrenz mit 290 Ringen (S1w) vorgeschossen. Gabi und Annette vervollst\u00e4ndigten mit 296 (Platz 1, S2w) und 294 Ringen (Platz 2, S2w) das Mannschaftsergebnis.<\/p>\r\n<p>&nbsp;<\/p>\r\n<p>Bei den Senioren II kam Thomas B\u00e4uerle bei seinem ersten Wettkampf auf 100m mit sensationellen 297 Ringen auf den 2. Platz.<\/p>\r\n<p>&nbsp;<\/p>\r\n<p><a class=\"fbx-link\" href=\"http:\/\/s710205766.online.de\/ssv-wordpress\/wp-content\/uploads\/SenII-KK100.jpg\" target=\"_blank\" rel=\"noopener noreferrer\"><img loading=\"lazy\" decoding=\"async\" class=\"aligncenter wp-image-4492 size-medium\" src=\"http:\/\/s710205766.online.de\/ssv-wordpress\/wp-content\/uploads\/SenII-KK100-300x169.jpg\" alt=\"\" width=\"300\" height=\"169\" srcset=\"http:\/\/s710205766.online.de\/ssv-wordpress\/wp-content\/uploads\/SenII-KK100-300x169.jpg 300w, http:\/\/s710205766.online.de\/ssv-wordpress\/wp-content\/uploads\/SenII-KK100-768x432.jpg 768w, http:\/\/s710205766.online.de\/ssv-wordpress\/wp-content\/uploads\/SenII-KK100.jpg 1024w\" sizes=\"(max-width: 300px) 100vw, 300px\" \/><\/a>(Foto privat v. li..) Thomas B\u00e4uerle, Annette Schatz, Reinhard Zahn, Gabi Hammer-Zeitler und Wulfrin Schatz<\/p>\r\n<p>Bei den Senioren 3-5 waren zwei Eberbacher Mannschaften am Start. Die 1. Mannschaft in der Besetzung Wulfrin Schatz, Lothar Braun und Klaus Bickel kam mit 892 Ringen auf Platz 1 und die 2. Mannschaft mit Fritz Oe\u00df, Franz Zeitler und Anne Gliese mit 877 Ringen auf Platz 4.<\/p>\r\n<p>In der Einzelwertung bei den Senioren 3 m\u00e4nnlich belegten die Sch\u00fctzen der 1. Mannschaft in obiger Reihenfolge mit 299, 298 und 295 Ringen die Pl\u00e4tze 1, 2 und 4. Anne Gliese kam bei den Seniorinnen 3 weiblich mit 290 Ringen auf den ersten Platz.<\/p>\r\n<p>&nbsp;<\/p>\r\n<p><a class=\"fbx-link\" href=\"http:\/\/s710205766.online.de\/ssv-wordpress\/wp-content\/uploads\/SenIII-KK100.jpg\" target=\"_blank\" rel=\"noopener noreferrer\"><img loading=\"lazy\" decoding=\"async\" class=\"aligncenter wp-image-4493 size-medium\" src=\"http:\/\/s710205766.online.de\/ssv-wordpress\/wp-content\/uploads\/SenIII-KK100-300x169.jpg\" alt=\"\" width=\"300\" height=\"169\" srcset=\"http:\/\/s710205766.online.de\/ssv-wordpress\/wp-content\/uploads\/SenIII-KK100-300x169.jpg 300w, http:\/\/s710205766.online.de\/ssv-wordpress\/wp-content\/uploads\/SenIII-KK100-768x432.jpg 768w, http:\/\/s710205766.online.de\/ssv-wordpress\/wp-content\/uploads\/SenIII-KK100.jpg 1024w\" sizes=\"(max-width: 300px) 100vw, 300px\" \/><\/a>(Foto privat v. li.) Jens Gomille, Lothar Braun, Wulfrin Schatz und Kreissch\u00fctzenmeister Reinhard Zahn<\/p>\r\n<p>&nbsp;<\/p>\r\n<p>Bei den Senioren 5 kam Fritz Oe\u00df mit 294 Ringe auf den 2. Platz. Ihm stand Franz Zeitler mit 293 Ringen und Platz 3 nur wenig nach.<\/p>\r\n<p>&nbsp;<\/p>\r\n<p><a class=\"fbx-link\" href=\"http:\/\/s710205766.online.de\/ssv-wordpress\/wp-content\/uploads\/SenV-KK100.jpg\" target=\"_blank\" rel=\"noopener noreferrer\"><img loading=\"lazy\" decoding=\"async\" class=\"aligncenter wp-image-4495 size-medium\" src=\"http:\/\/s710205766.online.de\/ssv-wordpress\/wp-content\/uploads\/SenV-KK100-300x169.jpg\" alt=\"\" width=\"300\" height=\"169\" srcset=\"http:\/\/s710205766.online.de\/ssv-wordpress\/wp-content\/uploads\/SenV-KK100-300x169.jpg 300w, http:\/\/s710205766.online.de\/ssv-wordpress\/wp-content\/uploads\/SenV-KK100-768x432.jpg 768w, http:\/\/s710205766.online.de\/ssv-wordpress\/wp-content\/uploads\/SenV-KK100.jpg 1024w\" sizes=\"(max-width: 300px) 100vw, 300px\" \/><\/a>(Foto privat v. li.) Peter Poser, Friedrich Oe\u00df und Franz Zeitler<\/p>\r\n<p>Herzlichen Gl\u00fcckwunsch an alle Sch\u00fctzen f\u00fcr ihre tollen Ergebnisse.<\/p>\r\n<p>&nbsp;<\/p>\r\n<p>WS 10.03.2019<strong>\u00a0<\/strong><\/p>\r\n<p>&nbsp;<\/p>\r\n<h4 style=\"text-align: center;\"><span style=\"color: #993366;\"><strong>Jahreshauptversammlung im Eberbacher Sch\u00fctzenhaus<\/strong><\/span><\/h4>\r\n<p style=\"text-align: center;\">\u00a0<\/p>\r\n<p style=\"text-align: center;\">Am Freitag den 01.03.2019 fand im Eberbacher Sch\u00fctzenhaus die allj\u00e4hrliche Jahreshauptversammlung statt. Die Tagesordnung begann mit der Begr\u00fc\u00dfung durch Obersch\u00fctzenmeister Patrick Joho. Einen besonderen Gru\u00df ging an die Ehrenmitglieder Werner Gose, Friedrich Oe\u00df, Hans-Peter Hettmansperger, Richard Schwab. Nach der Genehmigung des Protokolls des Vorjahres wurden die einzelnen Berichte vorgetragen (Vorstand, Schie\u00dfleitung, Kassenwart, Jugendassenwart, Kassenpr\u00fcfer, 2. Sch\u00fctzenmeister, Jugendleiter, Waffenwart und Sachverwalter)<\/p>\r\n<p style=\"text-align: center;\">\u00a0<\/p>\r\n<p style=\"text-align: center;\">Nach dem Bericht der Schie\u00dfleitung wurden die Meistersch\u00fctzenabzeichen \u00fcbergeben.<\/p>\r\n<p style=\"text-align: center;\"><a class=\"fbx-link\" href=\"http:\/\/s710205766.online.de\/ssv-wordpress\/wp-content\/uploads\/IMG_0988.jpg\" target=\"_blank\" rel=\"noopener noreferrer\"><img loading=\"lazy\" decoding=\"async\" class=\"aligncenter wp-image-4453 size-large\" src=\"http:\/\/s710205766.online.de\/ssv-wordpress\/wp-content\/uploads\/IMG_0988-1024x563.jpg\" alt=\"\" width=\"700\" height=\"385\" srcset=\"http:\/\/s710205766.online.de\/ssv-wordpress\/wp-content\/uploads\/IMG_0988-1024x563.jpg 1024w, http:\/\/s710205766.online.de\/ssv-wordpress\/wp-content\/uploads\/IMG_0988-300x165.jpg 300w, http:\/\/s710205766.online.de\/ssv-wordpress\/wp-content\/uploads\/IMG_0988-768x422.jpg 768w\" sizes=\"(max-width: 700px) 100vw, 700px\" \/><\/a><\/p>\r\n<p style=\"text-align: center;\">(Foto privat v. li.) Thomas M\u00fcller, Martina Walldorf, Anne Gliese, Xenia Scherer, Max Kre\u00df, Annette Schatz, Leon Joho, Wulfrin Schatz, Stepahn Sch\u00f6lch, Benjamin Dannefelser, Gabi Hammer-Zeitler, Patrick Joho und Friedrich Oe\u00df. Nicht auf dem Bild sind Lothar Braun, Kerstin Liebsch und Klaus Bickel.<\/p>\r\n<p style=\"text-align: center;\">\u00a0<\/p>\r\n<p style=\"text-align: center;\">Danach fand die die Entlastung der Vorstandschaft statt. Ehrenmitglied Hans-Peter Hettmansperger \u00fcbernahm diese Aufgabe.Die Vorstandschaft wurde einstimmig entlastet.<\/p>\r\n<p style=\"text-align: center;\">\u00a0<\/p>\r\n<p style=\"text-align: center;\">Der n\u00e4chste Punkt war die einzige Wahl in diesem Jahr. Ein Obersch\u00fctzenmeister f\u00fcr 3 Jahre. Patrick Joho wurde einstimmig wieder gew\u00e4hlt.<\/p>\r\n<p style=\"text-align: center;\">\u00a0<\/p>\r\n<p style=\"text-align: center;\">Nun kamen noch die Ehrungen. F\u00fcr 10 j\u00e4hrige Mitgliedschaft wurden geehrt:<\/p>\r\n<p style=\"text-align: center;\">\u00a0<\/p>\r\n<p style=\"text-align: center;\">Horst Bernhard, Sascha K\u00fcller, Miriam Sch\u00e4fer, Timo Sch\u00e4fer, Dirk Zimmermann und Frank Zimmermann.<\/p>\r\n<p style=\"text-align: center;\"><a class=\"fbx-link\" href=\"http:\/\/s710205766.online.de\/ssv-wordpress\/wp-content\/uploads\/IMG_0993.jpg\" target=\"_blank\" rel=\"noopener noreferrer\"><img loading=\"lazy\" decoding=\"async\" class=\"aligncenter wp-image-4454 size-medium\" src=\"http:\/\/s710205766.online.de\/ssv-wordpress\/wp-content\/uploads\/IMG_0993-225x300.jpg\" alt=\"\" width=\"225\" height=\"300\" srcset=\"http:\/\/s710205766.online.de\/ssv-wordpress\/wp-content\/uploads\/IMG_0993-225x300.jpg 225w, http:\/\/s710205766.online.de\/ssv-wordpress\/wp-content\/uploads\/IMG_0993-768x1024.jpg 768w\" sizes=\"(max-width: 225px) 100vw, 225px\" \/><\/a><\/p>\r\n<p style=\"text-align: center;\">(Foto v. li.) Patrick Joho, Sascha K\u00fcller, Dirk Zimmermann und Karin Kre\u00df<\/p>\r\n<p style=\"text-align: center;\">\u00a0<\/p>\r\n<p style=\"text-align: center;\">F\u00fcr 25 j\u00e4hrige Mitgliedschaft wurden geehrt:<\/p>\r\n<p style=\"text-align: center;\">\u00a0<\/p>\r\n<p style=\"text-align: center;\">Lothar M\u00fcnch und Dr. Mathias Schmidt<\/p>\r\n<p style=\"text-align: center;\">\u00a0<\/p>\r\n<p style=\"text-align: center;\">F\u00fcr 40 j\u00e4hrige Mitgliedschaft wurden geehrt:<\/p>\r\n<p style=\"text-align: center;\">\u00a0<\/p>\r\n<p style=\"text-align: center;\">Irimbert Goebel, Andreas Kohler, Thomas M\u00fcller, Franz Jun. Stadler und Wolfgang Stadler.<\/p>\r\n<p style=\"text-align: center;\">\u00a0<\/p>\r\n<p style=\"text-align: center;\"><a class=\"fbx-link\" href=\"http:\/\/s710205766.online.de\/ssv-wordpress\/wp-content\/uploads\/IMG_0995.jpg\" target=\"_blank\" rel=\"noopener noreferrer\"><img loading=\"lazy\" decoding=\"async\" class=\"aligncenter wp-image-4455 size-medium\" src=\"http:\/\/s710205766.online.de\/ssv-wordpress\/wp-content\/uploads\/IMG_0995-225x300.jpg\" alt=\"\" width=\"225\" height=\"300\" srcset=\"http:\/\/s710205766.online.de\/ssv-wordpress\/wp-content\/uploads\/IMG_0995-225x300.jpg 225w, http:\/\/s710205766.online.de\/ssv-wordpress\/wp-content\/uploads\/IMG_0995-768x1024.jpg 768w\" sizes=\"(max-width: 225px) 100vw, 225px\" \/><\/a>(Foto privat v. li.) OSM Patrick Joho, Thomas M\u00fcller (40 Jahre) und OSM Karin Kre\u00df. Nicht auf dem Foto sind Irimbert Goebel, Andreas Kohler, Franz Jun. Stadler und Wolfgang Stadler<\/p>\r\n<p style=\"text-align: center;\">\u00a0<\/p>\r\n<p style=\"text-align: center;\">\u00a0<\/p>\r\n<p style=\"text-align: center;\">Einen besonderen Dank mit einem Pr\u00e4sent ging an Stephan Sch\u00f6lch, der in \u00fcber 80 Arbeitsstunden, die Bedienung der Duell Anlage auf dem Sportpistolenstand erneuert hat.<\/p>\r\n<p style=\"text-align: center;\">\u00a0<\/p>\r\n<p style=\"text-align: center;\"><a class=\"fbx-link\" href=\"http:\/\/s710205766.online.de\/ssv-wordpress\/wp-content\/uploads\/IMG_0997.jpg\" target=\"_blank\" rel=\"noopener noreferrer\"><img loading=\"lazy\" decoding=\"async\" class=\"aligncenter wp-image-4456 size-medium\" src=\"http:\/\/s710205766.online.de\/ssv-wordpress\/wp-content\/uploads\/IMG_0997-225x300.jpg\" alt=\"\" width=\"225\" height=\"300\" srcset=\"http:\/\/s710205766.online.de\/ssv-wordpress\/wp-content\/uploads\/IMG_0997-225x300.jpg 225w, http:\/\/s710205766.online.de\/ssv-wordpress\/wp-content\/uploads\/IMG_0997-768x1024.jpg 768w\" sizes=\"(max-width: 225px) 100vw, 225px\" \/><\/a>(Foto privat v. li.) OSM Patrick Joho und Stephan Sch\u00f6lch.<\/p>\r\n<p style=\"text-align: center;\">\u00a0<\/p>\r\n<p style=\"text-align: center;\">\u00a0<\/p>\r\n<p style=\"text-align: center;\">Der Schie\u00dfbericht 2018 kann unter Der Verein\/ Schie\u00dfberichte nachgelesen oder runtergeladen werden.<\/p>\r\n<p style=\"text-align: center;\">\u00a0<\/p>\r\n<p style=\"text-align: center;\">01.03.19\/ MW<\/p>\r\n<hr \/>\r\n<h4><span style=\"color: #0000ff;\"><strong>Kreismeisterschaften beim SSV Eberbach<\/strong><\/span><\/h4>\r\n<p>&nbsp;<\/p>\r\n<p>In der Zeit vom 21.02. 2019 bis zum 23.02. 2019 fanden im Eberbacher Sch\u00fctzenhaus die Kreismeisterschaften mit den Disziplinen Luftpistole und Luftgewehr statt.<\/p>\r\n<p>&nbsp;<\/p>\r\n<p>Insgesamt konnten die Eberbacher Sch\u00fctzen 12 x Gold, 6 x Silber und 6 x Bronze Medaillen mit nach Hause nehmen.<\/p>\r\n<p>&nbsp;<\/p>\r\n<p>In der Herrenklasse I bei den Pistolensch\u00fctzen kam die Mannschaft mit folgenden Sch\u00fctzen, Dirk Zimmermann, Michael Brockmann und Steffen Kre\u00df, auf den 1. Platz<\/p>\r\n<p>&nbsp;<\/p>\r\n<div id=\"attachment_4399\" style=\"width: 235px\" class=\"wp-caption aligncenter fbx-instance\"><a class=\"fbx-link\" href=\"http:\/\/s710205766.online.de\/ssv-wordpress\/wp-content\/uploads\/51a32102-7848-43a4-bfb1-a9a32d6a9e49.jpg\" target=\"_blank\" rel=\"noopener noreferrer\"><img loading=\"lazy\" decoding=\"async\" aria-describedby=\"caption-attachment-4399\" class=\"wp-image-4399 size-medium\" src=\"http:\/\/s710205766.online.de\/ssv-wordpress\/wp-content\/uploads\/51a32102-7848-43a4-bfb1-a9a32d6a9e49-225x300.jpg\" alt=\"\" width=\"225\" height=\"300\" srcset=\"http:\/\/s710205766.online.de\/ssv-wordpress\/wp-content\/uploads\/51a32102-7848-43a4-bfb1-a9a32d6a9e49-225x300.jpg 225w, http:\/\/s710205766.online.de\/ssv-wordpress\/wp-content\/uploads\/51a32102-7848-43a4-bfb1-a9a32d6a9e49.jpg 768w\" sizes=\"(max-width: 225px) 100vw, 225px\" \/><\/a><p id=\"caption-attachment-4399\" class=\"wp-caption-text\">(Foto privat rechts) 1. Platz Einzelwertung Luftpistole Dirk Zimmermann<\/p><\/div>\r\n<p>&nbsp;<\/p>\r\n<p>Bei der Herrenklasse III kam die Eberbacher Mannschaft mit den Sch\u00fctzen Wolfgang Stadler, Roland Johe und Richard Gompf auf den 3. Platz<\/p>\r\n<p>&nbsp;<\/p>\r\n<div id=\"attachment_4403\" style=\"width: 235px\" class=\"wp-caption aligncenter\"><a class=\"fbx-link\" href=\"http:\/\/s710205766.online.de\/ssv-wordpress\/wp-content\/uploads\/8a1df5fc-7878-4e50-a183-61e7819875e7.jpg\" target=\"_blank\" rel=\"noopener noreferrer\"><img loading=\"lazy\" decoding=\"async\" aria-describedby=\"caption-attachment-4403\" class=\"wp-image-4403 size-medium\" src=\"http:\/\/s710205766.online.de\/ssv-wordpress\/wp-content\/uploads\/8a1df5fc-7878-4e50-a183-61e7819875e7-225x300.jpg\" alt=\"\" width=\"225\" height=\"300\" srcset=\"http:\/\/s710205766.online.de\/ssv-wordpress\/wp-content\/uploads\/8a1df5fc-7878-4e50-a183-61e7819875e7-225x300.jpg 225w, http:\/\/s710205766.online.de\/ssv-wordpress\/wp-content\/uploads\/8a1df5fc-7878-4e50-a183-61e7819875e7.jpg 768w\" sizes=\"(max-width: 225px) 100vw, 225px\" \/><\/a><p id=\"caption-attachment-4403\" class=\"wp-caption-text\">(Foto privat links) 3. Platz Einzelwertung Wolfgang Stadler<\/p><\/div>\r\n<p>&nbsp;<\/p>\r\n<p>Bei der Herrenklasse 5 bekam Richard Gompf die Goldmedaille.<\/p>\r\n<p>&nbsp;<\/p>\r\n<p>Bei unseren Jungsch\u00fctzen in der Jugendklasse, kamen Tim V\u00f6lker auf den 1. Platz und Max Kre\u00df auf den 2. Platz<\/p>\r\n<p>&nbsp;<\/p>\r\n<div id=\"attachment_4411\" style=\"width: 710px\" class=\"wp-caption aligncenter\"><a class=\"fbx-link\" href=\"http:\/\/s710205766.online.de\/ssv-wordpress\/wp-content\/uploads\/IMG_0874.jpg\" target=\"_blank\" rel=\"noopener noreferrer\"><img loading=\"lazy\" decoding=\"async\" aria-describedby=\"caption-attachment-4411\" class=\"wp-image-4411 size-large\" src=\"http:\/\/s710205766.online.de\/ssv-wordpress\/wp-content\/uploads\/IMG_0874-1024x666.jpg\" alt=\"\" width=\"700\" height=\"455\" srcset=\"http:\/\/s710205766.online.de\/ssv-wordpress\/wp-content\/uploads\/IMG_0874-1024x666.jpg 1024w, http:\/\/s710205766.online.de\/ssv-wordpress\/wp-content\/uploads\/IMG_0874-300x195.jpg 300w, http:\/\/s710205766.online.de\/ssv-wordpress\/wp-content\/uploads\/IMG_0874-768x500.jpg 768w\" sizes=\"(max-width: 700px) 100vw, 700px\" \/><\/a><p id=\"caption-attachment-4411\" class=\"wp-caption-text\">Luftpistolensch\u00fctzen<\/p><\/div>\r\n<p>&nbsp;<\/p>\r\n<p>Bei der Luftgewehr Disziplin kam unsere 1. Mannschaft mit den Sch\u00fctzen Friedrich Sch\u00f6lch, Stephan Sch\u00f6lch und Patrick Joho auf den 1. Platz. Die 2. Mannschaft mit den Sch\u00fctzen Steffen Kre\u00df, Sascha K\u00fcller und Timo Sch\u00e4fer kam auf den 3. Platz. Die Jugendmannschaft mit den Sch\u00fctzen Max Kre\u00df, Aaliyah Demirci und Leonie B\u00f6hm kam auf den 1. Platz. Die Juniorenmannschaft mit den Sch\u00fctzen Tim Stahl, Elias Rudewig und Leon Joho kam ebendfalls auf den 1. Platz. Die Mannschaft Herrenklasse III mit den Sch\u00fctzen Holger Kuhn, Andreas Reinig und Thomas M\u00fcller durfte auch den 1. Platz belegen.<\/p>\r\n<p>&nbsp;<\/p>\r\n<div id=\"attachment_4412\" style=\"width: 235px\" class=\"wp-caption alignleft\"><a class=\"fbx-link\" href=\"http:\/\/s710205766.online.de\/ssv-wordpress\/wp-content\/uploads\/IMG_0899-e1551007911146.jpg\" target=\"_blank\" rel=\"noopener noreferrer\"><img loading=\"lazy\" decoding=\"async\" aria-describedby=\"caption-attachment-4412\" class=\"wp-image-4412 size-medium\" src=\"http:\/\/s710205766.online.de\/ssv-wordpress\/wp-content\/uploads\/IMG_0899-e1551007911146-225x300.jpg\" alt=\"\" width=\"225\" height=\"300\" srcset=\"http:\/\/s710205766.online.de\/ssv-wordpress\/wp-content\/uploads\/IMG_0899-e1551007911146-225x300.jpg 225w, http:\/\/s710205766.online.de\/ssv-wordpress\/wp-content\/uploads\/IMG_0899-e1551007911146-768x1024.jpg 768w\" sizes=\"(max-width: 225px) 100vw, 225px\" \/><\/a><p id=\"caption-attachment-4412\" class=\"wp-caption-text\">(Foto privat links) Friedrich Sch\u00f6lch 1. Platz in der Einzelwertung<\/p><\/div>\r\n<p>&nbsp;<\/p>\r\n<div id=\"attachment_4414\" style=\"width: 235px\" class=\"wp-caption alignright fbx-instance\"><a class=\"fbx-link\" href=\"http:\/\/s710205766.online.de\/ssv-wordpress\/wp-content\/uploads\/IMG_0904-e1551007943721.jpg\"><img loading=\"lazy\" decoding=\"async\" aria-describedby=\"caption-attachment-4414\" class=\"wp-image-4414 size-medium\" src=\"http:\/\/s710205766.online.de\/ssv-wordpress\/wp-content\/uploads\/IMG_0904-e1551007943721-225x300.jpg\" alt=\"\" width=\"225\" height=\"300\" srcset=\"http:\/\/s710205766.online.de\/ssv-wordpress\/wp-content\/uploads\/IMG_0904-e1551007943721-225x300.jpg 225w, http:\/\/s710205766.online.de\/ssv-wordpress\/wp-content\/uploads\/IMG_0904-e1551007943721-768x1024.jpg 768w\" sizes=\"(max-width: 225px) 100vw, 225px\" \/><\/a><p id=\"caption-attachment-4414\" class=\"wp-caption-text\">(Foto privat) Karin Kre\u00df (Mitte) 1. Platz in der Einzewertung Sascha K\u00fcller (links) 3. Platz in der Einzelwertung<\/p><\/div>\r\n<p>&nbsp;<\/p>\r\n<h3>\u00a0<\/h3>\r\n<p>&nbsp;<\/p>\r\n<h3>\u00a0<\/h3>\r\n<p>&nbsp;<\/p>\r\n<div id=\"attachment_4422\" style=\"width: 235px\" class=\"wp-caption alignright fbx-instance\"><a class=\"fbx-link\" href=\"http:\/\/s710205766.online.de\/ssv-wordpress\/wp-content\/uploads\/IMG_0923-e1551009324711.jpg\"><img loading=\"lazy\" decoding=\"async\" aria-describedby=\"caption-attachment-4422\" class=\"wp-image-4422 size-medium\" src=\"http:\/\/s710205766.online.de\/ssv-wordpress\/wp-content\/uploads\/IMG_0923-e1551009324711-225x300.jpg\" alt=\"\" width=\"225\" height=\"300\" srcset=\"http:\/\/s710205766.online.de\/ssv-wordpress\/wp-content\/uploads\/IMG_0923-e1551009324711-225x300.jpg 225w, http:\/\/s710205766.online.de\/ssv-wordpress\/wp-content\/uploads\/IMG_0923-e1551009324711-768x1024.jpg 768w\" sizes=\"(max-width: 225px) 100vw, 225px\" \/><\/a><p id=\"caption-attachment-4422\" class=\"wp-caption-text\">(Foto privat v. li.) Leonie B\u00f6hm 3. Platz, Aaliyah Demirci 2. Platz und Max Kre\u00df 1. Platz in der Einzelwertung<\/p><\/div>\r\n<p><a class=\"fbx-link\" href=\"http:\/\/s710205766.online.de\/ssv-wordpress\/wp-content\/uploads\/IMG_0930.jpg\" target=\"_blank\" rel=\"noopener noreferrer\"><img loading=\"lazy\" decoding=\"async\" class=\"wp-image-4426 size-large\" src=\"http:\/\/s710205766.online.de\/ssv-wordpress\/wp-content\/uploads\/IMG_0930-1024x651.jpg\" alt=\"\" width=\"700\" height=\"445\" srcset=\"http:\/\/s710205766.online.de\/ssv-wordpress\/wp-content\/uploads\/IMG_0930-1024x651.jpg 1024w, http:\/\/s710205766.online.de\/ssv-wordpress\/wp-content\/uploads\/IMG_0930-300x191.jpg 300w, http:\/\/s710205766.online.de\/ssv-wordpress\/wp-content\/uploads\/IMG_0930-768x488.jpg 768w\" sizes=\"(max-width: 700px) 100vw, 700px\" \/><\/a><\/p>\r\n<h4>Luftgewehrsch\u00fctzen<\/h4>\r\n<p>&nbsp;<\/p>\r\n<p>Die Kreismeisterschaft war ein gro\u00dfer Erfolg f\u00fcr die Eberbacher Sch\u00fctzen. Herzlichen Gl\u00fcckwunsch an alle Teilnehmrer f\u00fcr ihre Ergebnisse und an alle die die Qualifikation f\u00fcr die Landesmeisterschaften erreicht haben viel Erfolg.<\/p>\r\n<p>&nbsp;<\/p>\r\n<p>Alle Ergebnisse k\u00f6nnen in der Rubrik Unser Sport\/ Meisterschaften\/ Kreismeisterschaften Ergebnisse nachgelesen werden.<\/p>\r\n<p>&nbsp;<\/p>\r\n<p>In der Galerie ist das Album mit den ganzen Bildern.<\/p>\r\n<p>&nbsp;<\/p>\r\n<p>24.02.19\/ MW<\/p>\r\n<p>&nbsp;<\/p>\r\n<hr \/>\r\n<h4 style=\"text-align: center;\"><span style=\"color: #0000ff;\"><strong>Kreismeisterschaften LG\/LP Auflage<\/strong><\/span><\/h4>\r\n<p style=\"text-align: center;\">\u00a0<\/p>\r\n<h3 style=\"text-align: center;\"><strong>5x Gold, 4x Silber, 3x Bronze<\/strong><\/h3>\r\n<p style=\"text-align: center;\">\u00a0<\/p>\r\n<p style=\"text-align: center;\">Bei den Kreismeisterschaften in den Luftdruckdisziplinen waren die Auflagesch\u00fctzen des SSV Eberbach mit 5x Gold, 4x Silber und 3x Bronze sehr erfolgreich. Nahezu alle Starter\/innen des Vereins waren an der Edelmetallsammlung beteiligt.<\/p>\r\n<p style=\"text-align: center;\">\u00a0<\/p>\r\n<p style=\"text-align: center;\">In der LG Seniorenklasse 1\/2 war mit Kerstin Liebsch, Annette Schatz und Gabriele Hammer-Zeitler eine reine Frauenmannschaft am Start, die sich sensationell geschlagen hat. Kerstin hatte wohnortbedingt au\u00dfer Konkurrenz vorgeschossen und mit 300 Ringen das Maximum vorgelegt. Ihre per Email \u00fcbermittelte Unterst\u00fctzung hatte offenbar auch geholfen, denn Annette und Gabi schossen mit 299 (Platz 1, S2) und 298 Ringen (Platz 2, S2) ausgezeichnet. Das \u00fcberragende Mannschaftergebnis von 897 Ringen war nat\u00fcrlich Kreisrekord, aber wegen des a.K.-Ergebnisses von Kerstin nicht der erste Platz, sondern \u201enur\u201c die Qualifikation zur Landesmeisterschaft.<\/p>\r\n<p style=\"text-align: center;\">\u00a0<\/p>\r\n<p style=\"text-align: center;\">\u00a0<\/p>\r\n<p style=\"text-align: center;\"><a class=\"fbx-link\" href=\"http:\/\/s710205766.online.de\/ssv-wordpress\/wp-content\/uploads\/S2w.jpg\" target=\"_blank\" rel=\"noopener noreferrer\"><img loading=\"lazy\" decoding=\"async\" class=\"aligncenter wp-image-4368 size-medium\" src=\"http:\/\/s710205766.online.de\/ssv-wordpress\/wp-content\/uploads\/S2w-241x300.jpg\" alt=\"\" width=\"241\" height=\"300\" srcset=\"http:\/\/s710205766.online.de\/ssv-wordpress\/wp-content\/uploads\/S2w-241x300.jpg 241w, http:\/\/s710205766.online.de\/ssv-wordpress\/wp-content\/uploads\/S2w.jpg 616w\" sizes=\"(max-width: 241px) 100vw, 241px\" \/><\/a>(Foto privat v. li.) Annette Schatz und Gabi hammer-Zeitler. Nicht auf dem Bild Kerstin Liebsch.<\/p>\r\n<p style=\"text-align: center;\">\u00a0<\/p>\r\n<p style=\"text-align: center;\">Bei den LG-Senioren 3-5 waren zwei Eberbacher Mannschaften am Start. Die 1. Mannschaft in der Besetzung Wulfrin Schatz, Lothar Braun und Klaus Bickel kam mit 893 Ringen auf Platz 2 und die 2. Mannschaft mit Werner Gose, Anne Gliese und Fritz Oe\u00df mit 888 Ringen auf Platz 3.<\/p>\r\n<p style=\"text-align: center;\">\u00a0<\/p>\r\n<p style=\"text-align: center;\">In der Einzelwertung bei den Senioren 3 m\u00e4nnlich belegten die Sch\u00fctzen der 1. Mannschaft in obiger Reihenfolge mit 298, 298 und 297 Ringen die ersten 3 Pl\u00e4tze. Hans-Peter Hett-mansperger ereichte mit 283 Ringen Platz 7. Anne Gliese kam bei den Seniorinnen 3 weiblich mit guten 296 Ringen auf den ersten Platz.<\/p>\r\n<p style=\"text-align: center;\"><a class=\"fbx-link\" href=\"http:\/\/s710205766.online.de\/ssv-wordpress\/wp-content\/uploads\/MA-1-2.jpg\" target=\"_blank\" rel=\"noopener noreferrer\"><img loading=\"lazy\" decoding=\"async\" class=\"alignleft wp-image-4369 size-medium\" src=\"http:\/\/s710205766.online.de\/ssv-wordpress\/wp-content\/uploads\/MA-1-2-300x225.jpg\" alt=\"\" width=\"300\" height=\"225\" srcset=\"http:\/\/s710205766.online.de\/ssv-wordpress\/wp-content\/uploads\/MA-1-2-300x225.jpg 300w, http:\/\/s710205766.online.de\/ssv-wordpress\/wp-content\/uploads\/MA-1-2-768x577.jpg 768w, http:\/\/s710205766.online.de\/ssv-wordpress\/wp-content\/uploads\/MA-1-2.jpg 1022w\" sizes=\"(max-width: 300px) 100vw, 300px\" \/><\/a><\/p>\r\n<p style=\"text-align: center;\">\u00a0<\/p>\r\n<p style=\"text-align: center;\">\u00a0<\/p>\r\n<p style=\"text-align: center;\">\u00a0<\/p>\r\n<p style=\"text-align: center;\">\u00a0<\/p>\r\n<p style=\"text-align: center;\">\u00a0<\/p>\r\n<p style=\"text-align: center;\">\u00a0<\/p>\r\n<p style=\"text-align: center;\">(Foto v. li.) Wulfrin Schatz, Klaus Bickel und Lothar Braun<\/p>\r\n<p style=\"text-align: center;\">\u00a0<\/p>\r\n<p style=\"text-align: center;\">\u00a0<\/p>\r\n<p style=\"text-align: center;\"><a href=\"http:\/\/s710205766.online.de\/ssv-wordpress\/wp-content\/uploads\/Anne-1.jpg\"><img loading=\"lazy\" decoding=\"async\" class=\"aligncenter size-medium wp-image-4569\" src=\"http:\/\/s710205766.online.de\/ssv-wordpress\/wp-content\/uploads\/Anne-1-225x300.jpg\" alt=\"\" width=\"225\" height=\"300\" srcset=\"http:\/\/s710205766.online.de\/ssv-wordpress\/wp-content\/uploads\/Anne-1-225x300.jpg 225w, http:\/\/s710205766.online.de\/ssv-wordpress\/wp-content\/uploads\/Anne-1.jpg 576w\" sizes=\"(max-width: 225px) 100vw, 225px\" \/><\/a><\/p>\r\n<p style=\"text-align: center;\">(Foto li.privat) Anne Gliese<\/p>\r\n<p style=\"text-align: center;\">\u00a0<\/p>\r\n<p style=\"text-align: center;\">Bei den LG-Senioren 5 kann Werner Gose nach gro\u00dfem Kampf auf 298 Ringe und den 2. Platz. Ihm stand Fritz Oe\u00df nach ebenfalls schwerem Kampf mit 294 Ringen und Platz 3 nur wenig nach. Franz Zeitler kam auf gute 289 Ringe.<\/p>\r\n<p style=\"text-align: center;\">: <a class=\"fbx-instance fbx-link\" href=\"http:\/\/s710205766.online.de\/ssv-wordpress\/wp-content\/uploads\/Werner.jpg\"><img loading=\"lazy\" decoding=\"async\" class=\"alignleft size-medium wp-image-4371\" src=\"http:\/\/s710205766.online.de\/ssv-wordpress\/wp-content\/uploads\/Werner-227x300.jpg\" alt=\"\" width=\"227\" height=\"300\" srcset=\"http:\/\/s710205766.online.de\/ssv-wordpress\/wp-content\/uploads\/Werner-227x300.jpg 227w, http:\/\/s710205766.online.de\/ssv-wordpress\/wp-content\/uploads\/Werner.jpg 582w\" sizes=\"(max-width: 227px) 100vw, 227px\" \/><\/a><a class=\"fbx-instance fbx-link\" href=\"http:\/\/s710205766.online.de\/ssv-wordpress\/wp-content\/uploads\/Fritz.jpg\"><img loading=\"lazy\" decoding=\"async\" class=\"alignright size-medium wp-image-4372\" src=\"http:\/\/s710205766.online.de\/ssv-wordpress\/wp-content\/uploads\/Fritz-225x300.jpg\" alt=\"\" width=\"225\" height=\"300\" srcset=\"http:\/\/s710205766.online.de\/ssv-wordpress\/wp-content\/uploads\/Fritz-225x300.jpg 225w, http:\/\/s710205766.online.de\/ssv-wordpress\/wp-content\/uploads\/Fritz.jpg 576w\" sizes=\"(max-width: 225px) 100vw, 225px\" \/><\/a><\/p>\r\n<p style=\"text-align: center;\">(Foto privat v. li.) Werner Gose li. und Friedrich Oe\u00df re.<\/p>\r\n<p style=\"text-align: center;\">\u00a0<\/p>\r\n<p style=\"text-align: center;\">\u00a0<\/p>\r\n<p style=\"text-align: center;\">\u00a0<\/p>\r\n<p style=\"text-align: center;\">\u00a0<\/p>\r\n<p style=\"text-align: center;\">Unsere Luftpistolensch\u00fctzin Christiane Weidner schoss in ihrer Klasse (S4) mit 285 Ringen das Tagesbestergebnis LP aller Klassen \u00fcberhaupt und kam nat\u00fcrlich unangefochten auf Platz 1. Auch Thomas B\u00e4uerle schoss bei den Senioren 2 ein sehr gutes Gesamtschussbild, hatte nur etwas Pech mit einigen Sch\u00fcssen, die statt in die knappe 10 in die hohe 9 landeten. Am Ende standen 278 Ringe und ebenfalls Platz 1 zu Buche.<\/p>\r\n<p style=\"text-align: center;\"><a class=\"fbx-instance fbx-link\" href=\"http:\/\/s710205766.online.de\/ssv-wordpress\/wp-content\/uploads\/LP.jpg\"><img loading=\"lazy\" decoding=\"async\" class=\"aligncenter size-medium wp-image-4373\" src=\"http:\/\/s710205766.online.de\/ssv-wordpress\/wp-content\/uploads\/LP-225x300.jpg\" alt=\"\" width=\"225\" height=\"300\" srcset=\"http:\/\/s710205766.online.de\/ssv-wordpress\/wp-content\/uploads\/LP-225x300.jpg 225w, http:\/\/s710205766.online.de\/ssv-wordpress\/wp-content\/uploads\/LP.jpg 576w\" sizes=\"(max-width: 225px) 100vw, 225px\" \/><\/a><\/p>\r\n<p style=\"text-align: center;\">(Foto privat v. li.) Thomas B\u00e4uerle und Christiane Weidner<\/p>\r\n<p style=\"text-align: center;\">\u00a0<\/p>\r\n<p style=\"text-align: center;\">Herzlichen Gl\u00fcckwunsch an alle Auflage Teilnehmer f\u00fcr die guten Ergebnissse.<\/p>\r\n<p style=\"text-align: center;\">14.04.19\/ WS<\/p>\r\n<hr \/>\r\n<h4><strong>Team M\u00e4nner Meister der KOL Auflage &amp; <\/strong><\/h4>\r\n<p>&nbsp;<\/p>\r\n<h4><strong>Team 237 Meister der KLB Auflage<\/strong><\/h4>\r\n<p>&nbsp;<\/p>\r\n<p>Der Abschlusswettkampf der Ligawettk\u00e4mpfe der LG-Auflagesch\u00fctzen fand in Eberbach statt und brachte f\u00fcr die 3 Eberbacher Mannschaften zwei Meisterschaften.<\/p>\r\n<p>In der Kreisoberliga war die Ausgangsposition vor dem Abschlusswettkampf f\u00fcr das Team M\u00e4nner (Eberbach 1) relativ komfortabel, da gegen\u00fcber der punktgleichen Mannschaft von Spechbach 1 zwei Einzelpunkte mehr zu Buche standen, so dass schon ein 2:1 Sieg gegen Brombach 1 trotz einem gleichzeitigen 3:0 Sieg von Spechbach 1 die Meisterschaft perfekt gemacht h\u00e4tte. Aber es kam zun\u00e4chst v\u00f6llig anders. Der im turnusgem\u00e4\u00dfen Wechsel diesmal zum Einsatz kommende Klaus an Position 3 begann mit einem 297:295 Sieg. An Position 2 konnte Lothar diesmal nicht ganz an seine bisherigen Leistungen ankn\u00fcpfen und verlor etwas \u00fcberraschend mit 297:298 Ringen. Nun oblag es Wulfrin an Position 1, den 2:1 Siegpunkt zu sichern. Er kam aber nach der ersten 9 im f\u00fcnften Schuss v\u00f6llig unerwartet aus dem Konzept, dem weitere zwei 9er folgten und verlor in der ersten Serie mit 97:100 Ringen schon 3 Ringe. Nach jeweils 100 Ringen in der zweiten Serie leistete sich sein Gegner in der letzten Serie nun ebenfalls 3 Neuner, so dass Wulfrin zwei Schuss vor Ende mit zwei Zehnern ein Stechen retten k\u00f6nnte. Leider kann es auch hier anders, eine weitere 9 brachte eine undiskutable 296:297 Niederlage und f\u00fchrte zum 2.1 Sieg f\u00fcr Brombach 1. Das dennoch gl\u00fcckliche Ende f\u00fcr das Team M\u00e4nner war die \u00fcberraschende Niederlage von Spechbach 1 gegen Mossbrunn 1. Dies f\u00fchrte dazu, dass das Team M\u00e4nner bei Punktgleichheit mit Moosbrunn 1 und Spechbach 1 aufgrund des Einzelpunktverh\u00e4ltnisses und h\u00f6herer Ringzahl doch noch den Meistertitel erringen konnte.<\/p>\r\n<p><a class=\"fbx-link\" href=\"http:\/\/s710205766.online.de\/ssv-wordpress\/wp-content\/uploads\/Team-M\u00e4nner.jpg\" target=\"_blank\" rel=\"noopener noreferrer\"><img loading=\"lazy\" decoding=\"async\" class=\"aligncenter wp-image-4339 size-medium\" src=\"http:\/\/s710205766.online.de\/ssv-wordpress\/wp-content\/uploads\/Team-M\u00e4nner-300x225.jpg\" alt=\"\" width=\"300\" height=\"225\" srcset=\"http:\/\/s710205766.online.de\/ssv-wordpress\/wp-content\/uploads\/Team-M\u00e4nner-300x225.jpg 300w, http:\/\/s710205766.online.de\/ssv-wordpress\/wp-content\/uploads\/Team-M\u00e4nner-768x576.jpg 768w, http:\/\/s710205766.online.de\/ssv-wordpress\/wp-content\/uploads\/Team-M\u00e4nner.jpg 1024w\" sizes=\"(max-width: 300px) 100vw, 300px\" \/><\/a><\/p>\r\n<p>(Foto Privat v. li.) Lothar Braun, Klaus Bickel und Wulfrin Schatz<\/p>\r\n<p>Das Team Knallerfrauen (Eberbach 2) war auch im letzten Wettkampf dem Grundsatz treu, dass keine Siegchance besteht, wenn zum fehlenden Gl\u00fcck auch noch das Pech hinzukommt. Gabi an Position 1 erreichte gegen ihren Gegner zwar ein 299:297 Sieg, doch Annette an Position 2 und Anne an Position 3 verloren ihre Wettk\u00e4mpfe trotz guter Leistungen (je 295 Ringe) mit einem bzw. zwei Ringen Unterschied gegen Neckargem\u00fcnd. Diese Niederlage bei dem gleichzeitigen o.e. Sieg von Brombach 1 bedeutete den letzten Platz in der KOL und den Abstieg in die A-Klasse.<\/p>\r\n<p>&nbsp;<\/p>\r\n<p><a class=\"fbx-link\" href=\"http:\/\/s710205766.online.de\/ssv-wordpress\/wp-content\/uploads\/Team-Knallerfrauen.jpg\" target=\"_blank\" rel=\"noopener noreferrer\"><img loading=\"lazy\" decoding=\"async\" class=\"aligncenter wp-image-4340 size-medium\" src=\"http:\/\/s710205766.online.de\/ssv-wordpress\/wp-content\/uploads\/Team-Knallerfrauen-300x225.jpg\" alt=\"\" width=\"300\" height=\"225\" srcset=\"http:\/\/s710205766.online.de\/ssv-wordpress\/wp-content\/uploads\/Team-Knallerfrauen-300x225.jpg 300w, http:\/\/s710205766.online.de\/ssv-wordpress\/wp-content\/uploads\/Team-Knallerfrauen-768x576.jpg 768w, http:\/\/s710205766.online.de\/ssv-wordpress\/wp-content\/uploads\/Team-Knallerfrauen.jpg 1024w\" sizes=\"(max-width: 300px) 100vw, 300px\" \/><\/a>(Foto privat v. li.) Annette Schatz, Gabi Hammer-Zeitler und Anne Gliese<\/p>\r\n<p>&nbsp;<\/p>\r\n<p>In der Kreisliga B kam es beim letzten Wettkampf zum entscheidenden Duell um die Meisterschaft zwischen den nach Mannschafts- und Einzelpunkten punktgleichen Teams aus Eberbach (Team 237) und Wilhelmsfeld. Franz an Position 3 kam diesmal gar nicht zurecht und verlor mit 279:300 Ringen deutlich. An Position 2 kam Fritz zum klaren 295:291 Sieg und damit zum Ausgleich. Werner an Position 1 sah mit seinen 296 Ringen lange wie der Verlierer aus, jedoch kam sein Gegner in der letzten Serie geh\u00f6rig in Zeitdruck und dadurch auch auf 296 Ringer, so dass ein Stechen \u00fcber Sieg und Meisterschaft entscheiden musste. Hier hatte Werner aber offensichtlich die bessere Vorbereitung und kam schon im ersten Schuss zum 10:9 Sieg. Damit war die Meisterschaft f\u00fcr das Team 237 in der B-Klasse unter Dach und Fach und der Abschluss einer imposanten Saison f\u00fcr das Team.<\/p>\r\n<p>&nbsp;<\/p>\r\n<p><a class=\"fbx-link\" href=\"http:\/\/s710205766.online.de\/ssv-wordpress\/wp-content\/uploads\/Team-237.jpg\" target=\"_blank\" rel=\"noopener noreferrer\"><img loading=\"lazy\" decoding=\"async\" class=\"aligncenter wp-image-4341 size-medium\" src=\"http:\/\/s710205766.online.de\/ssv-wordpress\/wp-content\/uploads\/Team-237-300x225.jpg\" alt=\"\" width=\"300\" height=\"225\" srcset=\"http:\/\/s710205766.online.de\/ssv-wordpress\/wp-content\/uploads\/Team-237-300x225.jpg 300w, http:\/\/s710205766.online.de\/ssv-wordpress\/wp-content\/uploads\/Team-237-768x576.jpg 768w, http:\/\/s710205766.online.de\/ssv-wordpress\/wp-content\/uploads\/Team-237.jpg 1024w\" sizes=\"(max-width: 300px) 100vw, 300px\" \/><\/a>(Foto privat v. li.) Friedrich Oe\u00df, Werner Gose und Franz Zeitler<\/p>\r\n<p>&nbsp;<\/p>\r\n<p>In der Ranglisten Einzelwertung LP schossen Thomas B\u00e4uerle und Christiane Weidner je 282 Ringe.<\/p>\r\n<p>In der Gesamtrangliste Einzelwertung aller Sch\u00fctzen mit 6 Wettk\u00e4mpfen kamen 6 Sch\u00fctzen aus Eberbach unter die ersten 12 der 68 Sch\u00fctzen umfassenden Rangliste:<\/p>\r\n<p>1. Wulfrin Schatz 1790 Ringe 298,33 Ringe Schnitt<\/p>\r\n<p>3. Lothar Braun 1789 Ringe 298,17 Ringe Schnitt<\/p>\r\n<p>5. Gabriele Hammer-Zeitler 1787 Ringe 297,83 Ringe Schnitt<\/p>\r\n<p>7. Werner Gose 1783 Ringe 297,17 Ringe Schnitt<\/p>\r\n<p>9. Klaus Bickel 1781 Ringe 296,83 Ringe Schnitt<\/p>\r\n<p>12. Friedrich Oe\u00df 1776 Ringe 296,00 Ringe Schnitt<\/p>\r\n<p>&nbsp;<\/p>\r\n<p><a class=\"fbx-link\" href=\"http:\/\/s710205766.online.de\/ssv-wordpress\/wp-content\/uploads\/Einzel.jpg\" target=\"_blank\" rel=\"noopener noreferrer\"><img loading=\"lazy\" decoding=\"async\" class=\"aligncenter wp-image-4342 size-medium\" src=\"http:\/\/s710205766.online.de\/ssv-wordpress\/wp-content\/uploads\/Einzel-300x225.jpg\" alt=\"\" width=\"300\" height=\"225\" srcset=\"http:\/\/s710205766.online.de\/ssv-wordpress\/wp-content\/uploads\/Einzel-300x225.jpg 300w, http:\/\/s710205766.online.de\/ssv-wordpress\/wp-content\/uploads\/Einzel-768x576.jpg 768w, http:\/\/s710205766.online.de\/ssv-wordpress\/wp-content\/uploads\/Einzel.jpg 1024w\" sizes=\"(max-width: 300px) 100vw, 300px\" \/><\/a>(Foto privat v.Li.) Lothar Braun, Jens Gomille, Wulfrin Schatz und<\/p>\r\n<p>&nbsp;<\/p>\r\n<p>Kreisligaleiter J\u00fcrgen Herbold.<\/p>\r\n<p>&nbsp;<\/p>\r\n<p>Weitere Bilder vom Luftgewehr Auflage Abschluss 2019 in der Galerie.<\/p>\r\n<p>WS 29.01.2019<\/p>\r\n<hr \/>\r\n<h4><span style=\"color: #0000ff;\"><strong>Team 237 bleibt Tabellenf\u00fchrer in der B-Klasse<\/strong><\/span><\/h4>\r\n<p>Der 6. Ligawettkampf LG Auflage in der Kreisliga B fand f\u00fcr das Team 237 (Eberbach 3) in Moosbrunn statt. Das Team in der Besetzung Werner, Fritz und Franz konnte gegen Spechbach 4 seinen 4. Sieg in Folge verbuchen.<\/p>\r\n<p>Werner an Position 1 schoss zwar gewohnt konzentriert, musste aber in der letzten Serie 2 Neuner hinnehmen. Trotzdem gelang ihm mit 297: 293 Ringen ein letztlich ungef\u00e4hrdeter Sieg.<\/p>\r\n<p>Fritz an Position 2 blieb in seinem Wettkampf nach der ersten 9 im ersten Schuss ebenfalls konzentriert und brachte mit 298:287 Ringen den 2.Mannschaftspunkt sicher nach Hause.<\/p>\r\n<p>Franz an Position 3 konnte seine deutliche Leistungsverbesserung aus den letzten Trainingstagen auch im Wettkampf umsetzen und konnte mit 291 Ringen wieder eine erneute Leistungssteigerung verzeichnen, gegen die sein Gegner mit 280 Ringen chancenlos blieb.<\/p>\r\n<p>Auch das Ringzahlergebnis des Teams war mit erneut 886 Ringen sehr gut. F\u00fcr die Rangliste schoss Klaus solide 297 Ringe.<\/p>\r\n<p>Dieser Sieg festigte die Tabellenf\u00fchrung in der B-Gruppe mit nunmehr 8:0 Mannschafts- und 12:0 Einzelpunkten vor Wilhelmsfeld 1 mit gleichem Mannschafts- und Einzelpunkten, aber 23 Ringen weniger als Eberbach. Letzteres wird aber nicht entscheidend sein, denn zum Ligaabschluss kommt es zum entscheidenden Duell um die Meisterschaft zwischen dem Team 237 und Wilhelmsfeld.<\/p>\r\n<p>WS 21.01.2019<\/p>\r\n<p>&nbsp;<\/p>\r\n<hr \/>\r\n<h4><strong>Team M\u00e4nner Meister der KOL Auflage &amp;<br \/><\/strong><\/h4>\r\n\r\n\r\n\r\n<h4 class=\"wp-block-heading\"><strong>Team 237 Meister der KLB Auflage<\/strong><\/h4>\r\n\r\n\r\n\r\n<p>Der Abschlusswettkampf\u00a0 der Ligawettk\u00e4mpfe der LG-Auflagesch\u00fctzen fand in Eberbach statt und brachte f\u00fcr die 3 Eberbacher Mannschaften zwei Meisterschaften.<\/p>\r\n\r\n\r\n\r\n<p>In der Kreisoberliga war die Ausgangsposition\u00a0 vor dem Abschlusswettkampf\u00a0 f\u00fcr das Team M\u00e4nner (Eberbach 1) relativ komfortabel, da gegen\u00fcber der \u00a0punktgleichen Mannschaft von Spechbach 1 zwei Einzelpunkte mehr zu Buche standen, so dass schon ein 2:1 Sieg gegen Brombach 1 trotz einem gleichzeitigen 3:0 Sieg von Spechbach 1 die Meisterschaft perfekt gemacht h\u00e4tte. \u00a0Aber es kam zun\u00e4chst v\u00f6llig anders. Der im turnusgem\u00e4\u00dfen Wechsel diesmal zum Einsatz kommende Klaus an Position 3 begann mit einem 297:295 Sieg. An Position 2 konnte Lothar diesmal nicht ganz an seine bisherigen Leistungen ankn\u00fcpfen und verlor etwas \u00fcberraschend mit 297:298 Ringen. Nun oblag es Wulfrin an Position 1, den 2:1 Siegpunkt zu sichern. Er kam aber nach der ersten 9 im f\u00fcnften Schuss v\u00f6llig unerwartet aus dem Konzept, dem weitere zwei 9er folgten<\/p>\r\n\r\n\r\n\r\n<p>und verlor in der ersten Serie mit 97:100 Ringen schon 3 Ringe. Nach jeweils 100 Ringen in der zweiten Serie leistete sich sein Gegner in der letzten Serie nun ebenfalls 3 Neuner, so dass Wulfrin zwei Schuss vor Ende mit zwei Zehnern ein Stechen retten k\u00f6nnte. Leider kann es auch hier anders, eine weitere 9 brachte eine undiskutable 296:297 Niederlage und f\u00fchrte zum 2.1 Sieg f\u00fcr Brombach 1. Das dennoch gl\u00fcckliche Ende f\u00fcr das Team M\u00e4nner war die \u00fcberraschende Niederlage von Spechbach 1 gegen Mossbrunn 1. Dies f\u00fchrte dazu, dass das Team M\u00e4nner bei Punktgleichheit mit Moosbrunn 1 und Spechbach 1 aufgrund des Einzelpunktverh\u00e4ltnisses\u00a0 und h\u00f6herer Ringzahl doch noch den Meistertitel\u00a0 erringen konnte.<\/p>\r\n\r\n\r\n\r\n<div class=\"wp-block-image\">\r\n<figure class=\"aligncenter\"><a href=\"http:\/\/s710205766.online.de\/ssv-wordpress\/wp-content\/uploads\/Team-M\u00e4nner.jpg\" target=\"_blank\" rel=\"noreferrer noopener\"><img loading=\"lazy\" decoding=\"async\" width=\"300\" height=\"225\" class=\"wp-image-4339\" src=\"http:\/\/s710205766.online.de\/ssv-wordpress\/wp-content\/uploads\/Team-M\u00e4nner-300x225.jpg\" alt=\"\" srcset=\"http:\/\/s710205766.online.de\/ssv-wordpress\/wp-content\/uploads\/Team-M\u00e4nner-300x225.jpg 300w, http:\/\/s710205766.online.de\/ssv-wordpress\/wp-content\/uploads\/Team-M\u00e4nner-768x576.jpg 768w, http:\/\/s710205766.online.de\/ssv-wordpress\/wp-content\/uploads\/Team-M\u00e4nner.jpg 1024w\" sizes=\"(max-width: 300px) 100vw, 300px\" \/><\/a><\/figure>\r\n<\/div>\r\n\r\n\r\n\r\n<p>(Foto Privat v. li.)\u00a0\u00a0 Lothar Braun, Klaus Bickel und Wulfrin Schatz<\/p>\r\n\r\n\r\n\r\n<p>Das Team Knallerfrauen (Eberbach 2) war auch im letzten Wettkampf\u00a0 dem Grundsatz treu, dass keine Siegchance besteht, wenn zum fehlenden Gl\u00fcck auch noch das Pech hinzukommt. Gabi an Position 1 erreichte gegen ihren Gegner zwar ein 299:297 Sieg, doch Annette an Position 2 und Anne an Position 3 verloren ihre Wettk\u00e4mpfe trotz guter Leistungen (je 295 Ringe) mit einem bzw. zwei Ringen Unterschied gegen Neckargem\u00fcnd. Diese Niederlage bei dem gleichzeitigen o.e. Sieg von Brombach 1 bedeutete den letzten Platz in der KOL und den Abstieg in die A-Klasse.<\/p>\r\n\r\n\r\n\r\n<div class=\"wp-block-image\">\r\n<figure class=\"aligncenter\"><a href=\"http:\/\/s710205766.online.de\/ssv-wordpress\/wp-content\/uploads\/Team-Knallerfrauen.jpg\" target=\"_blank\" rel=\"noreferrer noopener\"><img loading=\"lazy\" decoding=\"async\" width=\"300\" height=\"225\" class=\"wp-image-4340\" src=\"http:\/\/s710205766.online.de\/ssv-wordpress\/wp-content\/uploads\/Team-Knallerfrauen-300x225.jpg\" alt=\"\" srcset=\"http:\/\/s710205766.online.de\/ssv-wordpress\/wp-content\/uploads\/Team-Knallerfrauen-300x225.jpg 300w, http:\/\/s710205766.online.de\/ssv-wordpress\/wp-content\/uploads\/Team-Knallerfrauen-768x576.jpg 768w, http:\/\/s710205766.online.de\/ssv-wordpress\/wp-content\/uploads\/Team-Knallerfrauen.jpg 1024w\" sizes=\"(max-width: 300px) 100vw, 300px\" \/><\/a><\/figure>\r\n<\/div>\r\n\r\n\r\n\r\n<p>(Foto privat v. li.) Annette Schatz, Gabi Hammer-Zeitler und Anne Gliese<\/p>\r\n\r\n\r\n\r\n<p>In der Kreisliga B kam es beim letzten Wettkampf zum entscheidenden Duell um die Meisterschaft zwischen den nach Mannschafts- und Einzelpunkten punktgleichen Teams aus Eberbach (Team 237) und Wilhelmsfeld. Franz an Position 3 kam diesmal gar nicht zurecht und verlor mit 279:300 Ringen deutlich. An Position 2 kam Fritz zum klaren 295:291 Sieg und damit zum Ausgleich. Werner an Position 1 sah mit seinen 296 Ringen lange wie der Verlierer aus, jedoch kam sein Gegner in der letzten Serie geh\u00f6rig in Zeitdruck und dadurch auch auf 296 Ringer, so dass ein Stechen \u00fcber Sieg und Meisterschaft entscheiden musste. Hier hatte Werner aber offensichtlich die bessere Vorbereitung und kam schon im ersten<\/p>\r\n\r\n\r\n\r\n<p>In der Ranglisten Einzelwertung LP schossen Thomas B\u00e4uerle und Christiane Weidner je 282 Ringe.<\/p>\r\n\r\n\r\n\r\n<p>In der Gesamtrangliste Einzelwertung aller Sch\u00fctzen mit 6 Wettk\u00e4mpfen kamen 6 Sch\u00fctzen aus Eberbach unter die ersten 12 der 68 Sch\u00fctzen umfassenden Rangliste:<\/p>\r\n\r\n\r\n\r\n<p>1. Wulfrin Schatz \u00a0 \u00a0 \u00a0 \u00a0 \u00a0 \u00a0 \u00a0 \u00a0 \u00a0 \u00a0 \u00a0 \u00a0\u00a0 1790 Ringe\u00a0\u00a0\u00a0\u00a0\u00a0\u00a0\u00a0\u00a0\u00a0\u00a0\u00a0\u00a0\u00a0\u00a0\u00a0\u00a0\u00a0\u00a0\u00a0 298,33 Ringe Schnitt<\/p>\r\n\r\n\r\n\r\n<p>3. Lothar Braun\u00a0\u00a0\u00a0\u00a0\u00a0\u00a0\u00a0\u00a0\u00a0\u00a0\u00a0\u00a0\u00a0\u00a0\u00a0\u00a0\u00a0\u00a0\u00a0\u00a0\u00a0\u00a0\u00a0\u00a0\u00a0\u00a0\u00a0 1789 Ringe\u00a0\u00a0\u00a0\u00a0\u00a0\u00a0\u00a0\u00a0\u00a0\u00a0\u00a0\u00a0 \u00a0 \u00a0 \u00a0\u00a0 298,17 Ringe Schnitt<\/p>\r\n\r\n\r\n\r\n<p>5. Gabriele Hammer-Zeitler \u00a0 \u00a0 \u00a0 \u00a0 1787 Ringe\u00a0\u00a0\u00a0\u00a0\u00a0\u00a0\u00a0\u00a0\u00a0 \u00a0 \u00a0\u00a0\u00a0\u00a0\u00a0\u00a0\u00a0 297,83 Ringe Schnitt<\/p>\r\n\r\n\r\n\r\n<p>7. Werner Gose\u00a0\u00a0\u00a0\u00a0\u00a0\u00a0\u00a0\u00a0\u00a0\u00a0\u00a0\u00a0\u00a0\u00a0\u00a0\u00a0\u00a0\u00a0\u00a0\u00a0\u00a0\u00a0\u00a0\u00a0\u00a0 \u00a0 1783 Ringe\u00a0\u00a0\u00a0\u00a0\u00a0\u00a0\u00a0\u00a0\u00a0\u00a0\u00a0\u00a0\u00a0\u00a0\u00a0\u00a0\u00a0\u00a0 297,17 Ringe Schnitt<\/p>\r\n\r\n\r\n\r\n<p>9. Klaus Bickel\u00a0\u00a0\u00a0\u00a0\u00a0\u00a0\u00a0\u00a0\u00a0\u00a0\u00a0\u00a0\u00a0\u00a0 \u00a0 \u00a0 \u00a0 \u00a0 \u00a0 \u00a0 \u00a0 1781 Ringe\u00a0\u00a0\u00a0\u00a0\u00a0\u00a0\u00a0\u00a0\u00a0\u00a0 \u00a0 \u00a0 \u00a0 \u00a0\u00a0 296,83 Ringe Schnitt<\/p>\r\n\r\n\r\n\r\n<p>12. Friedrich Oe\u00df\u00a0\u00a0\u00a0\u00a0\u00a0\u00a0\u00a0\u00a0\u00a0\u00a0\u00a0\u00a0\u00a0\u00a0\u00a0\u00a0\u00a0\u00a0\u00a0\u00a0\u00a0\u00a0\u00a0\u00a0\u00a0 1776 Ringe\u00a0\u00a0\u00a0\u00a0\u00a0\u00a0\u00a0\u00a0\u00a0\u00a0\u00a0\u00a0\u00a0\u00a0\u00a0\u00a0\u00a0\u00a0\u00a0 296,00 Ringe Schnitt<\/p>\r\n\r\n\r\n\r\n<div class=\"wp-block-image\">\r\n<figure class=\"aligncenter\"><a href=\"http:\/\/s710205766.online.de\/ssv-wordpress\/wp-content\/uploads\/Einzel.jpg\" target=\"_blank\" rel=\"noreferrer noopener\"><img loading=\"lazy\" decoding=\"async\" width=\"300\" height=\"225\" class=\"wp-image-4342\" src=\"http:\/\/s710205766.online.de\/ssv-wordpress\/wp-content\/uploads\/Einzel-300x225.jpg\" alt=\"\" srcset=\"http:\/\/s710205766.online.de\/ssv-wordpress\/wp-content\/uploads\/Einzel-300x225.jpg 300w, http:\/\/s710205766.online.de\/ssv-wordpress\/wp-content\/uploads\/Einzel-768x576.jpg 768w, http:\/\/s710205766.online.de\/ssv-wordpress\/wp-content\/uploads\/Einzel.jpg 1024w\" sizes=\"(max-width: 300px) 100vw, 300px\" \/><\/a><\/figure>\r\n<\/div>\r\n\r\n\r\n\r\n<p>(Foto privat v.Li.) Lothar Braun, Jens Gomille, Wulfrin Schatz und<\/p>\r\n\r\n\r\n\r\n<p>Kreisligaleiter J\u00fcrgen Herbold.<\/p>\r\n\r\n\r\n\r\n<p>Weitere Bilder vom Luftgewehr Auflage Abschluss 2019 in der Galerie.<\/p>\r\n\r\n\r\n\r\n<p>WS 29.01.2019<\/p>\r\n\r\n\r\n\r\n<p><strong>Team 237 bleibt Tabellenf\u00fchrer in der B-Klasse<\/strong><\/p>\r\n\r\n\r\n\r\n<p>Der 6. Ligawettkampf LG Auflage in der Kreisliga B fand f\u00fcr das Team 237 (Eberbach 3) in Moosbrunn statt. Das Team in der Besetzung Werner, Fritz und Franz konnte gegen Spechbach 4 seinen 4. Sieg in Folge verbuchen.<\/p>\r\n\r\n\r\n\r\n<p>Werner an Position 1 schoss zwar gewohnt konzentriert, musste aber in der letzten Serie 2 Neuner hinnehmen. Trotzdem gelang ihm mit 297: 293 Ringen ein letztlich ungef\u00e4hrdeter Sieg.<\/p>\r\n\r\n\r\n\r\n<p>Fritz an Position 2 blieb in seinem Wettkampf nach der ersten 9 im ersten Schuss ebenfalls konzentriert und brachte mit 298:287 Ringen den 2.Mannschaftspunkt sicher nach Hause.<\/p>\r\n\r\n\r\n\r\n<p>Franz an Position 3 konnte seine deutliche Leistungsverbesserung aus den letzten Trainingstagen auch im Wettkampf umsetzen und konnte mit 291 Ringen wieder eine erneute Leistungssteigerung verzeichnen, gegen die sein Gegner mit 280 Ringen chancenlos blieb.<\/p>\r\n\r\n\r\n\r\n<p>Auch das Ringzahlergebnis des Teams war mit erneut 886 Ringen sehr gut. F\u00fcr die Rangliste schoss Klaus solide 297 Ringe.<\/p>\r\n\r\n\r\n\r\n<p>Dieser Sieg festigte die Tabellenf\u00fchrung in der B-Gruppe mit nunmehr 8:0 Mannschafts- und 12:0 Einzelpunkten vor Wilhelmsfeld 1 mit gleichem Mannschafts- und Einzelpunkten, aber 23 Ringen weniger als Eberbach. Letzteres wird aber nicht entscheidend sein, denn zum Ligaabschluss kommt es zum entscheidenden Duell um die Meisterschaft zwischen dem Team 237 und Wilhelmsfeld.<\/p>\r\n\r\n\r\n\r\n<p>WS 21.01.2019<\/p>\r\n\r\n\r\n\r\n<h3 class=\"wp-block-heading\"><strong>Schwarzer Tag f\u00fcr Auflageteams in der KOL<\/strong><\/h3>\r\n\r\n\r\n\r\n<p>Der 6. Ligawettkampf LG Auflage in der KOL fand in Neckargem\u00fcnd statt und endete sowohl f\u00fcr das Team M\u00e4nner als auch f\u00fcr das Team Knallerfrauen mit einer 1:2 Niederlage. Hier bewahrheitete sich die bekannte Sportweisheit, die besagt, dass keine Siegchance besteht, wenn zum fehlenden Gl\u00fcck auch noch das Pech hinzu kommt.<\/p>\r\n\r\n\r\n\r\n<p>Das Team Knallerfrauen (Eberbach 2) musste zuerst gegen Spechbach 2 an den Stand. Annette an Position 2 konnte trotz wieder ansteigender Form gegen ihren Gegner mit 292:295 Ringen leider nicht punkten. Anne an Position 3 begann mit 100 Ringen b\u00e4renstark, kam dann aber in der 2. Serie mit der Scheibenzuganlage und den ersch\u00fctterungsbedingten Einfl\u00fcssen der Schie\u00dfbr\u00fcstung in Bedr\u00e4ngnis. Dank einer 99er Schlussserie konnte sie jedoch gegen ihren Gegner mit 291:289 Ringen den 1:1 Ausgleich erzielen. Gabi an Position 1 erreichte gegen ihren Gegner ein 299:299 Unentschieden, so dass sie schon zum dritten Mal in dieser Ligarunde in ein Stechen musste. Bisher als Stechk\u00f6nigin immer siegreich, war diesmal das Gl\u00fcck ihrem Gegner hold, der mit 10:9 gewann. Der Wettkampf gegen Spechbach 2 ging damit 1:2 verloren. Das Team liegt vor dem entscheidenden letzten Ligawettkampf damit nach Mannschafts- und Einzelpunkten mit Brombach 1 gleichauf auf dem letzten Platz, allerdings nur 5 Ringe hinter Brombach. Das letzte Wort im Abstiegskampf\u00a0 ist damit noch nicht gesprochen.<\/p>\r\n\r\n\r\n\r\n<p>Das M\u00e4nnerteam (Eberbach 1) kam gegen Neckargem\u00fcnd 1 nicht zum erhofften Sieg, sondern musste mit 1:2 die erste Niederlage hinnehmen. Reinhard an Position 3 schoss drei konstante Serien und kam auf gute 296 Ringe. Sie reichten aber leider nicht zum Sieg, da sein Gegner mit 297 Ringen einen Ring besser war. Lothar an Position 2 lie\u00df gegen seinen Gegner mit \u00fcberzeugenden 299:295 Ringen nichts anbrennen und erzielte den 1:1 Ausgleich. Wulfrin an Position 1 h\u00e4tte den Siegpunkt einfahren m\u00fcssen, musste aber in der zweiten Serie 3 Neuner hinnehmen und verlor dadurch mit 297:299 Ringen. Trotz dieser Niederlage bleibt das M\u00e4nnerteam Tabellenf\u00fchrer der Kreisoberliga, zwar mannschaftspunktgleich mit Spechbach 1, allerdings mit 2 Einzelpunkten mehr. Der Gesamtsieg in der KOL ist also beim entscheidenden letzten Ligawettkampf noch m\u00f6glich.<\/p>\r\n\r\n\r\n\r\n<p>WS 14.01.2019<\/p>\r\n\r\n\r\n\r\n<h2 class=\"wp-block-heading\"><strong>Dreik\u00f6nigsschiessen 2019 im Sch\u00fctzenhaus Eberbach<br \/><\/strong><\/h2>\r\n\r\n\r\n\r\n<p>Am 06.01.2019 fand wie jedes Jahr das Dreik\u00f6nigsschiessen im Sch\u00fctzenhaus Eberbach statt.<\/p>\r\n\r\n\r\n\r\n<p>Beim ersten Turnier im Jahr gingen 30 Teilnehmer an den Start, um auf die wieder sch\u00f6n bemalte Scheiben einen Schusas mit dem KK Gewehr (50m) ab zu geben.<\/p>\r\n\r\n\r\n\r\n<div class=\"wp-block-image\">\r\n<figure class=\"aligncenter\"><a href=\"http:\/\/s710205766.online.de\/ssv-wordpress\/wp-content\/uploads\/Scheibe.jpg\" target=\"_blank\" rel=\"noreferrer noopener\"><img loading=\"lazy\" decoding=\"async\" width=\"225\" height=\"300\" class=\"wp-image-4278\" src=\"http:\/\/s710205766.online.de\/ssv-wordpress\/wp-content\/uploads\/Scheibe-225x300.jpg\" alt=\"\" srcset=\"http:\/\/s710205766.online.de\/ssv-wordpress\/wp-content\/uploads\/Scheibe-225x300.jpg 225w, http:\/\/s710205766.online.de\/ssv-wordpress\/wp-content\/uploads\/Scheibe-768x1024.jpg 768w, http:\/\/s710205766.online.de\/ssv-wordpress\/wp-content\/uploads\/Scheibe.jpg 1200w\" sizes=\"(max-width: 225px) 100vw, 225px\" \/><\/a><\/figure>\r\n<\/div>\r\n\r\n\r\n\r\n<p>Der gl\u00fcckliche Gewinner in diesem Jahr hei\u00dft Sascha K\u00fcller. Herzlichen Gl\u00fcckwunsch.<\/p>\r\n\r\n\r\n\r\n<div class=\"wp-block-image\">\r\n<figure class=\"aligncenter\"><a href=\"http:\/\/s710205766.online.de\/ssv-wordpress\/wp-content\/uploads\/Dreik\u00f6nig.jpg\" target=\"_blank\" rel=\"noreferrer noopener\"><img loading=\"lazy\" decoding=\"async\" width=\"220\" height=\"300\" class=\"wp-image-4279\" src=\"http:\/\/s710205766.online.de\/ssv-wordpress\/wp-content\/uploads\/Dreik\u00f6nig-220x300.jpg\" alt=\"\" srcset=\"http:\/\/s710205766.online.de\/ssv-wordpress\/wp-content\/uploads\/Dreik\u00f6nig-220x300.jpg 220w, http:\/\/s710205766.online.de\/ssv-wordpress\/wp-content\/uploads\/Dreik\u00f6nig-768x1046.jpg 768w, http:\/\/s710205766.online.de\/ssv-wordpress\/wp-content\/uploads\/Dreik\u00f6nig-752x1024.jpg 752w, http:\/\/s710205766.online.de\/ssv-wordpress\/wp-content\/uploads\/Dreik\u00f6nig.jpg 1043w\" sizes=\"(max-width: 220px) 100vw, 220px\" \/><\/a><\/figure>\r\n<\/div>\r\n\r\n\r\n\r\n<p>(Foto privat v.li.) OSM Patrick Joho und Sascha K\u00fcller<\/p>\r\n\r\n\r\n\r\n<p>07012019\/ MW<\/p>\r\n","protected":false},"excerpt":{"rendered":"<p>A&amp;B Schie\u00dfen &nbsp; Heute am 27.12.2019 fand wieder unser traditionelles A&amp;B Schie\u00dfen statt. Immer am letztm\u00f6glichen Trainingsabend im alten Jahr treffen sich die Sch\u00fctzen zum Schie\u00dfen und anschlie\u00dfendem Essen und gem\u00fctlichem Beisammensein. Es gibt eine kleine Tombola, von der sich&hellip; <\/p>\n","protected":false},"author":1,"featured_media":0,"parent":0,"menu_order":0,"comment_status":"closed","ping_status":"closed","template":"","meta":{"footnotes":""},"_links":{"self":[{"href":"http:\/\/s710205766.online.de\/ssv-wordpress\/index.php?rest_route=\/wp\/v2\/pages\/5844"}],"collection":[{"href":"http:\/\/s710205766.online.de\/ssv-wordpress\/index.php?rest_route=\/wp\/v2\/pages"}],"about":[{"href":"http:\/\/s710205766.online.de\/ssv-wordpress\/index.php?rest_route=\/wp\/v2\/types\/page"}],"author":[{"embeddable":true,"href":"http:\/\/s710205766.online.de\/ssv-wordpress\/index.php?rest_route=\/wp\/v2\/users\/1"}],"replies":[{"embeddable":true,"href":"http:\/\/s710205766.online.de\/ssv-wordpress\/index.php?rest_route=%2Fwp%2Fv2%2Fcomments&post=5844"}],"version-history":[{"count":45,"href":"http:\/\/s710205766.online.de\/ssv-wordpress\/index.php?rest_route=\/wp\/v2\/pages\/5844\/revisions"}],"predecessor-version":[{"id":6009,"href":"http:\/\/s710205766.online.de\/ssv-wordpress\/index.php?rest_route=\/wp\/v2\/pages\/5844\/revisions\/6009"}],"wp:attachment":[{"href":"http:\/\/s710205766.online.de\/ssv-wordpress\/index.php?rest_route=%2Fwp%2Fv2%2Fmedia&parent=5844"}],"curies":[{"name":"wp","href":"https:\/\/api.w.org\/{rel}","templated":true}]}}