{"id":5840,"date":"2020-02-20T21:08:40","date_gmt":"2020-02-20T20:08:40","guid":{"rendered":"http:\/\/s710205766.online.de\/ssv-wordpress\/?page_id=5840"},"modified":"2020-02-20T23:27:31","modified_gmt":"2020-02-20T22:27:31","slug":"aktuelles-2018","status":"publish","type":"page","link":"http:\/\/s710205766.online.de\/ssv-wordpress\/?page_id=5840","title":{"rendered":"Aktuelles 2018"},"content":{"rendered":"\n<p><strong>A&amp;B Schiessen 2018<\/strong><\/p>\n\n\n\n<p>Am 28.12.2018 fand wieder unser allj\u00e4hrliches A&amp;B Schiessen statt.<\/p>\n\n\n\n<p>Das Event findet immer am letzt m\u00f6glichen Tag im alten Jahr statt, an dem wir trainieren k\u00f6nnen.<\/p>\n\n\n\n<p>So wie die Sch\u00fctzen im Sch\u00fctzenhaus eintreffen, werden sie in die Gruppen A und B eingeteilt.<\/p>\n\n\n\n<p>Danach schiessen sie ihr gewohntes Programm und das Ergebnis wird in ihre Gruppe eingeschrieben.<\/p>\n\n\n\n<p>Die Gruppe mit dem h\u00f6chsten Ergebnis gewinnt.<\/p>\n\n\n\n<p>Dieses Jahr waren es 20 Teilnehmer.10 Luftgewehr Sch\u00fctzen, 8 Luftgewehr Auflage Sch\u00fctzen und 2 Luftpistolen Sch\u00fctzen.<\/p>\n\n\n\n<p>Gewonnen hat die Gruppe B mit 3280 Ringen gegen Grupe A mit 3212 Ringen.<\/p>\n\n\n\n<p>Jeder Teilnehmer bekommt ein Geschenk.<\/p>\n\n\n\n<p>Der Sinn ist es das man sich in gem\u00fctlicher Runde , im alten Jahr, noch einmal gem\u00fctlich zusammen setzt.<\/p>\n\n\n\n<p>Es gibt leckere Steaks mit Zwiebeln, Kr\u00e4uterbutter und Brot.<\/p>\n\n\n\n<p>Einen ganz besonderen Dank geht wie jedes Jahr an Ulla Braun, die uns immer so toll die Steaks bruzelt.<\/p>\n\n\n\n<div class=\"wp-block-image\"><figure class=\"aligncenter\"><a href=\"http:\/\/s710205766.online.de\/ssv-wordpress\/wp-content\/uploads\/35e5485a-c334-4d50-b25a-37fe98e7ef96.jpg\" target=\"_blank\" rel=\"noreferrer noopener\"><img loading=\"lazy\" decoding=\"async\" width=\"225\" height=\"300\" src=\"http:\/\/s710205766.online.de\/ssv-wordpress\/wp-content\/uploads\/35e5485a-c334-4d50-b25a-37fe98e7ef96-225x300.jpg\" alt=\"\" class=\"wp-image-4271\" srcset=\"http:\/\/s710205766.online.de\/ssv-wordpress\/wp-content\/uploads\/35e5485a-c334-4d50-b25a-37fe98e7ef96-225x300.jpg 225w, http:\/\/s710205766.online.de\/ssv-wordpress\/wp-content\/uploads\/35e5485a-c334-4d50-b25a-37fe98e7ef96-768x1024.jpg 768w, http:\/\/s710205766.online.de\/ssv-wordpress\/wp-content\/uploads\/35e5485a-c334-4d50-b25a-37fe98e7ef96.jpg 1200w\" sizes=\"(max-width: 225px) 100vw, 225px\" \/><\/a><\/figure><\/div>\n\n\n\n<p>(Foto privat v.li.) OSM Patrick Joho, Ulla Braun und OSM Thomas M\u00fcller.<\/p>\n\n\n\n<div class=\"wp-block-image\"><figure class=\"alignleft\"><a href=\"http:\/\/s710205766.online.de\/ssv-wordpress\/wp-content\/uploads\/afb3eee5-cc79-4a28-81ff-47144c4173de.jpg\"><img loading=\"lazy\" decoding=\"async\" width=\"300\" height=\"225\" src=\"http:\/\/s710205766.online.de\/ssv-wordpress\/wp-content\/uploads\/afb3eee5-cc79-4a28-81ff-47144c4173de-300x225.jpg\" alt=\"\" class=\"wp-image-4272\" srcset=\"http:\/\/s710205766.online.de\/ssv-wordpress\/wp-content\/uploads\/afb3eee5-cc79-4a28-81ff-47144c4173de-300x225.jpg 300w, http:\/\/s710205766.online.de\/ssv-wordpress\/wp-content\/uploads\/afb3eee5-cc79-4a28-81ff-47144c4173de-768x576.jpg 768w, http:\/\/s710205766.online.de\/ssv-wordpress\/wp-content\/uploads\/afb3eee5-cc79-4a28-81ff-47144c4173de-1024x768.jpg 1024w, http:\/\/s710205766.online.de\/ssv-wordpress\/wp-content\/uploads\/afb3eee5-cc79-4a28-81ff-47144c4173de.jpg 1600w\" sizes=\"(max-width: 300px) 100vw, 300px\" \/><\/a><\/figure><\/div>\n\n\n\n<h3 class=\"wp-block-heading\"><\/h3>\n\n\n\n<div class=\"wp-block-image\"><figure class=\"alignright\"><a href=\"http:\/\/s710205766.online.de\/ssv-wordpress\/wp-content\/uploads\/cac39964-729a-4740-8aea-2b24894940ed.jpg\"><img loading=\"lazy\" decoding=\"async\" width=\"300\" height=\"225\" src=\"http:\/\/s710205766.online.de\/ssv-wordpress\/wp-content\/uploads\/cac39964-729a-4740-8aea-2b24894940ed-300x225.jpg\" alt=\"\" class=\"wp-image-4273\" srcset=\"http:\/\/s710205766.online.de\/ssv-wordpress\/wp-content\/uploads\/cac39964-729a-4740-8aea-2b24894940ed-300x225.jpg 300w, http:\/\/s710205766.online.de\/ssv-wordpress\/wp-content\/uploads\/cac39964-729a-4740-8aea-2b24894940ed-768x576.jpg 768w, http:\/\/s710205766.online.de\/ssv-wordpress\/wp-content\/uploads\/cac39964-729a-4740-8aea-2b24894940ed-1024x768.jpg 1024w, http:\/\/s710205766.online.de\/ssv-wordpress\/wp-content\/uploads\/cac39964-729a-4740-8aea-2b24894940ed.jpg 1600w\" sizes=\"(max-width: 300px) 100vw, 300px\" \/><\/a><\/figure><\/div>\n\n\n\n<p>Es ist eine sch\u00f6ne Tradition, die wir auch im n\u00e4chsten Jahr wieder gerne durchf\u00fchren wollen.<\/p>\n\n\n\n<p>07012019 MW<\/p>\n\n\n\n<p><\/p>\n\n\n\n<p><\/p>\n\n\n\n<h4 class=\"wp-block-heading\"><strong>Team M\u00e4nner \u00fcbernimmt Tabellenf\u00fchrung in der KOL<\/strong><\/h4>\n\n\n\n<p>Der 5. Ligawettkampf LG Auflage in der KOL fand in Eberbach statt und hatte mit der Spitzenbegegnung der bisher ungeschlagenen Mannschaften Eberbach 1 (Team M\u00e4nner) gegen Spechbach 1 ihren H\u00f6hepunkt. Aber auch die Begegnung des Teams Knallerfrauen gegen Moosbrunn 1 barg besondere Spannung.<\/p>\n\n\n\n<p>Das Team Knallerfrauen (Eberbach 2) hatte im ersten Durchgang mit Moosbrunn 1 nach der Setzliste zu urteilen einen starken Gegner, der letztlich auch mit 2:1 gl\u00fccklich die Oberhand behielt. Gabi an Position 1 erreichte gegen ihren Gegner ein 298:298 Unentschieden, so dass wieder einmal ein Stechen entscheiden musste. Hier kam Gabi schon nach dem ersten Schuss mit 10:9 zum Sieg und sicherte den ersten Punkt f\u00fcr Eberbach. Annette an Position 2 begann mit 100 Ringen b\u00e4renstark, kam dann aber in der zweiten Serie nach unerkl\u00e4rlichen 9ern v\u00f6llig aus dem Konzept und verlor die Begegnung mit 289:291 Ringen. Anne an Position 3 schoss mit dreimal 98 Ringen (294 Ringen) einen soliden konstanten Wettkampf, hatte aber gegen ihre Gegnerin mit 299 Ringen leider keine Chance. Der Wettkampf gegen Moosbrunn 1 ging damit 1:2 verloren. F\u00fcr die Rangliste Einzelwertung schoss Werner Gose gute 298 Ringe.<\/p>\n\n\n\n<p>Das M\u00e4nnerteam (Eberbach 1) kam gegen Spechbach 1 zum erhofften Sieg, der mit 3:0 sogar optimal ausfiel. Wulfrin an Position 1 musste in der zweiten und dritten Serie eine 9 verkraften, kam aber dennoch zum ungef\u00e4hrdeten Sieg mit 298:295 Ringen. Klaus an Position 3 rechtfertigte seine taktische Aufstellung und kam mit hervorragenden 299:295 Ringen zum Sieg und zum zweiten Punkt f\u00fcr Eberbach. Lothar an Position 2 kam gegen seinen Gegner zu einem hochstehenden Unentschieden von 299:299 Ringen, sodass erneut ein Stechen entscheiden musste. Lothar machte seinen Namen als vereinsinterner \u201eStechmeister\u201c wieder alle Ehre und musste nach den ersten 3 Zehnern auf volle Ringwertung in die anschlie\u00dfende Zehntelwertung. Hier setze er sich mit 10,8 zu 10,2 \u00fcberzeugend durch und komplettierte den 3:0 Sieg \u00fcber den bis dato ungeschlagenen Tabellenf\u00fchrer Spechbach 1. Durch diesen Sieg hat das Team M\u00e4nner nunmehr 8:0 Punkte und ist der derzeitige Tabellenf\u00fchrer der Kreisoberliga.<\/p>\n\n\n\n<p>F\u00fcr die Rangliste Einzelwertung schoss Reinhard gute 298 Ringe. Ebenfalls f\u00fcr die Rangliste waren erstmals die LP-Sch\u00fctzen des SSV Eberbach am Start. Thomas B\u00e4uerle, gesundheitsbedingt noch etwas gehandikapt, kam auf 278 Ringe. Christiane Weidner hatte einen super Wettkampf und kam aus ausgezeichnete 292 Ringe.<\/p>\n\n\n\n<p>Das Team 237 hatte wettkampfrei, schoss aber schon eine Woche vorher ihren 4. Wettkampf in Form eines Ranglistenschie\u00dfens in Zwingenberg, welches lediglich f\u00fcr die Rangliste Einzelwertung von Bedeutung war. Hier schossen Fritz Oe\u00df 296 Ringe, Werner Gose 295 Ringe und Franz Zeitler 287 Ringe.<\/p>\n\n\n\n<p>WS 03.12.2018<\/p>\n\n\n\n<h4 class=\"wp-block-heading\"><strong>Oberligawettkampf in Ispringen<\/strong><\/h4>\n\n\n\n<p>Am 02. Dezember 2018 fand in Ispringen der dritte Oberligawettkampftag statt.<\/p>\n\n\n\n<p>Um 9.30 Uhr ging es gegen Ispringen 1 an den Stand.<\/p>\n\n\n\n<p>Friedrich Sch\u00f6lch auf Position 1 schoss 378 Ringe. Sein Gegner erreichte ein Endergebnis von 388 Ringe.<\/p>\n\n\n\n<p>Stephan Sch\u00f6lch begann und beendete seinen Wettkampf mit einer 98 Serie und erreichte am Ende 383 Ringe. Seine Gegnerin kam auf 391 Ringe.<\/p>\n\n\n\n<p>Steffen Kre\u00df begann mit einer schwachen 92 Serie und steigerte sich dann stark. Am Ende erreichte er 383 Ringe und gewann gegen seine Gegnerin, die ein Ergebnis von 380 Ringen schoss.<\/p>\n\n\n\n<p>Patrick Joho auf Position vier startete ebenfalls schwach, steigerte sich aber im Laufe des Wettkampfes. Er beendete seinen Wettkampf mit einer 99 Serie und hatte eine Endergebnis von 378 Ringen. Sein Gegner schoss 383Ringe.<\/p>\n\n\n\n<p>Auf Position 5 startete Xenia Scherer. Sie behielt trotz ihrer Nervosit\u00e4t die Nerven und schoss gute 381 Ringe. Ihr Gegner hatte ein Endergebnis von 383 Ringe.<\/p>\n\n\n\n<p>Der Wettkampf endete 4 zu 1 f\u00fcr Ispringen.<\/p>\n\n\n\n<p>Nach einer Mittagspause ging es f\u00fcr unsere Sch\u00fctzen um 13.30 Uhr zum zweiten Wettkampf. Der Gegner war diesmal Kronau 2.<\/p>\n\n\n\n<p>Friedrich steigerte sich von Serie zu Serie und beendete den Wettkampf mit 99 Ringen und einem Endresultat von 384 Ringen. Sein Gegner kam auf 388 Ringe.<\/p>\n\n\n\n<p>Stephan machte es spannend gegen seinen Gegner. Beide erreichten ein starkes Ergebnis von 385 Ringen und mussten ins stechen gehen.<\/p>\n\n\n\n<p>Steffen schoss konstant gut. In der letzten Serie hatte er leider einen Fehlschuss erreichte aber dennoch 376 Ringe. Seine Gegnerin kam auf 390 Ringe.<\/p>\n\n\n\n<p>Patrick schoss gleichm\u00e4\u00dfig starke Serien und schoss 382 Ringe. Seine Gegner schaffte 387 Ringe.<\/p>\n\n\n\n<p>Xenia behielt auch im zweiten Wettkampf die Nerven und gewann mit 377 zu 373 Ringen ihren Einzelpunkt.<\/p>\n\n\n\n<p>Beim abschlie\u00dfenden Stechen wurde es spannend. Der vierte Stechschuss musste die Entscheidung bringen. Stephan schoss eine 9,6 sein Gegner eine 10,6. Somit ging auch dieser Punkt an Kronau<\/p>\n\n\n\n<p>Der Wettkampf endete 4 zu 1 f\u00fcr Kronau 2.<\/p>\n\n\n\n<p>02.12.18 k\u00df<\/p>\n\n\n\n<h4 class=\"wp-block-heading\"><strong>K\u00f6nigsfeier 2018<\/strong><\/h4>\n\n\n\n<p>Am 24.11.2018 fand im Sch\u00fctzenhaus die K\u00f6nigsfeier statt.<\/p>\n\n\n\n<p>In der wundersch\u00f6n gestalteten und geschm\u00fcckten Halle konnten unsere Vorst\u00e4nde, Karin Kre\u00df, Thomas M\u00fcller und Patrick Joho fast 75 Mitglieder begr\u00fc\u00dfen.<\/p>\n\n\n\n<p>Besonderen Gru\u00df geht an die anwesenden Ehrenmitglieder:<\/p>\n\n\n\n<p>Richard Schwab, Friedrich Oe\u00df, Werner Gose, Klaus M\u00fcller und Hans-Peter Hettmansperger<\/p>\n\n\n\n<div class=\"wp-block-image\"><figure class=\"alignleft\"><a href=\"http:\/\/s710205766.online.de\/ssv-wordpress\/wp-content\/uploads\/IMG_9871.jpg\" target=\"_blank\" rel=\"noreferrer noopener\"><img loading=\"lazy\" decoding=\"async\" width=\"286\" height=\"300\" src=\"http:\/\/s710205766.online.de\/ssv-wordpress\/wp-content\/uploads\/IMG_9871-286x300.jpg\" alt=\"\" class=\"wp-image-4073\" srcset=\"http:\/\/s710205766.online.de\/ssv-wordpress\/wp-content\/uploads\/IMG_9871-286x300.jpg 286w, http:\/\/s710205766.online.de\/ssv-wordpress\/wp-content\/uploads\/IMG_9871-768x806.jpg 768w, http:\/\/s710205766.online.de\/ssv-wordpress\/wp-content\/uploads\/IMG_9871-976x1024.jpg 976w\" sizes=\"(max-width: 286px) 100vw, 286px\" \/><\/a><\/figure><\/div>\n\n\n\n<div class=\"wp-block-image\"><figure class=\"alignright\"><a href=\"http:\/\/s710205766.online.de\/ssv-wordpress\/wp-content\/uploads\/IMG_9870.jpg\" target=\"_blank\" rel=\"noreferrer noopener\"><img loading=\"lazy\" decoding=\"async\" width=\"300\" height=\"225\" src=\"http:\/\/s710205766.online.de\/ssv-wordpress\/wp-content\/uploads\/IMG_9870-300x225.jpg\" alt=\"\" class=\"wp-image-4068\" srcset=\"http:\/\/s710205766.online.de\/ssv-wordpress\/wp-content\/uploads\/IMG_9870-300x225.jpg 300w, http:\/\/s710205766.online.de\/ssv-wordpress\/wp-content\/uploads\/IMG_9870-768x576.jpg 768w, http:\/\/s710205766.online.de\/ssv-wordpress\/wp-content\/uploads\/IMG_9870-1024x768.jpg 1024w\" sizes=\"(max-width: 300px) 100vw, 300px\" \/><\/a><\/figure><\/div>\n\n\n\n<p>(Foto privat. v. li)<\/p>\n\n\n\n<p>OSM Karin Kre\u00df, OSM Patrick Joho und OSM Thomas M\u00fcller<\/p>\n\n\n\n<div class=\"wp-block-image\"><figure class=\"alignleft\"><a href=\"http:\/\/s710205766.online.de\/ssv-wordpress\/wp-content\/uploads\/IMG_9869.jpg\"><img loading=\"lazy\" decoding=\"async\" width=\"300\" height=\"225\" src=\"http:\/\/s710205766.online.de\/ssv-wordpress\/wp-content\/uploads\/IMG_9869-300x225.jpg\" alt=\"\" class=\"wp-image-4067\" srcset=\"http:\/\/s710205766.online.de\/ssv-wordpress\/wp-content\/uploads\/IMG_9869-300x225.jpg 300w, http:\/\/s710205766.online.de\/ssv-wordpress\/wp-content\/uploads\/IMG_9869-768x576.jpg 768w, http:\/\/s710205766.online.de\/ssv-wordpress\/wp-content\/uploads\/IMG_9869-1024x768.jpg 1024w\" sizes=\"(max-width: 300px) 100vw, 300px\" \/><\/a><\/figure><\/div>\n\n\n\n<p>Nachdem das B\u00fcffet er\u00f6ffnet war, konnte man sich zuerst an dem leckeren Essen (Catering von Kai Bachert) bedienen und es sich schmecken lassen.<\/p>\n\n\n\n<div class=\"wp-block-image\"><figure class=\"alignleft\"><a href=\"http:\/\/s710205766.online.de\/ssv-wordpress\/wp-content\/uploads\/DSC_0383.jpg\" target=\"_blank\" rel=\"noreferrer noopener\"><img loading=\"lazy\" decoding=\"async\" width=\"300\" height=\"199\" src=\"http:\/\/s710205766.online.de\/ssv-wordpress\/wp-content\/uploads\/DSC_0383-300x199.jpg\" alt=\"\" class=\"wp-image-4157\" srcset=\"http:\/\/s710205766.online.de\/ssv-wordpress\/wp-content\/uploads\/DSC_0383-300x199.jpg 300w, http:\/\/s710205766.online.de\/ssv-wordpress\/wp-content\/uploads\/DSC_0383-768x511.jpg 768w, http:\/\/s710205766.online.de\/ssv-wordpress\/wp-content\/uploads\/DSC_0383-1024x681.jpg 1024w\" sizes=\"(max-width: 300px) 100vw, 300px\" \/><\/a><\/figure><\/div>\n\n\n\n<div class=\"wp-block-image\"><figure class=\"aligncenter\"><a href=\"http:\/\/s710205766.online.de\/ssv-wordpress\/wp-content\/uploads\/DSC_0384.jpg\" target=\"_blank\" rel=\"noreferrer noopener\"><img loading=\"lazy\" decoding=\"async\" width=\"300\" height=\"199\" src=\"http:\/\/s710205766.online.de\/ssv-wordpress\/wp-content\/uploads\/DSC_0384-300x199.jpg\" alt=\"\" class=\"wp-image-4158\" srcset=\"http:\/\/s710205766.online.de\/ssv-wordpress\/wp-content\/uploads\/DSC_0384-300x199.jpg 300w, http:\/\/s710205766.online.de\/ssv-wordpress\/wp-content\/uploads\/DSC_0384-768x511.jpg 768w, http:\/\/s710205766.online.de\/ssv-wordpress\/wp-content\/uploads\/DSC_0384-1024x681.jpg 1024w\" sizes=\"(max-width: 300px) 100vw, 300px\" \/><\/a><\/figure><\/div>\n\n\n\n<div class=\"wp-block-image\"><figure class=\"alignright\"><a href=\"http:\/\/s710205766.online.de\/ssv-wordpress\/wp-content\/uploads\/IMG_9874.jpg\" target=\"_blank\" rel=\"noreferrer noopener\"><img loading=\"lazy\" decoding=\"async\" width=\"225\" height=\"300\" src=\"http:\/\/s710205766.online.de\/ssv-wordpress\/wp-content\/uploads\/IMG_9874-225x300.jpg\" alt=\"\" class=\"wp-image-4070\" srcset=\"http:\/\/s710205766.online.de\/ssv-wordpress\/wp-content\/uploads\/IMG_9874-225x300.jpg 225w, http:\/\/s710205766.online.de\/ssv-wordpress\/wp-content\/uploads\/IMG_9874-768x1024.jpg 768w\" sizes=\"(max-width: 225px) 100vw, 225px\" \/><\/a><\/figure><\/div>\n\n\n\n<p>Danach ging es mit der Siegerehrung der Vereinsmeisterschaften weiter.<\/p>\n\n\n\n<p>Die Wettkampfklassen Sch\u00fcler bis Junioren bekamen ihre Medaillen.<\/p>\n\n\n\n<div class=\"wp-block-image\"><figure class=\"aligncenter\"><a href=\"http:\/\/s710205766.online.de\/ssv-wordpress\/wp-content\/uploads\/DSC_0387.jpg\" target=\"_blank\" rel=\"noreferrer noopener\"><img loading=\"lazy\" decoding=\"async\" width=\"300\" height=\"199\" src=\"http:\/\/s710205766.online.de\/ssv-wordpress\/wp-content\/uploads\/DSC_0387-300x199.jpg\" alt=\"\" class=\"wp-image-4133\" srcset=\"http:\/\/s710205766.online.de\/ssv-wordpress\/wp-content\/uploads\/DSC_0387-300x199.jpg 300w, http:\/\/s710205766.online.de\/ssv-wordpress\/wp-content\/uploads\/DSC_0387-768x511.jpg 768w, http:\/\/s710205766.online.de\/ssv-wordpress\/wp-content\/uploads\/DSC_0387-1024x681.jpg 1024w\" sizes=\"(max-width: 300px) 100vw, 300px\" \/><\/a><\/figure><\/div>\n\n\n\n<p>Die Wettkampfklassen ab der Damen und Herrenklasse wurden mit Urkunden geehrt.<\/p>\n\n\n\n<div class=\"wp-block-image\"><figure class=\"aligncenter\"><a href=\"http:\/\/s710205766.online.de\/ssv-wordpress\/wp-content\/uploads\/DSC_0390.jpg\" target=\"_blank\" rel=\"noreferrer noopener\"><img loading=\"lazy\" decoding=\"async\" width=\"300\" height=\"199\" src=\"http:\/\/s710205766.online.de\/ssv-wordpress\/wp-content\/uploads\/DSC_0390-300x199.jpg\" alt=\"\" class=\"wp-image-4135\" srcset=\"http:\/\/s710205766.online.de\/ssv-wordpress\/wp-content\/uploads\/DSC_0390-300x199.jpg 300w, http:\/\/s710205766.online.de\/ssv-wordpress\/wp-content\/uploads\/DSC_0390-768x511.jpg 768w, http:\/\/s710205766.online.de\/ssv-wordpress\/wp-content\/uploads\/DSC_0390-1024x681.jpg 1024w\" sizes=\"(max-width: 300px) 100vw, 300px\" \/><\/a><\/figure><\/div>\n\n\n\n<p>Einen besonderer Programmpunkt war die Danksagung der Jugend an ihre Jugendtrainer Thomas M\u00fcller und Patrick Joho.<\/p>\n\n\n\n<div class=\"wp-block-image\"><figure class=\"aligncenter\"><a href=\"http:\/\/s710205766.online.de\/ssv-wordpress\/wp-content\/uploads\/IMG_9877.jpg\" target=\"_blank\" rel=\"noreferrer noopener\"><img loading=\"lazy\" decoding=\"async\" width=\"300\" height=\"268\" src=\"http:\/\/s710205766.online.de\/ssv-wordpress\/wp-content\/uploads\/IMG_9877-300x268.jpg\" alt=\"\" class=\"wp-image-4074\" srcset=\"http:\/\/s710205766.online.de\/ssv-wordpress\/wp-content\/uploads\/IMG_9877-300x268.jpg 300w, http:\/\/s710205766.online.de\/ssv-wordpress\/wp-content\/uploads\/IMG_9877-768x686.jpg 768w, http:\/\/s710205766.online.de\/ssv-wordpress\/wp-content\/uploads\/IMG_9877-1024x915.jpg 1024w\" sizes=\"(max-width: 300px) 100vw, 300px\" \/><\/a><\/figure><\/div>\n\n\n\n<p>Das allj\u00e4hrliche Sch\u00e4tzspiel wurde dann von Wolfgang Stadler vorgestelt und man konnte sich daran beteiligen. Die Frage in diesem Jahr war: Wieviele Frauen haben seit 1995 am K\u00f6nigsschu\u00df teilgenommen.<\/p>\n\n\n\n<p>In unserem Verein ist es \u00fcblich, das alle Teilnehmer die an einer deutschen Meisterschaft teilgenommen habe, geehrt werden. Es waren 19 Sch\u00fctzen, die daf\u00fcr ein Geschenk erhielten.<\/p>\n\n\n\n<p>Steffen Kre\u00df, Xenia Scherer, Annette Schatz, Wulfrin Schatz, Lothar Braun, Martina Walldorf, Thomas B\u00e4uerle, Andreas Reinig, Karina Schneider, Nina Johe, Nico Scherz, Stephan Sch\u00f6lch, Philipp Schneider, Leon Joho, Harold Braun, Wolf-Dieter Schmitt, Patrick Joho, Benjamin Dannefelser, Kerstin Liebsch.<\/p>\n\n\n\n<div class=\"wp-block-image\"><figure class=\"aligncenter\"><a href=\"http:\/\/s710205766.online.de\/ssv-wordpress\/wp-content\/uploads\/DSC_0401.jpg\" target=\"_blank\" rel=\"noreferrer noopener\"><img loading=\"lazy\" decoding=\"async\" width=\"300\" height=\"199\" src=\"http:\/\/s710205766.online.de\/ssv-wordpress\/wp-content\/uploads\/DSC_0401-300x199.jpg\" alt=\"\" class=\"wp-image-4139\" srcset=\"http:\/\/s710205766.online.de\/ssv-wordpress\/wp-content\/uploads\/DSC_0401-300x199.jpg 300w, http:\/\/s710205766.online.de\/ssv-wordpress\/wp-content\/uploads\/DSC_0401-768x511.jpg 768w, http:\/\/s710205766.online.de\/ssv-wordpress\/wp-content\/uploads\/DSC_0401-1024x681.jpg 1024w\" sizes=\"(max-width: 300px) 100vw, 300px\" \/><\/a><\/figure><\/div>\n\n\n\n<p>Danach gab es noch weitere Ehrungen. F\u00fcr den 2. Platz bei der Deutschen Meisterschaft, mit ihrer Mannschaft in der Disziplin Luftgewehr, wurde Kerstin Liebsch mit einem Blumenstrau\u00df gratuliert. Ebenfalls Blumen bekam Karin Kre\u00df, die in diesem Jahr 1. Hofdame beim Landesk\u00f6nigsschiessen geworden ist. Ebenfalls geehrt wurden Xenia Scherer, die diesj\u00e4hrige Kreis Jugendk\u00f6nigin, Timo Sch\u00e4fer, der Kreissch\u00fctzenk\u00f6nig wurde und Steffen Kre\u00df, der 2. Ritter wurde.<\/p>\n\n\n\n<div class=\"wp-block-image\"><figure class=\"aligncenter\"><a href=\"http:\/\/s710205766.online.de\/ssv-wordpress\/wp-content\/uploads\/IMG_9883.jpg\" target=\"_blank\" rel=\"noreferrer noopener\"><img loading=\"lazy\" decoding=\"async\" width=\"300\" height=\"225\" src=\"http:\/\/s710205766.online.de\/ssv-wordpress\/wp-content\/uploads\/IMG_9883-300x225.jpg\" alt=\"\" class=\"wp-image-4078\" srcset=\"http:\/\/s710205766.online.de\/ssv-wordpress\/wp-content\/uploads\/IMG_9883-300x225.jpg 300w, http:\/\/s710205766.online.de\/ssv-wordpress\/wp-content\/uploads\/IMG_9883-768x576.jpg 768w, http:\/\/s710205766.online.de\/ssv-wordpress\/wp-content\/uploads\/IMG_9883-1024x768.jpg 1024w\" sizes=\"(max-width: 300px) 100vw, 300px\" \/><\/a><\/figure><\/div>\n\n\n\n<p>(Foto Privat v.li.) OSM Thomas M\u00fcller, Karin Kre\u00df 1. Landsdame, Xenia Scherer Kreisjugendk\u00f6nigin, Kerstin Liebsch Silbermedaillengewinnerin bei der DM.<\/p>\n\n\n\n<p>Nicht auf dem Bild Steffen Kre\u00df 2. Ritter im Kreis, Timo Sch\u00e4fer Kreissch\u00fctzenk\u00f6nig,<\/p>\n\n\n\n<p>Nun wurde auch offiziell der Losverkauf von einer tollen Tombola mit \u00fcber 300 Gewinnen er\u00f6ffnet.<\/p>\n\n\n\n<div class=\"wp-block-image\"><figure class=\"alignleft\"><a href=\"http:\/\/s710205766.online.de\/ssv-wordpress\/wp-content\/uploads\/IMG_9863.jpg\" target=\"_blank\" rel=\"noreferrer noopener\"><img loading=\"lazy\" decoding=\"async\" width=\"300\" height=\"225\" src=\"http:\/\/s710205766.online.de\/ssv-wordpress\/wp-content\/uploads\/IMG_9863-300x225.jpg\" alt=\"\" class=\"wp-image-4075\" srcset=\"http:\/\/s710205766.online.de\/ssv-wordpress\/wp-content\/uploads\/IMG_9863-300x225.jpg 300w, http:\/\/s710205766.online.de\/ssv-wordpress\/wp-content\/uploads\/IMG_9863-768x576.jpg 768w, http:\/\/s710205766.online.de\/ssv-wordpress\/wp-content\/uploads\/IMG_9863-1024x768.jpg 1024w\" sizes=\"(max-width: 300px) 100vw, 300px\" \/><\/a><\/figure><\/div>\n\n\n\n<div class=\"wp-block-image\"><figure class=\"alignright\"><a href=\"http:\/\/s710205766.online.de\/ssv-wordpress\/wp-content\/uploads\/IMG_9864.jpg\" target=\"_blank\" rel=\"noreferrer noopener\"><img loading=\"lazy\" decoding=\"async\" width=\"300\" height=\"225\" src=\"http:\/\/s710205766.online.de\/ssv-wordpress\/wp-content\/uploads\/IMG_9864-300x225.jpg\" alt=\"\" class=\"wp-image-4076\" srcset=\"http:\/\/s710205766.online.de\/ssv-wordpress\/wp-content\/uploads\/IMG_9864-300x225.jpg 300w, http:\/\/s710205766.online.de\/ssv-wordpress\/wp-content\/uploads\/IMG_9864-768x576.jpg 768w, http:\/\/s710205766.online.de\/ssv-wordpress\/wp-content\/uploads\/IMG_9864-1024x768.jpg 1024w\" sizes=\"(max-width: 300px) 100vw, 300px\" \/><\/a><\/figure><\/div>\n\n\n\n<p>Das Sch\u00e4tzspiel wurde aufgel\u00f6st und die Sieger bekamen ihre Gewinne.<\/p>\n\n\n\n<div class=\"wp-block-image\"><figure class=\"aligncenter\"><a href=\"http:\/\/s710205766.online.de\/ssv-wordpress\/wp-content\/uploads\/IMG_9890.jpg\" target=\"_blank\" rel=\"noreferrer noopener\"><img loading=\"lazy\" decoding=\"async\" width=\"300\" height=\"225\" src=\"http:\/\/s710205766.online.de\/ssv-wordpress\/wp-content\/uploads\/IMG_9890-300x225.jpg\" alt=\"\" class=\"wp-image-4077\" srcset=\"http:\/\/s710205766.online.de\/ssv-wordpress\/wp-content\/uploads\/IMG_9890-300x225.jpg 300w, http:\/\/s710205766.online.de\/ssv-wordpress\/wp-content\/uploads\/IMG_9890-768x576.jpg 768w, http:\/\/s710205766.online.de\/ssv-wordpress\/wp-content\/uploads\/IMG_9890-1024x768.jpg 1024w\" sizes=\"(max-width: 300px) 100vw, 300px\" \/><\/a><\/figure><\/div>\n\n\n\n<p>(Foto privat v.li.) Sieger Sascha K\u00fcller, 2. Platz Thomas M\u00fcller und zweimal den 3. Platz&nbsp; Nina Johe und Dennis W\u00e4sch<\/p>\n\n\n\n<p>Nach einem Besuch am leckeren Dessertb\u00fcffet ging es zum H\u00f6hepunkt einer jeden K\u00f6nigsfeier.<\/p>\n\n\n\n<p>Zuerst die Jugend. Nachdem die Vorjahressieger ihre Anstecknadeln bekommen hatten wurde der neue Jugendk\u00f6nig\/ in mit Gefolge bekannt gegeben.<\/p>\n\n\n\n<p>Jugendk\u00f6nigin 2018 wurde Leonie B\u00f6hm, der 1. Ritter Max Kre\u00df und der 2. Ritter Benjamin Dannefelser.<\/p>\n\n\n\n<div class=\"wp-block-image\"><figure class=\"aligncenter\"><a href=\"http:\/\/s710205766.online.de\/ssv-wordpress\/wp-content\/uploads\/IMG_9894.jpg\" target=\"_blank\" rel=\"noreferrer noopener\"><img loading=\"lazy\" decoding=\"async\" width=\"300\" height=\"197\" src=\"http:\/\/s710205766.online.de\/ssv-wordpress\/wp-content\/uploads\/IMG_9894-300x197.jpg\" alt=\"\" class=\"wp-image-4081\" srcset=\"http:\/\/s710205766.online.de\/ssv-wordpress\/wp-content\/uploads\/IMG_9894-300x197.jpg 300w, http:\/\/s710205766.online.de\/ssv-wordpress\/wp-content\/uploads\/IMG_9894-768x504.jpg 768w, http:\/\/s710205766.online.de\/ssv-wordpress\/wp-content\/uploads\/IMG_9894-1024x672.jpg 1024w\" sizes=\"(max-width: 300px) 100vw, 300px\" \/><\/a><\/figure><\/div>\n\n\n\n<p>(Foto privat v.li.) OSM Karin Kre\u00df, OSM Thomas M\u00fcller, Leon Joho, Benjamin Dannefelser, Leonie B\u00f6hm, Max Kre\u00df und OSM Patrick Joho<\/p>\n\n\n\n<div class=\"wp-block-image\"><figure class=\"aligncenter\"><a href=\"http:\/\/s710205766.online.de\/ssv-wordpress\/wp-content\/uploads\/IMG_9892.jpg\"><img loading=\"lazy\" decoding=\"async\" width=\"225\" height=\"300\" src=\"http:\/\/s710205766.online.de\/ssv-wordpress\/wp-content\/uploads\/IMG_9892-225x300.jpg\" alt=\"\" class=\"wp-image-4080\" srcset=\"http:\/\/s710205766.online.de\/ssv-wordpress\/wp-content\/uploads\/IMG_9892-225x300.jpg 225w, http:\/\/s710205766.online.de\/ssv-wordpress\/wp-content\/uploads\/IMG_9892-768x1024.jpg 768w\" sizes=\"(max-width: 225px) 100vw, 225px\" \/><\/a><\/figure><\/div>\n\n\n\n<p>Den Jugendpokal gewann in diesem Jahr Leon Joho<\/p>\n\n\n\n<p><\/p>\n\n\n\n<p>Der Gewinner der K\u00f6nigsscheibe, die Dieter B\u00e4r gestiftet hat, ist in diesem Jahr Friedrich Oe\u00df.<\/p>\n\n\n\n<div class=\"wp-block-image\"><figure class=\"aligncenter\"><a href=\"http:\/\/s710205766.online.de\/ssv-wordpress\/wp-content\/uploads\/IMG_9903.jpg\" target=\"_blank\" rel=\"noreferrer noopener\"><img loading=\"lazy\" decoding=\"async\" width=\"300\" height=\"237\" src=\"http:\/\/s710205766.online.de\/ssv-wordpress\/wp-content\/uploads\/IMG_9903-300x237.jpg\" alt=\"\" class=\"wp-image-4082\" srcset=\"http:\/\/s710205766.online.de\/ssv-wordpress\/wp-content\/uploads\/IMG_9903-300x237.jpg 300w, http:\/\/s710205766.online.de\/ssv-wordpress\/wp-content\/uploads\/IMG_9903-768x605.jpg 768w, http:\/\/s710205766.online.de\/ssv-wordpress\/wp-content\/uploads\/IMG_9903-1024x807.jpg 1024w\" sizes=\"(max-width: 300px) 100vw, 300px\" \/><\/a><\/figure><\/div>\n\n\n\n<p>(Foto privat v.li.) OSM Karin Kre\u00df, OSM Thomas M\u00fcller, Friedrich Oe\u00df, Dieter B\u00e4r und OSM Patrick Joho<\/p>\n\n\n\n<p>Bei den Erwachsenen kamen auch zuerst die Vorjahressieger nach vorne um ihre Anstecknadeln entgegenzunehmen.<\/p>\n\n\n\n<div class=\"wp-block-image\"><figure class=\"aligncenter\"><a href=\"http:\/\/s710205766.online.de\/ssv-wordpress\/wp-content\/uploads\/IMG_9898.jpg\" target=\"_blank\" rel=\"noreferrer noopener\"><img loading=\"lazy\" decoding=\"async\" width=\"300\" height=\"261\" src=\"http:\/\/s710205766.online.de\/ssv-wordpress\/wp-content\/uploads\/IMG_9898-300x261.jpg\" alt=\"\" class=\"wp-image-4083\" srcset=\"http:\/\/s710205766.online.de\/ssv-wordpress\/wp-content\/uploads\/IMG_9898-300x261.jpg 300w, http:\/\/s710205766.online.de\/ssv-wordpress\/wp-content\/uploads\/IMG_9898-768x669.jpg 768w, http:\/\/s710205766.online.de\/ssv-wordpress\/wp-content\/uploads\/IMG_9898-1024x892.jpg 1024w\" sizes=\"(max-width: 300px) 100vw, 300px\" \/><\/a><\/figure><\/div>\n\n\n\n<p>(Foto privat v. li.) OSM Karin Kre\u00df,&nbsp;K\u00f6nig 2017 Sascha K\u00fcller, 1. Ritter 2017 Patrick Joho und 2. Ritter 2017 Lothar Braun und OSM Thomas M\u00fcller.<\/p>\n\n\n\n<p>Dann wurden die neuen Majest\u00e4ten bekannt gegeben.<\/p>\n\n\n\n<p>K\u00f6nigin 2018 wurde Anne Gliese. Ihr zur Seite stehen der 1. Ritter Steffen Kre\u00df und der&nbsp; 2. Ritter Roland Johe<\/p>\n\n\n\n<div class=\"wp-block-image\"><figure class=\"aligncenter\"><a href=\"http:\/\/s710205766.online.de\/ssv-wordpress\/wp-content\/uploads\/IMG_9910.jpg\" target=\"_blank\" rel=\"noreferrer noopener\"><img loading=\"lazy\" decoding=\"async\" width=\"300\" height=\"219\" src=\"http:\/\/s710205766.online.de\/ssv-wordpress\/wp-content\/uploads\/IMG_9910-300x219.jpg\" alt=\"\" class=\"wp-image-4084\" srcset=\"http:\/\/s710205766.online.de\/ssv-wordpress\/wp-content\/uploads\/IMG_9910-300x219.jpg 300w, http:\/\/s710205766.online.de\/ssv-wordpress\/wp-content\/uploads\/IMG_9910-768x561.jpg 768w, http:\/\/s710205766.online.de\/ssv-wordpress\/wp-content\/uploads\/IMG_9910-1024x748.jpg 1024w\" sizes=\"(max-width: 300px) 100vw, 300px\" \/><\/a><\/figure><\/div>\n\n\n\n<p>(Foto privat v.li.) OSM Thomas M\u00fcller, Steffen Kre\u00df, Anne Gliese, Roland Johe, OSM Karin Kre\u00df und OSM Patrick Joho<\/p>\n\n\n\n<div class=\"wp-block-image\"><figure class=\"aligncenter\"><a href=\"http:\/\/s710205766.online.de\/ssv-wordpress\/wp-content\/uploads\/IMG_9912.jpg\" target=\"_blank\" rel=\"noreferrer noopener\"><img loading=\"lazy\" decoding=\"async\" width=\"300\" height=\"196\" src=\"http:\/\/s710205766.online.de\/ssv-wordpress\/wp-content\/uploads\/IMG_9912-300x196.jpg\" alt=\"\" class=\"wp-image-4085\" srcset=\"http:\/\/s710205766.online.de\/ssv-wordpress\/wp-content\/uploads\/IMG_9912-300x196.jpg 300w, http:\/\/s710205766.online.de\/ssv-wordpress\/wp-content\/uploads\/IMG_9912-768x502.jpg 768w, http:\/\/s710205766.online.de\/ssv-wordpress\/wp-content\/uploads\/IMG_9912-1024x669.jpg 1024w\" sizes=\"(max-width: 300px) 100vw, 300px\" \/><\/a><\/figure><\/div>\n\n\n\n<p>Alle Majest\u00e4ten auf einen Blick.<\/p>\n\n\n\n<p>(Foto privat v.li.) OSM Thomas M\u00fcller, Friedrich Oe\u00df, Leonie B\u00f6hm, Steffen Kre\u00df, Anne Gliese, Leon Joho, Max Kre\u00df, Roland Johe, Benjamin Dannefelser, OSM Karin Kre\u00df und OSM Patrick Joho<\/p>\n\n\n\n<p>Nach diesem H\u00f6hepunkt wurde die K\u00f6nigsbar er\u00f6ffnet und die Lose der Tombola konnten gegen die Gewinne eingetauscht werden.<\/p>\n\n\n\n<p>Es war eine sehr gelungene Feier und ein wundersch\u00f6ner Abend. Es gab ein tolles Essen und das Program war abwechslungsreich.<\/p>\n\n\n\n<div class=\"wp-block-image\"><figure class=\"aligncenter\"><a href=\"http:\/\/s710205766.online.de\/ssv-wordpress\/wp-content\/uploads\/IMG_9888.jpg\" target=\"_blank\" rel=\"noreferrer noopener\"><img loading=\"lazy\" decoding=\"async\" width=\"300\" height=\"122\" src=\"http:\/\/s710205766.online.de\/ssv-wordpress\/wp-content\/uploads\/IMG_9888-300x122.jpg\" alt=\"\" class=\"wp-image-4116\" srcset=\"http:\/\/s710205766.online.de\/ssv-wordpress\/wp-content\/uploads\/IMG_9888-300x122.jpg 300w, http:\/\/s710205766.online.de\/ssv-wordpress\/wp-content\/uploads\/IMG_9888-768x312.jpg 768w, http:\/\/s710205766.online.de\/ssv-wordpress\/wp-content\/uploads\/IMG_9888-1024x415.jpg 1024w\" sizes=\"(max-width: 300px) 100vw, 300px\" \/><\/a><\/figure><\/div>\n\n\n\n<p>Meinen ganz besonderen Dank gilt allen Helfern die es erst erm\u00f6glichen das man so eine Feier \u00fcberhaupt durchf\u00fchren kann.<\/p>\n\n\n\n<p>25.11.18\/ MW<\/p>\n\n\n\n<h4 class=\"wp-block-heading\"><strong>Team M\u00e4nner weiter ungeschlagen<\/strong><\/h4>\n\n\n\n<p>Der 4. Ligawettkampf LG Auflage in der KOL fand in Spechbach statt.<\/p>\n\n\n\n<p>Das Team Knallerfrauen (Eberbach 2) hatte Tabellenf\u00fchrer Spechbach 1 zum Gegner und hatte schon nach der Papierform wenig Siegchancen. Gleichwohl gingen sie motiviert in den Wettkampf. Leider blieben alle 3 Sch\u00fctzinnen (Gabi, Annette und Anne) vielleicht deswegen etwas unter ihren M\u00f6glichkeiten und gaben mir 295, 293 und 291 Ringen alle drei Punkte ab. F\u00fcr die Rangliste Einzelwertung schoss diesmal Klaus; er kam auf 296 Ringe.<\/p>\n\n\n\n<p>Das M\u00e4nnerteam (Eberbach 1) kam gegen Spechbach 2 zum erwarteten Sieg, der mit 3:0 optimal ausfiel. Lothar an Position 2 schoss wieder in der ersten und dritten Serie 100 Ringe und gewann mit 298:296 Ringen den ersten Punkt.<\/p>\n\n\n\n<p>Wulfrin an Position 1 war bei einigen Sch\u00fcssen schwer mit Fortuna im Bunde und erzielte so mit 300:294 Ringen den zweiten Punkt f\u00fcr Eberbach.<\/p>\n\n\n\n<p>Reinhard an Position 3 machte mit seinem 293:286 Sieg den dritten Punkt f\u00fcr Eberbach perfekt.<\/p>\n\n\n\n<p>Durch diesen Sieg hat das Team M\u00e4nner nunmehr 6:0 Punkte und liegt hinter der ebenfalls noch verlustpunktfreien Mannschaft von Spechbach 1 (8:0) auf Platz 2 der KOL-Tabelle.<\/p>\n\n\n\n<p>WS 19.11.2018<\/p>\n\n\n\n<h3 class=\"wp-block-heading\"><strong>Landesk\u00f6nigsball 2018<\/strong><\/h3>\n\n\n\n<p>Am Samstag, den 17.11.2018 fand in St. Leon Rot, der diesj\u00e4hrige Landesk\u00f6nigsball statt.<\/p>\n\n\n\n<p>Nach der offiziellen Brg\u00fc\u00dfung durch den Landessch\u00fctzenmeister Roland Wittmer wurden die aktuellen Vereinsk\u00f6nige, K\u00f6niginnen und Jugendk\u00f6nige geehrt.<\/p>\n\n\n\n<p>Sascha K\u00fcller, als amptierender Sch\u00fctzenk\u00f6nig vom SSV Eberbach stand mit auf der B\u00fchne.<\/p>\n\n\n\n<div class=\"wp-block-image\"><figure class=\"alignleft\"><a href=\"http:\/\/s710205766.online.de\/ssv-wordpress\/wp-content\/uploads\/IMG_9820.jpg\" target=\"_blank\" rel=\"noreferrer noopener\"><img loading=\"lazy\" decoding=\"async\" width=\"300\" height=\"225\" src=\"http:\/\/s710205766.online.de\/ssv-wordpress\/wp-content\/uploads\/IMG_9820-300x225.jpg\" alt=\"\" class=\"wp-image-4019\" srcset=\"http:\/\/s710205766.online.de\/ssv-wordpress\/wp-content\/uploads\/IMG_9820-300x225.jpg 300w, http:\/\/s710205766.online.de\/ssv-wordpress\/wp-content\/uploads\/IMG_9820-768x576.jpg 768w, http:\/\/s710205766.online.de\/ssv-wordpress\/wp-content\/uploads\/IMG_9820-1024x768.jpg 1024w\" sizes=\"(max-width: 300px) 100vw, 300px\" \/><\/a><\/figure><\/div>\n\n\n\n<div class=\"wp-block-image\"><figure class=\"alignright\"><a href=\"http:\/\/s710205766.online.de\/ssv-wordpress\/wp-content\/uploads\/IMG_9817-e1542540476840.jpg\" target=\"_blank\" rel=\"noreferrer noopener\"><img loading=\"lazy\" decoding=\"async\" width=\"225\" height=\"300\" src=\"http:\/\/s710205766.online.de\/ssv-wordpress\/wp-content\/uploads\/IMG_9817-e1542540476840-225x300.jpg\" alt=\"\" class=\"wp-image-4018\" srcset=\"http:\/\/s710205766.online.de\/ssv-wordpress\/wp-content\/uploads\/IMG_9817-e1542540476840-225x300.jpg 225w, http:\/\/s710205766.online.de\/ssv-wordpress\/wp-content\/uploads\/IMG_9817-e1542540476840-768x1024.jpg 768w\" sizes=\"(max-width: 225px) 100vw, 225px\" \/><\/a><\/figure><\/div>\n\n\n\n<p>Nach einigen guten Showacts und Musik folgte ein weiterer H\u00f6hepunkt im Programm. Die Proklamation der Landesk\u00f6nige. Karin Kre\u00df wurde dieses Jahr 1. Landesdame. Herzlichen Gl\u00fcckwunsch.<\/p>\n\n\n\n<div class=\"wp-block-image\"><figure class=\"alignleft\"><a href=\"http:\/\/s710205766.online.de\/ssv-wordpress\/wp-content\/uploads\/IMG_9828.jpg\" target=\"_blank\" rel=\"noreferrer noopener\"><img loading=\"lazy\" decoding=\"async\" width=\"189\" height=\"300\" src=\"http:\/\/s710205766.online.de\/ssv-wordpress\/wp-content\/uploads\/IMG_9828-189x300.jpg\" alt=\"\" class=\"wp-image-4020\" srcset=\"http:\/\/s710205766.online.de\/ssv-wordpress\/wp-content\/uploads\/IMG_9828-189x300.jpg 189w, http:\/\/s710205766.online.de\/ssv-wordpress\/wp-content\/uploads\/IMG_9828-768x1222.jpg 768w, http:\/\/s710205766.online.de\/ssv-wordpress\/wp-content\/uploads\/IMG_9828-644x1024.jpg 644w, http:\/\/s710205766.online.de\/ssv-wordpress\/wp-content\/uploads\/IMG_9828.jpg 1901w\" sizes=\"(max-width: 189px) 100vw, 189px\" \/><\/a><\/figure><\/div>\n\n\n\n<div class=\"wp-block-image\"><figure class=\"alignright\"><a href=\"http:\/\/s710205766.online.de\/ssv-wordpress\/wp-content\/uploads\/IMG_9830.jpg\" target=\"_blank\" rel=\"noreferrer noopener\"><img loading=\"lazy\" decoding=\"async\" width=\"300\" height=\"225\" src=\"http:\/\/s710205766.online.de\/ssv-wordpress\/wp-content\/uploads\/IMG_9830-300x225.jpg\" alt=\"\" class=\"wp-image-4022\" srcset=\"http:\/\/s710205766.online.de\/ssv-wordpress\/wp-content\/uploads\/IMG_9830-300x225.jpg 300w, http:\/\/s710205766.online.de\/ssv-wordpress\/wp-content\/uploads\/IMG_9830-768x576.jpg 768w, http:\/\/s710205766.online.de\/ssv-wordpress\/wp-content\/uploads\/IMG_9830-1024x768.jpg 1024w\" sizes=\"(max-width: 300px) 100vw, 300px\" \/><\/a><\/figure><\/div>\n\n\n\n<p>Nach weiteren Showeinlagen kam die Sportlerehrung. Kerstin Liebsch wurde f\u00fcr ihren zweiten Platz, in der Disziplin Luftgewehr, bei den Deutschen Meisterschaften in M\u00fcnchen geehrt.<\/p>\n\n\n\n<div class=\"wp-block-image\"><figure class=\"alignleft\"><a href=\"http:\/\/s710205766.online.de\/ssv-wordpress\/wp-content\/uploads\/IMG_9832.jpg\"><img loading=\"lazy\" decoding=\"async\" width=\"222\" height=\"300\" src=\"http:\/\/s710205766.online.de\/ssv-wordpress\/wp-content\/uploads\/IMG_9832-222x300.jpg\" alt=\"\" class=\"wp-image-4023\" srcset=\"http:\/\/s710205766.online.de\/ssv-wordpress\/wp-content\/uploads\/IMG_9832-222x300.jpg 222w, http:\/\/s710205766.online.de\/ssv-wordpress\/wp-content\/uploads\/IMG_9832-768x1040.jpg 768w, http:\/\/s710205766.online.de\/ssv-wordpress\/wp-content\/uploads\/IMG_9832-756x1024.jpg 756w, http:\/\/s710205766.online.de\/ssv-wordpress\/wp-content\/uploads\/IMG_9832.jpg 1971w\" sizes=\"(max-width: 222px) 100vw, 222px\" \/><\/a><\/figure><\/div>\n\n\n\n<div class=\"wp-block-image\"><figure class=\"alignright\"><a href=\"http:\/\/s710205766.online.de\/ssv-wordpress\/wp-content\/uploads\/IMG_9836-1.jpg\" target=\"_blank\" rel=\"noreferrer noopener\"><img loading=\"lazy\" decoding=\"async\" width=\"300\" height=\"135\" src=\"http:\/\/s710205766.online.de\/ssv-wordpress\/wp-content\/uploads\/IMG_9836-1-300x135.jpg\" alt=\"\" class=\"wp-image-4029\" srcset=\"http:\/\/s710205766.online.de\/ssv-wordpress\/wp-content\/uploads\/IMG_9836-1-300x135.jpg 300w, http:\/\/s710205766.online.de\/ssv-wordpress\/wp-content\/uploads\/IMG_9836-1-768x344.jpg 768w, http:\/\/s710205766.online.de\/ssv-wordpress\/wp-content\/uploads\/IMG_9836-1-1024x459.jpg 1024w, http:\/\/s710205766.online.de\/ssv-wordpress\/wp-content\/uploads\/IMG_9836-1-670x300.jpg 670w, http:\/\/s710205766.online.de\/ssv-wordpress\/wp-content\/uploads\/IMG_9836-1-1018x460.jpg 1018w\" sizes=\"(max-width: 300px) 100vw, 300px\" \/><\/a><\/figure><\/div>\n\n\n\n<p>Ein abwechlungsreiches Programm ging zu Ende. Es gab leckeres Essen, gute Musik, tolle Showeinlagen und viele H\u00f6hepunkte. Die Eberbacher Sch\u00fctzen die dabei waren, hatten einen sch\u00f6nen Abend.<\/p>\n\n\n\n<p>18.11.18\/MW<\/p>\n\n\n\n<hr class=\"wp-block-separator\"\/>\n\n\n\n<h4 class=\"wp-block-heading\"><strong>Ligawettk\u00e4mpfe der Eberbacher Mannschaften<\/strong><\/h4>\n\n\n\n<p>In der Woche vom 12. bis 17. 11. fanden 3. Ligawettk\u00e4mpfe statt.<\/p>\n\n\n\n<p>Den Anfang machte die 4. Luftgewehr Mannschaft aus Eberbach zu Hause gegen Dilsberg. Sie bestritten ihren 3. Ligawettkampf.<\/p>\n\n\n\n<p>Bei der ersten Paarung lie\u00df D. W\u00e4sch seinem Gegner von Anfang an keine Chance auf den Sieg. Mit 374 Ringen zu 350 Ringen holte er den ersten Punkt nach Eberbach.<\/p>\n\n\n\n<p>Bei der zweiten Paarung ging es bis zum Schluss sehr eng zu. Doch R. Gro\u00df hatte das Gl\u00fcck nicht auf seiner Seite und verlor ganz knapp mit 363 zu 364 Ringen den Punkt an Dilsberg.<\/p>\n\n\n\n<p>Bei der dritten Paarung konnte M. Kre\u00df mit seinen konstanten vier Serien den Punkt wieder nach Eberbach holen. Diese Paarung endete mit deutlichen 356 zu 327 Ringen.<\/p>\n\n\n\n<p>Der Wettkampf endete somit f\u00fcr Eberbach 2:1.<\/p>\n\n\n\n<p>Am Dienstag, den 13.11. ging die zweite Luftgewehr Mannschaft zu Hause gegen Spechbach an den Start.<\/p>\n\n\n\n<p>Auf Position 1 begann M. W\u00e4sch mit einer schwachen 89 Serie. Die zweite Serie war wieder sehr gut mit 98 Ringen. Trotzdem hatte er kein Gl\u00fcck. Mit einem Ring Vorsprung gewann sein Gegner diesen Punkt. Diese Paarung endete mit 377 zu 378 Ringen.<\/p>\n\n\n\n<p>Auf Position 2 hatte S. K\u00fcller von Anfang an den Wettkampf gut im Griff. Mit 371 zu 358 Ringen holte er diesen Punkt f\u00fcr Eberbach.<\/p>\n\n\n\n<p>Auch die dritte Position war eine klare Angelegenheit. L. Joho gewann seinen Wettkampf mit 375 zu 352 Ringen und holte den 2. Punkt nach Eberbach.<\/p>\n\n\n\n<p>Der Wettkampf endete mit 2:1 Punkten f\u00fcr Eberbach.<\/p>\n\n\n\n<p>Der dritte Wettkampf in dieser Woche fand am 14.11. in Hirschhorn statt. Dort ging die dritte Mannschaft an den Start.<\/p>\n\n\n\n<p>Ausser dem Punkt von K. Kre\u00df (379:352) konnte in diesem Wettkampf kein weiterer Punkt nach Eberbach geholt werden. Die beiden Mannschaftskollegen W.-D. Schmitt (366:372) und B. Dannefelser (357: 362) mussten ihre Punkte abgeben.<\/p>\n\n\n\n<p>Dieser Wettkampf gewann Hirschhorn mit 1:2 Punkten.<\/p>\n\n\n\n<p>Herzlichen Gl\u00fcckwunsch an alle Sch\u00fctzen f\u00fcr die tollen Ergebnisse und gewonnenen Punkte. Den nicht so gl\u00fccklichen Sch\u00fctzen dr\u00fccken wir die Daumen f\u00fcr die n\u00e4chsten Wettk\u00e4mpfe.<\/p>\n\n\n\n<p>14.11.18\/ MW<\/p>\n\n\n\n<hr class=\"wp-block-separator\"\/>\n\n\n\n<h4 class=\"wp-block-heading\"><strong>Team 237 festigt Tabellenf\u00fchrung in der B-Klasse<\/strong><\/h4>\n\n\n\n<p>Der 3. Ligawettkampf LG Auflage in der Kreisliga B fand f\u00fcr das Team 237 (Eberbach 3) in Wilhelmsfeld statt. Das Team konnte gegen Zwingenberg 2 in seiner geplanten Besetzung an den Start gehen; n\u00e4mlich mit den drei Sitzendsch\u00fctzen Werner, Fritz und Franz.. Nachdem in Wilhelmsfeld auf Scheibenzuganlagen geschossen wird, hatte das Team mit je einem eigenen Betreuer als Scheibenwechsler vorgesorgt, um den Anschlag so wenig wie m\u00f6glich zwischen den Sch\u00fcssen zu ver\u00e4ndern.<\/p>\n\n\n\n<p>Franz an Position 3 schoss wieder sehr schnell, legte seinem Gegner 98 Ringe in der ersten Serie vor und konnte nach 94 und 95 Ringen mit 287 Ringen eine erneute Leistungssteigerung verzeichnen. Dadurch behielt er gegen seinen Gegner (283 Ringe) die Oberhand und erzielte den ersten Punkt f\u00fcr das Team 237.<\/p>\n\n\n\n<p>Werner an Position 1 schoss gewohnt konzentriert und kam nach sehr guten 299 Ringen zum ungef\u00e4hrdeten zweiten Mannschaftspunkt.<\/p>\n\n\n\n<p>Fritz an Position 2 blieb in seinem Wettkampf ebenfalls hoch konzentriert und ruhig und hatte auch das n\u00f6tige Qu\u00e4ntchen Gl\u00fcck, so dass er nach seinen viel umjubelten 300 Ringen; die ersten in seiner Schie\u00dfsportlaufbahn als Auflagesch\u00fctze; zum 3:0 Endstand abschlie\u00dfen konnte. Auch das Ringzahlergebnis des Teams war mit 886 Ringen sehr gut.<\/p>\n\n\n\n<p>Dieser Sieg festigte die Tabellenf\u00fchrung in der B-Gruppe mit nunmehr 6:0 Mannschafts- und 9:0 Einzelpunkten vor Wilhelmsfeld 1 mit gleichem Mannschafts- und Einzelpunkten, aber 22 Ringe weniger als Eberbach.<\/p>\n\n\n\n<p>WS 12.11.2018<\/p>\n\n\n\n<hr class=\"wp-block-separator\"\/>\n\n\n\n<h4 class=\"wp-block-heading\"><strong>Landesliga Rundenwettkampf Luftpistole<\/strong><\/h4>\n\n\n\n<p>Beim Rundenwettkampf, Landesliga Luftpistole, gingen am heutigen Sonntag, den 11.11.2018, die Mannschaften vom SSV Eberbach und Bad Rappenau an den Start.<\/p>\n\n\n\n<p>Auf Position 1 startete Steffen Kre\u00df (336 Ringe) gegen einen \u00fcberragende Gegner (363) der erste Punkt ging nach Bad Rappenau.<\/p>\n\n\n\n<p>Auf Position 2 Michael Brockmann, kam gut in den Wettkampf und hatte zu keiner Zeit M\u00fche seinen Gegner in Schach zu halten. Er gewann diese Paarung mit 358:348 Ringe.<\/p>\n\n\n\n<p>An Position 3 war Roland Johe gegen eine zu Beginn schw\u00e4chelnde Gegnerin lange Zeit in F\u00fchrung. Doch sie behielt die Nerven und konnte noch ein Unentschieden herausschiessen. Die beiden gingen mit 340:340 Ringen ins Stechen. Leider hatte da Roland das Gl\u00fcck nicht auf seiner Seite und verlor gleich den ersten Schu\u00df mit 8:9 Ringen. Also ging auch dieser Punkt&nbsp; nach Bad Rappenau.<\/p>\n\n\n\n<p>Die 4. Paarung machte es auch spannend. Dirk Zimmermann verlor ganz knapp mit 1 Ring Unterschied. Nach 349:350 Ringen gewann auch diesen Punkt Bad Rappenau.<\/p>\n\n\n\n<p>Bei den beiden letzten Gegnern war es auch bis zum Schlu\u00df unklar wer dieses Match gewinnen w\u00fcrde. Wolfgang Stadler k\u00e4mpfte aber verlor dann doch diesen Punkt mit 337:340 Ringen.<\/p>\n\n\n\n<p>Der Wettkampf endete mit 1:4 Punkten f\u00fcr Bad Rappenau.<\/p>\n\n\n\n<p>Das Gl\u00fcck war nicht auf unserer Seite, aber der n\u00e4chste Wettkampf kommt und unsere&nbsp; Sch\u00fctzen werden wieder ihr Bestes geben.<\/p>\n\n\n\n<p>11.11.18\/MW<\/p>\n\n\n\n<hr class=\"wp-block-separator\"\/>\n\n\n\n<h4 class=\"wp-block-heading\"><strong>Vereinspokalschiessen 2018<\/strong><\/h4>\n\n\n\n<p>Beim diesj\u00e4hrigen Vereinspokalschiessen wurde das erste Mal ein sogenanntes Jack Pot Schiessen durchgef\u00fchrt.<\/p>\n\n\n\n<p>Auf den richtigen Scheiben (keine Gl\u00fccksscheiben) durften die Nichtsch\u00fctzen ihr K\u00f6nnen beweisen.<\/p>\n\n\n\n<p>Die Gewinnerin, M. Litfin, des diesj\u00e4hrigen Jack Pot Schiessen kam am Sonntag, den 11.11.2018, in das Eberbacher Sch\u00fctzenhaus um ihren Preis entgegen zu nehmen.<\/p>\n\n\n\n<div class=\"wp-block-image\"><figure class=\"aligncenter\"><a href=\"http:\/\/s710205766.online.de\/ssv-wordpress\/wp-content\/uploads\/24835a2d-dba9-4f52-9c9c-087db3e57781.jpg\"><img loading=\"lazy\" decoding=\"async\" width=\"215\" height=\"300\" src=\"http:\/\/s710205766.online.de\/ssv-wordpress\/wp-content\/uploads\/24835a2d-dba9-4f52-9c9c-087db3e57781-215x300.jpg\" alt=\"\" class=\"wp-image-3981\" srcset=\"http:\/\/s710205766.online.de\/ssv-wordpress\/wp-content\/uploads\/24835a2d-dba9-4f52-9c9c-087db3e57781-215x300.jpg 215w, http:\/\/s710205766.online.de\/ssv-wordpress\/wp-content\/uploads\/24835a2d-dba9-4f52-9c9c-087db3e57781-768x1072.jpg 768w, http:\/\/s710205766.online.de\/ssv-wordpress\/wp-content\/uploads\/24835a2d-dba9-4f52-9c9c-087db3e57781-733x1024.jpg 733w, http:\/\/s710205766.online.de\/ssv-wordpress\/wp-content\/uploads\/24835a2d-dba9-4f52-9c9c-087db3e57781.jpg 974w\" sizes=\"(max-width: 215px) 100vw, 215px\" \/><\/a><\/figure><\/div>\n\n\n\n<p>(Foto privat v.li.)&nbsp;&nbsp; Obersch\u00fctzenmeisterin K. Kre\u00df und M. Litfin<\/p>\n\n\n\n<p>Herzlichen Gl\u00fcckwunsch<\/p>\n\n\n\n<p>11.11.18\/MW<\/p>\n\n\n\n<hr class=\"wp-block-separator\"\/>\n\n\n\n<h4 class=\"wp-block-heading\"><strong>Team M\u00e4nner nach Sieg in Moosbrunn ungeschlagen<\/strong><\/h4>\n\n\n\n<p>Der 3. Ligawettkampf LG Auflage in der KOL fand in Moosbrunn statt. Das Team Knallerfrauen (Eberbach 2) hatte wettkampffrei, so dass nur das M\u00e4nnerteam (Eberbach 1) gegen Moosbrunn 1 zum Einsatz kam.<\/p>\n\n\n\n<p>Lothar an Position 2 und seine Gegnerin begannen mit je 100 Ringen stark. In der 2. Serie schoss Lothar etwas zu selbstsicher und verlor einen Ring (97:98 Ringe), war aber dann in der 3.Serie wieder konzentriert und konnte mit 100:98 Ringen mit einem Gesamtergebnis von 297:296 Ringen den ersten Punkt f\u00fcr Eberbach erzielen.<\/p>\n\n\n\n<p>Wulfrin an Position 1 konnte die ersten 20 Sch\u00fcsse gegen seinen Gegner mit 200:198 Ringen einen Vorsprung herausschie\u00dfen, den er trotz einer verlorenen 3.Serie (99:100) nicht mehr abgab und mit 299:298 den Siegpunkt f\u00fcr das Team M\u00e4nner klar machte.<\/p>\n\n\n\n<p>Klaus an Position 3 hatte nach 20 Schuss mit 198:195 Ringen einen komfortablen 3-Ringe-Vorsprung. Leider hielten in der 3. Serie die Nerven oder der Anschlag seinen Vorstellungen nicht stand, so dass er nach 96:100 Ringen doch noch mit 294:295 Ringen seinen Wettkampf verloren geben musste.<\/p>\n\n\n\n<p>Durch den 2:1-Sieg gegen Moosbrunn 1 hat das Team M\u00e4nner nunmehr 4:0 Punkte und liegt hinter der ebenfalls noch verlustpunktfreien Mannschaft von Spechbach 1 (6:0) auf Platz 2 der KOL-Tabelle.<\/p>\n\n\n\n<p>F\u00fcr die Rangliste schossen auf Eberbach Seite diesmal Reinhard Zahn mit b\u00e4renstarken 299 Ringen und Hans-Peter Hettmansperger mit 286 Ringen.<\/p>\n\n\n\n<p>WS 05.11.2018<\/p>\n\n\n\n<hr class=\"wp-block-separator\"\/>\n\n\n\n<h4 class=\"wp-block-heading\"><strong>Oberligawettkampftag in Bauerbach<\/strong><\/h4>\n\n\n\n<p>Am heutigen Sonntag, den 04.11.2018 fand der 2. Oberligawettkampf statt.<\/p>\n\n\n\n<p>Eberbach ging um 11 Uhr in Bauerbach gegen Plankstadt an den Start.<\/p>\n\n\n\n<p>Auf Position 1 startete Friedrich Sch\u00f6lch (384 Ringe) seinen Wettkampf. Seine Gegenerin scho\u00df 379 Ringe, also ging der 1. Punkt nach Eberbach.<\/p>\n\n\n\n<p>Bei der zweiten Paarung hatte Stephan Sch\u00f6lch (381 Ringe), auf Position 2 immer wieder kleine Probleme und kam nicht so recht in den Wettkampf. Seine Gegenerin scho\u00df sehr schnell und gewann den Punkt mit 385 Ringen .<\/p>\n\n\n\n<p>Die Gegnerin von Nina Johe (373 Ringe) auf Position 3, kam nach anf\u00e4nglichen Schwierigkeiten immer besser in den Wettkampf und holte mit 378 Ringen auch diesen Punkt.<\/p>\n\n\n\n<p>Bei der 5. Paarung mit Patrick Joho (379 Ringe) war es auch sehr spannend bis zum Schluss, aber Patrick konnte gegen 375 Ringe den 2. Punkt f\u00fcr Eberbach holen.<\/p>\n\n\n\n<p>Auf der 4. Position war die Spannung auf dem H\u00f6hepunkt. Bis zum Schluss kam es zwischen Steffen Kre\u00df (383 Ringe) und seinem Gegner zu einem regelrechten Krimi. Doch leider hatte er das Gl\u00fcck nicht auf seiner Seite, der vorletzte Schu\u00df entschied dieses Duell. Sein Gegner konnte mit 384 Ringen den Punkt f\u00fcr sich holen.<\/p>\n\n\n\n<p>Der Wettkampf endete mit 3:2 f\u00fcr Plankstadt.<\/p>\n\n\n\n<p>Der zweite Wettkampf f\u00fcr unsere Sch\u00fctzen startete am Nachmittag um 15 Uhr. Unser Gegner hie\u00df KKS Bauerbach.<\/p>\n\n\n\n<p>Friedrich Sch\u00f6lch auf Position 1, startete mit einem tollen Ergebenis von 386 Ringen, aber seine Gegnerin hatte 396 Ringe und holte somit den ersten Punkt f\u00fcr Bauerbach.<\/p>\n\n\n\n<p>Auf der zweiten Position wurde es wieder enger. Stephan Sch\u00f6lch (382 Ringe) musste sich mit 2 Ringen weniger geschlagen geben und gab den Punkt an seine Gegenerin ab (384 Ringe).<\/p>\n\n\n\n<p>An Position 3 konnte Nina Johe sich um 2 Ringe zum Vormittagskampf steigern (375 Ringe), aber bei 392 Ringen der Gegnerin war diese Paarung klar entschieden.<\/p>\n\n\n\n<p>Bei der 4. Paarung waren es wieder nur 2 Ringe die dieses Duell entschieden. Wieder war es Steffen Kre\u00df (383 Ringe) dem das Gl\u00fcck heute einfach nicht gut gesinnt war. Seine Gegnerin holte mit 385 Ringen den 4. Punkt nach Bauerbach.<\/p>\n\n\n\n<p>Bei der letzten und f\u00fcnften Paarung konnte sich Patrick Joho (376 Ringe) mit gerade mal 2 Ringen Vorsprung gegen\u00fcber seiner Gegnerin, die 374 Ringe scho\u00df, den einzigen Punkt f\u00fcr Eberbach in diesem Wettkampg holen.<\/p>\n\n\n\n<p>Der Wettkampf endete 1:4 f\u00fcr Bauerbach.<\/p>\n\n\n\n<p>Unseren Sch\u00fctzen w\u00fcnsche ich weiterhin Kampfgeist und so tolle Einzelergebnisse wie heute. Macht weiter so und es wird euch bald ein Sieg gelingen.<\/p>\n\n\n\n<p>04.11.18\/ MW<\/p>\n\n\n\n<hr class=\"wp-block-separator\"\/>\n\n\n\n<h4 class=\"wp-block-heading\"><strong>Kreissch\u00fctzenball 2018 in Dilsberg<\/strong><\/h4>\n\n\n\n<p>Am Samstag, den 03.11.2018 fand in der Graf von Lauffen Halle in Dilsberg, der diesj\u00e4hrige Kresisch\u00fctzenball statt.<\/p>\n\n\n\n<p>Mit 18 Personen waren die Eberbacher Sch\u00fctzen zum Ball gefahren.<\/p>\n\n\n\n<div class=\"wp-block-image\"><figure class=\"alignleft\"><a href=\"http:\/\/s710205766.online.de\/ssv-wordpress\/wp-content\/uploads\/IMG_9716.jpg\" target=\"_blank\" rel=\"noreferrer noopener\"><img loading=\"lazy\" decoding=\"async\" width=\"225\" height=\"300\" src=\"http:\/\/s710205766.online.de\/ssv-wordpress\/wp-content\/uploads\/IMG_9716-225x300.jpg\" alt=\"\" class=\"wp-image-3940\" srcset=\"http:\/\/s710205766.online.de\/ssv-wordpress\/wp-content\/uploads\/IMG_9716-225x300.jpg 225w, http:\/\/s710205766.online.de\/ssv-wordpress\/wp-content\/uploads\/IMG_9716-768x1024.jpg 768w\" sizes=\"(max-width: 225px) 100vw, 225px\" \/><\/a><\/figure><\/div>\n\n\n\n<div class=\"wp-block-image\"><figure class=\"alignright\"><a href=\"http:\/\/s710205766.online.de\/ssv-wordpress\/wp-content\/uploads\/IMG_9718.jpg\" target=\"_blank\" rel=\"noreferrer noopener\"><img loading=\"lazy\" decoding=\"async\" width=\"300\" height=\"225\" src=\"http:\/\/s710205766.online.de\/ssv-wordpress\/wp-content\/uploads\/IMG_9718-300x225.jpg\" alt=\"\" class=\"wp-image-3942\" srcset=\"http:\/\/s710205766.online.de\/ssv-wordpress\/wp-content\/uploads\/IMG_9718-300x225.jpg 300w, http:\/\/s710205766.online.de\/ssv-wordpress\/wp-content\/uploads\/IMG_9718-768x576.jpg 768w, http:\/\/s710205766.online.de\/ssv-wordpress\/wp-content\/uploads\/IMG_9718-1024x768.jpg 1024w\" sizes=\"(max-width: 300px) 100vw, 300px\" \/><\/a><\/figure><\/div>\n\n\n\n<div class=\"wp-block-image\"><figure class=\"aligncenter\"><a href=\"http:\/\/s710205766.online.de\/ssv-wordpress\/wp-content\/uploads\/IMG_9717.jpg\"><img loading=\"lazy\" decoding=\"async\" width=\"300\" height=\"225\" src=\"http:\/\/s710205766.online.de\/ssv-wordpress\/wp-content\/uploads\/IMG_9717-300x225.jpg\" alt=\"\" class=\"wp-image-3941\" srcset=\"http:\/\/s710205766.online.de\/ssv-wordpress\/wp-content\/uploads\/IMG_9717-300x225.jpg 300w, http:\/\/s710205766.online.de\/ssv-wordpress\/wp-content\/uploads\/IMG_9717-768x576.jpg 768w, http:\/\/s710205766.online.de\/ssv-wordpress\/wp-content\/uploads\/IMG_9717-1024x768.jpg 1024w\" sizes=\"(max-width: 300px) 100vw, 300px\" \/><\/a><\/figure><\/div>\n\n\n\n<p>Bei den Kreisehrungen bekam Pia Sauer die Kreisehrennadel in Bronze f\u00fcr 10 j\u00e4hrige T\u00e4tigkeit in der Vorstandschaft.<\/p>\n\n\n\n<div class=\"wp-block-image\"><figure class=\"aligncenter\"><a href=\"http:\/\/s710205766.online.de\/ssv-wordpress\/wp-content\/uploads\/IMG_9733.jpg\" target=\"_blank\" rel=\"noreferrer noopener\"><img loading=\"lazy\" decoding=\"async\" width=\"300\" height=\"153\" src=\"http:\/\/s710205766.online.de\/ssv-wordpress\/wp-content\/uploads\/IMG_9733-300x153.jpg\" alt=\"\" class=\"wp-image-3943\" srcset=\"http:\/\/s710205766.online.de\/ssv-wordpress\/wp-content\/uploads\/IMG_9733-300x153.jpg 300w, http:\/\/s710205766.online.de\/ssv-wordpress\/wp-content\/uploads\/IMG_9733-768x392.jpg 768w, http:\/\/s710205766.online.de\/ssv-wordpress\/wp-content\/uploads\/IMG_9733-1024x522.jpg 1024w\" sizes=\"(max-width: 300px) 100vw, 300px\" \/><\/a><\/figure><\/div>\n\n\n\n<p>Bei den Kreismeisterschaften 2018 gewannen die Eberbacher Sch\u00fctzen 19 x Gold, 8 x Silber und 3 x Bronze. F\u00fcr diese Erfolge kamen wir in der Mannschaftswertung auf den 1. Platz und bekamen den Mannschaftspokal.<\/p>\n\n\n\n<div class=\"wp-block-image\"><figure class=\"aligncenter\"><a href=\"http:\/\/s710205766.online.de\/ssv-wordpress\/wp-content\/uploads\/IMG_9724.jpg\" target=\"_blank\" rel=\"noreferrer noopener\"><img loading=\"lazy\" decoding=\"async\" width=\"300\" height=\"158\" src=\"http:\/\/s710205766.online.de\/ssv-wordpress\/wp-content\/uploads\/IMG_9724-300x158.jpg\" alt=\"\" class=\"wp-image-3939\" srcset=\"http:\/\/s710205766.online.de\/ssv-wordpress\/wp-content\/uploads\/IMG_9724-300x158.jpg 300w, http:\/\/s710205766.online.de\/ssv-wordpress\/wp-content\/uploads\/IMG_9724-768x404.jpg 768w, http:\/\/s710205766.online.de\/ssv-wordpress\/wp-content\/uploads\/IMG_9724-1024x539.jpg 1024w\" sizes=\"(max-width: 300px) 100vw, 300px\" \/><\/a><\/figure><\/div>\n\n\n\n<p>F\u00fcr den Rundensieg der Mannschaften KK Auflage 1 und Luftgewehr 2 durften wir die Wanderpokale entgegennehmen.<\/p>\n\n\n\n<div class=\"wp-block-image\"><figure class=\"aligncenter\"><a href=\"http:\/\/s710205766.online.de\/ssv-wordpress\/wp-content\/uploads\/IMG_9730-1.jpg\"><img loading=\"lazy\" decoding=\"async\" width=\"237\" height=\"300\" src=\"http:\/\/s710205766.online.de\/ssv-wordpress\/wp-content\/uploads\/IMG_9730-1-237x300.jpg\" alt=\"\" class=\"wp-image-3944\" srcset=\"http:\/\/s710205766.online.de\/ssv-wordpress\/wp-content\/uploads\/IMG_9730-1-237x300.jpg 237w, http:\/\/s710205766.online.de\/ssv-wordpress\/wp-content\/uploads\/IMG_9730-1-768x973.jpg 768w, http:\/\/s710205766.online.de\/ssv-wordpress\/wp-content\/uploads\/IMG_9730-1-808x1024.jpg 808w\" sizes=\"(max-width: 237px) 100vw, 237px\" \/><\/a><\/figure><\/div>\n\n\n\n<p>(Foto privat v. li.)&nbsp;&nbsp;&nbsp; P. Joho, M. M\u00fcller und W. Schatz<\/p>\n\n\n\n<p>Bei den Sportlerehrungen wurden f\u00fcr Erfolge bei den Deutschen Meisterschaften und Landesmeisterschaften folgende Eberbacher Sch\u00fctzen geehrt:<\/p>\n\n\n\n<div class=\"wp-block-image\"><figure class=\"aligncenter\"><a href=\"http:\/\/s710205766.online.de\/ssv-wordpress\/wp-content\/uploads\/20f3414c-783e-4b31-965e-d2deaa301575.jpg\" target=\"_blank\" rel=\"noreferrer noopener\"><img loading=\"lazy\" decoding=\"async\" width=\"300\" height=\"150\" src=\"http:\/\/s710205766.online.de\/ssv-wordpress\/wp-content\/uploads\/20f3414c-783e-4b31-965e-d2deaa301575-300x150.jpg\" alt=\"\" class=\"wp-image-3931\" srcset=\"http:\/\/s710205766.online.de\/ssv-wordpress\/wp-content\/uploads\/20f3414c-783e-4b31-965e-d2deaa301575-300x150.jpg 300w, http:\/\/s710205766.online.de\/ssv-wordpress\/wp-content\/uploads\/20f3414c-783e-4b31-965e-d2deaa301575-768x384.jpg 768w, http:\/\/s710205766.online.de\/ssv-wordpress\/wp-content\/uploads\/20f3414c-783e-4b31-965e-d2deaa301575-1024x513.jpg 1024w, http:\/\/s710205766.online.de\/ssv-wordpress\/wp-content\/uploads\/20f3414c-783e-4b31-965e-d2deaa301575.jpg 1598w\" sizes=\"(max-width: 300px) 100vw, 300px\" \/><\/a><\/figure><\/div>\n\n\n\n<div class=\"wp-block-image\"><figure class=\"aligncenter\"><a href=\"http:\/\/s710205766.online.de\/ssv-wordpress\/wp-content\/uploads\/IMG_9749.jpg\" target=\"_blank\" rel=\"noreferrer noopener\"><img loading=\"lazy\" decoding=\"async\" width=\"300\" height=\"225\" src=\"http:\/\/s710205766.online.de\/ssv-wordpress\/wp-content\/uploads\/IMG_9749-300x225.jpg\" alt=\"\" class=\"wp-image-3936\" srcset=\"http:\/\/s710205766.online.de\/ssv-wordpress\/wp-content\/uploads\/IMG_9749-300x225.jpg 300w, http:\/\/s710205766.online.de\/ssv-wordpress\/wp-content\/uploads\/IMG_9749-768x576.jpg 768w, http:\/\/s710205766.online.de\/ssv-wordpress\/wp-content\/uploads\/IMG_9749-1024x768.jpg 1024w\" sizes=\"(max-width: 300px) 100vw, 300px\" \/><\/a><\/figure><\/div>\n\n\n\n<p>(Foto privat v.li.) S. K\u00fcller, G. Hammer-Zeitler, K. Kre\u00df, P. Joho, M. Walldorf,W. Schatz, A. Schatz, N. Johe, A. Gliese, X. Scherer, M. Kre\u00df und S. Kre\u00df<\/p>\n\n\n\n<p>H\u00f6hepunkt des Kreissch\u00fctzenballs ist in jedem Jahr die Bekanntgabe der K\u00f6nige.<\/p>\n\n\n\n<div class=\"wp-block-image\"><figure class=\"aligncenter\"><a href=\"http:\/\/s710205766.online.de\/ssv-wordpress\/wp-content\/uploads\/IMG_9743.jpg\" target=\"_blank\" rel=\"noreferrer noopener\"><img loading=\"lazy\" decoding=\"async\" width=\"300\" height=\"134\" src=\"http:\/\/s710205766.online.de\/ssv-wordpress\/wp-content\/uploads\/IMG_9743-300x134.jpg\" alt=\"\" class=\"wp-image-3935\" srcset=\"http:\/\/s710205766.online.de\/ssv-wordpress\/wp-content\/uploads\/IMG_9743-300x134.jpg 300w, http:\/\/s710205766.online.de\/ssv-wordpress\/wp-content\/uploads\/IMG_9743-768x343.jpg 768w, http:\/\/s710205766.online.de\/ssv-wordpress\/wp-content\/uploads\/IMG_9743-1024x457.jpg 1024w, http:\/\/s710205766.online.de\/ssv-wordpress\/wp-content\/uploads\/IMG_9743-670x300.jpg 670w\" sizes=\"(max-width: 300px) 100vw, 300px\" \/><\/a><\/figure><\/div>\n\n\n\n<p>Bei den Jugendlichen wurde Steffen Kre\u00df 2. Ritter und K\u00f6nigin wurde Xenia Scherer.<\/p>\n\n\n\n<div class=\"wp-block-image\"><figure class=\"aligncenter\"><a href=\"http:\/\/s710205766.online.de\/ssv-wordpress\/wp-content\/uploads\/IMG_9757.jpg\"><img loading=\"lazy\" decoding=\"async\" width=\"184\" height=\"300\" src=\"http:\/\/s710205766.online.de\/ssv-wordpress\/wp-content\/uploads\/IMG_9757-184x300.jpg\" alt=\"\" class=\"wp-image-3933\" srcset=\"http:\/\/s710205766.online.de\/ssv-wordpress\/wp-content\/uploads\/IMG_9757-184x300.jpg 184w, http:\/\/s710205766.online.de\/ssv-wordpress\/wp-content\/uploads\/IMG_9757-768x1253.jpg 768w, http:\/\/s710205766.online.de\/ssv-wordpress\/wp-content\/uploads\/IMG_9757-627x1024.jpg 627w, http:\/\/s710205766.online.de\/ssv-wordpress\/wp-content\/uploads\/IMG_9757.jpg 1812w\" sizes=\"(max-width: 184px) 100vw, 184px\" \/><\/a><\/figure><\/div>\n\n\n\n<p>Bei den Sch\u00fctzen wurde der Eberbacher Timo Sch\u00e4fer zum Sch\u00fctzenk\u00f6nig 2018<\/p>\n\n\n\n<p>des Kreis 4 Neckartal ernannt.<\/p>\n\n\n\n<p>Die Freude war gro\u00df. Herzlichen Gl\u00fcckwunsch an unsere drei Hoheiten vom SSV Eberbach.<\/p>\n\n\n\n<p>Mit einer toller Trachtenkapelle und sp\u00e4ter einem Musiker Duo, war es ein sch\u00f6ner und geselliger Abend in Dilsberg beim Kreissch\u00fctzenball 2018.<\/p>\n\n\n\n<p>04.11.18\/ MW<\/p>\n\n\n\n<hr class=\"wp-block-separator\"\/>\n\n\n\n<h5 class=\"wp-block-heading\"><strong>Doppelwettkampf&nbsp; in der Kreisliga beim SSV Eberbach<\/strong><\/h5>\n\n\n\n<p>Am Mittwoch, den 24.10.2018 konnte im Sch\u00fctzenhaus in Eberbach, dank der neuen Luftgewehrhalle, ein Doppelwettkampf durchgef\u00fchrt werden.<\/p>\n\n\n\n<p>In der Kreisoberliga standen sich die Mannschaften Eberbach 3 und Eberbach 2 gegen\u00fcber.<\/p>\n\n\n\n<p>An Position 1 in der Mannschaft 3 startete Karin Kre\u00df (369) gegen Mannschaft 2 Nina Johe (381). Auf Position 2 startete in der Mannschaft 3. Dennis W\u00e4sch (371) gegen seinen Bruder Mannschaft 2. Marvin W\u00e4sch (380). Position 3 in der 3. Mannschaft war Roman Gro\u00df (363) der gegen Mannschaft 2 Benjamin Dannefelser (370) &nbsp;antrat.<\/p>\n\n\n\n<p>Trotz gro\u00dfer Motivation konnte die 3. Mannschaft keinen Punkt gewinnen. Aber die Sch\u00fctzen haben gut gek\u00e4mpft. Die 2. Mannschaft gewann den Wettkampf mit 0:3 Punkten.<\/p>\n\n\n\n<p>Auf der gegen\u00fcberliegenden Seite der Luftgewehrhalle hatten die Sch\u00fctzen von Eberbach 4 die Mannschaft aus Waldwimmersbach 1 zu Gast. Sie starteten in der Kreisliga A.<\/p>\n\n\n\n<p>Mit ihren guten Ergebnissen gewannen die Sch\u00fctzen an der Position 3, Timo Sch\u00e4fer (353:334) und Wolf-Dieter Schmitt auf Position 2 (374:356) klar ihre Punkte.<\/p>\n\n\n\n<p>Spannend dagegen machte es Martin Kre\u00df, der an Position 1 antrat. Es war ein ganz enger Wettkampf. Die letzten drei Schuss von Martin mussten zum Stechen mindestens 29 Ringe sein und zum Sieg 30 Ringe. Er schaffte es unter dem Jubel seiner Mannschaftskollegen und Zuschauern. Er schoss 3 Zehner und gewann mit einem Ring Vorsprung. (358:357) somit ging auch der 3. Punkt nach Eberbach.<\/p>\n\n\n\n<p>Herzlichen Gl\u00fcckwunsch an alle Sch\u00fctzen und weiterhin &#8222;Gut Schuss&#8220;<\/p>\n\n\n\n<p>25.10.18\/ MW<\/p>\n\n\n\n<hr class=\"wp-block-separator\"\/>\n\n\n\n<h4 class=\"wp-block-heading\"><strong>Team 237 Tabellenf\u00fchrer in der B-Klasse<\/strong><\/h4>\n\n\n\n<p><strong>Ligawettkampf KL B LG Auflage<\/strong><\/p>\n\n\n\n<p>Der 2. Ligawettkampf LG Auflage in der Kreisliga B fand f\u00fcr das Team 237 (Eberbach 3) in Zwingenberg statt. Nach der Urlaubsr\u00fcckkehr von Werner konnte das Team in seiner geplanten Besetzung an den Start gehen; n\u00e4mlich mit den drei Sitzendsch\u00fctzen Fritz, Werner und Franz. Nachdem in Zwingenberg auf ungewohnte Scheibenzuganlagen geschossen wird, hatte das Team erhebliche Probleme mit der Standtechnik. Wenigstens konnte das Scheibenwechseln durch die eigenen Betreuer, ein Manko zumindest teilweise behoben werden.<\/p>\n\n\n\n<p>Trotzdem war die Nervosit\u00e4t und Anspannung im Wettkampf gegen Moosbrunn 4 deutlich sp\u00fcrbar. Gleichwohl legte Werner an Position 2 mit zwei 100er Serien b\u00e4renstark los, lie\u00df zum Schluss 98 Ringe folgen und gewann seinen Wettkampf mit 298 Ringen ungef\u00e4hrdet. Franz an Position 3 kam durch konstante Serien (95,95,94) mit 284 Ringen gegen seinen Gegner ebenfalls zum Sieg und holte den zweiten Punkt f\u00fcr das Team 237.<\/p>\n\n\n\n<p>Fritz an Position 1 hatte nach der ersten Serie 2 Ringe Vorsprung, den er aber in der zweiten Serie zum zwischenzeitlichen Gleichstand einb\u00fc\u00dfte. Sein Gegner legte zum Schluss 97 Ringe vor, die Fritz in aller Ruhe auskontern wollte. Leider reichte es aber auch nur zu 97 Ringen, so dass mit 291:291 Ringen wieder mal ein Stechen entscheiden musste. Hierbei konnte er dann seine ganze Erfahrung ausspielen und gewann gleich im ersten Stechschuss mit 10 zu 9. Die Freude bei seinen Teamkameraden war dementsprechend gro\u00df.<\/p>\n\n\n\n<p>Der 3:0 Sieg gegen Moosbrunn 4 festigte die Tabellenf\u00fchung in der B-Gruppe mit nunmehr 4:0 Mannschafts- und 6:0 Einzelpunkten vor Wilhelmsfeld 1 mit gleichem Mannschafts- und Einzelpunkten, aber 11 Ringen weniger als Eberbach.<\/p>\n\n\n\n<p>WS 22.10.2018<\/p>\n\n\n\n<h4 class=\"wp-block-heading\"><strong>Rundenauftakt der 1. Luftpistolenmannschaft in H\u00fcffenhardt<\/strong><\/h4>\n\n\n\n<p>Zum Rundenauftakt musste unsere Luftpistolenmannschaft, die in der Landesliga Ost schiesst, ausw\u00e4rts in H\u00fcffenhardt antreten.<\/p>\n\n\n\n<p>Auf Position 1 startete Roland Johe, der zu Beginn nicht wirklich in den Wettkampf fand. So lag er schon nach der ersten Serie mit sechs Ringen zur\u00fcck. Er steigerte sich deutlich, doch sein Gegner erwischte mit den zweiten zehn Schuss eine Traumserie von 94 Ringen. Dadurch lag Roland zur Halbzeit des Wettkampfes 11 Ringe zur\u00fcck. Roland blieb dran und schoss eine gute dritte Serie. Sein Gegner der den Wettkampf schon beendet hatte brach in der letzten Serie deutlich ein. Das war die Chance f\u00fcr Roland den Punktgewinn f\u00fcr sich zu entscheiden. Roland blieb ruhig und konzentriert und beendete seinen Wettkampf mit 350 Ringen und war am Ende mit einem Ring Vorsprung siegreich.<\/p>\n\n\n\n<p>Dirk Zimmermann k\u00e4mpfte auf Position 2 mit einem gleichwertigen Gegner. Die F\u00fchrung wechselte hin und her und es entwickelte sich ein Duell auf Augenh\u00f6he, somit blieb es bis zum letzten Schuss spannend. Dirks Gegner beendete seinen Wettkampf als erstes und setzte ihn somit unter Druck. Dirk k\u00e4mpfte, jedoch reichte es nicht den Punkt f\u00fcr sich zu gewinnen. Er verlor mit 343 zu 345 Ringen.<\/p>\n\n\n\n<p>Auf Position drei trat Wolfgang Stadler an, der durch eine Knieverletzung geschw\u00e4cht war. Trotz des fehlenden Trainings in den letzten Wochen erreichte er ein solides Ergebnis von 337 Ringen und gewann damit seinen Punkt.<\/p>\n\n\n\n<p>Michael Brockmann durfte auf Position vier antreten und hatte von Beginn an seinen Gegner im Griff. Bereits nach der ersten Serie war klar, dass er das Duell f\u00fcr sich entscheidet. Am Ende hie\u00df es 351 zu 334 und ein weiterer Punkt f\u00fcr Eberbach.<\/p>\n\n\n\n<p>Auf der letzten Position startete Steffen Kre\u00df. Er begann mit einer soliden ersten Serie und einem R\u00fcckstand von 2 Ringen. Steffen hielt seine Leistungen konstant und konnte so in den weiteren zwei Serien sich einen Vorsprung von sechs Ringen erarbeiten. Diesen Vorsprung konnte er in der letzten Serie sogar noch ausbauen. So hie\u00df es am Ende 353 zu 344 Ringe. Mit diesem Resultat startet er im n\u00e4chsten Rundenwettkampf auf Position 1.<\/p>\n\n\n\n<p>Eberbach gewann somit den ersten Wettkampf mit 4 : 1 Punkten und steht damit in der Tabelle an zweiter Stelle hinter K\u00f6nigshofen.<\/p>\n\n\n\n<p>21.10.18\/sk<\/p>\n\n\n\n<hr class=\"wp-block-separator\"\/>\n\n\n\n<h4 class=\"wp-block-heading\"><strong>Team Knallerfrauen mit Sensationssieg in Brombach<\/strong><\/h4>\n\n\n\n<p><strong>Ligawettkampf KOL LG 2 Auflage<\/strong><\/p>\n\n\n\n<p>Der 2. Ligawettkampf LG Auflage in der KOL fand in Brombach statt. Das M\u00e4nnerteam (Eberbach 1) hatte wettkampffrei, so dass nur das Team Knallerfrauen (Eberbach 2) zum Einsatz kam. Nachdem in Brombach auf ungewohnte Scheibenzuganlagen geschossen wird, hatte sich das Team Knallerfrauen Tage zuvor ein technisches Training in Brombach geg\u00f6nnt, um verschiedene Einstellungen am Stand und Gewehr zu \u00fcberpr\u00fcfen.<\/p>\n\n\n\n<p>Trotz der dort gezeigten positiven Erkenntnisse und Ergebnisse war die Nervosit\u00e4t und Anspannung im Wettkampf gegen Brombach gr\u00f6\u00dftenteils deutlich sp\u00fcrbar. Gleichwohl konnte Annette an Position 3 z\u00fcgig 295 Ringe vorlegen, gegen die ihr Gegner mit 290 Ringen keine Chance hatte. Ihr zweiter Sieg im zweiten Wettkampf und der erste Punkt f\u00fcr Eberbach standen fest.<\/p>\n\n\n\n<p>Anneliese an Position 2 konnte die ersten 20 Sch\u00fcsse gegen ihren Gegner mit nur einem Ring R\u00fcckstand offen halten. Ihr Gegner schoss jedoch auch seine dritte Serie mit 100 Ringen aus, so dass daraufhin bei Anneliese \u201edie Luft raus war\u201c. Mit 290 : 297 Ringen ging dieser Punkt an Brombach zum Zwischenstand von 1:1.<\/p>\n\n\n\n<p>Die Entscheidung musste an Position 1 fallen. Hier hatte Gabriele nach 20 Schuss einen Ring Vorsprung. Nachdem ihr Gegner seine letzte Serie mit 99 Ringen und insgesamt 297 Ringen abschloss, gingen die Knallerfrauen schon von einem 2:1 Sieg aus. Jedoch unterliefen Gabriele in der letzten Serie noch 2 Neuner, so dass auch ihr Endergebnis 297 Ringe lautete. Die Entscheidung musste im Stechen fallen. Nach den ersten 3 Sch\u00fcssen auf volle Ringe (jeder hatte 3 Zehner) brachte der 4. Schuss auf Zehntelwertung die Entscheidung. Hier setzte sich Gabriele mit 10,3 zu 8.8 durch und errang doch noch den 2. Punkt zum 2:1 Sieg gegen Brombach. Lautstarker Jubel bei ihren Mannschaftskameradinnen und entsprechende Rudelbildung rundeten diesen nicht unbedingt erwarteten Sieg ab.<\/p>\n\n\n\n<p>WS 15.10.2018<\/p>\n\n\n\n<hr class=\"wp-block-separator\"\/>\n\n\n\n<h4 class=\"wp-block-heading\"><strong>Oberliga-Mannschaft startet in die Luftgewehrrunde<\/strong><\/h4>\n\n\n\n<p>Am 14. Oktober 2018 fand in Spechbach der Auftakt der Oberliga-Wettk\u00e4mpfe 2018\/2019 statt.<\/p>\n\n\n\n<p>Um 11.00 Uhr begann das Probeschiessen gegen K\u00f6nigsbach 3.<\/p>\n\n\n\n<p>Stephan Sch\u00f6lch auf Position 1 schoss gleichm\u00e4\u00dfig starke Serien und konnte gute 385 Ringe erreichen. Leider reichte es ihm trotz dieses Ergebnisses nicht seinen Punkt zu holen, da seine Gegnerin eine Endergebnis von 394 Ringen hatte.<\/p>\n\n\n\n<p>Patrick Joho machte es in seinem Wettkampf richtig spannend. Nach den ersten beiden Serien lag er mit 2 Ringen in F\u00fchrung. In der dritten Serie hatte Patrick eine 96 Serie und sein Gegner der schneller schoss erreichte 99 und 98 Ringe mit den letzten Serien. Nun wurde es richtig Eng f\u00fcr Ihn da er wusste, dass er eine 99 Serie zum Stechen ben\u00f6tigt. Patrick jedoch behielt die Nerven und schaffte es nur noch eine 9 zu schiessen. Das Stechen sollte am Schluss die Entscheidung bringen.<\/p>\n\n\n\n<p>F\u00fcr Xenia Scherer war es der erste Einsatz in der Oberliga. Dem entsprechend aufgeregt war sie auch. Noch dazu hatte sie einen starken Gegner der 383 Ringe erreichte. Xenia erschoss sich gute 371 Ringe.<\/p>\n\n\n\n<p>Steffen Kre\u00df lie\u00df seiner Gegnerin von Beginn an keine Chance. Er erreichte sehr gute 386 Ringe. Seine Gegnerin schaffte eine Ergebnis von 379 Ringen.<\/p>\n\n\n\n<p>Auch Sascha K\u00fcller hatte sein Deb\u00fct in der Oberliga. Er war sehr aufgeregt und hatte deshalb zu Anfang eine schwache Serie. Er lie\u00df sich jedoch nicht h\u00e4ngen und k\u00e4mpfte, was am Ende ein Resultat von 372 Ringe bedeutete. Sein Gegner hatte 381 Ringe.<\/p>\n\n\n\n<p>Nun stand das Stechen von Patrick und seinem Gegner an. Nach 2 Minuten Vorbereitung hatte jeder Sch\u00fctze 50 Sekunden Zeit seinen Schuss so gut als m\u00f6glich abzugeben. Auch hier behielt Patrick die Nerven und schoss eine 10. Sein Gegner schoss eine 9, was den Punktgewinn f\u00fcr Eberbach bedeutete.<\/p>\n\n\n\n<p>Der Wettkampf endete 2 zu 3 f\u00fcr K\u00f6nigsbach 3.<\/p>\n\n\n\n<p>Nach einer Mittagspause ging es f\u00fcr unsere Sch\u00fctzen um 13.30 Uhr zum zweiten Wettkampf. Der Gegner war diesmal Hambr\u00fccken 1.<\/p>\n\n\n\n<p>Stephan und seine Gegnerin waren von Beginn an auf Augenh\u00f6he und von Serie zu Serie wechselte die F\u00fchrung hin und her. Die letzten 10 Schuss brachten dann die Entscheidung. Stephan erreicht 97 Ringe, seine Gegenerin konnte nur 94 Ringe aufweisen. Am Ende hie\u00df es 385 zu 382 Ringe und der erste Punkt f\u00fcr Eberbach.<\/p>\n\n\n\n<p>Patrick schoss konstante Serien, jedoch nicht so stark wie in seinem ersten Wettkampf. Er schaffte 376 Ringe, seine Gegnerin jedoch 379 Ringe.<\/p>\n\n\n\n<p>Xenia konnte sich zum ersten Wettkampf steigern, erwischte jedoch eine sehr starke Gegnerin die ihr mit 387 Ringen keine Chance lie\u00df. Xenia erreichte gute 378 Ringe.<\/p>\n\n\n\n<p>Steffen kam erneut gut in den Wettkampf leistete sich jedoch in der 2. Serie zu viele Fehler. Er kam in der 2. Serie noch auf 92 Ringe. Er k\u00e4mpfte, leistete sich allerdings kurz vor Schluss nochmal einen Fehler. Er schaffte es am Ende noch auf solide 381 Ringe. Sein Gegner der sehr langsam schoss lag bis kurz vor Ende in F\u00fchrung. Der vorletzte Schuss war jedoch eine 8 und am Ende stand es unentschieden. Das Stechen sollte wieder die Entscheidung \u00fcber den Punkt bringen.<\/p>\n\n\n\n<p>Sascha begann mit einer starken 98 Serie, konnte dieses Niveau leider nicht den ganzen Wettkampf \u00fcber halten. Sein Gegner hingegen steigerte sich von Serie zu Serie. Am Ende reichte es jedoch f\u00fcr Sascha, er gewann seinen Punkt mit 374 zu 373 Ringen.<\/p>\n\n\n\n<p>Vor dem Stechen hie\u00df es 2 zu 2. Das Stechen musste also nicht nur \u00fcber den Einzelpunkt, sondern auch \u00fcber Sieg oder Niederlage entscheiden. Der Druck auf die beiden Sch\u00fctzen war dem entsprechend hoch. Das Stechen war sehr spannend und umk\u00e4mpft, sodass erst der 3. Stechschuss die Entscheidung brachte.<\/p>\n\n\n\n<p>Beide Sch\u00fctzen schossen jeweils 2 9er. Im 3. Stechschuss versagten allerdings die Nerven von Steffen er schoss eine 8. Sein Gegner machte es besser schoss erneut eine 9.<\/p>\n\n\n\n<p>Somit verlor man auch den 2. Wettkampf etwas \u00e4rgerlich mit 2 zu 3.<\/p>\n\n\n\n<div class=\"wp-block-image\"><figure class=\"aligncenter\"><a href=\"http:\/\/s710205766.online.de\/ssv-wordpress\/wp-content\/uploads\/Mannschaft-OL.jpg\"><img loading=\"lazy\" decoding=\"async\" width=\"300\" height=\"225\" src=\"http:\/\/s710205766.online.de\/ssv-wordpress\/wp-content\/uploads\/Mannschaft-OL-300x225.jpg\" alt=\"\" class=\"wp-image-3858\" srcset=\"http:\/\/s710205766.online.de\/ssv-wordpress\/wp-content\/uploads\/Mannschaft-OL-300x225.jpg 300w, http:\/\/s710205766.online.de\/ssv-wordpress\/wp-content\/uploads\/Mannschaft-OL.jpg 385w\" sizes=\"(max-width: 300px) 100vw, 300px\" \/><\/a><\/figure><\/div>\n\n\n\n<p>(Foto privat v.li.)&nbsp;&nbsp; S. K\u00fcller, X. Scherer, S. Kre\u00df, P. Joho, S. Sch\u00f6lch<\/p>\n\n\n\n<p>Die heutigen Sch\u00fctzen der Oberligamannschaft SSV Eberbach 1<\/p>\n\n\n\n<p>14.10.18\/ KK<\/p>\n\n\n\n<hr class=\"wp-block-separator\"\/>\n\n\n\n<h4 class=\"wp-block-heading\"><strong>Auftakt der Ligawettk\u00e4mpfe Luftgewehr<\/strong><\/h4>\n\n\n\n<p>Am Montag startete die 2. Luftgewehrmannschaft in der Kreisoberliga in die Ligarunde 2018\/2019. Als Gegner war Hirschhorn nach Eberbach gekommen. Am Ende ging der Wettkampf klar mit 3 : 0 f\u00fcr uns aus.<\/p>\n\n\n\n<p>Unsere Sch\u00fctzen waren zu Beginn noch etwas nerv\u00f6s, was sich im Laufe des Wettkampfes jedoch legte.<\/p>\n\n\n\n<p>Auf Position 1 trat Marvin W\u00e4sch an. Er startete gleich mit einer 98 Serie und hatte nach 10 Schuss schon einen Vorsprung von 9 Ringen. Am Ende gewann er seinen Punkt mit 380 Ringen zu 364 Ringen.<\/p>\n\n\n\n<p>Nina Johe auf Position 2 lie\u00df ihrem Gegner nicht den Hauch einer Chance und schoss konstant starke 97 und 96 Serien. Mit 386 Ringen zu 358 Ringen ging auch dieser Punkt an Eberbach.<\/p>\n\n\n\n<p>Den dritten Punkt machte Leon Joho klar auch er siegte souver\u00e4n mit 373 Ringen zu 349 Ringen.<\/p>\n\n\n\n<p>Nur einen Tag sp\u00e4ter stand der erste Wettkampf f\u00fcr unsere dritte und vierte Luftgewehrmannschaft an.<\/p>\n\n\n\n<p>Der Gegner von Eberbach 3 war Spechbach 3 und Eberbach 4 bekam es mit Spechbach 4 zu tun.<\/p>\n\n\n\n<p>F\u00fcr Eberbach 3 schoss Karin Kre\u00df auf Position 1. Nach einer ersten schw\u00e4cheren Serie (91 Ringe) konnte sie sich im Laufe des Wettkampfes steigern und erreichte gute 372 Ringe. Ihr Gegner war sehr aufgeregt, erreichte aber dennoch 365 Ringe.<\/p>\n\n\n\n<p>Dennis W\u00e4sch machte es nicht spannend mit seinem Gegner. Er gewann ungef\u00e4hrdet mit 365 Ringen zu 354 Ringen.<\/p>\n\n\n\n<p>F\u00fcr Benjamin Dannefelser war es sein allererster Rundenwettkampf. Er begann mit einer starken 95 Serie seinen Wettkampf. In der zweiten Serie war er etwas vom Pech verfolgt und umkreiste den 10er. Doch Benjamin lie\u00df sich davon nicht entmutigen und Beendete seinen Wettkampf mit einer 96 und 94 Serie, was am Ende ein Resultat von 374 Ringen ergab.<\/p>\n\n\n\n<p>Eberbach 3 gewann somit mit 3 : 0 Punkten gegen Spechbach 3<\/p>\n\n\n\n<p>Thomas M\u00fcller auf Position 1 in der vierten Mannschaft, war an diesem Abend etwas von der Rolle. Er war sehr nerv\u00f6s und schoss 355 Ringe, die den ersten Punkt f\u00fcr Eberbach bedeuteten. Sein Gegner erreichte 351 Ringe.<\/p>\n\n\n\n<p>Max Kre\u00df machte es etwas spannend. Er und seine Gegnerin wechselten sich von Serie zu Serie mit der F\u00fchrung ab. Der letzte Schuss brachte dann die Entscheidung. Seine Gegnerin beendete den Wettkampf mit einer 10 und 361 Ringen. Max hatte eine 9 am Ende und ein Ergebnis von 360 Ringen.<\/p>\n\n\n\n<p>Timo Sch\u00e4fer schoss recht gleichm\u00e4\u00dfig seine Serien und erreichte am Ende ein Ergebnis von 350 Ringen. Sein Gegner hatte 346 Ringe.<\/p>\n\n\n\n<p>Eberbach 4 gewann den Wettkampf mit 2 : 1 Punkten.<\/p>\n\n\n\n<p>Drei Wettk\u00e4mpfe wurden bestritten und alle drei gewonnen, besser kann es nicht laufen.<\/p>\n\n\n\n<p>Am kommende Wochenende findet der erste Wettkampf unserer<br>1. Mannschaft in der Oberliga statt.<\/p>\n\n\n\n<p>Sie treten am Sonntag um 11.00 Uhr gegen K\u00f6nigsbach und um 13.30 Uhr gegen Hambr\u00fccken an. Der Austragungsort ist Spechbach.<\/p>\n\n\n\n<p>Die Mannschaft w\u00fcrde sich \u00fcber zahlreiche Fans freuen.<\/p>\n\n\n\n<p><strong>Wir dr\u00fccken schon heute fest die Daumen.<\/strong><\/p>\n\n\n\n<p>11.10.18\/ KK<\/p>\n\n\n\n<hr class=\"wp-block-separator\"\/>\n\n\n\n<h4 class=\"wp-block-heading\"><strong>Auftakt der Ligawettk\u00e4mpfe LG Auflage<\/strong><\/h4>\n\n\n\n<p>Am 01. Oktober 2018 fand in Spechbach der Auftakt der Ligawettk\u00e4mpfe&nbsp; Luftgewehr 2018\/2019 statt. Eberbach war erstmals mit 3 Mannschaften am Start. Ein Novum aus Eberbacher Sicht ist die Tatsache, dass die Mannschaften nicht nach dem Ringzahldurchschnitt der vergangenen Ligarunde, sondern nach anderen Kriterien gebildet wurden.<\/p>\n\n\n\n<p>So sind in der mit 7 Mannschaften umfassenden Kreisoberliga Eberbach 1 und 2 vertreten, die jedoch intern mit Team M\u00e4nner (Wulfrin, Lothar, Reinhard, Klaus) bzw. Team Knallerfrauen (Gabi, Anne Annette) bezeichnet werden. Die neue 3. Mannschaft bilden die Sitzendsch\u00fctzen Fritz, Werner und Franz, die sich unter Anspielung auf ihr jugendliches Alter mit Team 237 bezeichnen.<\/p>\n\n\n\n<p>In der Kreisoberliga kam es gleich zum Auftakt zum internen Duell zwischen dem Team M\u00e4nner und dem Team Knallerfrauen. Das Team Knallerfrauen hatte sich viel vorgenommen und dementsprechend gro\u00df war die Anspannung im Team M\u00e4nner. Dementsprechend sorgte Annette mit 295 Ringen gegen Reinhard mit 293 Ringen f\u00fcr die 1:0 F\u00fchrung der Knallerfrauen. Lothar schaffte mit seinem 299:295 Sieg gegen Anne f\u00fcr den Ausgleich. Im Spitzenduell gelang Wulfrin gegen Gabi ein gl\u00fccklicher 300:299 Sieg, so dass das Team M\u00e4nner mit 2:1 gegen das Team Knallerfrauen die Oberhand behielt.<\/p>\n\n\n\n<p>Das Team 237 als 3. Mannschaft muss als Neuling in der B-Klasse antreten und hatte zum Auftakt Zwingenberg 1 zum Gegner. F\u00fcr den urlaubsbedingt fehlenden Werner sprang Klaus in die Bresche und lie\u00df mit seinem Ergebnis von 298 Ringen seinem Gegner keine Chance. Auch Fritz fing sich nach anf\u00e4nglicher Nervosit\u00e4t und sorgte mit 296 Ringen f\u00fcr den zweiten Punkt. Franz startete mit 99 Ringen in der ersten Serie furios, kam danach aber etwas aus dem Rhythmus. Trotzdem erreichte er mit 282 Ringen sicher den dritten Punkt, so dass der 3:0 Sieg gegen Zwingenberg feststand.<\/p>\n\n\n\n<p>Als Ranglistensch\u00fctze erreichte Hans-Peter Hettmansperger 288 Ringe.<\/p>\n\n\n\n<p>WS 02.10.2018<\/p>\n\n\n\n<hr class=\"wp-block-separator\"\/>\n\n\n\n<h2 class=\"wp-block-heading\"><strong>Grosses Finale des Vereinspokalschie\u00dfens beim SSV Eberbach mit anschlie\u00dfender Siegerehrung<\/strong><\/h2>\n\n\n\n<p>Am Samstag, dem 22.09.2018 fand das gro\u00dfe Finale und die Siegerehrung des diesj\u00e4hrigen Vereinspokalschie\u00dfens statt. Dieses Jahr wurde das traditionelle VPS in einem neuen Modus durchgef\u00fchrt.<\/p>\n\n\n\n<p>Die Vereine kamen \u00fcber die ganze Woche (17.09.-21.09), abends ins Sch\u00fctzenhaus, um ihr K\u00f6nnen auf den Gl\u00fccksscheiben zu beweisen.<\/p>\n\n\n\n<p>Es gingen 58 Damen, 104 Herren, 10 Damenmannschaften, 24 Mixed-Mannschaften und 5 Jugendliche an den Start.<\/p>\n\n\n\n<p>Das Finale l\u00e4uft so ab:<\/p>\n\n\n\n<p>Es gehen die ersten 8 Sch\u00fctzen an den Start. Unter diesen Sch\u00fctzen m\u00fcssen sich die endg\u00fcltigen Gewinner beweisen.<\/p>\n\n\n\n<p>Geschossen wird auf den elektronischen Anlagen in Zehntelwertung. Die Sch\u00fctzen haben eine Probezeit, danach geht es weiter mit zweimal 3 Sch\u00fcssen. Geschossen wird auf Ansage. Nun folgen immer 2 Sch\u00fcsse, an deren Ende feststeht, wer den Stand verlassen muss. Nach 16 Sch\u00fcssen steht dann fest, wer auf den ersten 3 Pl\u00e4tzen gelandet ist.<\/p>\n\n\n\n<p>Am Samstag um 18:30 Uhr starteten die beiden Finale. Zuerst die Herren und anschlie\u00dfend die Damen. Die Halle war gut besucht und man konnte die Spannung sp\u00fcren. Es wurde geklatscht, gejubelt und auch bedauert.<\/p>\n\n\n\n<div class=\"wp-block-image\"><figure class=\"alignleft\"><a href=\"http:\/\/s710205766.online.de\/ssv-wordpress\/wp-content\/uploads\/IMG_9438.jpg\" target=\"_blank\" rel=\"noreferrer noopener\"><img loading=\"lazy\" decoding=\"async\" width=\"300\" height=\"161\" src=\"http:\/\/s710205766.online.de\/ssv-wordpress\/wp-content\/uploads\/IMG_9438-300x161.jpg\" alt=\"\" class=\"wp-image-3686\" srcset=\"http:\/\/s710205766.online.de\/ssv-wordpress\/wp-content\/uploads\/IMG_9438-300x161.jpg 300w, http:\/\/s710205766.online.de\/ssv-wordpress\/wp-content\/uploads\/IMG_9438-768x412.jpg 768w, http:\/\/s710205766.online.de\/ssv-wordpress\/wp-content\/uploads\/IMG_9438-1024x550.jpg 1024w\" sizes=\"(max-width: 300px) 100vw, 300px\" \/><\/a><\/figure><\/div>\n\n\n\n<div class=\"wp-block-image\"><figure class=\"alignright\"><a href=\"http:\/\/s710205766.online.de\/ssv-wordpress\/wp-content\/uploads\/IMG_9490.jpg\" target=\"_blank\" rel=\"noreferrer noopener\"><img loading=\"lazy\" decoding=\"async\" width=\"300\" height=\"225\" src=\"http:\/\/s710205766.online.de\/ssv-wordpress\/wp-content\/uploads\/IMG_9490-300x225.jpg\" alt=\"\" class=\"wp-image-3679\" srcset=\"http:\/\/s710205766.online.de\/ssv-wordpress\/wp-content\/uploads\/IMG_9490-300x225.jpg 300w, http:\/\/s710205766.online.de\/ssv-wordpress\/wp-content\/uploads\/IMG_9490-768x576.jpg 768w, http:\/\/s710205766.online.de\/ssv-wordpress\/wp-content\/uploads\/IMG_9490-1024x768.jpg 1024w\" sizes=\"(max-width: 300px) 100vw, 300px\" \/><\/a><\/figure><\/div>\n\n\n\n<p>Die Finalisten, die nichts mit dem aktiven Schie\u00dfsport zu tun haben, erzielten tolle Sch\u00fcsse und sensationelle Ergebnisse und man konnte sp\u00fcren, dass es allen gro\u00dfen Spa\u00df gemacht hat &#8211; auch den Zuschauern.<\/p>\n\n\n\n<p>Anschlie\u00dfend fand die Siegerehrung statt.<\/p>\n\n\n\n<p>Ergebnis Herren:<\/p>\n\n\n\n<p>1. Platz&nbsp; M\u00fcnch, Thomas, 2. Platz&nbsp; J\u00f6st, Bj\u00f6rn und 3. Platz&nbsp; R\u00f6derer, Jan-Peter<\/p>\n\n\n\n<div class=\"wp-block-image\"><figure class=\"aligncenter\"><a href=\"http:\/\/s710205766.online.de\/ssv-wordpress\/wp-content\/uploads\/IMG_9470.jpg\"><img loading=\"lazy\" decoding=\"async\" width=\"300\" height=\"225\" src=\"http:\/\/s710205766.online.de\/ssv-wordpress\/wp-content\/uploads\/IMG_9470-300x225.jpg\" alt=\"\" class=\"wp-image-3694\" srcset=\"http:\/\/s710205766.online.de\/ssv-wordpress\/wp-content\/uploads\/IMG_9470-300x225.jpg 300w, http:\/\/s710205766.online.de\/ssv-wordpress\/wp-content\/uploads\/IMG_9470-768x576.jpg 768w, http:\/\/s710205766.online.de\/ssv-wordpress\/wp-content\/uploads\/IMG_9470-1024x768.jpg 1024w\" sizes=\"(max-width: 300px) 100vw, 300px\" \/><\/a><\/figure><\/div>\n\n\n\n<p>(Foto privat v.li.) B\u00fcrgermeister P. Reichert, OSM Joho, R\u00f6derer (3. Platz), J\u00f6st (2. Platz),<\/p>\n\n\n\n<p>M\u00fcnch (1. Platz), OSM M\u00fcller und OSM Kre\u00df<\/p>\n\n\n\n<p>Ergebnis Damen:<\/p>\n\n\n\n<p>1. Platz&nbsp; Wrba, Annette, 2. Platz Ostertag-Smith, Marina&nbsp; und 3. Platz Richter, Susanne<\/p>\n\n\n\n<div class=\"wp-block-image\"><figure class=\"aligncenter\"><a href=\"http:\/\/s710205766.online.de\/ssv-wordpress\/wp-content\/uploads\/IMG_9504.jpg\" target=\"_blank\" rel=\"noreferrer noopener\"><img loading=\"lazy\" decoding=\"async\" width=\"300\" height=\"225\" src=\"http:\/\/s710205766.online.de\/ssv-wordpress\/wp-content\/uploads\/IMG_9504-300x225.jpg\" alt=\"\" class=\"wp-image-3683\" srcset=\"http:\/\/s710205766.online.de\/ssv-wordpress\/wp-content\/uploads\/IMG_9504-300x225.jpg 300w, http:\/\/s710205766.online.de\/ssv-wordpress\/wp-content\/uploads\/IMG_9504-768x576.jpg 768w, http:\/\/s710205766.online.de\/ssv-wordpress\/wp-content\/uploads\/IMG_9504-1024x768.jpg 1024w\" sizes=\"(max-width: 300px) 100vw, 300px\" \/><\/a><\/figure><\/div>\n\n\n\n<p>(Foto privat v.li.) B\u00fcrgermeister P. Reichert, OSM M\u00fcller, Richter (3. Platz), Wrba (1. Platz),&nbsp; Ostertag-Smith (2. Platz), OSM Joho und OSM Kre\u00df<\/p>\n\n\n\n<p>Ergebnis Jugend:<\/p>\n\n\n\n<p>1. Platz&nbsp; Benkwitz, Simon. 2. Platz&nbsp; Dalpke, Niklas. 3. Platz M\u00fcnch, Emelie<\/p>\n\n\n\n<div class=\"wp-block-image\"><figure class=\"alignleft\"><a href=\"http:\/\/s710205766.online.de\/ssv-wordpress\/wp-content\/uploads\/IMG_9464-1.jpg\"><img loading=\"lazy\" decoding=\"async\" width=\"225\" height=\"300\" src=\"http:\/\/s710205766.online.de\/ssv-wordpress\/wp-content\/uploads\/IMG_9464-1-225x300.jpg\" alt=\"\" class=\"wp-image-3708\" srcset=\"http:\/\/s710205766.online.de\/ssv-wordpress\/wp-content\/uploads\/IMG_9464-1-225x300.jpg 225w, http:\/\/s710205766.online.de\/ssv-wordpress\/wp-content\/uploads\/IMG_9464-1-768x1024.jpg 768w\" sizes=\"(max-width: 225px) 100vw, 225px\" \/><\/a><\/figure><\/div>\n\n\n\n<div class=\"wp-block-image\"><figure class=\"alignright\"><a href=\"http:\/\/s710205766.online.de\/ssv-wordpress\/wp-content\/uploads\/IMG_9500-e1537700400418.jpg\"><img loading=\"lazy\" decoding=\"async\" width=\"225\" height=\"300\" src=\"http:\/\/s710205766.online.de\/ssv-wordpress\/wp-content\/uploads\/IMG_9500-e1537700400418-225x300.jpg\" alt=\"\" class=\"wp-image-3681\" srcset=\"http:\/\/s710205766.online.de\/ssv-wordpress\/wp-content\/uploads\/IMG_9500-e1537700400418-225x300.jpg 225w, http:\/\/s710205766.online.de\/ssv-wordpress\/wp-content\/uploads\/IMG_9500-e1537700400418-768x1024.jpg 768w\" sizes=\"(max-width: 225px) 100vw, 225px\" \/><\/a><\/figure><\/div>\n\n\n\n<p>(Foto privat links, v.li.) OSM Joho, S. Benkwitz, E. M\u00fcnch und OSM M\u00fcller<\/p>\n\n\n\n<p>(Foto privat rechts, v.li.) OSM M\u00fcller, OSM Joho, N. Dalpke und OSM Kre\u00df<\/p>\n\n\n\n<p>Mannschaftsergebnis Damen:<\/p>\n\n\n\n<p>1. Platz KC Bandenkiller. 2. Platz KC 80 Eberbach. 3. Platz ISV Kailbach<\/p>\n\n\n\n<div class=\"wp-block-image\"><figure class=\"aligncenter\"><a href=\"http:\/\/s710205766.online.de\/ssv-wordpress\/wp-content\/uploads\/IMG_9502.jpg\" target=\"_blank\" rel=\"noreferrer noopener\"><img loading=\"lazy\" decoding=\"async\" width=\"300\" height=\"225\" src=\"http:\/\/s710205766.online.de\/ssv-wordpress\/wp-content\/uploads\/IMG_9502-300x225.jpg\" alt=\"\" class=\"wp-image-3682\" srcset=\"http:\/\/s710205766.online.de\/ssv-wordpress\/wp-content\/uploads\/IMG_9502-300x225.jpg 300w, http:\/\/s710205766.online.de\/ssv-wordpress\/wp-content\/uploads\/IMG_9502-768x576.jpg 768w, http:\/\/s710205766.online.de\/ssv-wordpress\/wp-content\/uploads\/IMG_9502-1024x768.jpg 1024w\" sizes=\"(max-width: 300px) 100vw, 300px\" \/><\/a><\/figure><\/div>\n\n\n\n<p>(Foto v.li.)&nbsp; B\u00fcrgermeister Reichert, OSM M\u00fcller, ISV Kailbach, KC Bandenkiller, KC 80 Eberbach, OSM Joho und OSM Kre\u00df<\/p>\n\n\n\n<p>Mannschaftsergebnis Mixed:<\/p>\n\n\n\n<p>1. Platz Hallodries, 2. Platz ISV Kailbach. 3. Platz Kerwe Club Rockenau<\/p>\n\n\n\n<div class=\"wp-block-image\"><figure class=\"aligncenter\"><a href=\"http:\/\/s710205766.online.de\/ssv-wordpress\/wp-content\/uploads\/IMG_9467.jpg\" target=\"_blank\" rel=\"noreferrer noopener\"><img loading=\"lazy\" decoding=\"async\" width=\"300\" height=\"225\" src=\"http:\/\/s710205766.online.de\/ssv-wordpress\/wp-content\/uploads\/IMG_9467-300x225.jpg\" alt=\"\" class=\"wp-image-3692\" srcset=\"http:\/\/s710205766.online.de\/ssv-wordpress\/wp-content\/uploads\/IMG_9467-300x225.jpg 300w, http:\/\/s710205766.online.de\/ssv-wordpress\/wp-content\/uploads\/IMG_9467-768x576.jpg 768w, http:\/\/s710205766.online.de\/ssv-wordpress\/wp-content\/uploads\/IMG_9467-1024x768.jpg 1024w\" sizes=\"(max-width: 300px) 100vw, 300px\" \/><\/a><\/figure><\/div>\n\n\n\n<p>(Foto privat v.li.) B\u00fcrgermeister Reichert, OSM Joho, Kerwe Club Rockenau, Hallodries, ISV Kailbach, OSM M\u00fcller<\/p>\n\n\n\n<p>Ein besonderer Dank geht an OSM Patrick Joho, der das Finale durchf\u00fchrte. Es war auch f\u00fcr ihn eine Premiere, ein Finale in dieser Form zu moderieren. Alles hat aber toll geklappt und er hat es bravour\u00f6s durchgef\u00fchrt.<\/p>\n\n\n\n<div class=\"wp-block-image\"><figure class=\"aligncenter\"><a href=\"http:\/\/s710205766.online.de\/ssv-wordpress\/wp-content\/uploads\/IMG_9451.jpg\"><img loading=\"lazy\" decoding=\"async\" width=\"300\" height=\"225\" src=\"http:\/\/s710205766.online.de\/ssv-wordpress\/wp-content\/uploads\/IMG_9451-300x225.jpg\" alt=\"\" class=\"wp-image-3697\" srcset=\"http:\/\/s710205766.online.de\/ssv-wordpress\/wp-content\/uploads\/IMG_9451-300x225.jpg 300w, http:\/\/s710205766.online.de\/ssv-wordpress\/wp-content\/uploads\/IMG_9451-768x576.jpg 768w, http:\/\/s710205766.online.de\/ssv-wordpress\/wp-content\/uploads\/IMG_9451-1024x768.jpg 1024w\" sizes=\"(max-width: 300px) 100vw, 300px\" \/><\/a><\/figure><\/div>\n\n\n\n<p>(Foto privat v. li.) OSM und Finalleiter P. Joho, Standaufsicht Steffen Kre\u00df<\/p>\n\n\n\n<p>Es war ein rundherum tolles Finale und ein sch\u00f6ner Abend. Dieser Modus wurde sehr positiv aufgenommen. Der Verein wird dar\u00fcber entscheiden, wie es im n\u00e4chsten Jahr weitergeht. Eines ist jedoch sicher, dass dieses Vereinspokalschie\u00dfen, das schon seit 45 Jahren zum festen Bestandteil des Vereinslebens der Stadt und im Verein geh\u00f6rt, fortgef\u00fchrt wird.<\/p>\n\n\n\n<p>Ein ganz dickes Dankesch\u00f6n an die vielen Helfer, ohne die man so ein Event nicht durchf\u00fchren k\u00f6nnte. Jeden Abend in der Woche in K\u00fcche, an Theke, PC, Auswertung, Schreiber und Aufsichten in der Halle. Man braucht sehr viele Leute und es ist toll, dass der Verein mit seinen Mitgliedern immer wieder solch eine Veranstaltung durchf\u00fchren kann.<\/p>\n\n\n\n<h5 class=\"wp-block-heading\">Weitere Bilder unter in der Galerie.<\/h5>\n\n\n\n<h5 class=\"wp-block-heading\">&nbsp;<\/h5>\n\n\n\n<h6 class=\"wp-block-heading\">23.09.18\/ MW<\/h6>\n\n\n\n<hr class=\"wp-block-separator\"\/>\n\n\n\n<h4 class=\"wp-block-heading\"><strong>ASS BSV: Gold f\u00fcr Gabi und Annette<\/strong><\/h4>\n\n\n\n<p>Beim Alters- und Seniorenschie\u00dfen des BSV in Mannheim waren die Eberbacher Auflagesch\u00fctzen mit 2 Mannschaften vertreten, die altersm\u00e4\u00dfig klassen\u00fcbergreifend gebildet werden konnten. Allerdings wird in Mannheim beim ASS auf Papierscheiben geschossen, das die Eberbacher mittlerweile weniger gew\u00f6hnt sind. Erschwerend kommt hinzu, dass ein Teil der Auflagest\u00e4nder deutlich rechts von der Scheibe montiert sind. Insofern hatte dies bei den Ergebnissen vielleicht einen gewissen Einfluss.<\/p>\n\n\n\n<p>Die 1. Mannschaft kam in der Besetzung Wulfrin Schatz (S3, 299 Ringe, 313,7 Zehntel, Platz 4), Gabriele Hammer-Zeitler (S1w, 296 Ringe, 311,0 Zehntel, Platz 1) und Reinhard Zahn (S 4, 1295 Ringe, 309,3 Zehntel, Platz 5) auf 890 Ringe und Platz 7.<\/p>\n\n\n\n<p>Annette Schatz trat in der S2w als Einzelsch\u00fctzin an und erreichte mit 295 Ringen (Zehntel 309,2)&nbsp; den 1. Platz.<\/p>\n\n\n\n<div class=\"wp-block-image\"><figure class=\"alignleft\"><a href=\"http:\/\/s710205766.online.de\/ssv-wordpress\/wp-content\/uploads\/S-1w.jpg\"><img loading=\"lazy\" decoding=\"async\" width=\"300\" height=\"225\" src=\"http:\/\/s710205766.online.de\/ssv-wordpress\/wp-content\/uploads\/S-1w-300x225.jpg\" alt=\"\" class=\"wp-image-3590\" srcset=\"http:\/\/s710205766.online.de\/ssv-wordpress\/wp-content\/uploads\/S-1w-300x225.jpg 300w, http:\/\/s710205766.online.de\/ssv-wordpress\/wp-content\/uploads\/S-1w-768x576.jpg 768w, http:\/\/s710205766.online.de\/ssv-wordpress\/wp-content\/uploads\/S-1w-1024x768.jpg 1024w\" sizes=\"(max-width: 300px) 100vw, 300px\" \/><\/a><\/figure><\/div>\n\n\n\n<div class=\"wp-block-image\"><figure class=\"alignright\"><a href=\"http:\/\/s710205766.online.de\/ssv-wordpress\/wp-content\/uploads\/S-2w.jpg\"><img loading=\"lazy\" decoding=\"async\" width=\"300\" height=\"225\" src=\"http:\/\/s710205766.online.de\/ssv-wordpress\/wp-content\/uploads\/S-2w-300x225.jpg\" alt=\"\" class=\"wp-image-3591\" srcset=\"http:\/\/s710205766.online.de\/ssv-wordpress\/wp-content\/uploads\/S-2w-300x225.jpg 300w, http:\/\/s710205766.online.de\/ssv-wordpress\/wp-content\/uploads\/S-2w-768x576.jpg 768w, http:\/\/s710205766.online.de\/ssv-wordpress\/wp-content\/uploads\/S-2w-1024x768.jpg 1024w\" sizes=\"(max-width: 300px) 100vw, 300px\" \/><\/a><\/figure><\/div>\n\n\n\n<p>(Foto privat) rechts, Mitte G. Hammer-Zeitler<\/p>\n\n\n\n<p>(Foto privat) unten, rechts&nbsp; A. Schatz<\/p>\n\n\n\n<p>Die 2.Mannschaft, die ausschlie\u00dflich aus Sitzendsch\u00fctzen der S 5 gebildet wurde und die sich intern in Anspielung auf ihr Gesamtalter \u201eDie 237er\u201c nennen, boten beim ihrem ersten Wettkampf in dieser Besetzung mit 879 Ringen ein gutes Deb\u00fct. Als Mannschaftsbester kam Werner Gose mit 297 (309,5 Zehntel) auf den 9. Platz. Vervollst\u00e4ndigt wurde das Mannschaftsergebnis durch Fritz Oe\u00df mit 292 Ringen (307,4 Zehntel) und Franz Zeitler mit 290 Ringen (304,8 Zehntel).<\/p>\n\n\n\n<h6 class=\"wp-block-heading\"><a href=\"http:\/\/s710205766.online.de\/ssv-wordpress\/wp-content\/uploads\/ASS-BSV-2018.pdf\" target=\"_blank\" rel=\"noreferrer noopener\"><strong>Ergebnisse ASS 2018<\/strong><\/a><\/h6>\n\n\n\n<p>15.09.2018 WS<\/p>\n\n\n\n<h4 class=\"wp-block-heading\"><strong>Alters- und Seniorenschiessen der Kreise: <\/strong><\/h4>\n\n\n\n<h4 class=\"wp-block-heading\"><strong>Zweifacher Pokalerfolg f\u00fcr Freihandmannschaft<\/strong><\/h4>\n\n\n\n<p><strong>Auflagemannschaft auf Platz 2 und 3<\/strong><\/p>\n\n\n\n<p>Beim Alters- und Seniorenschie\u00dfen der vier Sch\u00fctzenkreise Neckartal, Schwetzingen, Wiesloch und Heidelberg in Ketsch konnte die Freihandmannschaft ihre beiden Pokale im Wettbewerb KK-Liegend (566 Ringe) und LG (549 Ringe) erfolgreich verteidigen.<\/p>\n\n\n\n<div class=\"wp-block-image\"><figure class=\"alignleft\"><a href=\"http:\/\/s710205766.online.de\/ssv-wordpress\/wp-content\/uploads\/LGMA-1..jpg\" target=\"_blank\" rel=\"noreferrer noopener\"><img loading=\"lazy\" decoding=\"async\" width=\"300\" height=\"225\" src=\"http:\/\/s710205766.online.de\/ssv-wordpress\/wp-content\/uploads\/LGMA-1.-300x225.jpg\" alt=\"\" class=\"wp-image-3561\" srcset=\"http:\/\/s710205766.online.de\/ssv-wordpress\/wp-content\/uploads\/LGMA-1.-300x225.jpg 300w, http:\/\/s710205766.online.de\/ssv-wordpress\/wp-content\/uploads\/LGMA-1.-768x576.jpg 768w, http:\/\/s710205766.online.de\/ssv-wordpress\/wp-content\/uploads\/LGMA-1.-1024x768.jpg 1024w\" sizes=\"(max-width: 300px) 100vw, 300px\" \/><\/a><\/figure><\/div>\n\n\n\n<div class=\"wp-block-image\"><figure class=\"alignright\"><a href=\"http:\/\/s710205766.online.de\/ssv-wordpress\/wp-content\/uploads\/KKLKMA-1..jpg\" target=\"_blank\" rel=\"noreferrer noopener\"><img loading=\"lazy\" decoding=\"async\" width=\"300\" height=\"225\" src=\"http:\/\/s710205766.online.de\/ssv-wordpress\/wp-content\/uploads\/KKLKMA-1.-300x225.jpg\" alt=\"\" class=\"wp-image-3557\" srcset=\"http:\/\/s710205766.online.de\/ssv-wordpress\/wp-content\/uploads\/KKLKMA-1.-300x225.jpg 300w, http:\/\/s710205766.online.de\/ssv-wordpress\/wp-content\/uploads\/KKLKMA-1.-768x576.jpg 768w, http:\/\/s710205766.online.de\/ssv-wordpress\/wp-content\/uploads\/KKLKMA-1.-1024x768.jpg 1024w\" sizes=\"(max-width: 300px) 100vw, 300px\" \/><\/a><\/figure><\/div>\n\n\n\n<p>(Foto privat v. li.) W.-D. Schmitt, A. Reinig, M. Kre\u00df<\/p>\n\n\n\n<p>Auch die Einzelwertung wurde quasi von den Eberbacher Sch\u00fctzen beherrscht. Im Wettbewerb KK-Liegend kam Andreas Reinig mit 194 Ringen (von 200 m\u00f6glichen) auf Platz 1 gefolgt von Martin Kre\u00df mit 192 Ringen auf Platz 3. Wolf-Dieter Schmitt kam mit 180 Ringen auf Platz 5.<\/p>\n\n\n\n<p>Im LG-Wettbewerb erreichte Wolf-Dieter Schmitt mit 188 Ringen Platz 1 vor Andreas Reinig mit 185 Ringen auf Platz 2. Martin Kre\u00df kam mit 176 Ringen auf Platz 6.<\/p>\n\n\n\n<div class=\"wp-block-image\"><figure class=\"alignleft\"><a href=\"http:\/\/s710205766.online.de\/ssv-wordpress\/wp-content\/uploads\/KKLKE.jpg\" target=\"_blank\" rel=\"noreferrer noopener\"><img loading=\"lazy\" decoding=\"async\" width=\"300\" height=\"225\" src=\"http:\/\/s710205766.online.de\/ssv-wordpress\/wp-content\/uploads\/KKLKE-300x225.jpg\" alt=\"\" class=\"wp-image-3562\" srcset=\"http:\/\/s710205766.online.de\/ssv-wordpress\/wp-content\/uploads\/KKLKE-300x225.jpg 300w, http:\/\/s710205766.online.de\/ssv-wordpress\/wp-content\/uploads\/KKLKE-768x576.jpg 768w, http:\/\/s710205766.online.de\/ssv-wordpress\/wp-content\/uploads\/KKLKE-1024x768.jpg 1024w\" sizes=\"(max-width: 300px) 100vw, 300px\" \/><\/a><\/figure><\/div>\n\n\n\n<div class=\"wp-block-image\"><figure class=\"alignright\"><a href=\"http:\/\/s710205766.online.de\/ssv-wordpress\/wp-content\/uploads\/LGE.jpg\" target=\"_blank\" rel=\"noreferrer noopener\"><img loading=\"lazy\" decoding=\"async\" width=\"300\" height=\"225\" src=\"http:\/\/s710205766.online.de\/ssv-wordpress\/wp-content\/uploads\/LGE-300x225.jpg\" alt=\"\" class=\"wp-image-3560\" srcset=\"http:\/\/s710205766.online.de\/ssv-wordpress\/wp-content\/uploads\/LGE-300x225.jpg 300w, http:\/\/s710205766.online.de\/ssv-wordpress\/wp-content\/uploads\/LGE-768x576.jpg 768w, http:\/\/s710205766.online.de\/ssv-wordpress\/wp-content\/uploads\/LGE-1024x768.jpg 1024w\" sizes=\"(max-width: 300px) 100vw, 300px\" \/><\/a><\/figure><\/div>\n\n\n\n<p>Auch die Auflagemannschaft in der Besetzung Annette und Wulfrin Schatz sowie Reinhard Zahn konnte in einem hochklassigen Teilnehmerfeld mit ihren Leistungen recht zufrieden sein. So erreichte die LG-Mannschaft mit ausgezeichneten 596 Ringen hinter Dielheim (599 Ringe) und Oftersheim (596 Ringe) den 3. Platz. Im Wettbewerb KK-Auflage kam die Mannschaft mit 574 Ringen hinter Spechbach auf Platz 2.<\/p>\n\n\n\n<div class=\"wp-block-image\"><figure class=\"alignleft\"><a href=\"http:\/\/s710205766.online.de\/ssv-wordpress\/wp-content\/uploads\/KK50A-2..jpg\" target=\"_blank\" rel=\"noreferrer noopener\"><img loading=\"lazy\" decoding=\"async\" width=\"300\" height=\"225\" src=\"http:\/\/s710205766.online.de\/ssv-wordpress\/wp-content\/uploads\/KK50A-2.-300x225.jpg\" alt=\"\" class=\"wp-image-3563\" srcset=\"http:\/\/s710205766.online.de\/ssv-wordpress\/wp-content\/uploads\/KK50A-2.-300x225.jpg 300w, http:\/\/s710205766.online.de\/ssv-wordpress\/wp-content\/uploads\/KK50A-2.-768x576.jpg 768w, http:\/\/s710205766.online.de\/ssv-wordpress\/wp-content\/uploads\/KK50A-2.-1024x768.jpg 1024w\" sizes=\"(max-width: 300px) 100vw, 300px\" \/><\/a><\/figure><\/div>\n\n\n\n<div class=\"wp-block-image\"><figure class=\"alignright\"><a href=\"http:\/\/s710205766.online.de\/ssv-wordpress\/wp-content\/uploads\/LGA-3..jpg\" target=\"_blank\" rel=\"noreferrer noopener\"><img loading=\"lazy\" decoding=\"async\" width=\"300\" height=\"225\" src=\"http:\/\/s710205766.online.de\/ssv-wordpress\/wp-content\/uploads\/LGA-3.-300x225.jpg\" alt=\"\" class=\"wp-image-3566\" srcset=\"http:\/\/s710205766.online.de\/ssv-wordpress\/wp-content\/uploads\/LGA-3.-300x225.jpg 300w, http:\/\/s710205766.online.de\/ssv-wordpress\/wp-content\/uploads\/LGA-3.-768x576.jpg 768w, http:\/\/s710205766.online.de\/ssv-wordpress\/wp-content\/uploads\/LGA-3.-1024x768.jpg 1024w\" sizes=\"(max-width: 300px) 100vw, 300px\" \/><\/a><\/figure><\/div>\n\n\n\n<p>(Foto privat V. li.) R. Zahn, W. Schatz, A. Schatz<\/p>\n\n\n\n<p>In der Einzelwertung LGS3 kam Wulfrin Schatz mit dem Maximum von 200 Ringen auf Platz 1. Annette Schatz stand ihm mit 199 Ringen kaum nach und erreichte ringgleich mit Platz 1 und 2 den 3. Platz bei den Seniorinnen1. Reinhard Zahl komplettierte mit guten 197 Ringen und Platz 5 in LGS4 das Mannschaftsergebnis.<\/p>\n\n\n\n<div class=\"wp-block-image\"><figure class=\"alignleft\"><a href=\"http:\/\/s710205766.online.de\/ssv-wordpress\/wp-content\/uploads\/LGAS1w.jpg\"><img loading=\"lazy\" decoding=\"async\" width=\"300\" height=\"225\" src=\"http:\/\/s710205766.online.de\/ssv-wordpress\/wp-content\/uploads\/LGAS1w-300x225.jpg\" alt=\"\" class=\"wp-image-3558\" srcset=\"http:\/\/s710205766.online.de\/ssv-wordpress\/wp-content\/uploads\/LGAS1w-300x225.jpg 300w, http:\/\/s710205766.online.de\/ssv-wordpress\/wp-content\/uploads\/LGAS1w-768x576.jpg 768w, http:\/\/s710205766.online.de\/ssv-wordpress\/wp-content\/uploads\/LGAS1w-1024x768.jpg 1024w\" sizes=\"(max-width: 300px) 100vw, 300px\" \/><\/a><\/figure><\/div>\n\n\n\n<div class=\"wp-block-image\"><figure class=\"alignright\"><a href=\"http:\/\/s710205766.online.de\/ssv-wordpress\/wp-content\/uploads\/LGAS3m.jpg\" target=\"_blank\" rel=\"noreferrer noopener\"><img loading=\"lazy\" decoding=\"async\" width=\"225\" height=\"300\" src=\"http:\/\/s710205766.online.de\/ssv-wordpress\/wp-content\/uploads\/LGAS3m-225x300.jpg\" alt=\"\" class=\"wp-image-3559\" srcset=\"http:\/\/s710205766.online.de\/ssv-wordpress\/wp-content\/uploads\/LGAS3m-225x300.jpg 225w, http:\/\/s710205766.online.de\/ssv-wordpress\/wp-content\/uploads\/LGAS3m-768x1024.jpg 768w\" sizes=\"(max-width: 225px) 100vw, 225px\" \/><\/a><\/figure><\/div>\n\n\n\n<p>(Foto privat re.) A. Schatz<\/p>\n\n\n\n<p>(Foto privat) W. Schatz<\/p>\n\n\n\n<p>Mit dem KK-Gewehr kam Wulfrin Schatz trotz 195 Ringen \u201enur\u201c auf Platz 2 bei den Senioren 3. Ebenfalls Platz 2 erreichte Annette Schatz mit 188 Ringen bei den Seniorinnen 1. F\u00fcr Reinhard Zahn reichte es trotz guter 191 Ringe \u201enur\u201c zum 4. Platz bei den Senioren 4.<\/p>\n\n\n\n<div class=\"wp-block-image\"><figure class=\"alignleft\"><a href=\"http:\/\/s710205766.online.de\/ssv-wordpress\/wp-content\/uploads\/KK50AS1w.jpg\" target=\"_blank\" rel=\"noreferrer noopener\"><img loading=\"lazy\" decoding=\"async\" width=\"300\" height=\"225\" src=\"http:\/\/s710205766.online.de\/ssv-wordpress\/wp-content\/uploads\/KK50AS1w-300x225.jpg\" alt=\"\" class=\"wp-image-3564\" srcset=\"http:\/\/s710205766.online.de\/ssv-wordpress\/wp-content\/uploads\/KK50AS1w-300x225.jpg 300w, http:\/\/s710205766.online.de\/ssv-wordpress\/wp-content\/uploads\/KK50AS1w-768x576.jpg 768w, http:\/\/s710205766.online.de\/ssv-wordpress\/wp-content\/uploads\/KK50AS1w-1024x768.jpg 1024w\" sizes=\"(max-width: 300px) 100vw, 300px\" \/><\/a><\/figure><\/div>\n\n\n\n<div class=\"wp-block-image\"><figure class=\"alignright\"><a href=\"http:\/\/s710205766.online.de\/ssv-wordpress\/wp-content\/uploads\/KK50AS3.jpg\" target=\"_blank\" rel=\"noreferrer noopener\"><img loading=\"lazy\" decoding=\"async\" width=\"300\" height=\"225\" src=\"http:\/\/s710205766.online.de\/ssv-wordpress\/wp-content\/uploads\/KK50AS3-300x225.jpg\" alt=\"\" class=\"wp-image-3565\" srcset=\"http:\/\/s710205766.online.de\/ssv-wordpress\/wp-content\/uploads\/KK50AS3-300x225.jpg 300w, http:\/\/s710205766.online.de\/ssv-wordpress\/wp-content\/uploads\/KK50AS3-768x576.jpg 768w, http:\/\/s710205766.online.de\/ssv-wordpress\/wp-content\/uploads\/KK50AS3-1024x768.jpg 1024w\" sizes=\"(max-width: 300px) 100vw, 300px\" \/><\/a><\/figure><\/div>\n\n\n\n<p>(Foto privat li.) A. Schatz<\/p>\n\n\n\n<p>(Foto privat li.) W. Schatz<\/p>\n\n\n\n<h6 class=\"wp-block-heading\"><a href=\"http:\/\/s710205766.online.de\/ssv-wordpress\/wp-content\/uploads\/ASS-Kreise-Tabelle.pdf\" target=\"_blank\" rel=\"noreferrer noopener\"><strong>A&amp;S Kreise Tabelle<\/strong><\/a><\/h6>\n\n\n\n<p>09.09.2018 WS<\/p>\n\n\n\n<hr class=\"wp-block-separator\"\/>\n\n\n\n<h3 class=\"wp-block-heading\"><strong>Deutsche Meisterschaft M\u00fcnchen<\/strong><\/h3>\n\n\n\n<p><strong>23.08.2018 -29.08.2018<\/strong><\/p>\n\n\n\n<p>Zu den diesj\u00e4hrigen Deutschen Meisterschaften in M\u00fcnchen sind am 23.08.2018,<\/p>\n\n\n\n<p>die Sch\u00fctzen, ihre Betreuer und Fans angereist.<\/p>\n\n\n\n<div class=\"wp-block-image\"><figure class=\"aligncenter\"><a href=\"http:\/\/s710205766.online.de\/ssv-wordpress\/wp-content\/uploads\/0818ed02-22d5-478a-8af2-743d0d56adc8.jpg\" target=\"_blank\" rel=\"noreferrer noopener\"><img loading=\"lazy\" decoding=\"async\" width=\"300\" height=\"225\" src=\"http:\/\/s710205766.online.de\/ssv-wordpress\/wp-content\/uploads\/0818ed02-22d5-478a-8af2-743d0d56adc8-300x225.jpg\" alt=\"\" class=\"wp-image-3458\" srcset=\"http:\/\/s710205766.online.de\/ssv-wordpress\/wp-content\/uploads\/0818ed02-22d5-478a-8af2-743d0d56adc8-300x225.jpg 300w, http:\/\/s710205766.online.de\/ssv-wordpress\/wp-content\/uploads\/0818ed02-22d5-478a-8af2-743d0d56adc8-768x576.jpg 768w, http:\/\/s710205766.online.de\/ssv-wordpress\/wp-content\/uploads\/0818ed02-22d5-478a-8af2-743d0d56adc8-1024x768.jpg 1024w, http:\/\/s710205766.online.de\/ssv-wordpress\/wp-content\/uploads\/0818ed02-22d5-478a-8af2-743d0d56adc8.jpg 1600w\" sizes=\"(max-width: 300px) 100vw, 300px\" \/><\/a><\/figure><\/div>\n\n\n\n<p>(Foto privat, v. l.) S. Kre\u00df, K. Liebsch, Max Kre\u00df, M. Walldorf, M. Kre\u00df<\/p>\n\n\n\n<p>Bereits am n\u00e4chsten Tag, Freitag den 24.08.18 durfte Steffen Kre\u00df in der Disziplin KK 3&#215;40 antreten. Er erreichte mit 1095 Ringen den 29. Platz.<\/p>\n\n\n\n<div class=\"wp-block-image\"><figure class=\"aligncenter\"><a href=\"http:\/\/s710205766.online.de\/ssv-wordpress\/wp-content\/uploads\/IMG_9060.jpg\" target=\"_blank\" rel=\"noreferrer noopener\"><img loading=\"lazy\" decoding=\"async\" width=\"279\" height=\"300\" src=\"http:\/\/s710205766.online.de\/ssv-wordpress\/wp-content\/uploads\/IMG_9060-279x300.jpg\" alt=\"\" class=\"wp-image-3490\" srcset=\"http:\/\/s710205766.online.de\/ssv-wordpress\/wp-content\/uploads\/IMG_9060-279x300.jpg 279w, http:\/\/s710205766.online.de\/ssv-wordpress\/wp-content\/uploads\/IMG_9060-768x825.jpg 768w, http:\/\/s710205766.online.de\/ssv-wordpress\/wp-content\/uploads\/IMG_9060-953x1024.jpg 953w\" sizes=\"(max-width: 279px) 100vw, 279px\" \/><\/a><\/figure><\/div>\n\n\n\n<p>(Foto privat v.l.) S. Kre\u00df<\/p>\n\n\n\n<p>Einen Tag sp\u00e4ter, am Samstag, gingen zwei Sch\u00fctzen aus Eberbach, in der Disziplin KK liegend an den Start.<\/p>\n\n\n\n<p>Steffen kam in seiner Klasse Junioren I mit 582 Ringen auf den 23. Platz und Leon Joho in der Klasse Junioren II&nbsp; mit 577 Ringen auf den 24 Platz.<\/p>\n\n\n\n<div class=\"wp-block-image\"><figure class=\"aligncenter\"><a href=\"http:\/\/s710205766.online.de\/ssv-wordpress\/wp-content\/uploads\/3.jpg\" target=\"_blank\" rel=\"noreferrer noopener\"><img loading=\"lazy\" decoding=\"async\" width=\"225\" height=\"300\" src=\"http:\/\/s710205766.online.de\/ssv-wordpress\/wp-content\/uploads\/3-225x300.jpg\" alt=\"\" class=\"wp-image-3475\" srcset=\"http:\/\/s710205766.online.de\/ssv-wordpress\/wp-content\/uploads\/3-225x300.jpg 225w, http:\/\/s710205766.online.de\/ssv-wordpress\/wp-content\/uploads\/3-768x1024.jpg 768w\" sizes=\"(max-width: 225px) 100vw, 225px\" \/><\/a><\/figure><\/div>\n\n\n\n<p>(Foto privat v.l.)&nbsp; S. Kre\u00df, L. Joho<\/p>\n\n\n\n<p>Sonntags kam dann f\u00fcr Steffen die Disziplin Luftgewehr 60 Schu\u00df Zehntelwertung.<\/p>\n\n\n\n<p>Mit einem tollen Ergebnis von 605,1 erreichte er den 18. Platz.<\/p>\n\n\n\n<div class=\"wp-block-image\"><figure class=\"aligncenter\"><a href=\"http:\/\/s710205766.online.de\/ssv-wordpress\/wp-content\/uploads\/6.jpg\" target=\"_blank\" rel=\"noreferrer noopener\"><img loading=\"lazy\" decoding=\"async\" width=\"225\" height=\"300\" src=\"http:\/\/s710205766.online.de\/ssv-wordpress\/wp-content\/uploads\/6-225x300.jpg\" alt=\"\" class=\"wp-image-3478\" srcset=\"http:\/\/s710205766.online.de\/ssv-wordpress\/wp-content\/uploads\/6-225x300.jpg 225w, http:\/\/s710205766.online.de\/ssv-wordpress\/wp-content\/uploads\/6-768x1024.jpg 768w\" sizes=\"(max-width: 225px) 100vw, 225px\" \/><\/a><\/figure><\/div>\n\n\n\n<p>(Foto privat v.l.) S. Kre\u00df<\/p>\n\n\n\n<p>Am Dienstag den 28.08.2018 traten die beiden Jungs zu ihrer letzten Disziplin an.<\/p>\n\n\n\n<p>Beim KK 3&#215;20 kam Steffen mit 544 Ringen auf Platz 28. Leon schaffte tolle 551 Ringen und<\/p>\n\n\n\n<p>kam auf Platz 27.<\/p>\n\n\n\n<figure class=\"wp-block-image\"><a href=\"http:\/\/s710205766.online.de\/ssv-wordpress\/wp-content\/uploads\/IMG_9062.jpg\" target=\"_blank\" rel=\"noreferrer noopener\"><img loading=\"lazy\" decoding=\"async\" width=\"238\" height=\"300\" src=\"http:\/\/s710205766.online.de\/ssv-wordpress\/wp-content\/uploads\/IMG_9062-238x300.jpg\" alt=\"\" class=\"wp-image-3477\" srcset=\"http:\/\/s710205766.online.de\/ssv-wordpress\/wp-content\/uploads\/IMG_9062-238x300.jpg 238w, http:\/\/s710205766.online.de\/ssv-wordpress\/wp-content\/uploads\/IMG_9062-768x967.jpg 768w, http:\/\/s710205766.online.de\/ssv-wordpress\/wp-content\/uploads\/IMG_9062-813x1024.jpg 813w, http:\/\/s710205766.online.de\/ssv-wordpress\/wp-content\/uploads\/IMG_9062.jpg 1638w\" sizes=\"(max-width: 238px) 100vw, 238px\" \/><\/a><\/figure>\n\n\n\n<p>(Foto privat v. l.) N. Scherz<\/p>\n\n\n\n<div class=\"wp-block-image\"><figure class=\"aligncenter\"><a href=\"http:\/\/s710205766.online.de\/ssv-wordpress\/wp-content\/uploads\/1.jpg\" target=\"_blank\" rel=\"noreferrer noopener\"><img loading=\"lazy\" decoding=\"async\" width=\"225\" height=\"300\" src=\"http:\/\/s710205766.online.de\/ssv-wordpress\/wp-content\/uploads\/1-225x300.jpg\" alt=\"\" class=\"wp-image-3488\" srcset=\"http:\/\/s710205766.online.de\/ssv-wordpress\/wp-content\/uploads\/1-225x300.jpg 225w, http:\/\/s710205766.online.de\/ssv-wordpress\/wp-content\/uploads\/1-768x1024.jpg 768w\" sizes=\"(max-width: 225px) 100vw, 225px\" \/><\/a><\/figure><\/div>\n\n\n\n<p>Foto pivat v. l.) S. Kre\u00df, P. Schneider, N. Scherz<\/p>\n\n\n\n<div class=\"wp-block-image\"><figure class=\"alignright\"><a href=\"http:\/\/s710205766.online.de\/ssv-wordpress\/wp-content\/uploads\/IMG_9098.jpg\" target=\"_blank\" rel=\"noreferrer noopener\"><img loading=\"lazy\" decoding=\"async\" width=\"258\" height=\"300\" src=\"http:\/\/s710205766.online.de\/ssv-wordpress\/wp-content\/uploads\/IMG_9098-258x300.jpg\" alt=\"\" class=\"wp-image-3487\" srcset=\"http:\/\/s710205766.online.de\/ssv-wordpress\/wp-content\/uploads\/IMG_9098-258x300.jpg 258w, http:\/\/s710205766.online.de\/ssv-wordpress\/wp-content\/uploads\/IMG_9098-768x894.jpg 768w, http:\/\/s710205766.online.de\/ssv-wordpress\/wp-content\/uploads\/IMG_9098-879x1024.jpg 879w\" sizes=\"(max-width: 258px) 100vw, 258px\" \/><\/a><\/figure><\/div>\n\n\n\n<p>Foto privat v. l.) P. Schneider, S. Kre\u00df, L. Joho<\/p>\n\n\n\n<p>Die Jungs haben tolle Ergebnisse erreicht und wir sind alle stolz auf sie.<\/p>\n\n\n\n<p>Am Dienstag gingen noch weitere Sch\u00fctzen an den Start.<\/p>\n\n\n\n<p>Stephan Sch\u00f6lch ging in der Disziplin KK 3&#215;20 an den Stand. Er scho\u00df<\/p>\n\n\n\n<p>571 Ringe und kam auf Platz 32.<\/p>\n\n\n\n<p>Ebenfalls am Dienstag ging Andreas Reinig f\u00fcr Eberbach an den Start. In der Disziplin Zimmerstutzen erreichte er mit 278 Ringen in seiner Klasse einen super 6 Platz.<\/p>\n\n\n\n<div class=\"wp-block-image\"><figure class=\"aligncenter\"><a href=\"http:\/\/s710205766.online.de\/ssv-wordpress\/wp-content\/uploads\/e4fc4280-76ac-400c-b48d-d50cad59a5e6.jpg\" target=\"_blank\" rel=\"noreferrer noopener\"><img loading=\"lazy\" decoding=\"async\" width=\"225\" height=\"300\" src=\"http:\/\/s710205766.online.de\/ssv-wordpress\/wp-content\/uploads\/e4fc4280-76ac-400c-b48d-d50cad59a5e6-225x300.jpg\" alt=\"\" class=\"wp-image-3474\" srcset=\"http:\/\/s710205766.online.de\/ssv-wordpress\/wp-content\/uploads\/e4fc4280-76ac-400c-b48d-d50cad59a5e6-225x300.jpg 225w, http:\/\/s710205766.online.de\/ssv-wordpress\/wp-content\/uploads\/e4fc4280-76ac-400c-b48d-d50cad59a5e6-768x1024.jpg 768w, http:\/\/s710205766.online.de\/ssv-wordpress\/wp-content\/uploads\/e4fc4280-76ac-400c-b48d-d50cad59a5e6.jpg 1200w\" sizes=\"(max-width: 225px) 100vw, 225px\" \/><\/a><\/figure><\/div>\n\n\n\n<p>(Foto privat v. l.) A. Reinig, K. Liebsch<\/p>\n\n\n\n<p>Noch eine Sch\u00fctzin ging am Dienstag an den Start. Kerstin Liebsch durfte morgens<\/p>\n\n\n\n<p>fr\u00fch um 8 Uhr in der Luftgewehrhalle antreten. Sie erreichte in der Zentelwertung 395,3 Ringe und kam im Einzel auf Platz 21.<\/p>\n\n\n\n<p>Doch als die komplette Mannschaft ihren letzten Schu\u00df abgegeben hatte, war die Freude riesengro\u00df. Sie hatten mit der Mannschaft den 2. Platz und somit<\/p>\n\n\n\n<p>eine Silbermedaille gewonnen.<\/p>\n\n\n\n<p>Ein toller Erfolg und eine gro\u00dfe Freude f\u00fcr die Sch\u00fctzinnen<\/p>\n\n\n\n<p>und ihre Fans.<\/p>\n\n\n\n<div class=\"wp-block-image\"><figure class=\"alignleft\"><a href=\"http:\/\/s710205766.online.de\/ssv-wordpress\/wp-content\/uploads\/IMG_9085.jpg\" target=\"_blank\" rel=\"noreferrer noopener\"><img loading=\"lazy\" decoding=\"async\" width=\"225\" height=\"300\" src=\"http:\/\/s710205766.online.de\/ssv-wordpress\/wp-content\/uploads\/IMG_9085-225x300.jpg\" alt=\"\" class=\"wp-image-3486\" srcset=\"http:\/\/s710205766.online.de\/ssv-wordpress\/wp-content\/uploads\/IMG_9085-225x300.jpg 225w, http:\/\/s710205766.online.de\/ssv-wordpress\/wp-content\/uploads\/IMG_9085-768x1024.jpg 768w\" sizes=\"(max-width: 225px) 100vw, 225px\" \/><\/a><\/figure><\/div>\n\n\n\n<p>(Foto privat) K. Liebsch<\/p>\n\n\n\n<div class=\"wp-block-image\"><figure class=\"aligncenter\"><a href=\"http:\/\/s710205766.online.de\/ssv-wordpress\/wp-content\/uploads\/IMG_9108.jpg\" target=\"_blank\" rel=\"noreferrer noopener\"><img loading=\"lazy\" decoding=\"async\" width=\"189\" height=\"300\" src=\"http:\/\/s710205766.online.de\/ssv-wordpress\/wp-content\/uploads\/IMG_9108-189x300.jpg\" alt=\"\" class=\"wp-image-3469\" srcset=\"http:\/\/s710205766.online.de\/ssv-wordpress\/wp-content\/uploads\/IMG_9108-189x300.jpg 189w, http:\/\/s710205766.online.de\/ssv-wordpress\/wp-content\/uploads\/IMG_9108.jpg 609w\" sizes=\"(max-width: 189px) 100vw, 189px\" \/><\/a><\/figure><\/div>\n\n\n\n<p>(Foto privat v. l.) C. Linzner, K. Liebsch, A. K\u00f6hler-Heil<\/p>\n\n\n\n<div class=\"wp-block-image\"><figure class=\"alignright\"><a href=\"http:\/\/s710205766.online.de\/ssv-wordpress\/wp-content\/uploads\/7.jpg\" target=\"_blank\" rel=\"noreferrer noopener\"><img loading=\"lazy\" decoding=\"async\" width=\"225\" height=\"300\" src=\"http:\/\/s710205766.online.de\/ssv-wordpress\/wp-content\/uploads\/7-225x300.jpg\" alt=\"\" class=\"wp-image-3479\" srcset=\"http:\/\/s710205766.online.de\/ssv-wordpress\/wp-content\/uploads\/7-225x300.jpg 225w, http:\/\/s710205766.online.de\/ssv-wordpress\/wp-content\/uploads\/7-768x1024.jpg 768w\" sizes=\"(max-width: 225px) 100vw, 225px\" \/><\/a><\/figure><\/div>\n\n\n\n<p>(Foto privat) K. Liebsch<\/p>\n\n\n\n<p>Am Mittwoch, den 29.08.18 gingen in der Disziplin Zimmerstutzen noch 3 Sch\u00fctzinnen an den Start. Nina Johe erreichte 267 Ringen und den 83 Platz.<\/p>\n\n\n\n<p>Karina Schneider kam mit 273 Ringen auf den 49. Platz.<\/p>\n\n\n\n<p>Am sp\u00e4ten Nachmittag ging Kerstin Liebsch an den Start und schaffte es doch tats\u00e4chlich mit einem tollen Ergebnis von 377 Ringen auf einen super 5. Platz.<\/p>\n\n\n\n<p>Nach unserer Abfahrt durften noch 2. Jungsch\u00fctzen von Eberbach an den Start.<\/p>\n\n\n\n<p>Betreut wurden sie von den Jugendtrainern und ihren Fans.<\/p>\n\n\n\n<p>Beide Sch\u00fctzen traten in M\u00fcnchen zum ersten Mal an.<\/p>\n\n\n\n<p>Xenia Scherer konnte sich gleich in 3 Disziplinen qualifizieren. Luftgewehr 397,4 Ringe Platz 90. Lufgewehr 3-Stellung 574 Ringe Platz 84. KK 3&#215;20 539 Ringe Platz 76.<\/p>\n\n\n\n<p>Benjamin Dannefelser konnte in seiner Disziplin Luftgewehr bei seinen ersten Deutschen Meisterschaften einen sensationellen 10. Platz erreichen. Er scho\u00df 197,8 Ringe.<\/p>\n\n\n\n<p>Das habt ihr beide toll gemacht.<\/p>\n\n\n\n<div class=\"wp-block-image\"><figure class=\"alignleft\"><a href=\"http:\/\/s710205766.online.de\/ssv-wordpress\/wp-content\/uploads\/3abb4db9-dd23-4bf1-98ff-ab12af3991f2.jpg\" target=\"_blank\" rel=\"noreferrer noopener\"><img loading=\"lazy\" decoding=\"async\" width=\"169\" height=\"300\" src=\"http:\/\/s710205766.online.de\/ssv-wordpress\/wp-content\/uploads\/3abb4db9-dd23-4bf1-98ff-ab12af3991f2-169x300.jpg\" alt=\"\" class=\"wp-image-3550\" srcset=\"http:\/\/s710205766.online.de\/ssv-wordpress\/wp-content\/uploads\/3abb4db9-dd23-4bf1-98ff-ab12af3991f2-169x300.jpg 169w, http:\/\/s710205766.online.de\/ssv-wordpress\/wp-content\/uploads\/3abb4db9-dd23-4bf1-98ff-ab12af3991f2-768x1365.jpg 768w, http:\/\/s710205766.online.de\/ssv-wordpress\/wp-content\/uploads\/3abb4db9-dd23-4bf1-98ff-ab12af3991f2-576x1024.jpg 576w, http:\/\/s710205766.online.de\/ssv-wordpress\/wp-content\/uploads\/3abb4db9-dd23-4bf1-98ff-ab12af3991f2.jpg 842w\" sizes=\"(max-width: 169px) 100vw, 169px\" \/><\/a><\/figure><\/div>\n\n\n\n<div class=\"wp-block-image\"><figure class=\"alignright\"><a href=\"http:\/\/s710205766.online.de\/ssv-wordpress\/wp-content\/uploads\/5d9537e0-210a-49ba-9733-1cf59c4d84e0.jpg\" target=\"_blank\" rel=\"noreferrer noopener\"><img loading=\"lazy\" decoding=\"async\" width=\"169\" height=\"300\" src=\"http:\/\/s710205766.online.de\/ssv-wordpress\/wp-content\/uploads\/5d9537e0-210a-49ba-9733-1cf59c4d84e0-169x300.jpg\" alt=\"\" class=\"wp-image-3551\" srcset=\"http:\/\/s710205766.online.de\/ssv-wordpress\/wp-content\/uploads\/5d9537e0-210a-49ba-9733-1cf59c4d84e0-169x300.jpg 169w, http:\/\/s710205766.online.de\/ssv-wordpress\/wp-content\/uploads\/5d9537e0-210a-49ba-9733-1cf59c4d84e0-768x1365.jpg 768w, http:\/\/s710205766.online.de\/ssv-wordpress\/wp-content\/uploads\/5d9537e0-210a-49ba-9733-1cf59c4d84e0-576x1024.jpg 576w, http:\/\/s710205766.online.de\/ssv-wordpress\/wp-content\/uploads\/5d9537e0-210a-49ba-9733-1cf59c4d84e0.jpg 842w\" sizes=\"(max-width: 169px) 100vw, 169px\" \/><\/a><\/figure><\/div>\n\n\n\n<p>(Foto privat) B. Dannefelser<\/p>\n\n\n\n<p>&nbsp;&nbsp;&nbsp;&nbsp;&nbsp;&nbsp;&nbsp;&nbsp;&nbsp;&nbsp;&nbsp;&nbsp;&nbsp;&nbsp;&nbsp;&nbsp;&nbsp;&nbsp;&nbsp;&nbsp;&nbsp;&nbsp;&nbsp;&nbsp;&nbsp;&nbsp;&nbsp;&nbsp;&nbsp;&nbsp;&nbsp;&nbsp;&nbsp;&nbsp;&nbsp;&nbsp;&nbsp;&nbsp;&nbsp;&nbsp;&nbsp;&nbsp;&nbsp;&nbsp;&nbsp;&nbsp;&nbsp;&nbsp;&nbsp;&nbsp;&nbsp; (Foto privat) X. Scherer<\/p>\n\n\n\n<p>Alle Sch\u00fctzen haben tolle Ergebnisse erreicht und k\u00f6nnen richtig stolz auf sich sein.<\/p>\n\n\n\n<p>Es waren wieder sch\u00f6ne Tage in M\u00fcnchen, mit vielen tollen Eindr\u00fccken, die wir gerne mit nach Hause nehmen.<\/p>\n\n\n\n<p>Wir freuen uns schon auf das n\u00e4chste Jahr, wenn es wieder hei\u00dft, wir fahren auf die<\/p>\n\n\n\n<p>Deutsche nach M\u00fcnchen.<\/p>\n\n\n\n<p>03.09.18\/ MW<\/p>\n\n\n\n<hr class=\"wp-block-separator\"\/>\n\n\n\n<h3 class=\"wp-block-heading\"><strong>Ferienspass beim SSV Eberbach<\/strong><\/h3>\n\n\n\n<p>Am 14.08.2018 hat der SSV Eberbach beim Ferienspa\u00df der<\/p>\n\n\n\n<p>Stadt Eberbach teilgenommen.<\/p>\n\n\n\n<p>6 Jugendliche ab einem Alter von 12 Jahren, 3 Jungen und 3 M\u00e4dchen,<\/p>\n\n\n\n<p>durften im Sch\u00fctzenhaus den Sport kennen lernen.<\/p>\n\n\n\n<div class=\"wp-block-image\"><figure class=\"alignleft\"><a href=\"http:\/\/s710205766.online.de\/ssv-wordpress\/wp-content\/uploads\/ecd9fb6b-f1de-41dc-a9f2-314924bdbd96a.jpg\" target=\"_blank\" rel=\"noreferrer noopener\"><img loading=\"lazy\" decoding=\"async\" width=\"300\" height=\"225\" src=\"http:\/\/s710205766.online.de\/ssv-wordpress\/wp-content\/uploads\/ecd9fb6b-f1de-41dc-a9f2-314924bdbd96a-300x225.jpg\" alt=\"\" class=\"wp-image-3443\" srcset=\"http:\/\/s710205766.online.de\/ssv-wordpress\/wp-content\/uploads\/ecd9fb6b-f1de-41dc-a9f2-314924bdbd96a-300x225.jpg 300w, http:\/\/s710205766.online.de\/ssv-wordpress\/wp-content\/uploads\/ecd9fb6b-f1de-41dc-a9f2-314924bdbd96a-768x576.jpg 768w, http:\/\/s710205766.online.de\/ssv-wordpress\/wp-content\/uploads\/ecd9fb6b-f1de-41dc-a9f2-314924bdbd96a.jpg 1024w\" sizes=\"(max-width: 300px) 100vw, 300px\" \/><\/a><\/figure><\/div>\n\n\n\n<div class=\"wp-block-image\"><figure class=\"alignright\"><a href=\"http:\/\/s710205766.online.de\/ssv-wordpress\/wp-content\/uploads\/15cd58e9-9540-4ae6-a58a-28f356c68733.jpg\" target=\"_blank\" rel=\"noreferrer noopener\"><img loading=\"lazy\" decoding=\"async\" width=\"300\" height=\"281\" src=\"http:\/\/s710205766.online.de\/ssv-wordpress\/wp-content\/uploads\/15cd58e9-9540-4ae6-a58a-28f356c68733-300x281.jpg\" alt=\"\" class=\"wp-image-3441\" srcset=\"http:\/\/s710205766.online.de\/ssv-wordpress\/wp-content\/uploads\/15cd58e9-9540-4ae6-a58a-28f356c68733-300x281.jpg 300w, http:\/\/s710205766.online.de\/ssv-wordpress\/wp-content\/uploads\/15cd58e9-9540-4ae6-a58a-28f356c68733-768x718.jpg 768w, http:\/\/s710205766.online.de\/ssv-wordpress\/wp-content\/uploads\/15cd58e9-9540-4ae6-a58a-28f356c68733.jpg 821w\" sizes=\"(max-width: 300px) 100vw, 300px\" \/><\/a><\/figure><\/div>\n\n\n\n<p>Sie konnten mehrere Disziplinen vom Schiesssport ausprobieren.<\/p>\n\n\n\n<p>Luftgewehr, Luftpistole, Blasrohr schie\u00dfen und Lichtgewehr Biathlon.<\/p>\n\n\n\n<div class=\"wp-block-image\"><figure class=\"alignleft\"><a href=\"http:\/\/s710205766.online.de\/ssv-wordpress\/wp-content\/uploads\/f66b08d3-f46a-4c87-9b7d-92e31aa1f1de.jpg\" target=\"_blank\" rel=\"noreferrer noopener\"><img loading=\"lazy\" decoding=\"async\" width=\"300\" height=\"225\" src=\"http:\/\/s710205766.online.de\/ssv-wordpress\/wp-content\/uploads\/f66b08d3-f46a-4c87-9b7d-92e31aa1f1de-300x225.jpg\" alt=\"\" class=\"wp-image-3442\" srcset=\"http:\/\/s710205766.online.de\/ssv-wordpress\/wp-content\/uploads\/f66b08d3-f46a-4c87-9b7d-92e31aa1f1de-300x225.jpg 300w, http:\/\/s710205766.online.de\/ssv-wordpress\/wp-content\/uploads\/f66b08d3-f46a-4c87-9b7d-92e31aa1f1de-768x576.jpg 768w, http:\/\/s710205766.online.de\/ssv-wordpress\/wp-content\/uploads\/f66b08d3-f46a-4c87-9b7d-92e31aa1f1de.jpg 1024w\" sizes=\"(max-width: 300px) 100vw, 300px\" \/><\/a><\/figure><\/div>\n\n\n\n<div class=\"wp-block-image\"><figure class=\"alignright\"><a href=\"http:\/\/s710205766.online.de\/ssv-wordpress\/wp-content\/uploads\/d3c6268d-82ad-427c-9231-17b361ecb683.jpg\" target=\"_blank\" rel=\"noreferrer noopener\"><img loading=\"lazy\" decoding=\"async\" width=\"300\" height=\"225\" src=\"http:\/\/s710205766.online.de\/ssv-wordpress\/wp-content\/uploads\/d3c6268d-82ad-427c-9231-17b361ecb683-300x225.jpg\" alt=\"\" class=\"wp-image-3444\" srcset=\"http:\/\/s710205766.online.de\/ssv-wordpress\/wp-content\/uploads\/d3c6268d-82ad-427c-9231-17b361ecb683-300x225.jpg 300w, http:\/\/s710205766.online.de\/ssv-wordpress\/wp-content\/uploads\/d3c6268d-82ad-427c-9231-17b361ecb683-768x576.jpg 768w, http:\/\/s710205766.online.de\/ssv-wordpress\/wp-content\/uploads\/d3c6268d-82ad-427c-9231-17b361ecb683.jpg 1024w\" sizes=\"(max-width: 300px) 100vw, 300px\" \/><\/a><\/figure><\/div>\n\n\n\n<p>Ausserdem bekamen sie die spezielle Schiessbekleidung, Schuhe, Handschuhe und<\/p>\n\n\n\n<p>Schie\u00dfbrillen vorgef\u00fchrt.<\/p>\n\n\n\n<p>Bei leckeren Hot Dogs und Getr\u00e4nken wurde noch viel erkl\u00e4rt und erz\u00e4hlt.<\/p>\n\n\n\n<p>Nach Aussagen der Jugendlichen, war es ein interessanter und lehrreicher Nachmittag, den der Sch\u00fctzenverein im n\u00e4chsten Jahr gerne wieder anbieten wird.<\/p>\n\n\n\n<p>21.08.18\/ MW<\/p>\n\n\n\n<hr class=\"wp-block-separator\"\/>\n\n\n\n<h4 class=\"wp-block-heading\"><strong>Finale RWK KK-Auflage <\/strong><\/h4>\n\n\n\n<p><strong>Eberbach 1 RWK-Sieger A-Klasse, Eberbach 3 wird Dritter der B-Klasse<\/strong><\/p>\n\n\n\n<p>Der zentrale Finalwettkampf der KK-Auflagesch\u00fctzen hatte f\u00fcr die Sch\u00fctzen des SSV Eberbach ein positives Endergebnis, wenngleich \u00fcberraschende Ergebnisse f\u00fcr spannende Wettk\u00e4mpfe und Platzierungen sorgten.<\/p>\n\n\n\n<p>Die 1. Mannschaft war als Tabellenf\u00fchrer der A-Klasse mit einem Vorsprung von 6 Ringen auf Spechbach 1 angetreten. Nach dem urlaubsbedingten Ausfall von Lothar Braun kam Reinhard Zahn in die Mannschaft, der mit 287 Ringen seine konstanten Leistungen aus der zweiten Mannschaft best\u00e4tigen konnte. Gabi Hammer-Zeitler schoss mit 291 Ringen wieder ihre gewohnte Leistung. Wulfrin Schatz kam nach dem Missgeschick beim letzten Wettkampf mit neuem Korntunnel mit 296 Ringen wieder an seine erw\u00fcnschten Leistungen heran, so dass f\u00fcr die Mannschaft unter dem Strich 874 Ringe zu Buche standen. Da Spechbach 1 ebenfalls auf 874 Ringe kam, blieb der Vorsprung der Eberbacher erhalten und der Rundenwettkampfsieg stand mit eben den 6 Ringen Vorsprung fest und der Vorjahressieg konnte mit einem Durchschnitt von 873 Ringen (Steigerung gegen\u00fcber Vorjahr 8 Ringe) wiederholt werden.<\/p>\n\n\n\n<div class=\"wp-block-image\"><figure class=\"aligncenter\"><a href=\"http:\/\/s710205766.online.de\/ssv-wordpress\/wp-content\/uploads\/MA-1-1.jpg\" target=\"_blank\" rel=\"noreferrer noopener\"><img loading=\"lazy\" decoding=\"async\" width=\"279\" height=\"300\" src=\"http:\/\/s710205766.online.de\/ssv-wordpress\/wp-content\/uploads\/MA-1-1-279x300.jpg\" alt=\"\" class=\"wp-image-3356\" srcset=\"http:\/\/s710205766.online.de\/ssv-wordpress\/wp-content\/uploads\/MA-1-1-279x300.jpg 279w, http:\/\/s710205766.online.de\/ssv-wordpress\/wp-content\/uploads\/MA-1-1-768x826.jpg 768w, http:\/\/s710205766.online.de\/ssv-wordpress\/wp-content\/uploads\/MA-1-1-952x1024.jpg 952w\" sizes=\"(max-width: 279px) 100vw, 279px\" \/><\/a><\/figure><\/div>\n\n\n\n<p>(Foto privat v. li.) G. Hammer-Zeitler, W. Schatz, R. Zahn. Es fehlt L. Braun<\/p>\n\n\n\n<p>Der Kampf um die Meisterschaft der B-Klasse war vor dem abschlie\u00dfenden Finalwettkampf denkbar knapp. Brombach als Tabellenf\u00fchrer hatte nur 2 Ringe Vorsprung vor Eberbach 3, die wiederum lediglich 7 Ringe vor Spechbach 2 lagen. Um die Chancen der Eberbacher auf die Meisterschaft zu wahren, wurde die Mannschaft unver\u00e4ndert gelassen. Leider kamen Annette Schatz und Anneliese Gliese diesmal mit 284 und 272 Ringen nicht ganz zurecht. Thomas B\u00e4uerle dagegen erreichte gute 280 Ringe. Als Mannschaftsergebnis standen daher aber auch nur 836 Ringe auf dem Konto. Gegen\u00fcber Spechbach 2 wurden dadurch 8 Ringe verloren und gegen\u00fcber Brombach 3 Ringe. Im Endergebnis kam damit Eberbach 3 bei 5.080 Ringen und einem Schnitt von 846,67 Ringen mit 5 Ringen R\u00fcckstand auf Brombach und einem Ring R\u00fcckstand auf Spechbach 2 auf den dritten Platz. Trotzdem war der erste Einsatz einer dritten Eberbach Mannschaft ein erfolgreiches Deb\u00fct, welches auch in den Gesichtern der Mannschaftsch\u00fctzen zum Ausdruck kam.<\/p>\n\n\n\n<div class=\"wp-block-image\"><figure class=\"aligncenter\"><a href=\"http:\/\/s710205766.online.de\/ssv-wordpress\/wp-content\/uploads\/MA-3.jpg\" target=\"_blank\" rel=\"noreferrer noopener\"><img loading=\"lazy\" decoding=\"async\" width=\"300\" height=\"225\" src=\"http:\/\/s710205766.online.de\/ssv-wordpress\/wp-content\/uploads\/MA-3-300x225.jpg\" alt=\"\" class=\"wp-image-3357\" srcset=\"http:\/\/s710205766.online.de\/ssv-wordpress\/wp-content\/uploads\/MA-3-300x225.jpg 300w, http:\/\/s710205766.online.de\/ssv-wordpress\/wp-content\/uploads\/MA-3-768x576.jpg 768w, http:\/\/s710205766.online.de\/ssv-wordpress\/wp-content\/uploads\/MA-3-1024x768.jpg 1024w\" sizes=\"(max-width: 300px) 100vw, 300px\" \/><\/a><\/figure><\/div>\n\n\n\n<p>(Foto pivat v. li.) T. B\u00e4uerle, A. Gliese, A. Schatz.<\/p>\n\n\n\n<p>Leidtragender des urlaubsbedingten Ausfalls von Lothar Braun war die 2. Mannschaft in der A-Klasse. Ihr Ringzahlvorsprung vor den Mannschaften der B-Klasse war jedoch aufgrund ihrer super Leistungen in den ersten 5 Wettk\u00e4mpfen so komfortabel, dass auch eine taktische Mannschaftumstellung keine Abstiegsgefahr bedeutete. Dementsprechend kam Franz Zeitler mit 265 Ringen zum Einsatz. Bei Klaus Bickel lief es dagegen mit 272 Ringen \u00fcberhaupt nicht. Fritz Oe\u00df schloss seine konstant gute Runde mit 287 Ringen ab. Mit dem Mannschaftsergebnis von 824 Ringen fiel die Mannschaft dann zwar mit einem Schnitt von 855,67 Ringen (Steigerung gegen\u00fcber Vorjahr trotzdem noch 4 Ringe) auf den 4. und letzten Platz der A-Klasse zur\u00fcck, blieb aber mit 49 Ringen Vorsprung vor dem Meister der der B-Klasse vor dem Abstieg verschont.<\/p>\n\n\n\n<div class=\"wp-block-image\"><figure class=\"aligncenter\"><a href=\"http:\/\/s710205766.online.de\/ssv-wordpress\/wp-content\/uploads\/MA-2.jpg\" target=\"_blank\" rel=\"noreferrer noopener\"><img loading=\"lazy\" decoding=\"async\" width=\"300\" height=\"225\" src=\"http:\/\/s710205766.online.de\/ssv-wordpress\/wp-content\/uploads\/MA-2-300x225.jpg\" alt=\"\" class=\"wp-image-3358\" srcset=\"http:\/\/s710205766.online.de\/ssv-wordpress\/wp-content\/uploads\/MA-2-300x225.jpg 300w, http:\/\/s710205766.online.de\/ssv-wordpress\/wp-content\/uploads\/MA-2-768x576.jpg 768w, http:\/\/s710205766.online.de\/ssv-wordpress\/wp-content\/uploads\/MA-2-1024x768.jpg 1024w\" sizes=\"(max-width: 300px) 100vw, 300px\" \/><\/a><\/figure><\/div>\n\n\n\n<p>(Foto privat v.li.) K. BIckel, F. Zeitler, F. Oe\u00df, R. Zahn, W. Gose.<\/p>\n\n\n\n<p>In der Einzelwertung aller teilnehmenden 35 Sch\u00fctzen und Sch\u00fctzinnen mit insgesamt 6 Wettk\u00e4mpfen belegte Wulfrin Schatz mit einem Schnitt von 293,67 Ringen erneut Platz 1. Gabriele Hammer-Zeitler und Lothar Braun folgen mit 290,17 Ringen und 290 Ringen auf den Pl\u00e4tzen 4 und 6. Reinhard Zahn (288,50 R.), Fritz Oe\u00df (287,67 R.), Annette Schatz (286,67 R.) und Klaus Bickel (285,33 R.) folgen auf den Pl\u00e4tzen 10-13. Thomas B\u00e4uerle kam mit 279,17 R. auf Platz 17, Anneliese Gliese mit 278,83 R. auf Platz 19 und Franz Zeitler mit 267 R. auf Platz 26.<\/p>\n\n\n\n<div class=\"wp-block-image\"><figure class=\"aligncenter\"><a href=\"http:\/\/s710205766.online.de\/ssv-wordpress\/wp-content\/uploads\/EW.jpg\" target=\"_blank\" rel=\"noreferrer noopener\"><img loading=\"lazy\" decoding=\"async\" width=\"300\" height=\"225\" src=\"http:\/\/s710205766.online.de\/ssv-wordpress\/wp-content\/uploads\/EW-300x225.jpg\" alt=\"\" class=\"wp-image-3359\" srcset=\"http:\/\/s710205766.online.de\/ssv-wordpress\/wp-content\/uploads\/EW-300x225.jpg 300w, http:\/\/s710205766.online.de\/ssv-wordpress\/wp-content\/uploads\/EW-768x576.jpg 768w, http:\/\/s710205766.online.de\/ssv-wordpress\/wp-content\/uploads\/EW-1024x768.jpg 1024w\" sizes=\"(max-width: 300px) 100vw, 300px\" \/><\/a><\/figure><\/div>\n\n\n\n<p>(Foto privat v.li.) Kreissch\u00fctzenmeister R. Zahn, H-J. Kopietz, W. Schatz, H. Schulz, Gewehrreferent J. Herbold<\/p>\n\n\n\n<p>Zum Abschluss der Rundenwettk\u00e4mpfe gilt ein besonderer Dank an den \u201eguten Geist\u201c Werner Gose, der obwohl kein KK-Sch\u00fctze bei allen Wettk\u00e4mpfen den Sch\u00fctzen hilfreich zur Seite stand und insbesondere bei Heimwettk\u00e4mpfen durch sein Engagement zum positiven Gelinden der Rundenwettk\u00e4mpfe beitrug. Dank gilt auch den Sch\u00fctzen, deren Sicherstellung der Verpflegung bei Heimwettk\u00e4mpfen nicht nur den Sch\u00fctzen, sondern auch dem SSV Eberbach zu Gute kamen.<\/p>\n\n\n\n<p>24.07.2018\/ WS<\/p>\n\n\n\n<h1 class=\"wp-block-heading\"><strong>Zimmerstutzen Turnier 2018<\/strong><\/h1>\n\n\n\n<p>Am 21. Juli 2018 fand unser traditionelles Zimmerstutzen Turnier statt. Es gingen 11 Sch\u00fctzen an den Start, davon 3 Auflage Sch\u00fctzen.<\/p>\n\n\n\n<p>Auf der elektronischen Anlage konnten die Stutzler ihr K\u00f6nnen beweisen.<\/p>\n\n\n\n<div class=\"wp-block-image\"><figure class=\"aligncenter\"><a href=\"http:\/\/s710205766.online.de\/ssv-wordpress\/wp-content\/uploads\/IMG_8917.jpg\" target=\"_blank\" rel=\"noreferrer noopener\"><img loading=\"lazy\" decoding=\"async\" width=\"300\" height=\"190\" src=\"http:\/\/s710205766.online.de\/ssv-wordpress\/wp-content\/uploads\/IMG_8917-300x190.jpg\" alt=\"\" class=\"wp-image-3261\" srcset=\"http:\/\/s710205766.online.de\/ssv-wordpress\/wp-content\/uploads\/IMG_8917-300x190.jpg 300w, http:\/\/s710205766.online.de\/ssv-wordpress\/wp-content\/uploads\/IMG_8917-768x487.jpg 768w, http:\/\/s710205766.online.de\/ssv-wordpress\/wp-content\/uploads\/IMG_8917-1024x650.jpg 1024w\" sizes=\"(max-width: 300px) 100vw, 300px\" \/><\/a><\/figure><\/div>\n\n\n\n<p>Bei den Auflage Auflage Sch\u00fctzen kam Gabi Hammer-Zeitler mit 261 Ringe auf den 1. Platz.<\/p>\n\n\n\n<p>Ihr folgte auf dem 2. Platz Fritz Oe\u00df mit 257 Ringen.<\/p>\n\n\n\n<p>Thomas B\u00e4uerle machte das Trio komplett, mit 254 Ringen.<\/p>\n\n\n\n<div class=\"wp-block-image\"><figure class=\"aligncenter\"><a href=\"http:\/\/s710205766.online.de\/ssv-wordpress\/wp-content\/uploads\/IMG_8925.jpg\" target=\"_blank\" rel=\"noreferrer noopener\"><img loading=\"lazy\" decoding=\"async\" width=\"265\" height=\"300\" src=\"http:\/\/s710205766.online.de\/ssv-wordpress\/wp-content\/uploads\/IMG_8925-265x300.jpg\" alt=\"\" class=\"wp-image-3269\" srcset=\"http:\/\/s710205766.online.de\/ssv-wordpress\/wp-content\/uploads\/IMG_8925-265x300.jpg 265w, http:\/\/s710205766.online.de\/ssv-wordpress\/wp-content\/uploads\/IMG_8925-768x871.jpg 768w, http:\/\/s710205766.online.de\/ssv-wordpress\/wp-content\/uploads\/IMG_8925-903x1024.jpg 903w\" sizes=\"(max-width: 265px) 100vw, 265px\" \/><\/a><\/figure><\/div>\n\n\n\n<p>(Foto privat, v.li. F. Oe\u00df, G. Hammer-Zeitler und T. B\u00e4uerle<\/p>\n\n\n\n<p>Bei den freischie\u00dfenden Zimmerstutzlern kam Nina Johe mit einem tollen Ergebnis, 273 Ringen, auf den 1. Platz. An 2. Stelle mit 260 Ringen folgte Steffen Kre\u00df. Sein Bruder Max erreichte mit 255 Ringen den 3. Platz.<\/p>\n\n\n\n<div class=\"wp-block-image\"><figure class=\"aligncenter\"><a href=\"http:\/\/s710205766.online.de\/ssv-wordpress\/wp-content\/uploads\/IMG_8927.jpg\" target=\"_blank\" rel=\"noreferrer noopener\"><img loading=\"lazy\" decoding=\"async\" width=\"265\" height=\"300\" src=\"http:\/\/s710205766.online.de\/ssv-wordpress\/wp-content\/uploads\/IMG_8927-265x300.jpg\" alt=\"\" class=\"wp-image-3271\" srcset=\"http:\/\/s710205766.online.de\/ssv-wordpress\/wp-content\/uploads\/IMG_8927-265x300.jpg 265w, http:\/\/s710205766.online.de\/ssv-wordpress\/wp-content\/uploads\/IMG_8927-768x870.jpg 768w, http:\/\/s710205766.online.de\/ssv-wordpress\/wp-content\/uploads\/IMG_8927-904x1024.jpg 904w\" sizes=\"(max-width: 265px) 100vw, 265px\" \/><\/a><\/figure><\/div>\n\n\n\n<p>(Foto privat v. li. M. Kre\u00df, N. Johe und S. Kre\u00df<\/p>\n\n\n\n<p>Mit einem gem\u00fctlichen Beisammensein und einem leckeren Vesper ging dieser Tag zu Ende.<\/p>\n\n\n\n<div class=\"wp-block-image\"><figure class=\"alignleft\"><a href=\"http:\/\/s710205766.online.de\/ssv-wordpress\/wp-content\/uploads\/IMG_8932.jpg\" target=\"_blank\" rel=\"noreferrer noopener\"><img loading=\"lazy\" decoding=\"async\" width=\"300\" height=\"225\" src=\"http:\/\/s710205766.online.de\/ssv-wordpress\/wp-content\/uploads\/IMG_8932-300x225.jpg\" alt=\"\" class=\"wp-image-3278\" srcset=\"http:\/\/s710205766.online.de\/ssv-wordpress\/wp-content\/uploads\/IMG_8932-300x225.jpg 300w, http:\/\/s710205766.online.de\/ssv-wordpress\/wp-content\/uploads\/IMG_8932-768x576.jpg 768w, http:\/\/s710205766.online.de\/ssv-wordpress\/wp-content\/uploads\/IMG_8932-1024x768.jpg 1024w\" sizes=\"(max-width: 300px) 100vw, 300px\" \/><\/a><\/figure><\/div>\n\n\n\n<div class=\"wp-block-image\"><figure class=\"aligncenter\"><a href=\"http:\/\/s710205766.online.de\/ssv-wordpress\/wp-content\/uploads\/IMG_8935.jpg\" target=\"_blank\" rel=\"noreferrer noopener\"><img loading=\"lazy\" decoding=\"async\" width=\"300\" height=\"225\" src=\"http:\/\/s710205766.online.de\/ssv-wordpress\/wp-content\/uploads\/IMG_8935-300x225.jpg\" alt=\"\" class=\"wp-image-3281\" srcset=\"http:\/\/s710205766.online.de\/ssv-wordpress\/wp-content\/uploads\/IMG_8935-300x225.jpg 300w, http:\/\/s710205766.online.de\/ssv-wordpress\/wp-content\/uploads\/IMG_8935-768x576.jpg 768w, http:\/\/s710205766.online.de\/ssv-wordpress\/wp-content\/uploads\/IMG_8935-1024x768.jpg 1024w\" sizes=\"(max-width: 300px) 100vw, 300px\" \/><\/a><\/figure><\/div>\n\n\n\n<div class=\"wp-block-image\"><figure class=\"alignright\"><a href=\"http:\/\/s710205766.online.de\/ssv-wordpress\/wp-content\/uploads\/IMG_8934.jpg\" target=\"_blank\" rel=\"noreferrer noopener\"><img loading=\"lazy\" decoding=\"async\" width=\"300\" height=\"225\" src=\"http:\/\/s710205766.online.de\/ssv-wordpress\/wp-content\/uploads\/IMG_8934-300x225.jpg\" alt=\"\" class=\"wp-image-3280\" srcset=\"http:\/\/s710205766.online.de\/ssv-wordpress\/wp-content\/uploads\/IMG_8934-300x225.jpg 300w, http:\/\/s710205766.online.de\/ssv-wordpress\/wp-content\/uploads\/IMG_8934-768x576.jpg 768w, http:\/\/s710205766.online.de\/ssv-wordpress\/wp-content\/uploads\/IMG_8934-1024x768.jpg 1024w\" sizes=\"(max-width: 300px) 100vw, 300px\" \/><\/a><\/figure><\/div>\n\n\n\n<p>Die Teilnehmer sind sich einig, das wir dieses traditionelle Turnier im n\u00e4chsten Jahr wieder durchf\u00fchren werden.<\/p>\n\n\n\n<div class=\"wp-block-image\"><figure class=\"aligncenter\"><a href=\"http:\/\/s710205766.online.de\/ssv-wordpress\/wp-content\/uploads\/IMG_8922.jpg\" target=\"_blank\" rel=\"noreferrer noopener\"><img loading=\"lazy\" decoding=\"async\" width=\"1024\" height=\"768\" src=\"http:\/\/s710205766.online.de\/ssv-wordpress\/wp-content\/uploads\/IMG_8922-1024x768.jpg\" alt=\"\" class=\"wp-image-3272\" srcset=\"http:\/\/s710205766.online.de\/ssv-wordpress\/wp-content\/uploads\/IMG_8922-1024x768.jpg 1024w, http:\/\/s710205766.online.de\/ssv-wordpress\/wp-content\/uploads\/IMG_8922-300x225.jpg 300w, http:\/\/s710205766.online.de\/ssv-wordpress\/wp-content\/uploads\/IMG_8922-768x576.jpg 768w\" sizes=\"(max-width: 1024px) 100vw, 1024px\" \/><\/a><\/figure><\/div>\n\n\n\n<p>(Foto privat v. li. T. B\u00e4uerle, G. Hammer-Zeitler, F. Oe\u00df, K. Kre\u00df, S. K\u00fcller, N. Johe, W.-D. Schmitt, M. Kre\u00df, M. Kre\u00df, T. M\u00fcller, S. Kre\u00df<\/p>\n\n\n\n<p>Die kompletten Ergebnisse sind in Unser Sport\/ Turniere\/ Zimmerstutzen Turnier zu finden.<\/p>\n\n\n\n<p>In der Galerie sind alle Bilder des Turniers anzusehen.<\/p>\n\n\n\n<p>210718\/MW<\/p>\n\n\n\n<h2 class=\"wp-block-heading\"><strong>Landesmeisterschaften 2018 f\u00fcr die Eberbacher Sch\u00fctzen<\/strong><\/h2>\n\n\n\n<p>Am 09. Juni &#8211; 08. Juli fanden f\u00fcr die Eberbacher Sch\u00fctzen wieder die Landesmeisterschaften statt.<\/p>\n\n\n\n<p>In Pforzheim, Ettlingen, Ittersbach, Dossenheim und Laudenbach durften unsere Sch\u00fctzen<\/p>\n\n\n\n<p>ihre Meisterschaften durchf\u00fchren.<\/p>\n\n\n\n<p>In Ittersbach und Pforzheim konnten die Jugendlichen ihr K\u00f6nnen beweisen. Sie brachten insgesamt 1 x Gold, 5 x Silber und 5 x Bronze mit nach Hause. Das habt ihr toll gemacht.<\/p>\n\n\n\n<div class=\"wp-block-image\"><figure class=\"aligncenter\"><a href=\"http:\/\/s710205766.online.de\/ssv-wordpress\/wp-content\/uploads\/P1000819.jpg\" target=\"_blank\" rel=\"noreferrer noopener\"><img loading=\"lazy\" decoding=\"async\" width=\"300\" height=\"225\" src=\"http:\/\/s710205766.online.de\/ssv-wordpress\/wp-content\/uploads\/P1000819-300x225.jpg\" alt=\"\" class=\"wp-image-3124\" srcset=\"http:\/\/s710205766.online.de\/ssv-wordpress\/wp-content\/uploads\/P1000819-300x225.jpg 300w, http:\/\/s710205766.online.de\/ssv-wordpress\/wp-content\/uploads\/P1000819-768x576.jpg 768w, http:\/\/s710205766.online.de\/ssv-wordpress\/wp-content\/uploads\/P1000819-1024x768.jpg 1024w\" sizes=\"(max-width: 300px) 100vw, 300px\" \/><\/a><\/figure><\/div>\n\n\n\n<p>(Foto privat v.li.) L. Joho, M. Kre\u00df, X. Scherer, S. Kre\u00df. Es fehlt T. V\u00f6lker.<\/p>\n\n\n\n<div class=\"wp-block-image\"><figure class=\"alignright\"><a href=\"http:\/\/s710205766.online.de\/ssv-wordpress\/wp-content\/uploads\/d0d661ba-fd5a-44fc-84bd-c20726b93eba.jpg\" target=\"_blank\" rel=\"noreferrer noopener\"><img loading=\"lazy\" decoding=\"async\" width=\"300\" height=\"169\" src=\"http:\/\/s710205766.online.de\/ssv-wordpress\/wp-content\/uploads\/d0d661ba-fd5a-44fc-84bd-c20726b93eba-300x169.jpg\" alt=\"\" class=\"wp-image-3042\" srcset=\"http:\/\/s710205766.online.de\/ssv-wordpress\/wp-content\/uploads\/d0d661ba-fd5a-44fc-84bd-c20726b93eba-300x169.jpg 300w, http:\/\/s710205766.online.de\/ssv-wordpress\/wp-content\/uploads\/d0d661ba-fd5a-44fc-84bd-c20726b93eba-768x432.jpg 768w, http:\/\/s710205766.online.de\/ssv-wordpress\/wp-content\/uploads\/d0d661ba-fd5a-44fc-84bd-c20726b93eba-1024x576.jpg 1024w, http:\/\/s710205766.online.de\/ssv-wordpress\/wp-content\/uploads\/d0d661ba-fd5a-44fc-84bd-c20726b93eba.jpg 1600w\" sizes=\"(max-width: 300px) 100vw, 300px\" \/><\/a><\/figure><\/div>\n\n\n\n<p>(Foto privat v. li.) B. Dannefelser, K. Schatz, A. Demirci<\/p>\n\n\n\n<p>Einen extra Dank an die beiden Jugendleiter T. M\u00fcller und P. Joho. Ohne deren Einsatz \u00fcber das ganze Jahr hinweg und w\u00e4hrend den Meisterschaften, k\u00f6nnten unsere Jugendlichen nicht zu solchen Erfolgen kommen.<\/p>\n\n\n\n<p>Die Auflage Sch\u00fctzen gewannen in Ettlingen und Laudenbach &nbsp;insgesamt 3 x Gold, 4 x Silber und 7 x Bronze.<\/p>\n\n\n\n<div class=\"wp-block-image\"><figure class=\"alignleft\"><a href=\"http:\/\/s710205766.online.de\/ssv-wordpress\/wp-content\/uploads\/KK-100-Sen-III.jpg\" target=\"_blank\" rel=\"noreferrer noopener\"><img loading=\"lazy\" decoding=\"async\" width=\"300\" height=\"225\" src=\"http:\/\/s710205766.online.de\/ssv-wordpress\/wp-content\/uploads\/KK-100-Sen-III-300x225.jpg\" alt=\"\" class=\"wp-image-3069\" srcset=\"http:\/\/s710205766.online.de\/ssv-wordpress\/wp-content\/uploads\/KK-100-Sen-III-300x225.jpg 300w, http:\/\/s710205766.online.de\/ssv-wordpress\/wp-content\/uploads\/KK-100-Sen-III-768x576.jpg 768w, http:\/\/s710205766.online.de\/ssv-wordpress\/wp-content\/uploads\/KK-100-Sen-III-1024x768.jpg 1024w\" sizes=\"(max-width: 300px) 100vw, 300px\" \/><\/a><\/figure><\/div>\n\n\n\n<p>(Foto privat v.li.) F. Oe\u00df, F. Zeitler, W. Schatz, A. Schatz, G. Hammer-Zeitler.<\/p>\n\n\n\n<p>Es fehlen auf dem Fotot:&nbsp; L. Braun, W. Gose. K. Bickel, A. Gliese.<\/p>\n\n\n\n<div class=\"wp-block-image\"><figure class=\"aligncenter\"><a href=\"http:\/\/s710205766.online.de\/ssv-wordpress\/wp-content\/uploads\/IMG_8801.jpg\"><img loading=\"lazy\" decoding=\"async\" width=\"214\" height=\"300\" src=\"http:\/\/s710205766.online.de\/ssv-wordpress\/wp-content\/uploads\/IMG_8801-214x300.jpg\" alt=\"\" class=\"wp-image-3098\" srcset=\"http:\/\/s710205766.online.de\/ssv-wordpress\/wp-content\/uploads\/IMG_8801-214x300.jpg 214w, http:\/\/s710205766.online.de\/ssv-wordpress\/wp-content\/uploads\/IMG_8801-768x1078.jpg 768w, http:\/\/s710205766.online.de\/ssv-wordpress\/wp-content\/uploads\/IMG_8801-730x1024.jpg 730w, http:\/\/s710205766.online.de\/ssv-wordpress\/wp-content\/uploads\/IMG_8801.jpg 1712w\" sizes=\"(max-width: 214px) 100vw, 214px\" \/><\/a><\/figure><\/div>\n\n\n\n<p>(Foto privat v.li.) C. Weidner, M. Walldorf, T. B\u00e4uerle<\/p>\n\n\n\n<div class=\"wp-block-image\"><figure class=\"alignright\"><a href=\"http:\/\/s710205766.online.de\/ssv-wordpress\/wp-content\/uploads\/KK-50-Sen-I-E.jpg\"><img loading=\"lazy\" decoding=\"async\" width=\"225\" height=\"300\" src=\"http:\/\/s710205766.online.de\/ssv-wordpress\/wp-content\/uploads\/KK-50-Sen-I-E-225x300.jpg\" alt=\"\" class=\"wp-image-3117\" srcset=\"http:\/\/s710205766.online.de\/ssv-wordpress\/wp-content\/uploads\/KK-50-Sen-I-E-225x300.jpg 225w, http:\/\/s710205766.online.de\/ssv-wordpress\/wp-content\/uploads\/KK-50-Sen-I-E-768x1024.jpg 768w\" sizes=\"(max-width: 225px) 100vw, 225px\" \/><\/a><\/figure><\/div>\n\n\n\n<p>&nbsp;&nbsp;&nbsp;&nbsp; (Foto privat v.li.) K. Liebsch<\/p>\n\n\n\n<p>In den restlichen Disziplinen gewannen die Eberbacher Sch\u00fctzen, zum Teil auch f\u00fcr andere Vereine, 5 x Gold, 3 x Silber und 8 x Bronze.<\/p>\n\n\n\n<p>Besonders erw\u00e4hnen m\u00f6chte ich das hervoragende Ergebnis von Kerstin Liebsch in der Disziplin Armbrust 10 m. Mit starken 381 Ringen stand sie ganz oben auf dem Podest und darf in dieser Disziplin in M\u00fcnchen bei den deutschen Meisterschaften starten.<\/p>\n\n\n\n<p>Meinen herzlichsten Gl\u00fcckwunsch zu diesem tollen Erfolg.<\/p>\n\n\n\n<div class=\"wp-block-image\"><figure class=\"aligncenter\"><a href=\"http:\/\/s710205766.online.de\/ssv-wordpress\/wp-content\/uploads\/PHOTO-2018-06-23-16-12-13-1.jpg\"><img loading=\"lazy\" decoding=\"async\" width=\"255\" height=\"300\" src=\"http:\/\/s710205766.online.de\/ssv-wordpress\/wp-content\/uploads\/PHOTO-2018-06-23-16-12-13-1-255x300.jpg\" alt=\"\" class=\"wp-image-3138\" srcset=\"http:\/\/s710205766.online.de\/ssv-wordpress\/wp-content\/uploads\/PHOTO-2018-06-23-16-12-13-1-255x300.jpg 255w, http:\/\/s710205766.online.de\/ssv-wordpress\/wp-content\/uploads\/PHOTO-2018-06-23-16-12-13-1.jpg 708w\" sizes=\"(max-width: 255px) 100vw, 255px\" \/><\/a><\/figure><\/div>\n\n\n\n<p>(Foto privat) Kerstin Liebsch auf dem ersten Platz in der Disziplin Armbrust 10m<\/p>\n\n\n\n<p>Herzlichen Gl\u00fcckwunsch an alle Medaillengewinner. Wer sich f\u00fcr die Deutschen Meisterschaften qualifiziert hat,<\/p>\n\n\n\n<p>dem w\u00fcnsche ich jetzt schon gutes Gelingen und &#8222;Gut Schuss&#8220;<\/p>\n\n\n\n<p>Auch alle Sch\u00fctzen die bei der Landesmeisterschaften teilgenommen haben und keine Medaille gewinnen konnten, herzlichen Gl\u00fcckwunsch f\u00fcr die Teilnahme an dieser Meisterschaft, denn auch die Teilnahme ist schon ein gro\u00dfer Erfolg.<\/p>\n\n\n\n<p>Noch mehr Bilder in der Galerie unter Landesmeisterschaften.<\/p>\n\n\n\n<p>Die Tabelle mit den einzelnen Ergebnisse kann man unter Unser Sport\/ Meisterschaften\/ Landesmeisterschaften nachlesen.<\/p>\n\n\n\n<p>08.07.18\/ MW<\/p>\n\n\n\n<h4 class=\"wp-block-heading\"><strong>Sch\u00f6ne Erfolge unserer Jugend bei den Landesmeisterschaften<\/strong><\/h4>\n\n\n\n<p><strong>An den vergangenen Wochenenden fand auf der Standanlage in Ittersbach die diesj\u00e4hrige Landesmeisterschaft der Jugend statt.<\/strong><\/p>\n\n\n\n<p><strong>Wir konnten dort wieder einige sch\u00f6ne Erfolge verbuchen.<\/strong><\/p>\n\n\n\n<p><strong>1x Platz 1, 5x Platz 2 und 5x Platz 3 waren am Ende unsere Ausbeute.<\/strong><\/p>\n\n\n\n<p><strong>Landesmeister wurde in der Disziplin KK 3&#215;40 Steffen Kre\u00df. Er erreichte 1103 Ringe.<\/strong><\/p>\n\n\n\n<p><strong>Er komplettierte seine Medaillensammlung mit Platz 2 im Luftgewehr (383 R.) und Platz 3 im KK 50-30 (270 R.). Mit der Mannschaft erreichte er mit seinen Kollegen Nico Scherz (369 R.) und Leon Joho (368 R.) ebenfalls Platz 2. <\/strong><\/p>\n\n\n\n<div class=\"wp-block-image\"><figure class=\"aligncenter\"><a href=\"http:\/\/s710205766.online.de\/ssv-wordpress\/wp-content\/uploads\/a1ced4bc-8d58-4016-b8f2-d280bc111887.jpg\" target=\"_blank\" rel=\"noreferrer noopener\"><img loading=\"lazy\" decoding=\"async\" width=\"225\" height=\"300\" src=\"http:\/\/s710205766.online.de\/ssv-wordpress\/wp-content\/uploads\/a1ced4bc-8d58-4016-b8f2-d280bc111887-225x300.jpg\" alt=\"\" class=\"wp-image-3040\" srcset=\"http:\/\/s710205766.online.de\/ssv-wordpress\/wp-content\/uploads\/a1ced4bc-8d58-4016-b8f2-d280bc111887-225x300.jpg 225w, http:\/\/s710205766.online.de\/ssv-wordpress\/wp-content\/uploads\/a1ced4bc-8d58-4016-b8f2-d280bc111887-768x1024.jpg 768w, http:\/\/s710205766.online.de\/ssv-wordpress\/wp-content\/uploads\/a1ced4bc-8d58-4016-b8f2-d280bc111887.jpg 1200w\" sizes=\"(max-width: 225px) 100vw, 225px\" \/><\/a><\/figure><\/div>\n\n\n\n<p><strong>Xenia Scherer konnte 2x das Podest erklimmen. Beides mal in der Disziplin Luftgewehr 3-Stellungskampf. Zusammen mit Max Kre\u00df und Tim V\u00f6lker kam Sie mit der Mannschaft auf Platz 3. Im Einzel reichte es mit guten 581 Ringen ebenfalls f\u00fcr den 3. Platz.<\/strong><\/p>\n\n\n\n<p><strong>Max konnte neben dem Mannschaftspodest im LG 3 St. mit 561 R. und im KK 60-liegend mit 550 R. jeweils die Vizemeisterschaft erreichen. <\/strong><\/p>\n\n\n\n<p><strong>In der Disziplin KK 3&#215;20 reichten 505 R. f\u00fcr Platz 3.<\/strong><\/p>\n\n\n\n<div class=\"wp-block-image\"><figure class=\"aligncenter\"><a href=\"http:\/\/s710205766.online.de\/ssv-wordpress\/wp-content\/uploads\/ae5c4d0e-8728-4dce-80e6-1380bb59b14c.jpg\" target=\"_blank\" rel=\"noreferrer noopener\"><img loading=\"lazy\" decoding=\"async\" width=\"225\" height=\"300\" src=\"http:\/\/s710205766.online.de\/ssv-wordpress\/wp-content\/uploads\/ae5c4d0e-8728-4dce-80e6-1380bb59b14c-225x300.jpg\" alt=\"\" class=\"wp-image-3014\" srcset=\"http:\/\/s710205766.online.de\/ssv-wordpress\/wp-content\/uploads\/ae5c4d0e-8728-4dce-80e6-1380bb59b14c-225x300.jpg 225w, http:\/\/s710205766.online.de\/ssv-wordpress\/wp-content\/uploads\/ae5c4d0e-8728-4dce-80e6-1380bb59b14c-768x1024.jpg 768w, http:\/\/s710205766.online.de\/ssv-wordpress\/wp-content\/uploads\/ae5c4d0e-8728-4dce-80e6-1380bb59b14c.jpg 1200w\" sizes=\"(max-width: 225px) 100vw, 225px\" \/><\/a><\/figure><\/div>\n\n\n\n<p><strong>Philipp Schneider konnte mit guten 372 Ringen im Luftgewehr bei den Junioren ll den 2. Platz behaupten. <\/strong><\/p>\n\n\n\n<div class=\"wp-block-image\"><figure class=\"aligncenter\"><a href=\"http:\/\/s710205766.online.de\/ssv-wordpress\/wp-content\/uploads\/0f218bb0-da37-4c85-9050-f03ceb3f6629.jpg\" target=\"_blank\" rel=\"noreferrer noopener\"><img loading=\"lazy\" decoding=\"async\" width=\"225\" height=\"300\" src=\"http:\/\/s710205766.online.de\/ssv-wordpress\/wp-content\/uploads\/0f218bb0-da37-4c85-9050-f03ceb3f6629-225x300.jpg\" alt=\"\" class=\"wp-image-3012\" srcset=\"http:\/\/s710205766.online.de\/ssv-wordpress\/wp-content\/uploads\/0f218bb0-da37-4c85-9050-f03ceb3f6629-225x300.jpg 225w, http:\/\/s710205766.online.de\/ssv-wordpress\/wp-content\/uploads\/0f218bb0-da37-4c85-9050-f03ceb3f6629-768x1024.jpg 768w, http:\/\/s710205766.online.de\/ssv-wordpress\/wp-content\/uploads\/0f218bb0-da37-4c85-9050-f03ceb3f6629.jpg 1200w\" sizes=\"(max-width: 225px) 100vw, 225px\" \/><\/a><\/figure><\/div>\n\n\n\n<p><strong>Ganz hervorragende 190 Ringe erzielte Benjamin Dannefelser im Luftgewehr in der Sch\u00fclerklasse. <\/strong><\/p>\n\n\n\n<p><strong>Platz 2 und die sichere Teilnahme bei der DM sind sein wohlverdienter Lohn.<\/strong><\/p>\n\n\n\n<div class=\"wp-block-image\"><figure class=\"aligncenter\"><a href=\"http:\/\/s710205766.online.de\/ssv-wordpress\/wp-content\/uploads\/d0d661ba-fd5a-44fc-84bd-c20726b93eba.jpg\" target=\"_blank\" rel=\"noreferrer noopener\"><img loading=\"lazy\" decoding=\"async\" width=\"300\" height=\"169\" src=\"http:\/\/s710205766.online.de\/ssv-wordpress\/wp-content\/uploads\/d0d661ba-fd5a-44fc-84bd-c20726b93eba-300x169.jpg\" alt=\"\" class=\"wp-image-3042\" srcset=\"http:\/\/s710205766.online.de\/ssv-wordpress\/wp-content\/uploads\/d0d661ba-fd5a-44fc-84bd-c20726b93eba-300x169.jpg 300w, http:\/\/s710205766.online.de\/ssv-wordpress\/wp-content\/uploads\/d0d661ba-fd5a-44fc-84bd-c20726b93eba-768x432.jpg 768w, http:\/\/s710205766.online.de\/ssv-wordpress\/wp-content\/uploads\/d0d661ba-fd5a-44fc-84bd-c20726b93eba-1024x576.jpg 1024w, http:\/\/s710205766.online.de\/ssv-wordpress\/wp-content\/uploads\/d0d661ba-fd5a-44fc-84bd-c20726b93eba.jpg 1600w\" sizes=\"(max-width: 300px) 100vw, 300px\" \/><\/a><\/figure><\/div>\n\n\n\n<p><strong>Steffen und Leon gingen auch noch f\u00fcr Plankstadt (KK 60 liegend ) und Walldorf ( KK 3&#215;20 ) an den Start. <\/strong><\/p>\n\n\n\n<p><strong>Steffen dominierte beide Disziplinen mit tollen Ergebnissen. 583 Ringe im KK 60-liegend und 565 Ringe im KK 3&#215;20 konnten seine Gegner nicht kontern. Auch die Mannschaft stand im Liegend ganz oben. Leon steuerte tolle 582 Ringe zum Sieg bei. Diese Leistung reichte auch im Einzel zu einem deutlichen 1. Platz. <\/strong><\/p>\n\n\n\n<p><strong>Im KK 3&#215;20 sorgten die guten Ergebnisse von Steffen und Leon zu einem 2. Mannschaftsplatz f\u00fcr Walldorf.<\/strong><\/p>\n\n\n\n<div class=\"wp-block-image\"><figure class=\"aligncenter\"><a href=\"http:\/\/s710205766.online.de\/ssv-wordpress\/wp-content\/uploads\/P1000819.jpg\" target=\"_blank\" rel=\"noreferrer noopener\"><img loading=\"lazy\" decoding=\"async\" width=\"300\" height=\"225\" src=\"http:\/\/s710205766.online.de\/ssv-wordpress\/wp-content\/uploads\/P1000819-300x225.jpg\" alt=\"\" class=\"wp-image-3124\" srcset=\"http:\/\/s710205766.online.de\/ssv-wordpress\/wp-content\/uploads\/P1000819-300x225.jpg 300w, http:\/\/s710205766.online.de\/ssv-wordpress\/wp-content\/uploads\/P1000819-768x576.jpg 768w, http:\/\/s710205766.online.de\/ssv-wordpress\/wp-content\/uploads\/P1000819-1024x768.jpg 1024w\" sizes=\"(max-width: 300px) 100vw, 300px\" \/><\/a><\/figure><\/div>\n\n\n\n<p><strong>Wir haben durch die zum Teil sehr guten Ergebnisse sicherlich wieder einige Starts bei den Deutschen Meisterschaften in M\u00fcnchen errungen! <\/strong><\/p>\n\n\n\n<p><strong>Herzlichen Gl\u00fcckwunsch an alle Platzierten.<\/strong><\/p>\n\n\n\n<p>05.07.18\/ TM<\/p>\n\n\n\n<hr class=\"wp-block-separator\"\/>\n\n\n\n<h4 class=\"wp-block-heading\"><strong>Abschluss bei der LM Auflage<\/strong><\/h4>\n\n\n\n<p><strong>Einmal Gold, zweimal Silber, zweimal Bronze <\/strong><\/p>\n\n\n\n<p>Den letzten Wettkampftag der Landesmeisterschaften Auflage konnten die Sch\u00fctzen des SSV Eberbach mit einmal Gold, zweimal Silber und zweimal Bronze abschlie\u00dfen.<\/p>\n\n\n\n<p>Zum Auftakt des vierten Landesmeisterschaftstages sorgten diesmal die \u201eJungseniorinnen\u201c mit dem Kleinkalibergewehr auf 50m f\u00fcr die herausragenden Platzierungen. In der Seniorenklasse I kam Kerstin Liebsch bei ihrem ersten Start in dieser Disziplin auf Anhieb mit 296,7 Ringen auf den zweiten Platz.<\/p>\n\n\n\n<div class=\"wp-block-image\"><figure class=\"aligncenter\"><a href=\"http:\/\/s710205766.online.de\/ssv-wordpress\/wp-content\/uploads\/KK-50-Sen-I-E.jpg\" target=\"_blank\" rel=\"noreferrer noopener\"><img loading=\"lazy\" decoding=\"async\" width=\"225\" height=\"300\" src=\"http:\/\/s710205766.online.de\/ssv-wordpress\/wp-content\/uploads\/KK-50-Sen-I-E-225x300.jpg\" alt=\"\" class=\"wp-image-3117\" srcset=\"http:\/\/s710205766.online.de\/ssv-wordpress\/wp-content\/uploads\/KK-50-Sen-I-E-225x300.jpg 225w, http:\/\/s710205766.online.de\/ssv-wordpress\/wp-content\/uploads\/KK-50-Sen-I-E-768x1024.jpg 768w\" sizes=\"(max-width: 225px) 100vw, 225px\" \/><\/a><\/figure><\/div>\n\n\n\n<p>Bei den Senioren II avancierte Annette Schatz zur erfolgreichsten Medaillensammlerin des SSV Eberbach. Nach Silber auf 100m und Bronze mit dem Luftgewehr kam diesmal Gold auf 50m dazu (300,8 Ringe). Gabriele Hammer-Zeitler sicherte sich mit 300,0 Ringen den dritten Platz. Klaus Bickel als dritter Mannschaftssch\u00fctze kam auf 292,3 Ringe (Platz 9). Das Mannschaftsergebnis von 893,1 Ringen reichte f\u00fcr den zweiten Platz. F\u00fcr die Qualifikation zur Deutschen Meisterschaft m\u00fcsste das Einzelergebnis von Annette und Gabi eigentlich reichen.<\/p>\n\n\n\n<div class=\"wp-block-image\"><figure class=\"aligncenter\"><a href=\"http:\/\/s710205766.online.de\/ssv-wordpress\/wp-content\/uploads\/KK-50-Sen-II-E.jpg\" target=\"_blank\" rel=\"noreferrer noopener\"><img loading=\"lazy\" decoding=\"async\" width=\"225\" height=\"300\" src=\"http:\/\/s710205766.online.de\/ssv-wordpress\/wp-content\/uploads\/KK-50-Sen-II-E-225x300.jpg\" alt=\"\" class=\"wp-image-3118\" srcset=\"http:\/\/s710205766.online.de\/ssv-wordpress\/wp-content\/uploads\/KK-50-Sen-II-E-225x300.jpg 225w, http:\/\/s710205766.online.de\/ssv-wordpress\/wp-content\/uploads\/KK-50-Sen-II-E-768x1024.jpg 768w\" sizes=\"(max-width: 225px) 100vw, 225px\" \/><\/a><\/figure><\/div>\n\n\n\n<p>Zum Abschluss des vierten Wettkampftages griffen die LG-Sch\u00fctzen der Seniorenklasse III-V in das Geschehen ein. Im Gegensatz zum Vortag waren aufgrund des fr\u00fchen Schie\u00dftermins die Temperaturen fast angenehm, so dass die \u00e4u\u00dferen Bedingungen keinen Anlass f\u00fcr Entschuldigungen boten. Umso entt\u00e4uschender waren fast durchweg aber die Ergebnisse, die weit hinter den Trainingsleistungen zur\u00fcck blieben.<\/p>\n\n\n\n<p>Die erste Mannschaft mit den Sch\u00fctzen Lothar Braun (312,0 Ringe, Platz 10), Wulfrin Schatz (311,2 Ringe, Platz 12) und Werner Gose (308,7 Ringe, Platz 22) kam auf 931,9 Ringe und Platz 9. F\u00fcr die Qualifikation zur Deutschen Meisterschaft m\u00fcsste das Mannschaftsergebnis vermutlich aber trotzdem ausreichen.<\/p>\n\n\n\n<p>Die zweite Mannschaft mit den Sch\u00fctzen Anneliese Gliese (306,8 Ringe, Platz 3), Fritz Oe\u00df (307,6 Ringe, Platz 26) und Franz Zeitler (mit deutlicher&nbsp; Leistungssteigerung 304,3 Ringe, Platz 29), erreichte 918,7 Ringe und Platz 19.<\/p>\n\n\n\n<div class=\"wp-block-image\"><figure class=\"aligncenter\"><a href=\"http:\/\/s710205766.online.de\/ssv-wordpress\/wp-content\/uploads\/LG-Sen-IIIwE.jpg\" target=\"_blank\" rel=\"noreferrer noopener\"><img loading=\"lazy\" decoding=\"async\" width=\"225\" height=\"300\" src=\"http:\/\/s710205766.online.de\/ssv-wordpress\/wp-content\/uploads\/LG-Sen-IIIwE-225x300.jpg\" alt=\"\" class=\"wp-image-3119\" srcset=\"http:\/\/s710205766.online.de\/ssv-wordpress\/wp-content\/uploads\/LG-Sen-IIIwE-225x300.jpg 225w, http:\/\/s710205766.online.de\/ssv-wordpress\/wp-content\/uploads\/LG-Sen-IIIwE-768x1024.jpg 768w\" sizes=\"(max-width: 225px) 100vw, 225px\" \/><\/a><\/figure><\/div>\n\n\n\n<p>01.07.2018 WS<\/p>\n\n\n\n<hr class=\"wp-block-separator\"\/>\n\n\n\n<h4 class=\"wp-block-heading\"><strong>Fortsetzung bei der LM Auflage<\/strong><\/h4>\n\n\n\n<p><strong>Zweimal Gold, einmal Silber, dreimal Bronze <\/strong><\/p>\n\n\n\n<p>Am dritten Wettkampftag der Landesmeisterschaften Auflage konnten die Sch\u00fctzen des SSV Eberbach mit zweimal Gold, einmal Silber und dreimal Bronze die Heimreise antreten.<\/p>\n\n\n\n<p>Zum Auftakt des dritten Landesmeisterschaftstages sorgten die Luftpistolensch\u00fctzen f\u00fcr das Highlight aus Eberbacher Sicht.<\/p>\n\n\n\n<p>In der Seniorenklasse I weiblich gewann Martina Walldorf mit 298,2 Ringen die Goldmedaille. Christiane Weidner kam trotz ihres Missgeschicks mit einem \u201ewei\u00dfen Schuss\u201c mit 291,1 Ringen noch auf Platz 3.<\/p>\n\n\n\n<p>Thomas B\u00e4uerle musste sich in der m\u00e4nnlichen Konkurrenz mit 298,5 Ringen mit Platz 4 und der ungeliebten \u201eHolzmedaille\u201c zufrieden geben.<\/p>\n\n\n\n<p>F\u00fcr die Mannschaft bedeutete die Gesamtringzahl von 887,8 Ringen ebenfalls Platz 1.<\/p>\n\n\n\n<p>F\u00fcr die Qualifikation zur Deutschen Meisterschaft reicht das Mannschaftsergebnis vermutlich nicht, aber in der Einzelwertung m\u00fcssten alle drei Sch\u00fctzen weiterkommen.<\/p>\n\n\n\n<div class=\"wp-block-image\"><figure class=\"alignright\"><a href=\"http:\/\/s710205766.online.de\/ssv-wordpress\/wp-content\/uploads\/IMG_8808.jpg\" target=\"_blank\" rel=\"noreferrer noopener\"><img loading=\"lazy\" decoding=\"async\" width=\"204\" height=\"300\" src=\"http:\/\/s710205766.online.de\/ssv-wordpress\/wp-content\/uploads\/IMG_8808-204x300.jpg\" alt=\"\" class=\"wp-image-3096\" srcset=\"http:\/\/s710205766.online.de\/ssv-wordpress\/wp-content\/uploads\/IMG_8808-204x300.jpg 204w, http:\/\/s710205766.online.de\/ssv-wordpress\/wp-content\/uploads\/IMG_8808-768x1127.jpg 768w, http:\/\/s710205766.online.de\/ssv-wordpress\/wp-content\/uploads\/IMG_8808-698x1024.jpg 698w, http:\/\/s710205766.online.de\/ssv-wordpress\/wp-content\/uploads\/IMG_8808.jpg 1498w\" sizes=\"(max-width: 204px) 100vw, 204px\" \/><\/a><\/figure><\/div>\n\n\n\n<div class=\"wp-block-image\"><figure class=\"alignleft\"><a href=\"http:\/\/s710205766.online.de\/ssv-wordpress\/wp-content\/uploads\/IMG_8802.jpg\" target=\"_blank\" rel=\"noreferrer noopener\"><img loading=\"lazy\" decoding=\"async\" width=\"245\" height=\"300\" src=\"http:\/\/s710205766.online.de\/ssv-wordpress\/wp-content\/uploads\/IMG_8802-245x300.jpg\" alt=\"\" class=\"wp-image-3097\" srcset=\"http:\/\/s710205766.online.de\/ssv-wordpress\/wp-content\/uploads\/IMG_8802-245x300.jpg 245w, http:\/\/s710205766.online.de\/ssv-wordpress\/wp-content\/uploads\/IMG_8802-768x941.jpg 768w, http:\/\/s710205766.online.de\/ssv-wordpress\/wp-content\/uploads\/IMG_8802-836x1024.jpg 836w, http:\/\/s710205766.online.de\/ssv-wordpress\/wp-content\/uploads\/IMG_8802.jpg 1814w\" sizes=\"(max-width: 245px) 100vw, 245px\" \/><\/a><\/figure><\/div>\n\n\n\n<p>Danach waren die KK-Sch\u00fctzen der Seniorenklasse III-V am Start. Anneliese Gliese kam mit 294,7 Ringen erneut auf einen undankbaren 4. Platz in der Seniorenklasse III weiblich.<\/p>\n\n\n\n<p>Bei der m\u00e4nnlichen Konkurrenz erreichte Wulfrin Schatz mit 305,2 Ringen den 2. Platz.<\/p>\n\n\n\n<div class=\"wp-block-image\"><figure class=\"aligncenter\"><a href=\"http:\/\/s710205766.online.de\/ssv-wordpress\/wp-content\/uploads\/KK-50-Sen-III.jpg\" target=\"_blank\" rel=\"noreferrer noopener\"><img loading=\"lazy\" decoding=\"async\" width=\"300\" height=\"225\" src=\"http:\/\/s710205766.online.de\/ssv-wordpress\/wp-content\/uploads\/KK-50-Sen-III-300x225.jpg\" alt=\"\" class=\"wp-image-3101\" srcset=\"http:\/\/s710205766.online.de\/ssv-wordpress\/wp-content\/uploads\/KK-50-Sen-III-300x225.jpg 300w, http:\/\/s710205766.online.de\/ssv-wordpress\/wp-content\/uploads\/KK-50-Sen-III-768x576.jpg 768w, http:\/\/s710205766.online.de\/ssv-wordpress\/wp-content\/uploads\/KK-50-Sen-III-1024x768.jpg 1024w\" sizes=\"(max-width: 300px) 100vw, 300px\" \/><\/a><\/figure><\/div>\n\n\n\n<p>Bei seinen beiden Mannschaftskameraden Lothar Braun und Fritz Oe\u00df lief es dagegen \u00fcberhaupt nicht. Mit 294,1 Ringen (Platz 10) und 292,4 Ringen (Platz 16) blieben sie weit hinter ihren M\u00f6glichkeiten.<\/p>\n\n\n\n<p>So blieb f\u00fcr die Mannschaft mit 891,7 Ringen nat\u00fcrlich auch nur der 7. Platz \u00fcbrig.<\/p>\n\n\n\n<p>Zum Abschluss des dritten Wettkampftages griffen die LG-Sch\u00fctzen der Seniorenklasse I-II in das Geschehen ein. Bei schw\u00fcl-warmen Temperaturen von \u00fcber 30\u00b0 in der LG-Halle war dies eine schwei\u00dftreibende Angelegenheit.<\/p>\n\n\n\n<p>Die Mannschaft erreichte mit den Sch\u00fctzen Annette Schatz (310,2 Ringe, Platz 3), Klaus Bickel (309,7 Ringe, Platz 10) und Gabriele Hammer-Zeitler (309,4 Ringe, Patz 4) zusammen 929,3 Ringe und kam mit einem R\u00fcckstand von nur einem Ring auf den Landesmeister auf Platz 3. F\u00fcr die Qualifikation zur Deutschen Meisterschaft reicht das Mannschaftsergebnis vermutlich aber aus.<\/p>\n\n\n\n<div class=\"wp-block-image\"><figure class=\"alignleft\"><a href=\"http:\/\/s710205766.online.de\/ssv-wordpress\/wp-content\/uploads\/LG-Sen-IIw.jpg\"><img loading=\"lazy\" decoding=\"async\" width=\"225\" height=\"300\" src=\"http:\/\/s710205766.online.de\/ssv-wordpress\/wp-content\/uploads\/LG-Sen-IIw-225x300.jpg\" alt=\"\" class=\"wp-image-3099\" srcset=\"http:\/\/s710205766.online.de\/ssv-wordpress\/wp-content\/uploads\/LG-Sen-IIw-225x300.jpg 225w, http:\/\/s710205766.online.de\/ssv-wordpress\/wp-content\/uploads\/LG-Sen-IIw-768x1024.jpg 768w\" sizes=\"(max-width: 225px) 100vw, 225px\" \/><\/a><\/figure><\/div>\n\n\n\n<div class=\"wp-block-image\"><figure class=\"alignright\"><a href=\"http:\/\/s710205766.online.de\/ssv-wordpress\/wp-content\/uploads\/LG-Sen-I-MA.jpg\"><img loading=\"lazy\" decoding=\"async\" width=\"300\" height=\"225\" src=\"http:\/\/s710205766.online.de\/ssv-wordpress\/wp-content\/uploads\/LG-Sen-I-MA-300x225.jpg\" alt=\"\" class=\"wp-image-3100\" srcset=\"http:\/\/s710205766.online.de\/ssv-wordpress\/wp-content\/uploads\/LG-Sen-I-MA-300x225.jpg 300w, http:\/\/s710205766.online.de\/ssv-wordpress\/wp-content\/uploads\/LG-Sen-I-MA-768x576.jpg 768w, http:\/\/s710205766.online.de\/ssv-wordpress\/wp-content\/uploads\/LG-Sen-I-MA-1024x768.jpg 1024w\" sizes=\"(max-width: 300px) 100vw, 300px\" \/><\/a><\/figure><\/div>\n\n\n\n<p>30.06.2018 WS<\/p>\n\n\n\n<hr class=\"wp-block-separator\"\/>\n\n\n\n<h4 class=\"wp-block-heading\"><strong>Pleiten, Pech und Pannen bei der LM KK Auflage100<\/strong><\/h4>\n\n\n\n<h5 class=\"wp-block-heading\">Einmal Silber, zweimal Bronze<br><\/h5>\n\n\n\n<p>Zum Auftakt der Landesmeisterschaften der Auflagesch\u00fctzen im Wettbewerb KK 100m wurden die Sch\u00fctzen des SSV Eberbach \u00fcberwiegend von Pleiten, Pech und Pannen \u201eheimgesucht\u201c. Positiv war das Wetter, n\u00e4mlich wolkig bis sonnig, nicht zu hei\u00df und ohne nenneswertem Wind. Mit den Ergebnissen waren dagegen die wenigsten zufrieden.<\/p>\n\n\n\n<p>Zum Auftakt gingen am Samstag die Sch\u00fctzen der Seniorenklasse III-V an den Start. Fritz Oe\u00df gelang mit 298 (311,3) Ringen eine pers\u00f6nliche Bestleistung und Platz 6 in der Seniorenklasse V. Wulfrin Schatz schoss mit 299 (314,1) Ringen sein schon obligatorisches Ergebnis, \u00e4rgerte sich aber nat\u00fcrlich \u00fcber eine 9 auf der letzten Scheibe. Trotzdem reichte es f\u00fcr den 3. Platz in der Seniorenklasse III. Anneliese Gliese kam f\u00fcr den verhinderten Lothar Braun in die Mannschaft und erreichte 289 (303,7) Ringe und Platz 4 in der Seniorenklasse III weiblich. F\u00fcr die Mannschaft bedeuteten die 886 Ringe Platz 7. In der Einzelwertung der Seniorenklasse V kam bei seinem ersten Wettkampf \u00fcber 100m Franz Zeitler aufgrund von unerkl\u00e4rlichen Problemen mit der Visierung \u00fcber 284 (298,0) Ringen und Platz 20 nicht hinaus.<\/p>\n\n\n\n<div class=\"wp-block-image\"><figure class=\"aligncenter\"><a href=\"http:\/\/s710205766.online.de\/ssv-wordpress\/wp-content\/uploads\/KK-100-Sen-III-Einzel.jpg\" target=\"_blank\" rel=\"noreferrer noopener\"><img loading=\"lazy\" decoding=\"async\" width=\"300\" height=\"225\" src=\"http:\/\/s710205766.online.de\/ssv-wordpress\/wp-content\/uploads\/KK-100-Sen-III-Einzel-300x225.jpg\" alt=\"\" class=\"wp-image-3068\" srcset=\"http:\/\/s710205766.online.de\/ssv-wordpress\/wp-content\/uploads\/KK-100-Sen-III-Einzel-300x225.jpg 300w, http:\/\/s710205766.online.de\/ssv-wordpress\/wp-content\/uploads\/KK-100-Sen-III-Einzel-768x576.jpg 768w, http:\/\/s710205766.online.de\/ssv-wordpress\/wp-content\/uploads\/KK-100-Sen-III-Einzel-1024x768.jpg 1024w\" sizes=\"(max-width: 300px) 100vw, 300px\" \/><\/a><\/figure><\/div>\n\n\n\n<p>Am Sonntag waren die \u201eJungsenioren\u201c der Seniorenklasse I und II am Start; hier schlugen die Pleiten, Pech und Pannen verst\u00e4rkt zu. Zun\u00e4chst aber konnte Kerstin Liebsch bei ihrem ersten Einsatz im 100m-Wettbewerb erfreuliche 289 (303,7) Ringe auf die Scheiben bringen und damit in der Seniorenklasse I den dritten Platz belegen. Spontan begeistert hat sie anschlie\u00dfend auch ihr n\u00e4chstj\u00e4hriges Engagement in der \u201eM\u00e4dchenmannschaft\u201c LG-Auflage in Aussicht gestellt, das nat\u00fcrlich gerne angenommen wurde.<\/p>\n\n\n\n<p>In der Seniorenklasse II hatte die gesamte Mannschaft (Annette Schatz, Gabriele Hammer-Zeitler, Klaus Bickel) mehr oder weniger Probleme mit den T\u00fccken der St\u00e4nde und der Notwendigkeit, eigenh\u00e4ndig nach dem Probeschie\u00dfen die Deckscheibe der Wettkampfscheibe zu wechseln und den Anschlag dadurch wieder aufzul\u00f6sen. Am besten kam noch Annette zurecht, die mit 292 (307,2) Ringen und Platz 2 die beste Platzierung der Eberbacher erreichte. Deutlich weniger gut lief es bei Klaus, dem trotz seiner \u201eBier Ruhe\u201c und daraus resultierender Zeitnot (letzter Schuss 5 sec. vor Schluss) unerkl\u00e4rliche Sch\u00fcsse unterliefen und der dadurch mit 282 (296,6) Ringen und Platz 16 nicht zufrieden war. Noch schlimmer traf es Gabriele, die nach Standproblemen und zu viel Probesch\u00fcssen innerhalb der Gesamtschie\u00dfzeit nicht fertig wurde und nach nur 28 Sch\u00fcssen gestoppt und damit zusammen mit der Mannschaft aus der Wertung fiel.<\/p>\n\n\n\n<div class=\"wp-block-image\"><figure class=\"aligncenter\"><a href=\"http:\/\/s710205766.online.de\/ssv-wordpress\/wp-content\/uploads\/KK-100-Sen-IIw.jpg\" target=\"_blank\" rel=\"noreferrer noopener\"><img loading=\"lazy\" decoding=\"async\" width=\"300\" height=\"225\" src=\"http:\/\/s710205766.online.de\/ssv-wordpress\/wp-content\/uploads\/KK-100-Sen-IIw-300x225.jpg\" alt=\"\" class=\"wp-image-3067\" srcset=\"http:\/\/s710205766.online.de\/ssv-wordpress\/wp-content\/uploads\/KK-100-Sen-IIw-300x225.jpg 300w, http:\/\/s710205766.online.de\/ssv-wordpress\/wp-content\/uploads\/KK-100-Sen-IIw-768x576.jpg 768w, http:\/\/s710205766.online.de\/ssv-wordpress\/wp-content\/uploads\/KK-100-Sen-IIw-1024x768.jpg 1024w\" sizes=\"(max-width: 300px) 100vw, 300px\" \/><\/a><\/figure><\/div>\n\n\n\n<p>Inwieweit die Ergebnisse bei Fritz und Wulfrin ausreichen, um sich f\u00fcr die Deutsche Meisterschaft zu qualifizieren, kann dieses Jahr wegen der neuen Klasseneinteilung schwer vorher gesagt werden.<\/p>\n\n\n\n<p>Im Wettbewerb Sportpistole 25m Auflage erreichte Thomas B\u00e4uerle eine Woche zuvor 273 Ringe und Platz 11.<\/p>\n\n\n\n<p>24.06.2018 WS<\/p>\n\n\n\n<h4 class=\"wp-block-heading\"><strong>Er &amp; Sie Schie\u00dfen 2018<\/strong><\/h4>\n\n\n\n<p>Am Pfingstmontag, den 21.05.2018 fand wieder unser allj\u00e4hrliches Er &amp; Sie Schie\u00dfen statt.<\/p>\n\n\n\n<p>Es nahmen 10 Paare teil. Geschossen wurde auf Gl\u00fccksscheiben. 5 x 2 Schu\u00df.<\/p>\n\n\n\n<p>Hier die Siegermannschaften:<\/p>\n\n\n\n<p>1. Platz: Roland und Claudia Johe mit 281 Ringen<\/p>\n\n\n\n<p>2. Platz: Thomas und Andrea M\u00fcller mit 274 Ringen<\/p>\n\n\n\n<p>3. Platz: Thomas B\u00e4uerle und Christiane Weidner mit 269 Ringe<\/p>\n\n\n\n<div class=\"wp-block-image\"><figure class=\"aligncenter\"><a href=\"http:\/\/s710205766.online.de\/ssv-wordpress\/wp-content\/uploads\/IMG_8600.jpg\"><img loading=\"lazy\" decoding=\"async\" width=\"225\" height=\"300\" src=\"http:\/\/s710205766.online.de\/ssv-wordpress\/wp-content\/uploads\/IMG_8600-225x300.jpg\" alt=\"\" class=\"wp-image-2883\" srcset=\"http:\/\/s710205766.online.de\/ssv-wordpress\/wp-content\/uploads\/IMG_8600-225x300.jpg 225w, http:\/\/s710205766.online.de\/ssv-wordpress\/wp-content\/uploads\/IMG_8600-768x1024.jpg 768w\" sizes=\"(max-width: 225px) 100vw, 225px\" \/><\/a><\/figure><\/div>\n\n\n\n<p>Hier die Einzelsieger bei den Herren:<\/p>\n\n\n\n<p>1. Platz: Roland Johe 155 Ringe<\/p>\n\n\n\n<p>2. Platz: Patrick Joho 149 Ringe<\/p>\n\n\n\n<p>3. Platz: Thomas B\u00e4uerle 142 Ringe<\/p>\n\n\n\n<div class=\"wp-block-image\"><figure class=\"aligncenter\"><a href=\"http:\/\/s710205766.online.de\/ssv-wordpress\/wp-content\/uploads\/IMG_8604.jpg\"><img loading=\"lazy\" decoding=\"async\" width=\"225\" height=\"300\" src=\"http:\/\/s710205766.online.de\/ssv-wordpress\/wp-content\/uploads\/IMG_8604-225x300.jpg\" alt=\"\" class=\"wp-image-2884\" srcset=\"http:\/\/s710205766.online.de\/ssv-wordpress\/wp-content\/uploads\/IMG_8604-225x300.jpg 225w, http:\/\/s710205766.online.de\/ssv-wordpress\/wp-content\/uploads\/IMG_8604-768x1024.jpg 768w\" sizes=\"(max-width: 225px) 100vw, 225px\" \/><\/a><\/figure><\/div>\n\n\n\n<p>Hier die Einzelsieger bei den Damen:<\/p>\n\n\n\n<p>1. Platz: Doris Stadler 166 Ringe<\/p>\n\n\n\n<p>2. Platz: Andrea M\u00fcller 137 Ringe<\/p>\n\n\n\n<p>3. Platz: Karin Kre\u00df 127 Ringe<\/p>\n\n\n\n<div class=\"wp-block-image\"><figure class=\"aligncenter\"><a href=\"http:\/\/s710205766.online.de\/ssv-wordpress\/wp-content\/uploads\/IMG_8602.jpg\"><img loading=\"lazy\" decoding=\"async\" width=\"225\" height=\"300\" src=\"http:\/\/s710205766.online.de\/ssv-wordpress\/wp-content\/uploads\/IMG_8602-225x300.jpg\" alt=\"\" class=\"wp-image-2885\" srcset=\"http:\/\/s710205766.online.de\/ssv-wordpress\/wp-content\/uploads\/IMG_8602-225x300.jpg 225w, http:\/\/s710205766.online.de\/ssv-wordpress\/wp-content\/uploads\/IMG_8602-768x1024.jpg 768w\" sizes=\"(max-width: 225px) 100vw, 225px\" \/><\/a><\/figure><\/div>\n\n\n\n<p>Es war ein sehr sch\u00f6ner Nachmittag mit gutem Essen und gem\u00fctlichem Beisammensein. Das Wetter spielte auch mit und wir konnten sch\u00f6n draussen sitzen.<\/p>\n\n\n\n<div class=\"wp-block-image\"><figure class=\"alignleft\"><a href=\"http:\/\/s710205766.online.de\/ssv-wordpress\/wp-content\/uploads\/IMG_8593.jpg\"><img loading=\"lazy\" decoding=\"async\" width=\"300\" height=\"225\" src=\"http:\/\/s710205766.online.de\/ssv-wordpress\/wp-content\/uploads\/IMG_8593-300x225.jpg\" alt=\"\" class=\"wp-image-2891\" srcset=\"http:\/\/s710205766.online.de\/ssv-wordpress\/wp-content\/uploads\/IMG_8593-300x225.jpg 300w, http:\/\/s710205766.online.de\/ssv-wordpress\/wp-content\/uploads\/IMG_8593-768x576.jpg 768w, http:\/\/s710205766.online.de\/ssv-wordpress\/wp-content\/uploads\/IMG_8593-1024x768.jpg 1024w\" sizes=\"(max-width: 300px) 100vw, 300px\" \/><\/a><\/figure><\/div>\n\n\n\n<div class=\"wp-block-image\"><figure class=\"alignright\"><a href=\"http:\/\/s710205766.online.de\/ssv-wordpress\/wp-content\/uploads\/IMG_8595.jpg\"><img loading=\"lazy\" decoding=\"async\" width=\"225\" height=\"300\" src=\"http:\/\/s710205766.online.de\/ssv-wordpress\/wp-content\/uploads\/IMG_8595-225x300.jpg\" alt=\"\" class=\"wp-image-2892\" srcset=\"http:\/\/s710205766.online.de\/ssv-wordpress\/wp-content\/uploads\/IMG_8595-225x300.jpg 225w, http:\/\/s710205766.online.de\/ssv-wordpress\/wp-content\/uploads\/IMG_8595-768x1024.jpg 768w\" sizes=\"(max-width: 225px) 100vw, 225px\" \/><\/a><\/figure><\/div>\n\n\n\n<div class=\"wp-block-image\"><figure class=\"aligncenter\"><a href=\"http:\/\/s710205766.online.de\/ssv-wordpress\/wp-content\/uploads\/IMG_8594.jpg\"><img loading=\"lazy\" decoding=\"async\" width=\"300\" height=\"225\" src=\"http:\/\/s710205766.online.de\/ssv-wordpress\/wp-content\/uploads\/IMG_8594-300x225.jpg\" alt=\"\" class=\"wp-image-2893\" srcset=\"http:\/\/s710205766.online.de\/ssv-wordpress\/wp-content\/uploads\/IMG_8594-300x225.jpg 300w, http:\/\/s710205766.online.de\/ssv-wordpress\/wp-content\/uploads\/IMG_8594-768x576.jpg 768w, http:\/\/s710205766.online.de\/ssv-wordpress\/wp-content\/uploads\/IMG_8594-1024x768.jpg 1024w\" sizes=\"(max-width: 300px) 100vw, 300px\" \/><\/a><\/figure><\/div>\n\n\n\n<p>Meinen herzlichsten Dank an alle Helfer, ohne die man so ein Turnier nicht durchf\u00fchren k\u00f6nnte.<\/p>\n\n\n\n<p>21.05.2018\/ MW<\/p>\n\n\n\n<hr class=\"wp-block-separator\"\/>\n\n\n\n<h4 class=\"wp-block-heading\"><strong>2. Kreismeisterschaftswochenende in Eberbach<\/strong><\/h4>\n\n\n\n<p>Am 14.+15.04.2018 fanden die 2. Kreismeisterschaften in Eberbach statt. Es wurden einige Disziplinen geschossen.<\/p>\n\n\n\n<p>Am Samstag wurde mit der Disziplin 50 m Pistole begonnen. Von Eberbach waren keine Sch\u00fctzen dabei.<\/p>\n\n\n\n<p>Am sp\u00e4ten Vormittag gingen die KK 3&#215;40 Sch\u00fctzen an den Start. Diese Disziplin wird \u00fcber eine Dauer von 195 Minuten geschossen<\/p>\n\n\n\n<p>F\u00fcr Eberbach gingen folgende Sch\u00fctzen an den Start:<\/p>\n\n\n\n<p>1.Platz Stephan Sch\u00f6lch H I 1138 Ringe<\/p>\n\n\n\n<p>1.Platz Andreas Reinig H II 1065 Ringe<\/p>\n\n\n\n<p>1.Platz Steffen Kre\u00df Jun I 1105 Ringe<\/p>\n\n\n\n<p>1.Platz Leon Joho Jun II 1102 Ringe<\/p>\n\n\n\n<p>2.Platz Nico Scherz Jun II 1051 Ringe<\/p>\n\n\n\n<div class=\"wp-block-image\"><figure class=\"alignleft\"><a href=\"http:\/\/s710205766.online.de\/ssv-wordpress\/wp-content\/uploads\/IMG_8254.jpg\"><img loading=\"lazy\" decoding=\"async\" width=\"225\" height=\"300\" src=\"http:\/\/s710205766.online.de\/ssv-wordpress\/wp-content\/uploads\/IMG_8254-225x300.jpg\" alt=\"\" class=\"wp-image-2708\" srcset=\"http:\/\/s710205766.online.de\/ssv-wordpress\/wp-content\/uploads\/IMG_8254-225x300.jpg 225w, http:\/\/s710205766.online.de\/ssv-wordpress\/wp-content\/uploads\/IMG_8254-768x1024.jpg 768w\" sizes=\"(max-width: 225px) 100vw, 225px\" \/><\/a><\/figure><\/div>\n\n\n\n<div class=\"wp-block-image\"><figure class=\"alignright\"><a href=\"http:\/\/s710205766.online.de\/ssv-wordpress\/wp-content\/uploads\/IMG_8256.jpg\"><img loading=\"lazy\" decoding=\"async\" width=\"225\" height=\"300\" src=\"http:\/\/s710205766.online.de\/ssv-wordpress\/wp-content\/uploads\/IMG_8256-225x300.jpg\" alt=\"\" class=\"wp-image-2707\" srcset=\"http:\/\/s710205766.online.de\/ssv-wordpress\/wp-content\/uploads\/IMG_8256-225x300.jpg 225w, http:\/\/s710205766.online.de\/ssv-wordpress\/wp-content\/uploads\/IMG_8256-768x1024.jpg 768w\" sizes=\"(max-width: 225px) 100vw, 225px\" \/><\/a><\/figure><\/div>\n\n\n\n<div class=\"wp-block-image\"><figure class=\"aligncenter\"><a href=\"http:\/\/s710205766.online.de\/ssv-wordpress\/wp-content\/uploads\/IMG_8255.jpg\"><img loading=\"lazy\" decoding=\"async\" width=\"300\" height=\"225\" src=\"http:\/\/s710205766.online.de\/ssv-wordpress\/wp-content\/uploads\/IMG_8255-300x225.jpg\" alt=\"\" class=\"wp-image-2706\" srcset=\"http:\/\/s710205766.online.de\/ssv-wordpress\/wp-content\/uploads\/IMG_8255-300x225.jpg 300w, http:\/\/s710205766.online.de\/ssv-wordpress\/wp-content\/uploads\/IMG_8255-768x576.jpg 768w, http:\/\/s710205766.online.de\/ssv-wordpress\/wp-content\/uploads\/IMG_8255-1024x768.jpg 1024w\" sizes=\"(max-width: 300px) 100vw, 300px\" \/><\/a><\/figure><\/div>\n\n\n\n<p>Am Samstag so wie auch am Sonntag wurden ausserdem die Kreismeisterschaften der Pistolen Disziplinen durchgef\u00fchrt.<\/p>\n\n\n\n<p>Die Ergebnisse der Eberbacher Sch\u00fctzen 25m Pistole:<\/p>\n\n\n\n<p>1.Platz Roland Johe H III 268 Ringe<\/p>\n\n\n\n<p>2.Platz Wolfgang Stadler H III 262 Ringe&nbsp;&nbsp;&nbsp;&nbsp;&nbsp;&nbsp; Mannschaftsergebnis 1. Platz 767 Ringe<\/p>\n\n\n\n<p>5.Platz Thomas B\u00e4uerle H III 237 Ringe<\/p>\n\n\n\n<p>1.Platz Richard Gompf H IV 246 Ringe<\/p>\n\n\n\n<p>6.Platz Nico Roffalski H I 245 Ringe<\/p>\n\n\n\n<p>25m Zentralfeuerpistole:<\/p>\n\n\n\n<p>1.Platz Roland Johe H III 266 Ringe<\/p>\n\n\n\n<div class=\"wp-block-image\"><figure class=\"aligncenter\"><a href=\"http:\/\/s710205766.online.de\/ssv-wordpress\/wp-content\/uploads\/IMG_8338.jpg\"><img loading=\"lazy\" decoding=\"async\" width=\"225\" height=\"300\" src=\"http:\/\/s710205766.online.de\/ssv-wordpress\/wp-content\/uploads\/IMG_8338-225x300.jpg\" alt=\"\" class=\"wp-image-2712\" srcset=\"http:\/\/s710205766.online.de\/ssv-wordpress\/wp-content\/uploads\/IMG_8338-225x300.jpg 225w, http:\/\/s710205766.online.de\/ssv-wordpress\/wp-content\/uploads\/IMG_8338-768x1024.jpg 768w\" sizes=\"(max-width: 225px) 100vw, 225px\" \/><\/a><\/figure><\/div>\n\n\n\n<p>Thomas B\u00e4uerle ging in der Disziplin Sportpistole Auflage an den Start. Ergebnis folgt.<\/p>\n\n\n\n<div class=\"wp-block-image\"><figure class=\"alignleft\"><a href=\"http:\/\/s710205766.online.de\/ssv-wordpress\/wp-content\/uploads\/IMG_8258.jpg\"><img loading=\"lazy\" decoding=\"async\" width=\"225\" height=\"300\" src=\"http:\/\/s710205766.online.de\/ssv-wordpress\/wp-content\/uploads\/IMG_8258-225x300.jpg\" alt=\"\" class=\"wp-image-2713\" srcset=\"http:\/\/s710205766.online.de\/ssv-wordpress\/wp-content\/uploads\/IMG_8258-225x300.jpg 225w, http:\/\/s710205766.online.de\/ssv-wordpress\/wp-content\/uploads\/IMG_8258-768x1024.jpg 768w\" sizes=\"(max-width: 225px) 100vw, 225px\" \/><\/a><\/figure><\/div>\n\n\n\n<div class=\"wp-block-image\"><figure class=\"alignright\"><a href=\"http:\/\/s710205766.online.de\/ssv-wordpress\/wp-content\/uploads\/IMG_8257.jpg\"><img loading=\"lazy\" decoding=\"async\" width=\"225\" height=\"300\" src=\"http:\/\/s710205766.online.de\/ssv-wordpress\/wp-content\/uploads\/IMG_8257-225x300.jpg\" alt=\"\" class=\"wp-image-2714\" srcset=\"http:\/\/s710205766.online.de\/ssv-wordpress\/wp-content\/uploads\/IMG_8257-225x300.jpg 225w, http:\/\/s710205766.online.de\/ssv-wordpress\/wp-content\/uploads\/IMG_8257-768x1024.jpg 768w\" sizes=\"(max-width: 225px) 100vw, 225px\" \/><\/a><\/figure><\/div>\n\n\n\n<p>Zum Abschluss wurde noch ein Rahmenprogramm durchgef\u00fchrt, Zimmerstutzen Auflage.<\/p>\n\n\n\n<p>Hier die Eberbacher Sch\u00fctzen mit ihren Ergebnissen:<\/p>\n\n\n\n<p>1.Platz Gabi Hammer-Zeitler Sen II w 267 Ringe<\/p>\n\n\n\n<p>2.Platz Friedrich Oe\u00df Sen V 274 Ringe<\/p>\n\n\n\n<div class=\"wp-block-image\"><figure class=\"aligncenter\"><a href=\"http:\/\/s710205766.online.de\/ssv-wordpress\/wp-content\/uploads\/IMG_8420-2.jpg\"><img loading=\"lazy\" decoding=\"async\" width=\"300\" height=\"271\" src=\"http:\/\/s710205766.online.de\/ssv-wordpress\/wp-content\/uploads\/IMG_8420-2-300x271.jpg\" alt=\"\" class=\"wp-image-2720\" srcset=\"http:\/\/s710205766.online.de\/ssv-wordpress\/wp-content\/uploads\/IMG_8420-2-300x271.jpg 300w, http:\/\/s710205766.online.de\/ssv-wordpress\/wp-content\/uploads\/IMG_8420-2-768x695.jpg 768w, http:\/\/s710205766.online.de\/ssv-wordpress\/wp-content\/uploads\/IMG_8420-2-1024x926.jpg 1024w\" sizes=\"(max-width: 300px) 100vw, 300px\" \/><\/a><\/figure><\/div>\n\n\n\n<p>(Foto privat v. li.)&nbsp; N. Brunner, P. Poser, H. Kopietz, K. Repper, G. Hammer-Zeitler,<\/p>\n\n\n\n<p>R. Zahn und F. Oe\u00df<\/p>\n\n\n\n<p>Alle Ergebnisse sind unter Unser Sport\/ Kreismeisterschaften nach zu lesen.<\/p>\n\n\n\n<p>Ich w\u00fcnsche allen Sch\u00fctzen, die sich f\u00fcr die Landesmeisterschaften qualifiziert haben &#8222;Gut Schuss&#8220;.<\/p>\n\n\n\n<p>Es war ein Wochenende mit vielen Disziplinen, deshalb hier mal ein dickes Dankesch\u00f6n an die ganzen fleissigen Helferlein, ohne die man so ein Wochenende nie durchf\u00fchren k\u00f6nnte.<\/p>\n\n\n\n<p>15.04.18\/ MW<\/p>\n\n\n\n<hr class=\"wp-block-separator\"\/>\n\n\n\n<h4 class=\"wp-block-heading\"><strong>Durchwachsener Abschluss der KM 50m f\u00fcr Auflagesch\u00fctzen<\/strong><\/h4>\n\n\n\n<p>Der Abschluss der Kreismeisterschaft fiel f\u00fcr die Auflagesch\u00fctzen des SSV Eberbach in der Disziplin KK 50m trotz 5 x Gold, 3 x Silber und 1 x Bronze etwas durchwachsen aus, weil so manches Einzelergebnis doch hinter den Erwartungen und M\u00f6glichkeiten zur\u00fcck blieb.<\/p>\n\n\n\n<p>In den Mannschaftswettbewerben erreichte in der Klasse S III-S V (\u00e4lter als 65 J.) Eberbach in der Besetzung Wulfrin Schatz, Friedrich Oe\u00df und Lothar Braun mit 856 Ringen den 3. Platz hinter Spechbach und Neckargem\u00fcnd. In der Klasse S I-S II (j\u00fcnger als 66 J) erreichte die Eberbacher Mannschaft (Gabriele Hammer-Zeitler, Klaus Bickel und Annette Schatz) Platz 1, mussten aber mit 852 Ringen ihre \u00e4lteren Kollegen diesmal den Vortritt lassen. Im&nbsp; \u201eSch\u00f6nheitswettbewerb\u201c&nbsp; gelang damit den \u00e4lteren Kollegen die Revanche f\u00fcr die Niederlage im 100m-Wettbewerb.<\/p>\n\n\n\n<p>In der Einzelwertung der Klasse S I weiblich gelang Kerstin Liebsch bei ihrem zweiten Start im Auflagebereich mit 282 Ringen erneut der ersten Platz. Bei den Senioren II gingen bei den Frauen der erste Platz mit sehr guten 292 Ringen an Gabriele Hammer-Zeitler. Annette Schatz kam aufgrund von Standproblemen mit 278 Ringen auf Platz 2. Bei den M\u00e4nnern erreichte Klaus Bickel mit&nbsp; 282 Ringen Platz 2.<\/p>\n\n\n\n<p>In der Klasse SIII erreichte Wulfrin Schatz 295 Ringe, das Platz 1 bedeutete. Lothar Braun kam mit 279 Ringen \u00fcberhaupt nicht zurecht und landete auf Platz 5. Bei den Frauen ging der erste Platz an Anneliese Gliese (283 R.)<\/p>\n\n\n\n<p>In der Klasse S V (\u00e4lter als 75 J.) gelang Friedrich Oe\u00df mit 282 Ringen der 2. Platz. Franz Zeitler kam bei seinem zweiten Start im Auflagebereich auf Anhieb mit 273 Ringen und Platz 5 auf ein h\u00f6chst respektables Einstiegsergebnis.<\/p>\n\n\n\n<div class=\"wp-block-image\"><figure class=\"aligncenter\"><a href=\"http:\/\/s710205766.online.de\/ssv-wordpress\/wp-content\/uploads\/2018-04-07-PHOTO-00000749.jpg\" target=\"_blank\" rel=\"noreferrer noopener\"><img loading=\"lazy\" decoding=\"async\" width=\"1024\" height=\"768\" src=\"http:\/\/s710205766.online.de\/ssv-wordpress\/wp-content\/uploads\/2018-04-07-PHOTO-00000749-1024x768.jpg\" alt=\"\" class=\"wp-image-2661\" srcset=\"http:\/\/s710205766.online.de\/ssv-wordpress\/wp-content\/uploads\/2018-04-07-PHOTO-00000749-1024x768.jpg 1024w, http:\/\/s710205766.online.de\/ssv-wordpress\/wp-content\/uploads\/2018-04-07-PHOTO-00000749-300x225.jpg 300w, http:\/\/s710205766.online.de\/ssv-wordpress\/wp-content\/uploads\/2018-04-07-PHOTO-00000749-768x576.jpg 768w, http:\/\/s710205766.online.de\/ssv-wordpress\/wp-content\/uploads\/2018-04-07-PHOTO-00000749.jpg 1280w\" sizes=\"(max-width: 1024px) 100vw, 1024px\" \/><\/a><\/figure><\/div>\n\n\n\n<p>(Foto privat v. li.) G. Hammer-Zeitler, F. Zeitler, A. Gliese, F. Oe\u00df, A. Schatz, W. Schatz, K. Bickel und L. Braun. Auf dem Bild fehlt K. Liebsch<\/p>\n\n\n\n<p>07.04.2018 WS<\/p>\n\n\n\n<hr class=\"wp-block-separator\"\/>\n\n\n\n<h4 class=\"wp-block-heading\"><strong>Kreismeisterschaften Disziplin Armbrust<\/strong><\/h4>\n\n\n\n<p>Am 06.04. und 07.04. 2018 fanden in Eberbach die Kreismeisterschaften in der Disziplin Armbrust statt.<\/p>\n\n\n\n<p>Am 06.04. wurde Armbrust 10m und am 07.04. Armbrust 30m nat. durchgef\u00fchrt.<\/p>\n\n\n\n<p>Bei jeder Disziplin starteten jeweils 3 Sch\u00fctzen von Eberbach und 3 Sch\u00fctzen von Spechbach.<\/p>\n\n\n\n<p>Armbrust 10m:<\/p>\n\n\n\n<p>SSV Eberbach: Harold Braun (339), Wolf-Dieter Schmitt (357) und Kerstin Liebsch (353)<\/p>\n\n\n\n<p>SSV Spechbach: Georg Wolf (362), Martin Hildenbrand (388) und Florian Hildenbrand (366)<\/p>\n\n\n\n<p>Armbrust 30m nat.:<\/p>\n\n\n\n<p>SSV Eberbach: Wolf-Dieter Schmitt (102), Harold Braun (106) und Patrick Joho (113)<\/p>\n\n\n\n<p>SSV Spechbach: Timo Braun (109), Ralph Spegg (110) und Hans J\u00fcrgen Kopietz (102)<\/p>\n\n\n\n<div class=\"wp-block-image\"><figure class=\"alignleft\"><a href=\"http:\/\/s710205766.online.de\/ssv-wordpress\/wp-content\/uploads\/IMG_8212.jpg\" target=\"_blank\" rel=\"noreferrer noopener\"><img loading=\"lazy\" decoding=\"async\" width=\"300\" height=\"225\" src=\"http:\/\/s710205766.online.de\/ssv-wordpress\/wp-content\/uploads\/IMG_8212-300x225.jpg\" alt=\"\" class=\"wp-image-2653\" srcset=\"http:\/\/s710205766.online.de\/ssv-wordpress\/wp-content\/uploads\/IMG_8212-300x225.jpg 300w, http:\/\/s710205766.online.de\/ssv-wordpress\/wp-content\/uploads\/IMG_8212-768x576.jpg 768w, http:\/\/s710205766.online.de\/ssv-wordpress\/wp-content\/uploads\/IMG_8212-1024x768.jpg 1024w\" sizes=\"(max-width: 300px) 100vw, 300px\" \/><\/a><\/figure><\/div>\n\n\n\n<figure class=\"wp-block-image\"><a href=\"http:\/\/s710205766.online.de\/ssv-wordpress\/wp-content\/uploads\/IMG_8215.jpg\" target=\"_blank\" rel=\"noreferrer noopener\"><img loading=\"lazy\" decoding=\"async\" width=\"225\" height=\"300\" src=\"http:\/\/s710205766.online.de\/ssv-wordpress\/wp-content\/uploads\/IMG_8215-225x300.jpg\" alt=\"\" class=\"wp-image-2654\" srcset=\"http:\/\/s710205766.online.de\/ssv-wordpress\/wp-content\/uploads\/IMG_8215-225x300.jpg 225w, http:\/\/s710205766.online.de\/ssv-wordpress\/wp-content\/uploads\/IMG_8215-768x1024.jpg 768w\" sizes=\"(max-width: 225px) 100vw, 225px\" \/><\/a><\/figure>\n\n\n\n<figure class=\"wp-block-image\"><a href=\"http:\/\/s710205766.online.de\/ssv-wordpress\/wp-content\/uploads\/IMG_8210.jpg\" target=\"_blank\" rel=\"noreferrer noopener\"><img loading=\"lazy\" decoding=\"async\" width=\"225\" height=\"300\" src=\"http:\/\/s710205766.online.de\/ssv-wordpress\/wp-content\/uploads\/IMG_8210-225x300.jpg\" alt=\"\" class=\"wp-image-2655\" srcset=\"http:\/\/s710205766.online.de\/ssv-wordpress\/wp-content\/uploads\/IMG_8210-225x300.jpg 225w, http:\/\/s710205766.online.de\/ssv-wordpress\/wp-content\/uploads\/IMG_8210-768x1024.jpg 768w\" sizes=\"(max-width: 225px) 100vw, 225px\" \/><\/a><\/figure>\n\n\n\n<p>Ich w\u00fcnsche mir das uns diese alten Disziplinen noch lange erhalten bleiben.<\/p>\n\n\n\n<p>07.04.2018\/ MW<\/p>\n\n\n\n<hr class=\"wp-block-separator\"\/>\n\n\n\n<h5 class=\"wp-block-heading\"><strong>Relegation Landesliga Ost<\/strong><\/h5>\n\n\n\n<p>Am heutigen Sonntag, den 25.03.2018 fand in Pforzheim die Relegation zum Aufstieg in die Landesliga Ost statt.<\/p>\n\n\n\n<p>Unsere 2. Mannschaft belegte den 1.Tabellenplatz in der Kreisoberliga und durfte daran teilnehmen.<\/p>\n\n\n\n<p>Der erste Durchgang ging um 11:45 Uhr los. Es war noch knapp, aber zeigte sich doch schon sehr schwierig. Nach dem zweiten Durchgang um 15:15 Uhr war es soweit, wir haben es leider nicht geschafft. Die Sch\u00fctzen haben ihr Bestes gegeben, aber es sollte heute einfach nicht gelingen.<\/p>\n\n\n\n<p>Es heisst nun ab dem Herbst, eine gute Runde zu schie\u00dfen um dann wieder in der Relegation um den Aufstieg mit zu schie\u00dfen.<\/p>\n\n\n\n<div class=\"wp-block-image\"><figure class=\"aligncenter\"><a href=\"http:\/\/s710205766.online.de\/ssv-wordpress\/wp-content\/uploads\/IMG_8157.jpg\" target=\"_blank\" rel=\"noreferrer noopener\"><img loading=\"lazy\" decoding=\"async\" width=\"300\" height=\"230\" src=\"http:\/\/s710205766.online.de\/ssv-wordpress\/wp-content\/uploads\/IMG_8157-300x230.jpg\" alt=\"\" class=\"wp-image-2551\" srcset=\"http:\/\/s710205766.online.de\/ssv-wordpress\/wp-content\/uploads\/IMG_8157-300x230.jpg 300w, http:\/\/s710205766.online.de\/ssv-wordpress\/wp-content\/uploads\/IMG_8157-768x590.jpg 768w, http:\/\/s710205766.online.de\/ssv-wordpress\/wp-content\/uploads\/IMG_8157-1024x786.jpg 1024w\" sizes=\"(max-width: 300px) 100vw, 300px\" \/><\/a><\/figure><\/div>\n\n\n\n<p>(Foto privat von li.) S. K\u00fcller, M. W\u00e4sch, L. Joho, D. W\u00e4sch und K. Liebsch<\/p>\n\n\n\n<p>25.03.2018\/ MW<\/p>\n\n\n\n<hr class=\"wp-block-separator\"\/>\n\n\n\n<h4 class=\"wp-block-heading\"><strong>7 x Gold f\u00fcr Auflagesch\u00fctzen bei KM 100m<\/strong><\/h4>\n\n\n\n<p>Mit 7 Goldmedaillen sowie je einer Silber- und Bronzemedaille haben die Auflagesch\u00fctzen des SSV Eberbach auch den zweiten Teil der Kreismeisterschaften im Wettbewerb KK 100m Auflage besser als erwartet absolviert.<\/p>\n\n\n\n<p>In den Mannschaftswettbewerben erreichte in der Klasse S III-S V (\u00e4lter als 65 J.) Eberbach in der Besetzung Wulfrin Schatz, Lothar Braun und Friedrich Oe\u00df mit 888 Ringen den 1. Platz vor Spechbach II und Neckargem\u00fcnd. In der Klasse S I-S II (j\u00fcnger als 66 J) erreichte die Eberbacher Mannschaft (Gabriele Hammer-Zeitler, Klaus Bickel und Annette Schatz) ebenfalls Platz 1, konnten aber mit 891 Ringen ihre \u00e4lteren Kollegen deutlich in den Schatten stellen. Analytiker wiesen darauf hin, dass dies allerdings nicht weiter verwunderlich sei, weil sie eben besser und vor allem h\u00fcbscher sind !!<\/p>\n\n\n\n<p>In der Einzelwertung der Klasse S I weiblich gelang Kerstin Liebsch beim ihrem ersten Start im Auflagebereich auf Anhieb mit 294 Ringen der ersten Platz. Bei den Senioren II gingen sowohl bei den Frauen und M\u00e4nnern die ersten Pl\u00e4tze mit je 298 Ringen an Eberbach, n\u00e4mlich an Klaus Bickel sowie Gabriele Hammer-Zeitler. Annette Schatz kam mit 295 Ringen auf Platz 2. In der Klasse SIII erreichte Wulfrin Schatz erstmals das Maximum von 300 Ringen, das Platz 1 bedeutete. Lothar Braun kam mit 297 Ringen auf Platz 3. Bei den Frauen ging der erste Platz an Anneliese Gliese (290 R.) In der Klasse S V (\u00e4lter als 75 J.) gelang Franz Zeitler auch bei seinem ersten Start im Auflagebereich auf Anhieb mit 292 Ringen und Platz 4 ein h\u00f6chst respektables Einstiegsergebnis. Friedrich Oe\u00df folgte dahinter auf Platz 6 mit 291 Ringen.<\/p>\n\n\n\n<div class=\"wp-block-image\"><figure class=\"aligncenter\"><a href=\"http:\/\/s710205766.online.de\/ssv-wordpress\/wp-content\/uploads\/KK-100.jpg\" target=\"_blank\" rel=\"noreferrer noopener\"><img loading=\"lazy\" decoding=\"async\" width=\"300\" height=\"225\" src=\"http:\/\/s710205766.online.de\/ssv-wordpress\/wp-content\/uploads\/KK-100-300x225.jpg\" alt=\"\" class=\"wp-image-2540\" srcset=\"http:\/\/s710205766.online.de\/ssv-wordpress\/wp-content\/uploads\/KK-100-300x225.jpg 300w, http:\/\/s710205766.online.de\/ssv-wordpress\/wp-content\/uploads\/KK-100-768x576.jpg 768w, http:\/\/s710205766.online.de\/ssv-wordpress\/wp-content\/uploads\/KK-100-1024x768.jpg 1024w\" sizes=\"(max-width: 300px) 100vw, 300px\" \/><\/a><\/figure><\/div>\n\n\n\n<p>(Foto Privat von li.)&nbsp; K. Bickel, K. Liebsch, A. Schatz, G. Hammer-Zeitler, F. Zeitler und L. Braun. Es fehlen F. Oe\u00df und A. Gliese<\/p>\n\n\n\n<p>24.03.2018 WS<\/p>\n\n\n\n<hr class=\"wp-block-separator\"\/>\n\n\n\n<h4 class=\"wp-block-heading\"><strong>Jahreshauptversammlung beim SSV 1487 Eberbach<\/strong><\/h4>\n\n\n\n<p>Am Freitag, den 09.03.2018 fand im Eberbacher Sch\u00fctzenhaus die<\/p>\n\n\n\n<p>Jahreshauptversammlung statt.<\/p>\n\n\n\n<p>Nach der Begr\u00fc\u00dfung von den 41 anwesenden Mitgliedern wurden die einzelnen Berichte vorgetragen.<\/p>\n\n\n\n<p>Danach wurde die Vorstandsschaft entlastet und es konnten die Wahlen durchgef\u00fchrt werden.<\/p>\n\n\n\n<p>In diesem Jahr standen zur Wahl:<\/p>\n\n\n\n<p>1 Obersch\u00fctzenmeister f\u00fcr 3 Jahre, Thomas M\u00fcller wurde neu gew\u00e4hlt.<\/p>\n\n\n\n<p>1 Schie\u00dfleiter f\u00fcr 4 Jahre, Martina Walldorf wurde wieder gew\u00e4hlt.<\/p>\n\n\n\n<p>1 stellvertretender Jugendleiter f\u00fcr 4 Jahre, Patrick Joho wurde wieder gew\u00e4hlt<\/p>\n\n\n\n<p>1 Schriftf\u00fchrer f\u00fcr 4 Jahre, Karin Kre\u00df wurde wieder gew\u00e4hlt<\/p>\n\n\n\n<p>1 Waffenwart f\u00fcr 4 Jahre, Philipp Springer wurde wieder gew\u00e4hlt<\/p>\n\n\n\n<p>1 Pistolenreferent f\u00fcr 4 Jahre, Wolfgang Stadler wurde wieder gew\u00e4hlt<\/p>\n\n\n\n<p>2 Kassenpr\u00fcfer f\u00fcr 2 Jahre, Wulfrin Schatz und Jutta Sch\u00f6lch wurden wieder gew\u00e4hlt<\/p>\n\n\n\n<p>Die neu gew\u00e4hlten Mitglieder vom Vorstand des SSV Eberbach:<\/p>\n\n\n\n<div class=\"wp-block-image\"><figure class=\"aligncenter\"><a href=\"http:\/\/s710205766.online.de\/ssv-wordpress\/wp-content\/uploads\/f539992b-48f1-45e3-ac0f-7c7fccaf5639.jpg\" target=\"_blank\" rel=\"noreferrer noopener\"><img loading=\"lazy\" decoding=\"async\" width=\"300\" height=\"225\" src=\"http:\/\/s710205766.online.de\/ssv-wordpress\/wp-content\/uploads\/f539992b-48f1-45e3-ac0f-7c7fccaf5639-300x225.jpg\" alt=\"\" class=\"wp-image-2500\" srcset=\"http:\/\/s710205766.online.de\/ssv-wordpress\/wp-content\/uploads\/f539992b-48f1-45e3-ac0f-7c7fccaf5639-300x225.jpg 300w, http:\/\/s710205766.online.de\/ssv-wordpress\/wp-content\/uploads\/f539992b-48f1-45e3-ac0f-7c7fccaf5639-768x576.jpg 768w, http:\/\/s710205766.online.de\/ssv-wordpress\/wp-content\/uploads\/f539992b-48f1-45e3-ac0f-7c7fccaf5639-1024x768.jpg 1024w, http:\/\/s710205766.online.de\/ssv-wordpress\/wp-content\/uploads\/f539992b-48f1-45e3-ac0f-7c7fccaf5639.jpg 1280w\" sizes=\"(max-width: 300px) 100vw, 300px\" \/><\/a><\/figure><\/div>\n\n\n\n<p>(Foto privat v. li.) P. Springer, W. Stadler, P. Joho, K. Kre\u00df, T. M\u00fcller und M. Walldorf<\/p>\n\n\n\n<p>Die drei Obersch\u00fctzenmeister des SSV Eberbach mit dem neuen<\/p>\n\n\n\n<p>Obersch\u00fctzenmeister Thomas M\u00fcller<\/p>\n\n\n\n<div class=\"wp-block-image\"><figure class=\"aligncenter\"><a href=\"http:\/\/s710205766.online.de\/ssv-wordpress\/wp-content\/uploads\/a7eb6e19-c431-4fce-8e19-870a54c4eb77.jpg\" target=\"_blank\" rel=\"noreferrer noopener\"><img loading=\"lazy\" decoding=\"async\" width=\"251\" height=\"300\" src=\"http:\/\/s710205766.online.de\/ssv-wordpress\/wp-content\/uploads\/a7eb6e19-c431-4fce-8e19-870a54c4eb77-251x300.jpg\" alt=\"\" class=\"wp-image-2501\" srcset=\"http:\/\/s710205766.online.de\/ssv-wordpress\/wp-content\/uploads\/a7eb6e19-c431-4fce-8e19-870a54c4eb77-251x300.jpg 251w, http:\/\/s710205766.online.de\/ssv-wordpress\/wp-content\/uploads\/a7eb6e19-c431-4fce-8e19-870a54c4eb77-768x917.jpg 768w, http:\/\/s710205766.online.de\/ssv-wordpress\/wp-content\/uploads\/a7eb6e19-c431-4fce-8e19-870a54c4eb77.jpg 775w\" sizes=\"(max-width: 251px) 100vw, 251px\" \/><\/a><\/figure><\/div>\n\n\n\n<p>(Foto privat v. li.) Patrick Joho, Karin Kre\u00df und Thomas M\u00fcller<\/p>\n\n\n\n<p>Nach den Wahlen kamen die Ehrungen.<\/p>\n\n\n\n<p>F\u00fcr 10 Jahre Mitgliedschaft wurden geehrt.<\/p>\n\n\n\n<p>Michael Brockmann, Martina Walldorf, Martin Kre\u00df, Andrea M\u00fcller, Pia Sauer, Sandra Joho, Steffen Kre\u00df, Leon Joho, Daniel M\u00fcller.<\/p>\n\n\n\n<div class=\"wp-block-image\"><figure class=\"aligncenter\"><a href=\"http:\/\/s710205766.online.de\/ssv-wordpress\/wp-content\/uploads\/2dde6bb5-18bd-4092-a34b-b73387d005c6.jpg\" target=\"_blank\" rel=\"noreferrer noopener\"><img loading=\"lazy\" decoding=\"async\" width=\"300\" height=\"225\" src=\"http:\/\/s710205766.online.de\/ssv-wordpress\/wp-content\/uploads\/2dde6bb5-18bd-4092-a34b-b73387d005c6-300x225.jpg\" alt=\"\" class=\"wp-image-2499\" srcset=\"http:\/\/s710205766.online.de\/ssv-wordpress\/wp-content\/uploads\/2dde6bb5-18bd-4092-a34b-b73387d005c6-300x225.jpg 300w, http:\/\/s710205766.online.de\/ssv-wordpress\/wp-content\/uploads\/2dde6bb5-18bd-4092-a34b-b73387d005c6-768x576.jpg 768w, http:\/\/s710205766.online.de\/ssv-wordpress\/wp-content\/uploads\/2dde6bb5-18bd-4092-a34b-b73387d005c6-1024x768.jpg 1024w, http:\/\/s710205766.online.de\/ssv-wordpress\/wp-content\/uploads\/2dde6bb5-18bd-4092-a34b-b73387d005c6.jpg 1280w\" sizes=\"(max-width: 300px) 100vw, 300px\" \/><\/a><\/figure><\/div>\n\n\n\n<p>(Foto privat v.li.) M. Brockmann, M. Walldorf, M. Kre\u00df, A. M\u00fcller, P. Sauer, S. Joho, S. Kre\u00df, L. Joho und D. M\u00fcller<\/p>\n\n\n\n<p>Ein Meistersch\u00fctzenabzeichen bekamen in diesem Jahr:<\/p>\n\n\n\n<p>Steffen Kre\u00df, Leon Joho, Max Kre\u00df, Tim V\u00f6lker, Karina Schneider, Chantal Kaucher, Andreas Reinig, Wolf-Dieter Schmitt, Holger Kuhn, Patrick Joho, Nina Johe, Thomas M\u00fcller, Karin Kre\u00df, Kerstin Liebsch, J\u00fcrgen Seib, Wulfrin Schatz, Annette Schatz, Anne Gliese, Klaus Bickel, Lothar Braun, Reinhard Zahn, Friedrich Oe\u00df und Martina Walldorf.<\/p>\n\n\n\n<div class=\"wp-block-image\"><figure class=\"aligncenter\"><a href=\"http:\/\/s710205766.online.de\/ssv-wordpress\/wp-content\/uploads\/628d2e60-cb60-48e0-9c0c-99c532c63cea.jpg\" target=\"_blank\" rel=\"noreferrer noopener\"><img loading=\"lazy\" decoding=\"async\" width=\"300\" height=\"225\" src=\"http:\/\/s710205766.online.de\/ssv-wordpress\/wp-content\/uploads\/628d2e60-cb60-48e0-9c0c-99c532c63cea-300x225.jpg\" alt=\"\" class=\"wp-image-2498\" srcset=\"http:\/\/s710205766.online.de\/ssv-wordpress\/wp-content\/uploads\/628d2e60-cb60-48e0-9c0c-99c532c63cea-300x225.jpg 300w, http:\/\/s710205766.online.de\/ssv-wordpress\/wp-content\/uploads\/628d2e60-cb60-48e0-9c0c-99c532c63cea-768x576.jpg 768w, http:\/\/s710205766.online.de\/ssv-wordpress\/wp-content\/uploads\/628d2e60-cb60-48e0-9c0c-99c532c63cea-1024x768.jpg 1024w, http:\/\/s710205766.online.de\/ssv-wordpress\/wp-content\/uploads\/628d2e60-cb60-48e0-9c0c-99c532c63cea.jpg 1280w\" sizes=\"(max-width: 300px) 100vw, 300px\" \/><\/a><\/figure><\/div>\n\n\n\n<p>100318\/ MW<\/p>\n\n\n\n<hr class=\"wp-block-separator\"\/>\n\n\n\n<h3 class=\"wp-block-heading\"><strong>Gro\u00dfe Erfolge f\u00fcr die Eberbacher Sch\u00fctzenjugend <\/strong><\/h3>\n\n\n\n<p>Bei den k\u00fcrzlich stattgefundenen&nbsp; Kreismeisterschaften f\u00fcr Luftdruckwaffen konnte die Jugendabteilung des SSV Eberbach wieder sch\u00f6ne Erfolge feiern.<\/p>\n\n\n\n<div class=\"wp-block-image\"><figure class=\"aligncenter\"><a href=\"http:\/\/s710205766.online.de\/ssv-wordpress\/wp-content\/uploads\/20-2.jpeg\" target=\"_blank\" rel=\"noreferrer noopener\"><img loading=\"lazy\" decoding=\"async\" width=\"1024\" height=\"456\" src=\"http:\/\/s710205766.online.de\/ssv-wordpress\/wp-content\/uploads\/20-2-1024x456.jpeg\" alt=\"\" class=\"wp-image-2378\" srcset=\"http:\/\/s710205766.online.de\/ssv-wordpress\/wp-content\/uploads\/20-2-1024x456.jpeg 1024w, http:\/\/s710205766.online.de\/ssv-wordpress\/wp-content\/uploads\/20-2-300x134.jpeg 300w, http:\/\/s710205766.online.de\/ssv-wordpress\/wp-content\/uploads\/20-2-768x342.jpeg 768w\" sizes=\"(max-width: 1024px) 100vw, 1024px\" \/><\/a><\/figure><\/div>\n\n\n\n<p>Erstmals seit 2016 ging wieder eine Sch\u00fclermannschaft an den Start, und erreichte mit den Sch\u00fctzen Aaliyah Demirci, Benjamin Dannefelser und Kevin Schatz auf Anhieb den ersten Platz. Im Einzel schafften es Aaliyha und Benjamin mit sehr guten 178 Ringen jeweils ganz nach oben auf\u00b4s Treppchen.<\/p>\n\n\n\n<p>In der Jugendklasse belegte die Mannschaft um Xenia Scherer, Max Kre\u00df und Tim V\u00f6lker den zweiten Platz. Xenia konnte hier mit hervorragenden 387 Ringen und gro\u00dfem Vorsprung den ersten Platz belegen. Max konnte sich mit 344 Ringen den 3.Platz sichern.<\/p>\n\n\n\n<p>In der Juniorenklasse machten die beiden Eberbacher Mannschaften den Sieg unter sich aus. Kreismeister wurden die Sch\u00fctzen Steffen Kre\u00df, Leon Joho und Nico Scherz mit 1107 Ringen. Den 2.Platz erreichten Philipp Schneider, Roman Gro\u00df und Jonas Berlinghof mit 1084 Ringen.<\/p>\n\n\n\n<p>Auch in der Einzelwertung gingen alle Podestpl\u00e4tze an Eberbacher Sch\u00fctzen. In der Juniorenklasse 1 wurde Steffen Kre\u00df mit 382 Ringen Kreismeister, gefolgt von Roman Gro\u00df (360) und Nicolas Bauer (353).<\/p>\n\n\n\n<p>Die Juniorenklasse 2 bot das gleiche Bild. Erster wurde hier Leon Joho (377). Philipp Schneider (365) und Jonas Berlinghof (359) vervollst\u00e4ndigten das Podest.<\/p>\n\n\n\n<p>Es ist jetzt schon abzusehen, dass der SSV Eberbach wieder mit einer gro\u00dfen Mannschaft bei den Badischen Meisterschaften vertreten sein wird.<\/p>\n\n\n\n<div class=\"wp-block-image\"><figure class=\"aligncenter\"><a href=\"http:\/\/s710205766.online.de\/ssv-wordpress\/wp-content\/uploads\/15-1.jpeg\" target=\"_blank\" rel=\"noreferrer noopener\"><img loading=\"lazy\" decoding=\"async\" width=\"1024\" height=\"768\" src=\"http:\/\/s710205766.online.de\/ssv-wordpress\/wp-content\/uploads\/15-1-1024x768.jpeg\" alt=\"\" class=\"wp-image-2373\" srcset=\"http:\/\/s710205766.online.de\/ssv-wordpress\/wp-content\/uploads\/15-1-1024x768.jpeg 1024w, http:\/\/s710205766.online.de\/ssv-wordpress\/wp-content\/uploads\/15-1-300x225.jpeg 300w, http:\/\/s710205766.online.de\/ssv-wordpress\/wp-content\/uploads\/15-1-768x576.jpeg 768w, http:\/\/s710205766.online.de\/ssv-wordpress\/wp-content\/uploads\/15-1.jpeg 1280w\" sizes=\"(max-width: 1024px) 100vw, 1024px\" \/><\/a><\/figure><\/div>\n\n\n\n<p>(Foto privat v. li.) Ch. Kampert, L. Joho, B. Dannefelser, M. Kre\u00df, R. Gro\u00df, K. Schatz,<\/p>\n\n\n\n<p>L. B\u00f6hm, M. Kre\u00df, A. Demirci, X. Scherer, N. Bauer und T. V\u00f6lker<\/p>\n\n\n\n<p>Wir gratulieren unseren Jugendlichen ganz herzlich zu ihren tollen<\/p>\n\n\n\n<p>Ergebnissen und Platzierungen.<\/p>\n\n\n\n<p>Ihr seid Spitze.<\/p>\n\n\n\n<p>05.03.2018\/ TM<\/p>\n\n\n\n<hr class=\"wp-block-separator\"\/>\n\n\n\n<h4 class=\"wp-block-heading\"><strong>Die 1. Luftgewehrmannschaft des SSV 1487 Eberbach hat den Aufstieg in die Oberliga Baden geschafft<\/strong><\/h4>\n\n\n\n<p>Am Sonntag fanden auf der Schiessanlage in Pforzheim die Aufstiegswettk\u00e4mpfe zur Oberliga Baden statt.<br>Vier Mannschaften traten an um die begehrten zwei Aufstiegspl\u00e4tze zu erreichen. Doch vorher mussten zwei Wettkampfserien geschossen werden. Zur Unterst\u00fctzung waren auch zahlreiche Anh\u00e4nger mitgekommen.<\/p>\n\n\n\n<p>F\u00fcr Eberbach gingen Friedrich Sch\u00f6lch, Stephan Sch\u00f6lch, Patrick Joho, Xenia Scherer und Steffen Kre\u00df an den Start.<\/p>\n\n\n\n<div class=\"wp-block-image\"><figure class=\"aligncenter\"><a href=\"http:\/\/s710205766.online.de\/ssv-wordpress\/wp-content\/uploads\/dfca9ed1-67a7-42a1-a270-70f9bd301f4c-1.jpg\" target=\"_blank\" rel=\"noreferrer noopener\"><img loading=\"lazy\" decoding=\"async\" width=\"960\" height=\"565\" src=\"http:\/\/s710205766.online.de\/ssv-wordpress\/wp-content\/uploads\/dfca9ed1-67a7-42a1-a270-70f9bd301f4c-1.jpg\" alt=\"\" class=\"wp-image-2477\" srcset=\"http:\/\/s710205766.online.de\/ssv-wordpress\/wp-content\/uploads\/dfca9ed1-67a7-42a1-a270-70f9bd301f4c-1.jpg 960w, http:\/\/s710205766.online.de\/ssv-wordpress\/wp-content\/uploads\/dfca9ed1-67a7-42a1-a270-70f9bd301f4c-1-300x177.jpg 300w, http:\/\/s710205766.online.de\/ssv-wordpress\/wp-content\/uploads\/dfca9ed1-67a7-42a1-a270-70f9bd301f4c-1-768x452.jpg 768w\" sizes=\"(max-width: 960px) 100vw, 960px\" \/><\/a><\/figure><\/div>\n\n\n\n<p>(Foto privat v. li.) P. Joho, S. Kre\u00df, S. Sch\u00f6lch, F. Sch\u00f6lch und X. Scherer.<\/p>\n\n\n\n<p>Im ersten Wettkampf war die Aufregung der Sch\u00fctzen regelrecht f\u00fchlbar. Dennoch erreichten unsere Sch\u00fctzen ein tolles Mannschaftergebnis von 1.908 Ringen und belegten zur Pause den zweiten Platz. Zu Platz eins waren es 14 Ringe R\u00fcckstand und auf Platz drei 11 Ringe Vorsprung.<\/p>\n\n\n\n<p>Einzelergebnisse:<\/p>\n\n\n\n<p>Friedrich Sch\u00f6lch&nbsp;&nbsp;&nbsp;&nbsp;&nbsp;&nbsp; 386 Ringe<br>Stephan Sch\u00f6lch&nbsp;&nbsp;&nbsp;&nbsp;&nbsp;&nbsp;&nbsp; 386 Ringe<br>Patrick Joho&nbsp;&nbsp;&nbsp;&nbsp;&nbsp;&nbsp;&nbsp;&nbsp;&nbsp;&nbsp;&nbsp;&nbsp;&nbsp;&nbsp; 375 Ringe<br>Xenia Scherer&nbsp;&nbsp;&nbsp;&nbsp;&nbsp;&nbsp;&nbsp;&nbsp; &nbsp;&nbsp; 379 Ringe<br>Steffen Kre\u00df&nbsp;&nbsp;&nbsp;&nbsp;&nbsp;&nbsp;&nbsp;&nbsp;&nbsp;&nbsp;&nbsp;&nbsp;&nbsp; 382 Ringe<\/p>\n\n\n\n<p>Nachdem man sich in der Pause gut gest\u00e4rkt hatte ging es bestens gelaunt zum zweiten Wettkampf. Nun merkte man dass die Anspannung nicht mehr so gro\u00df war und unsere Sch\u00fctzen etwas lockerer schie\u00dfen konnten. Alle waren voll konzentriert und konnten sich gegen\u00fcber dem ersten Durchgang sogar noch steigern und erreichten am Ende gute 1.914 Ringe.<\/p>\n\n\n\n<p>Einzelergebnisse:<\/p>\n\n\n\n<p>Friedrich Sch\u00f6lch&nbsp;&nbsp;&nbsp;&nbsp;&nbsp;&nbsp;&nbsp;&nbsp; 386 Ringe<br>Stephan Sch\u00f6lch&nbsp;&nbsp;&nbsp;&nbsp;&nbsp;&nbsp;&nbsp;&nbsp; 389 Ringe<br>Patrick Joho&nbsp;&nbsp;&nbsp;&nbsp;&nbsp;&nbsp;&nbsp;&nbsp;&nbsp;&nbsp;&nbsp;&nbsp;&nbsp;&nbsp;&nbsp; 377 Ringe<br>Xenia Scherer&nbsp;&nbsp;&nbsp;&nbsp;&nbsp;&nbsp;&nbsp;&nbsp;&nbsp;&nbsp;&nbsp;&nbsp; 380 Ringe<br>Steffen Kre\u00df&nbsp;&nbsp;&nbsp;&nbsp;&nbsp;&nbsp;&nbsp;&nbsp;&nbsp;&nbsp;&nbsp;&nbsp;&nbsp;&nbsp;&nbsp; 382 Ringe<\/p>\n\n\n\n<p>In der Endabrechnung bedeutete dies den zweiten Platz und den Aufstieg in die Oberliga Baden. Die Freude der Mannschaft und Ihren Anh\u00e4ngern war riesig. Der Aufstieg war der kr\u00f6nende Abschluss der diesj\u00e4hrigen Luftgewehr-Runde.<\/p>\n\n\n\n<div class=\"wp-block-image\"><figure class=\"aligncenter\"><a href=\"http:\/\/s710205766.online.de\/ssv-wordpress\/wp-content\/uploads\/IMG_8094.jpg\" target=\"_blank\" rel=\"noreferrer noopener\"><img loading=\"lazy\" decoding=\"async\" width=\"1024\" height=\"700\" src=\"http:\/\/s710205766.online.de\/ssv-wordpress\/wp-content\/uploads\/IMG_8094-1024x700.jpg\" alt=\"\" class=\"wp-image-2475\" srcset=\"http:\/\/s710205766.online.de\/ssv-wordpress\/wp-content\/uploads\/IMG_8094-1024x700.jpg 1024w, http:\/\/s710205766.online.de\/ssv-wordpress\/wp-content\/uploads\/IMG_8094-300x205.jpg 300w, http:\/\/s710205766.online.de\/ssv-wordpress\/wp-content\/uploads\/IMG_8094-768x525.jpg 768w\" sizes=\"(max-width: 1024px) 100vw, 1024px\" \/><\/a><\/figure><\/div>\n\n\n\n<p>Die siegreiche Mannschaft mit ihren Fans und Betreuern.<\/p>\n\n\n\n<p>Auch die 2. Luftgewehrmannschaft kann sich freuen, darf man doch in drei Wochen an den Aufstiegswettk\u00e4mpfen zur Landesliga Ost teilnehmen.<\/p>\n\n\n\n<p>04.03.18\/k\u00df<\/p>\n\n\n\n<hr class=\"wp-block-separator\"\/>\n\n\n\n<h4 class=\"wp-block-heading\"><strong>&nbsp;Grosskaliber Kreismeisterschaften in Pleutersbach<\/strong><\/h4>\n\n\n\n<p>An diesem Wochenende, 03.03.- 04.03. fanden in Pleutersbach die Kreismeisterschaften im Grosskaliber Pistole und Revolver statt.<\/p>\n\n\n\n<p>F\u00fcr Eberbach gingen 3 Sch\u00fctzen an den Start. In der Disziplin Pistole 9 mm traten Roland Johe (356 Ringe Einzel 1. Platz), Thomas B\u00e4uerle (329 Ringe, Einzel 3. Platz) und Nico Roffalski (322 Ringe, Einzel 6. Platz) in einer Mannschaft an. Sie kamen mit 1007 Ringen auf den 1. Platz.<\/p>\n\n\n\n<p>In der Disziplin Revolver .357 Magnum kam Thomas B\u00e4uerle mit 359 Ringen auf den 1. und Roland Johe mit 341 Ringen auf den 2. Platz.<\/p>\n\n\n\n<p>Thomas B\u00e4uerle startete noch in zwei weiteren Disziplinen. Revolver .44 Magnum 333 Ringe, 2. Platz und Pistole .45 ACP 347 Ringe, 1. Platz.<\/p>\n\n\n\n<p>04.03.2018\/ MW<\/p>\n\n\n\n<hr class=\"wp-block-separator\"\/>\n\n\n\n<h4 class=\"wp-block-heading\"><strong>Kreismeisterschaften in Eberbach<\/strong><\/h4>\n\n\n\n<h4 class=\"wp-block-heading\"><strong>Luftgewehr und Luftpistole<\/strong><\/h4>\n\n\n\n<p>Am 24. und 25.02. fanden in Eberbach die Kreismeisterschaften der Luftdruckwaffen statt.<\/p>\n\n\n\n<p>F\u00fcr Eberbach gingen 7 Luftpistolen &#8211; und 10 Luftgewehrsch\u00fctzen an den Start.<\/p>\n\n\n\n<p>Bei den Sch\u00fclern, Jugendlichen und Junioren gingen 15 Sch\u00fctzen an den Start.<\/p>\n\n\n\n<div class=\"wp-block-image fbx-link\"><figure class=\"alignleft\"><a class=\"fbx-link\" href=\"http:\/\/s710205766.online.de\/ssv-wordpress\/wp-content\/uploads\/17-1.jpeg\" rel=\"noopener noreferrer\"><img loading=\"lazy\" decoding=\"async\" width=\"300\" height=\"225\" src=\"http:\/\/s710205766.online.de\/ssv-wordpress\/wp-content\/uploads\/17-1-300x225.jpeg\" alt=\"\" class=\"wp-image-2375\" srcset=\"http:\/\/s710205766.online.de\/ssv-wordpress\/wp-content\/uploads\/17-1-300x225.jpeg 300w, http:\/\/s710205766.online.de\/ssv-wordpress\/wp-content\/uploads\/17-1-768x576.jpeg 768w, http:\/\/s710205766.online.de\/ssv-wordpress\/wp-content\/uploads\/17-1-1024x768.jpeg 1024w\" sizes=\"(max-width: 300px) 100vw, 300px\" \/><\/a><figcaption>Luftpistolen Sch\u00fctzen<\/figcaption><\/figure><\/div>\n\n\n\n<div class=\"wp-block-image fbx-link\"><figure class=\"alignright\"><a class=\"fbx-link\" href=\"http:\/\/s710205766.online.de\/ssv-wordpress\/wp-content\/uploads\/8-2.jpeg\" rel=\"noopener noreferrer\"><img loading=\"lazy\" decoding=\"async\" width=\"300\" height=\"230\" src=\"http:\/\/s710205766.online.de\/ssv-wordpress\/wp-content\/uploads\/8-2-300x230.jpeg\" alt=\"\" class=\"wp-image-2393\" srcset=\"http:\/\/s710205766.online.de\/ssv-wordpress\/wp-content\/uploads\/8-2-300x230.jpeg 300w, http:\/\/s710205766.online.de\/ssv-wordpress\/wp-content\/uploads\/8-2-768x588.jpeg 768w, http:\/\/s710205766.online.de\/ssv-wordpress\/wp-content\/uploads\/8-2-1024x784.jpeg 1024w\" sizes=\"(max-width: 300px) 100vw, 300px\" \/><\/a><figcaption>Luftgewehr Sch\u00fctzen<\/figcaption><\/figure><\/div>\n\n\n\n<div class=\"wp-block-image fbx-link\"><figure class=\"aligncenter\"><a class=\"fbx-link\" href=\"http:\/\/s710205766.online.de\/ssv-wordpress\/wp-content\/uploads\/15-2.jpeg\"><img loading=\"lazy\" decoding=\"async\" width=\"300\" height=\"225\" src=\"http:\/\/s710205766.online.de\/ssv-wordpress\/wp-content\/uploads\/15-2-300x225.jpeg\" alt=\"\" class=\"wp-image-2374\" srcset=\"http:\/\/s710205766.online.de\/ssv-wordpress\/wp-content\/uploads\/15-2-300x225.jpeg 300w, http:\/\/s710205766.online.de\/ssv-wordpress\/wp-content\/uploads\/15-2-768x576.jpeg 768w, http:\/\/s710205766.online.de\/ssv-wordpress\/wp-content\/uploads\/15-2-1024x768.jpeg 1024w, http:\/\/s710205766.online.de\/ssv-wordpress\/wp-content\/uploads\/15-2.jpeg 1280w\" sizes=\"(max-width: 300px) 100vw, 300px\" \/><\/a><figcaption>Luftgewehr Sch\u00fcler, Jugend und Junioren<\/figcaption><\/figure><\/div>\n\n\n\n<p>Es war ein guter Start in die diesj\u00e4hrigen Kreismeisterschaften und man kann mit Spannung den n\u00e4chsten Terminen entgegen sehen.<\/p>\n\n\n\n<p>Die einzelnen Ergebnisse k\u00f6nnen unter Der Sport\/ Meisterschaften nachgelesen werden.<\/p>\n\n\n\n<p>[metaslider id=&#8220;1609&#8243;]<\/p>\n\n\n\n<p>25.02.2018 MW<\/p>\n\n\n\n<hr class=\"wp-block-separator\"\/>\n\n\n\n<h4 class=\"wp-block-heading\"><strong>Erfolgreicher Auftakt der Kreismeisterschaften Auflage LG und LP<\/strong><\/h4>\n\n\n\n<p>Zum Auftakt der diesj\u00e4hrigen Kreismeisterschaften konnten die Auflagesch\u00fctzen des SSV Eberbach in den Luftdruckdisziplinen mit 6 x Gold, 4 x Silber und 2 x Bronze einen erfolgreichen Wettkampftag verzeichnen.<\/p>\n\n\n\n<p>In der LG-Seniorenklasse II (61-65 Jahre) erreichten Annette Schatz und Gabriele Hammer-Zeitler mit je 299 Ringen die Pl\u00e4tze 1 und 2. Die Mannschaft, vervollst\u00e4ndigt durch Klaus Bickel (295, Platz 4), wurde mit 893 Ringen Kreismeister.<\/p>\n\n\n\n<p>Bei den LG-Senioren III (66-70 Jahre) erreichte Wulfrin Schatz mit 300 Ringen das Tagesbestergebnis und Platz 1. Lothar Braun erzielte 298 Ringe und Platz 3. Hans-Peter Hettmannsperger kam auf 286 Ringe. In der weiblichen Klasse wurde Anneliese Gliese mit 297 Ringen ebenfalls Kreismeisterin.<\/p>\n\n\n\n<p>Bei den LG-Senioren V (&gt;75 Jahre) kamen Friedrich Oe\u00df und Werner Gose mit je 295 Ringen auf die Pl\u00e4tze 3 und 4, w\u00e4hrend Newcomer Franz Zeitler akzeptable 286 Ringe erzielte.<\/p>\n\n\n\n<p>Die 1. Mannschaft, gebildet aus den Senioren III-V mit Wulfrin Schatz, Lothar Braun, Werner Gose, musste sich bei Ringgleichheit dem Kreismeister Spechbach mit 893 Ringen und Platz 2 begn\u00fcgen. Die 2. Mannschaft (Anneliese Gliese, Friedrich Oe\u00df, Franz Zeitler) kam auf 878 Ringe und belegte Platz 5.<\/p>\n\n\n\n<p>Die erstmals neu formierte LP-Mannschaft der Senioren I (50-60 Jahre) in der Besetzung Thomas B\u00e4uerle, Martina Walldorf und Christiane Weidner kam auf 836 Ringe und Platz 1. In der Einzelwertung erreichte Thomas B\u00e4uerle 281 Ringe und Platz 2, w\u00e4hrend bei den weiblichen LP-Sch\u00fctzen die Pl\u00e4tze 1 und 2 an Martina Walldorf (279 Ringe) und Christiane Weidner (276 Ringe) gingen.<\/p>\n\n\n\n<p>Aufgrund der erzielten Ergebnisse haben alle Mannschaften und Sch\u00fctzen die Qualifikation zur Landesmeisterschaft erreicht.<\/p>\n\n\n\n<p>17022018 WS<\/p>\n\n\n\n<hr class=\"wp-block-separator\"\/>\n\n\n\n<h3 class=\"wp-block-heading\"><strong>2. Auflagemannschaft Meister der Kreisliga A <\/strong><\/h3>\n\n\n\n<p><strong>Platz 1 und 3 f\u00fcr Eberbacher Einzelsch\u00fctzen in der Rangliste <\/strong><\/p>\n\n\n\n<p>Am 29 01.2018 fand in Eberbach der zentrale Finalwettkampf der Ligarunde LG Aufgelegt 2017\/2018 statt, in der insgesamt 62 Auflagesch\u00fctzen in 15 Mannschaften an den Start gingen.<\/p>\n\n\n\n<p>In der Kreisoberligabegegnung des Tabellenf\u00fchrers Brombach 1 gegen Eberbach 1 ging es f\u00fcr Brombach um den Meistertitel, f\u00fcr den ein Sieg \u00fcber Eberbach notwendig war. Daf\u00fcr standen aber die Chancen sehr schlecht, weil Brombach mit zweifachem Ersatz antreten musste. So hatte an Position 3 Werner Gose gegen seinen Gegner keine M\u00fche und gewann mit 296:270 Ringen den ersten Punkt. An Position 2 konnte sich Wulfrin Schatz trotz Ersatzschie\u00dfjacke mit 299:295 Ringen gegen seinen gut schie\u00dfenden Gegner durchsetzen und gewann den zweiten Punkt und damit schon den Sieg \u00fcber Brombach. An Position 1 hatte Gabi Hammer-Zeitler mit J\u00fcrgen Seib den erwarteten gleichwertigen Gegner. Am Ende des Wettkampfes hatten beide 298 Ringen vorzuweisen. so dass wieder mal ein Stechen \u00fcber den dritten Mannschaftspunkt entscheiden musste. Nach je zwei Zehnern in den beiden ersten Stechsch\u00fcssen musste Gabi in ihrem ersten Stechen den Nerven etwas Tribut zollen und brachte nur eine 8 auf die Scheibe. Ihr Gegner lie\u00df sich jedoch nicht lumpen und lie\u00df ebenfalls eine 8 folgen. So musste der vierte Stechschuss in Zehntelwertung die Entscheidung bringen. Hier fiel dann die Entscheidung zu Gunsten von Brombach mit 10,7:9,0. Trotzdem hatte Brombach den Wettkampf mit 1:2 verloren, so dass auch der Gesamtsieg in der Kreisoberliga an Spechbach 1 ging, die gegen Spechbach 2 erwartungsgem\u00e4\u00df keine M\u00fche hatten. F\u00fcr Eberbach 1 blieb dieses Jahr nur der dritte Platz \u00fcbrig.<\/p>\n\n\n\n<p>Eberbach 2 als Tabellenf\u00fchrer der Kreisliga A lag vor dem Finale gut im Titelrennen. Aufgrund des Gesamt- und Einzelpunktverh\u00e4ltnisses ergab die Hochrechnung vor dem Finale, dass bei einem Sieg von Neckargem\u00fcnd mit 3:0 gegen Spechbach 3 sogar eine Niederlage von Eberbach 2 mit 1:2 gegen Moosbrunn 1 zul\u00e4ssig war, um abschlie\u00dfend Platz 1 zu behalten. Nat\u00fcrlich wollten die Eberbacher nicht kampflos die Punkte abgeben und traten in Bestbesetzung an. An Position 3 gelang Klaus Bickel mit 298 Ringen wieder ein gutes Ergebnis und gewann gegen seine Moosbrunner Gegnerin (292 R.) letztendlich klar den ersten Punkt. Reinhard Zahn an Position 2 erreichte mit 297 Ringen ebenfalls ein gutes Ergebnis; leider hatte er gegen die in Topform schie\u00dfende Gegnerin Elke Zimmermann mit ihren 300 Ringen keine Chance. Moosbrunn konnte dadurch ausgleichen. Die Entscheidung fiel an Position 1, an der Lothar Braun gegen seinen Gegner die erste Serie mit 99 Ringen noch ausgeglichen gestalten konnte. Die zweite Serie ging mit 100:99 an Moosbrunn. In der dritten Serie unterlief dem Moosbrunner Sch\u00fctzen eine 9 gegen den bis dato noch fehlerfrei schie\u00dfenden Lothar Braun. Ein erneutes Stechen war greifbar nahe. Mit dem letzten Schuss erzielte Lothar jedoch trotz dreimaligem Absetzen eine 9, so dass der Siegpunkt mit 297:298 Ringen an Moosbrunn ging. Damit hatten Eberbach 2, Neckargem\u00fcnd 1 und Moosbrunn 1 je 8:4 Mannschaftpunkte. F\u00fcr die abschlie\u00dfende Rangfolge in der Kreisliga A entschieden die Einzelpunkte von 12:6 \u2013 11:7 \u2013 10:6 und Eberbach 2 durfte ihren Meistertitel feiern.<\/p>\n\n\n\n<div class=\"wp-block-image\"><figure class=\"aligncenter\"><a href=\"http:\/\/s710205766.online.de\/ssv-wordpress\/wp-content\/uploads\/Mannschaften.jpg\" target=\"_blank\" rel=\"noreferrer noopener\"><img loading=\"lazy\" decoding=\"async\" width=\"1024\" height=\"768\" src=\"http:\/\/s710205766.online.de\/ssv-wordpress\/wp-content\/uploads\/Mannschaften-1024x768.jpg\" alt=\"\" class=\"wp-image-2257\" srcset=\"http:\/\/s710205766.online.de\/ssv-wordpress\/wp-content\/uploads\/Mannschaften-1024x768.jpg 1024w, http:\/\/s710205766.online.de\/ssv-wordpress\/wp-content\/uploads\/Mannschaften-300x225.jpg 300w, http:\/\/s710205766.online.de\/ssv-wordpress\/wp-content\/uploads\/Mannschaften-768x576.jpg 768w\" sizes=\"(max-width: 1024px) 100vw, 1024px\" \/><\/a><\/figure><\/div>\n\n\n\n<p>(Foto: Privat) v.l. R. Zahn, F. Oe\u00df, H.-P. Hettmannsperger, A. Schatz, W. Schatz, G. Hammer-Zeitler, K. Bickel, L. Braun. (nicht auf dem Bild W. Gose)<\/p>\n\n\n\n<p>Bei den im Finale nicht in den Eberbacher Mannschaften eingesetzten Ranglistensch\u00fctzen konnten Hans-Peter Hettmansperger, Friedrich Oe\u00df und Annette Schatz mit 290, 298 und 299 Ringen wieder an ihre fr\u00fcheren Ergebnisse ankn\u00fcpfen.<\/p>\n\n\n\n<p>In der Ranglisteneinzelwertung erreichte wie im Vorjahr Wulfrin Schatz mit einem Durchschnitt von 298,83 Ringen ringgleich mit Hans-J\u00fcrgen Kopietz (Spechbach) den ersten Platz. Platz 3 ging ebenfalls an Eberbach, n\u00e4mlich an die erstmals in der Ligarunde teilnehmende Gabi Hammer-Zeitler, die 298,67 Ringe erzielte. In der Rangliste der alle 6 Ligawettk\u00e4mpfe absolvierten Sch\u00fctzen belegten die Eberbacher Lothar Braun (297,17), Reinhard Zahn (296,50), Klaus Bickel (295,67) und Werner Gose (295,50) die Pl\u00e4tze 8, 10, 12 und 13. Die Durchschnittsergebnisse der Sch\u00fctzen mit weniger als die vollst\u00e4ndigen 6 Wettk\u00e4mpfe betrugen bei Annette Schatz 297,75, bei Friedrich Oe\u00df 296,00 und bei Hans-Peter Hettmansperger 286,25 Ringe.<\/p>\n\n\n\n<div class=\"wp-block-image\"><figure class=\"aligncenter\"><a href=\"http:\/\/s710205766.online.de\/ssv-wordpress\/wp-content\/uploads\/IMG_7879-2.jpg\" target=\"_blank\" rel=\"noreferrer noopener\"><img loading=\"lazy\" decoding=\"async\" width=\"397\" height=\"600\" src=\"http:\/\/s710205766.online.de\/ssv-wordpress\/wp-content\/uploads\/IMG_7879-2.jpg\" alt=\"\" class=\"wp-image-2260\" srcset=\"http:\/\/s710205766.online.de\/ssv-wordpress\/wp-content\/uploads\/IMG_7879-2.jpg 397w, http:\/\/s710205766.online.de\/ssv-wordpress\/wp-content\/uploads\/IMG_7879-2-199x300.jpg 199w\" sizes=\"(max-width: 397px) 100vw, 397px\" \/><\/a><\/figure><\/div>\n\n\n\n<p>Nach Abschluss dieser Ligarunde geht der Dank der Eberbacher Auflagesch\u00fctzen insbesondere an Karin Kress, ohne die als Wettkampfleiterin insbesondere bei Heimwettk\u00e4mpfen durch die Bedienung der elektronischen Schie\u00dfanlage dieses Auflageevent gar nicht m\u00f6glich w\u00e4re. Weiterer Dank geb\u00fchrt gleicherma\u00dfen dem Thekenteam mit Gabi Klinge-Teller, Ulla Braun und ihren Helfern.<\/p>\n\n\n\n<p>30.01.18 \/WS<\/p>\n\n\n\n<hr class=\"wp-block-separator\"\/>\n\n\n\n<h3 class=\"wp-block-heading\"><strong>1.Luftgewehrmannschaft des SSV 1487 Eberbach Sieger der Landesliga Ost<\/strong><\/h3>\n\n\n\n<h6 class=\"wp-block-heading\"><strong>5:0 Sieg im letzten Wettkampf gegen den SSV Spechbach 2<\/strong><\/h6>\n\n\n\n<div class=\"wp-block-image\"><figure class=\"aligncenter\"><a href=\"http:\/\/s710205766.online.de\/ssv-wordpress\/wp-content\/uploads\/IMG_5803-1.jpg\"><img loading=\"lazy\" decoding=\"async\" width=\"1024\" height=\"915\" src=\"http:\/\/s710205766.online.de\/ssv-wordpress\/wp-content\/uploads\/IMG_5803-1-1024x915.jpg\" alt=\"\" class=\"wp-image-2228\" srcset=\"http:\/\/s710205766.online.de\/ssv-wordpress\/wp-content\/uploads\/IMG_5803-1-1024x915.jpg 1024w, http:\/\/s710205766.online.de\/ssv-wordpress\/wp-content\/uploads\/IMG_5803-1-300x268.jpg 300w, http:\/\/s710205766.online.de\/ssv-wordpress\/wp-content\/uploads\/IMG_5803-1-768x686.jpg 768w\" sizes=\"(max-width: 1024px) 100vw, 1024px\" \/><\/a><\/figure><\/div>\n\n\n\n<p>(Foto:Privat): v.l. F. Sch\u00f6lch, P. Joho, S. Sch\u00f6lch, X. Scherer, S. Kre\u00df<\/p>\n\n\n\n<p>Am Sonntag fand vor heimischer Kulisse der letzte Wettkampf f\u00fcr die 1. Luftgewehrmannschaft des SSV Eberbach statt. Zu Gast im Sch\u00fctzenhaus war der bisherige Tabellenf\u00fchrer in der Landesliga, die 2. Mannschaft des SSV Spechbach.<\/p>\n\n\n\n<p>Auf Position 1 ging Friedrich Sch\u00f6lch f\u00fcr Eberbach an den Start und beendete seinen Wettkampf mit 383 Ringen. Sein Gegner aus Spechbach schoss 378, dies bedeutete den 1. Einzelpunkt f\u00fcr Eberbach. Im zweiten Duell errang Stephan Sch\u00f6lch mit 384 Ringen den 2. Punkt f\u00fcr seine Mannschaft. Auf Position 3. startete Patrick Joho etwas unsicher in seinen Wettkampf. Seine Gegnerin schoss konstante Serien und beendete ihren Wettkampf mit 379 Ringen. Patrick konnte die verlorenen Ringe aus der 1. Serie im Laufe des Wettkampfes aufholen, und beendete seinen Wettkampf mit einem hauchd\u00fcnnen Vorsprung und 380 Ringen. Xenia Scherer auf Position 4 errang mit 377 Ringen ungef\u00e4hrdet den 4. Punkt f\u00fcr die Heimmannschaft. Steffen Kre\u00df auf Position 5 sicherte mit&nbsp; starken 388 Ringen den 5:0 Erfolg gegen die Spechbacher Sch\u00fctzen. Sein Gegner beendete seinen Wettkampf mit 370 Ringen.<\/p>\n\n\n\n<p>Dieser Sieg bedeutete gleichzeitig den Gewinn der Meisterschaft in der Landesliga Ost, und berechtigt die Mannschaft zur Teilnahme an den Relegationswettk\u00e4mpfen zum Aufstieg in die Oberliga.<\/p>\n\n\n\n<p>Im Anschluss ging die ersatzgeschw\u00e4chte 1. Luftpistolenmannschaft in der Landesliga gegen die SGI K\u00f6nigshofen an den Start. Der Wettkampf endete 1:4 f\u00fcr die favorisierten Sch\u00fctzen aus K\u00f6nigshofen. Das Endergebnis l\u00e4sst es zwar nicht vermuten, aber der Wettkampf verlief knapper als man es erwartet h\u00e4tte. Den Punkt f\u00fcr Eberbach erk\u00e4mpfte sich Michael Brockmann. Trotz starker Leistung von 364 Ringen reichte es Roland Johe leider nicht zu einem Punktgewinn. Sein Gegner aus K\u00f6nigshofen beendete seinen Wettkampf mit 366 Ringen.<\/p>\n\n\n\n<div class=\"wp-block-image\"><figure class=\"aligncenter\"><a href=\"http:\/\/s710205766.online.de\/ssv-wordpress\/wp-content\/uploads\/IMG_7867.jpg\" target=\"_blank\" rel=\"noreferrer noopener\"><img loading=\"lazy\" decoding=\"async\" width=\"1024\" height=\"822\" src=\"http:\/\/s710205766.online.de\/ssv-wordpress\/wp-content\/uploads\/IMG_7867-1024x822.jpg\" alt=\"\" class=\"wp-image-2238\" srcset=\"http:\/\/s710205766.online.de\/ssv-wordpress\/wp-content\/uploads\/IMG_7867-1024x822.jpg 1024w, http:\/\/s710205766.online.de\/ssv-wordpress\/wp-content\/uploads\/IMG_7867-300x241.jpg 300w, http:\/\/s710205766.online.de\/ssv-wordpress\/wp-content\/uploads\/IMG_7867-768x617.jpg 768w\" sizes=\"(max-width: 1024px) 100vw, 1024px\" \/><\/a><\/figure><\/div>\n\n\n\n<p>(Foto: Privat) v.l. Wettkampfleiterin P. Sauer, M. Kre\u00df, R. Johe, S. Kre\u00df, M.Brockmann, D.Zimmermann. (nicht auf dem Bild W. Stadler)<\/p>\n\n\n\n<p>28.01.18\/ PJ<\/p>\n\n\n\n<hr class=\"wp-block-separator\"\/>\n\n\n\n<h3 class=\"wp-block-heading\"><strong>Dreik\u00f6nigsschie\u00dfen<\/strong><\/h3>\n\n\n\n<p>Am heutigen 06.01.2018, fand das traditionelle Dreik\u00f6nigsschie\u00dfen<\/p>\n\n\n\n<p>im Sch\u00fctzenhaus Eberbach statt.<\/p>\n\n\n\n<p>Es wurde mit dem KK Gewehr 50m mit einem Schu\u00df auf die wieder sch\u00f6n bemalte Scheibe geschossen. Es nahmen 28 Teilnehmer an diesem Turnier teil.<\/p>\n\n\n\n<p>Mit einem ziemlich genauen Schu\u00df direkt in die Mitte, konnte Michael Brockmann dieses Turnier f\u00fcr sich gewinnen.<\/p>\n\n\n\n<div class=\"wp-block-image\"><figure class=\"aligncenter\"><a href=\"http:\/\/s710205766.online.de\/ssv-wordpress\/wp-content\/uploads\/IMG_7780.jpg\" target=\"_blank\" rel=\"noreferrer noopener\"><img loading=\"lazy\" decoding=\"async\" width=\"225\" height=\"300\" src=\"http:\/\/s710205766.online.de\/ssv-wordpress\/wp-content\/uploads\/IMG_7780-225x300.jpg\" alt=\"\" class=\"wp-image-2122\" srcset=\"http:\/\/s710205766.online.de\/ssv-wordpress\/wp-content\/uploads\/IMG_7780-225x300.jpg 225w, http:\/\/s710205766.online.de\/ssv-wordpress\/wp-content\/uploads\/IMG_7780-768x1024.jpg 768w\" sizes=\"(max-width: 225px) 100vw, 225px\" \/><\/a><\/figure><\/div>\n\n\n\n<p>Wulfrin Schatz der die Scheibe gestiftet hat, \u00fcbergibt dem Gewinner, Michael Brockmann, die Dreik\u00f6nigsscheibe.<\/p>\n\n\n\n<p>06.01.18\/ MW<\/p>\n","protected":false},"excerpt":{"rendered":"<p>A&amp;B Schiessen 2018 Am 28.12.2018 fand wieder unser allj\u00e4hrliches A&amp;B Schiessen statt. Das Event findet immer am letzt m\u00f6glichen Tag im alten Jahr statt, an dem wir trainieren k\u00f6nnen. So wie die Sch\u00fctzen im Sch\u00fctzenhaus eintreffen, werden sie in die&hellip; <\/p>\n","protected":false},"author":1,"featured_media":0,"parent":0,"menu_order":0,"comment_status":"closed","ping_status":"closed","template":"","meta":{"footnotes":""},"_links":{"self":[{"href":"http:\/\/s710205766.online.de\/ssv-wordpress\/index.php?rest_route=\/wp\/v2\/pages\/5840"}],"collection":[{"href":"http:\/\/s710205766.online.de\/ssv-wordpress\/index.php?rest_route=\/wp\/v2\/pages"}],"about":[{"href":"http:\/\/s710205766.online.de\/ssv-wordpress\/index.php?rest_route=\/wp\/v2\/types\/page"}],"author":[{"embeddable":true,"href":"http:\/\/s710205766.online.de\/ssv-wordpress\/index.php?rest_route=\/wp\/v2\/users\/1"}],"replies":[{"embeddable":true,"href":"http:\/\/s710205766.online.de\/ssv-wordpress\/index.php?rest_route=%2Fwp%2Fv2%2Fcomments&post=5840"}],"version-history":[{"count":25,"href":"http:\/\/s710205766.online.de\/ssv-wordpress\/index.php?rest_route=\/wp\/v2\/pages\/5840\/revisions"}],"predecessor-version":[{"id":5900,"href":"http:\/\/s710205766.online.de\/ssv-wordpress\/index.php?rest_route=\/wp\/v2\/pages\/5840\/revisions\/5900"}],"wp:attachment":[{"href":"http:\/\/s710205766.online.de\/ssv-wordpress\/index.php?rest_route=%2Fwp%2Fv2%2Fmedia&parent=5840"}],"curies":[{"name":"wp","href":"https:\/\/api.w.org\/{rel}","templated":true}]}}