{"id":5837,"date":"2020-02-20T21:06:57","date_gmt":"2020-02-20T20:06:57","guid":{"rendered":"http:\/\/s710205766.online.de\/ssv-wordpress\/?page_id=5837"},"modified":"2020-02-20T21:52:19","modified_gmt":"2020-02-20T20:52:19","slug":"aktuelles-2017","status":"publish","type":"page","link":"http:\/\/s710205766.online.de\/ssv-wordpress\/?page_id=5837","title":{"rendered":"Aktuelles 2017"},"content":{"rendered":"\n<h3 class=\"wp-block-heading\"><strong>A&amp;B Schie\u00dfen<\/strong><\/h3>\n\n\n\n<p>Heute am 29.12.2017 fand wieder unser traditionelles A&amp;B Schie\u00dfen statt.<\/p>\n\n\n\n<p>Immer am letztm\u00f6glichen Trainingsabend im alten Jahr treffen sich die Sch\u00fctzen zum Schie\u00dfen und anschlie\u00dfendem Essen und gem\u00fctlichem Beisammensein.<\/p>\n\n\n\n<div class=\"wp-block-image\"><figure class=\"aligncenter\"><a href=\"http:\/\/s710205766.online.de\/ssv-wordpress\/wp-content\/uploads\/IMG_7724.jpg\" target=\"_blank\" rel=\"noreferrer noopener\"><img loading=\"lazy\" decoding=\"async\" width=\"300\" height=\"225\" src=\"http:\/\/s710205766.online.de\/ssv-wordpress\/wp-content\/uploads\/IMG_7724-300x225.jpg\" alt=\"\" class=\"wp-image-2101\" srcset=\"http:\/\/s710205766.online.de\/ssv-wordpress\/wp-content\/uploads\/IMG_7724-300x225.jpg 300w, http:\/\/s710205766.online.de\/ssv-wordpress\/wp-content\/uploads\/IMG_7724-768x576.jpg 768w, http:\/\/s710205766.online.de\/ssv-wordpress\/wp-content\/uploads\/IMG_7724-1024x768.jpg 1024w\" sizes=\"(max-width: 300px) 100vw, 300px\" \/><\/a><\/figure><\/div>\n\n\n\n<p>Es gab eine kleine Tombola, von der sich jeder Teilnehmer ein Geschenk aussuchen durfte.<\/p>\n\n\n\n<p>Ein extra f\u00fcr dieses Turnier gestifteter Wanderpokal geht an die Siegermannschaft.<\/p>\n\n\n\n<p>Dieses Jahr war es die Gruppe B.<\/p>\n\n\n\n<p>Ein besonderer Dank geht an die Helfer hinter der Theke und an die K\u00fcchenfee,<\/p>\n\n\n\n<p>die uns leckere Steaks zubereitet hat.<\/p>\n\n\n\n<div class=\"wp-block-image\"><figure class=\"aligncenter\"><a href=\"http:\/\/s710205766.online.de\/ssv-wordpress\/wp-content\/uploads\/IMG_7726.jpg\" target=\"_blank\" rel=\"noreferrer noopener\"><img loading=\"lazy\" decoding=\"async\" width=\"300\" height=\"225\" src=\"http:\/\/s710205766.online.de\/ssv-wordpress\/wp-content\/uploads\/IMG_7726-300x225.jpg\" alt=\"\" class=\"wp-image-2103\" srcset=\"http:\/\/s710205766.online.de\/ssv-wordpress\/wp-content\/uploads\/IMG_7726-300x225.jpg 300w, http:\/\/s710205766.online.de\/ssv-wordpress\/wp-content\/uploads\/IMG_7726-768x576.jpg 768w, http:\/\/s710205766.online.de\/ssv-wordpress\/wp-content\/uploads\/IMG_7726-1024x768.jpg 1024w\" sizes=\"(max-width: 300px) 100vw, 300px\" \/><\/a><\/figure><\/div>\n\n\n\n<p>Mit diesem Abend verabschieden wir uns vom alten Jahr.<\/p>\n\n\n\n<p>Das neue Jahr wird wieder viele Wettk\u00e4mpfe und Turniere bereithalten, packen wir es an.<\/p>\n\n\n\n<div class=\"wp-block-image\"><figure class=\"aligncenter\"><a href=\"http:\/\/s710205766.online.de\/ssv-wordpress\/wp-content\/uploads\/IMG_7725.jpg\" target=\"_blank\" rel=\"noreferrer noopener\"><img loading=\"lazy\" decoding=\"async\" width=\"300\" height=\"225\" src=\"http:\/\/s710205766.online.de\/ssv-wordpress\/wp-content\/uploads\/IMG_7725-300x225.jpg\" alt=\"\" class=\"wp-image-2102\" srcset=\"http:\/\/s710205766.online.de\/ssv-wordpress\/wp-content\/uploads\/IMG_7725-300x225.jpg 300w, http:\/\/s710205766.online.de\/ssv-wordpress\/wp-content\/uploads\/IMG_7725-768x576.jpg 768w, http:\/\/s710205766.online.de\/ssv-wordpress\/wp-content\/uploads\/IMG_7725-1024x768.jpg 1024w\" sizes=\"(max-width: 300px) 100vw, 300px\" \/><\/a><\/figure><\/div>\n\n\n\n<p>29.12.17\/ MW<\/p>\n\n\n\n<h1 class=\"wp-block-heading\"><strong>Sascha K\u00fcller ist neuer Sch\u00fctzenk\u00f6nig<\/strong><\/h1>\n\n\n\n<p>Am Samstag fand unsere traditionelle K\u00f6nigsfeier statt. Nachdem wir 10 Jahre &#8222;ausw\u00e4rts&#8220; gefeiert haben, wurde diese nun wieder im Sch\u00fctzenhaus ausgerichtet. Viele flei\u00dfige Helfer verwandelten die Luftgewehrhalle in einen gem\u00fctlichen und festlich geschm\u00fcckten Saal. Zur Begr\u00fc\u00dfung gab es einen kleinen Sektempfang, bevor OSM Patrick Joho die anwesenden G\u00e4ste begr\u00fc\u00dfte.<\/p>\n\n\n\n<p>Nach dem gemeinsamen Essen wurden von der Schiessleiterin Martina Walldorf die bei den Vereinsmeisterschaften erfolgreichen Sch\u00fctzen geehrt.<\/p>\n\n\n\n<div class=\"wp-block-image\"><figure class=\"aligncenter\"><a href=\"http:\/\/s710205766.online.de\/ssv-wordpress\/wp-content\/uploads\/DSC_0230-1.jpg\" target=\"_blank\" rel=\"noreferrer noopener\"><img loading=\"lazy\" decoding=\"async\" width=\"1024\" height=\"455\" src=\"http:\/\/s710205766.online.de\/ssv-wordpress\/wp-content\/uploads\/DSC_0230-1-1024x455.jpg\" alt=\"\" class=\"wp-image-1663\" srcset=\"http:\/\/s710205766.online.de\/ssv-wordpress\/wp-content\/uploads\/DSC_0230-1-1024x455.jpg 1024w, http:\/\/s710205766.online.de\/ssv-wordpress\/wp-content\/uploads\/DSC_0230-1-300x133.jpg 300w, http:\/\/s710205766.online.de\/ssv-wordpress\/wp-content\/uploads\/DSC_0230-1-768x341.jpg 768w\" sizes=\"(max-width: 1024px) 100vw, 1024px\" \/><\/a><\/figure><\/div>\n\n\n\n<p><\/p>\n\n\n\n<p>Im Anschluss daran bekamen, wie in den vergangenen Jahren, alle Teilnehmer der Deutschen Meisterschaften 2017 ein Pr\u00e4sent \u00fcberreicht.<\/p>\n\n\n\n<p>In diesem Jahr erhielten die Teilnehmer einen Rucksack der Firma Ansch\u00fctz.<\/p>\n\n\n\n<div class=\"wp-block-image\"><figure class=\"aligncenter\"><a href=\"http:\/\/s710205766.online.de\/ssv-wordpress\/wp-content\/uploads\/DSC_0234-1.jpg\"><img loading=\"lazy\" decoding=\"async\" width=\"1024\" height=\"519\" src=\"http:\/\/s710205766.online.de\/ssv-wordpress\/wp-content\/uploads\/DSC_0234-1-1024x519.jpg\" alt=\"\" class=\"wp-image-1666\" srcset=\"http:\/\/s710205766.online.de\/ssv-wordpress\/wp-content\/uploads\/DSC_0234-1-1024x519.jpg 1024w, http:\/\/s710205766.online.de\/ssv-wordpress\/wp-content\/uploads\/DSC_0234-1-300x152.jpg 300w, http:\/\/s710205766.online.de\/ssv-wordpress\/wp-content\/uploads\/DSC_0234-1-768x390.jpg 768w\" sizes=\"(max-width: 1024px) 100vw, 1024px\" \/><\/a><\/figure><\/div>\n\n\n\n<p><\/p>\n\n\n\n<p>Als Begleitprogramm hatte sich der Vergn\u00fcgungsausschuss wieder ein Sch\u00e4tzspiel einfallen lassen. Erraten werden musste das Gewicht einer Munitionsschachtel, die weniger als 500 Schuss Kleinkaliber-Munition enthielt. Dem genauen Gewicht von 1.728 Gramm kamen dann zwei Teilnehmer mit gesch\u00e4tzten 1.750 Gramm am n\u00e4chsten. Somit durfte Gl\u00fccksfee Laura Thanel einen Sieger heraus deuten.<\/p>\n\n\n\n<p>Gewonnen hat Martina Walldorf, gefolgt von Max Kre\u00df und Thomas M\u00fcller.<\/p>\n\n\n\n<div class=\"wp-block-image\"><figure class=\"aligncenter\"><a href=\"http:\/\/s710205766.online.de\/ssv-wordpress\/wp-content\/uploads\/DSC_0232-1.jpg\"><img loading=\"lazy\" decoding=\"async\" width=\"253\" height=\"300\" src=\"http:\/\/s710205766.online.de\/ssv-wordpress\/wp-content\/uploads\/DSC_0232-1-253x300.jpg\" alt=\"\" class=\"wp-image-1670\" srcset=\"http:\/\/s710205766.online.de\/ssv-wordpress\/wp-content\/uploads\/DSC_0232-1-253x300.jpg 253w, http:\/\/s710205766.online.de\/ssv-wordpress\/wp-content\/uploads\/DSC_0232-1-768x909.jpg 768w, http:\/\/s710205766.online.de\/ssv-wordpress\/wp-content\/uploads\/DSC_0232-1-865x1024.jpg 865w, http:\/\/s710205766.online.de\/ssv-wordpress\/wp-content\/uploads\/DSC_0232-1.jpg 2000w\" sizes=\"(max-width: 253px) 100vw, 253px\" \/><\/a><\/figure><\/div>\n\n\n\n<p>Nun kam man zum eigentlichen H\u00f6hepunkt des Abends, der Kr\u00f6nung der Sch\u00fctzenk\u00f6nige.<\/p>\n\n\n\n<p>Neuer Jugendsch\u00fctzenk\u00f6nig wurde Leon Joho. Ihm zur Seite stehen seine Ritter Roman Gro\u00df und Tim V\u00f6lker.<\/p>\n\n\n\n<div class=\"wp-block-image\"><figure class=\"aligncenter\"><a href=\"http:\/\/s710205766.online.de\/ssv-wordpress\/wp-content\/uploads\/DSC_0236-1.jpg\" target=\"_blank\" rel=\"noreferrer noopener\"><img loading=\"lazy\" decoding=\"async\" width=\"1024\" height=\"719\" src=\"http:\/\/s710205766.online.de\/ssv-wordpress\/wp-content\/uploads\/DSC_0236-1-1024x719.jpg\" alt=\"\" class=\"wp-image-1673\" srcset=\"http:\/\/s710205766.online.de\/ssv-wordpress\/wp-content\/uploads\/DSC_0236-1-1024x719.jpg 1024w, http:\/\/s710205766.online.de\/ssv-wordpress\/wp-content\/uploads\/DSC_0236-1-300x211.jpg 300w, http:\/\/s710205766.online.de\/ssv-wordpress\/wp-content\/uploads\/DSC_0236-1-768x540.jpg 768w\" sizes=\"(max-width: 1024px) 100vw, 1024px\" \/><\/a><\/figure><\/div>\n\n\n\n<p>Der Jugendpokal ging an Max Kre\u00df.<\/p>\n\n\n\n<p>Neuer Sch\u00fctzenk\u00f6nig ist Sascha K\u00fcller, der von seinem Vorg\u00e4nger Jens M\u00fcller die K\u00f6nigskette \u00fcberreicht bekam.<\/p>\n\n\n\n<p>Erster Ritter ist Patrick Joho, zweiter Ritter Lothar Braun.<\/p>\n\n\n\n<div class=\"wp-block-image\"><figure class=\"aligncenter\"><a href=\"http:\/\/s710205766.online.de\/ssv-wordpress\/wp-content\/uploads\/DSC_0238-1.jpg\" target=\"_blank\" rel=\"noreferrer noopener\"><img loading=\"lazy\" decoding=\"async\" width=\"1024\" height=\"751\" src=\"http:\/\/s710205766.online.de\/ssv-wordpress\/wp-content\/uploads\/DSC_0238-1-1024x751.jpg\" alt=\"\" class=\"wp-image-1675\" srcset=\"http:\/\/s710205766.online.de\/ssv-wordpress\/wp-content\/uploads\/DSC_0238-1-1024x751.jpg 1024w, http:\/\/s710205766.online.de\/ssv-wordpress\/wp-content\/uploads\/DSC_0238-1-300x220.jpg 300w, http:\/\/s710205766.online.de\/ssv-wordpress\/wp-content\/uploads\/DSC_0238-1-768x563.jpg 768w\" sizes=\"(max-width: 1024px) 100vw, 1024px\" \/><\/a><\/figure><\/div>\n\n\n\n<p>Die von Richard Schwab gestiftete K\u00f6nigsscheibe wurde an Martin Kre\u00df \u00fcberreicht.<\/p>\n\n\n\n<div class=\"wp-block-image\"><figure class=\"aligncenter\"><a href=\"http:\/\/s710205766.online.de\/ssv-wordpress\/wp-content\/uploads\/DSC_0237-1.jpg\" target=\"_blank\" rel=\"noreferrer noopener\"><img loading=\"lazy\" decoding=\"async\" width=\"1024\" height=\"754\" src=\"http:\/\/s710205766.online.de\/ssv-wordpress\/wp-content\/uploads\/DSC_0237-1-1024x754.jpg\" alt=\"\" class=\"wp-image-1674\" srcset=\"http:\/\/s710205766.online.de\/ssv-wordpress\/wp-content\/uploads\/DSC_0237-1-1024x754.jpg 1024w, http:\/\/s710205766.online.de\/ssv-wordpress\/wp-content\/uploads\/DSC_0237-1-300x221.jpg 300w, http:\/\/s710205766.online.de\/ssv-wordpress\/wp-content\/uploads\/DSC_0237-1-768x565.jpg 768w\" sizes=\"(max-width: 1024px) 100vw, 1024px\" \/><\/a><\/figure><\/div>\n\n\n\n<p>Am Ende gab es dann nat\u00fcrlich auch wieder eine Tombola mit vielen tollen Preisen.<\/p>\n\n\n\n<div class=\"wp-block-image\"><figure class=\"aligncenter\"><a href=\"http:\/\/s710205766.online.de\/ssv-wordpress\/wp-content\/uploads\/IMG_7573.jpg\" target=\"_blank\" rel=\"noreferrer noopener\"><img loading=\"lazy\" decoding=\"async\" width=\"1024\" height=\"768\" src=\"http:\/\/s710205766.online.de\/ssv-wordpress\/wp-content\/uploads\/IMG_7573-1024x768.jpg\" alt=\"\" class=\"wp-image-1695\" srcset=\"http:\/\/s710205766.online.de\/ssv-wordpress\/wp-content\/uploads\/IMG_7573-1024x768.jpg 1024w, http:\/\/s710205766.online.de\/ssv-wordpress\/wp-content\/uploads\/IMG_7573-300x225.jpg 300w, http:\/\/s710205766.online.de\/ssv-wordpress\/wp-content\/uploads\/IMG_7573-768x576.jpg 768w, http:\/\/s710205766.online.de\/ssv-wordpress\/wp-content\/uploads\/IMG_7573.jpg 1280w\" sizes=\"(max-width: 1024px) 100vw, 1024px\" \/><\/a><\/figure><\/div>\n\n\n\n<p>29.11.17 k\u00df<\/p>\n\n\n\n<h3 class=\"wp-block-heading\"><strong>Kreissch\u00fctzenball 2017<\/strong><\/h3>\n\n\n\n<p>Am 11.11.17 fand der diesj\u00e4hrige Kreissch\u00fctzenball in Hirschhorn statt. Wir waren mit unserer Fahne und 11 Personen vertreten.<\/p>\n\n\n\n<div class=\"wp-block-image\"><figure class=\"aligncenter\"><a href=\"http:\/\/s710205766.online.de\/ssv-wordpress\/wp-content\/uploads\/IMG_7496.jpg\" target=\"_blank\" rel=\"noreferrer noopener\"><img loading=\"lazy\" decoding=\"async\" width=\"150\" height=\"150\" src=\"http:\/\/s710205766.online.de\/ssv-wordpress\/wp-content\/uploads\/IMG_7496-150x150.jpg\" alt=\"\" class=\"wp-image-1142\" srcset=\"http:\/\/s710205766.online.de\/ssv-wordpress\/wp-content\/uploads\/IMG_7496-150x150.jpg 150w, http:\/\/s710205766.online.de\/ssv-wordpress\/wp-content\/uploads\/IMG_7496-230x230.jpg 230w\" sizes=\"(max-width: 150px) 100vw, 150px\" \/><\/a><\/figure><\/div>\n\n\n\n<p>Ein H\u00f6hepunkt waren die Ehrungen. Bei den Kreismeisterschaften 2017 erreichten wir mit 15 Gold, 8 Silber und 4 Bronzemedaillen den zweiten Platz in der Gesamtwertung hinter Spechbach.<\/p>\n\n\n\n<p>Bei den Rundenwettk\u00e4mpfen 2017 konnten wir in den Disziplinen Luftgewehr, Luftgewehr-Auflage und Kleinkaliber-Auflage jeweils einen Wanderpokal mit nach Hause nehmen.<\/p>\n\n\n\n<div class=\"wp-block-image\"><figure class=\"aligncenter\"><a href=\"http:\/\/s710205766.online.de\/ssv-wordpress\/wp-content\/uploads\/IMG_7497.jpg\" target=\"_blank\" rel=\"noreferrer noopener\"><img loading=\"lazy\" decoding=\"async\" width=\"150\" height=\"150\" src=\"http:\/\/s710205766.online.de\/ssv-wordpress\/wp-content\/uploads\/IMG_7497-150x150.jpg\" alt=\"\" class=\"wp-image-1140\" srcset=\"http:\/\/s710205766.online.de\/ssv-wordpress\/wp-content\/uploads\/IMG_7497-150x150.jpg 150w, http:\/\/s710205766.online.de\/ssv-wordpress\/wp-content\/uploads\/IMG_7497-230x230.jpg 230w\" sizes=\"(max-width: 150px) 100vw, 150px\" \/><\/a><\/figure><\/div>\n\n\n\n<p>Zum Ende der Veranstaltung wurden dann die Kreisk\u00f6nige bekanntgegeben.<\/p>\n\n\n\n<p>Neuer Kreisjugendk\u00f6nig ist Sebastian Blask (SSV Eberbach) mit seinem 1. Ritter Tim V\u00f6lker (SSV Eberbach)<\/p>\n\n\n\n<p>In der Sch\u00fctzenklasse wurde Friedrich Sch\u00f6lch (SSV Eberbach) 1. Ritter.<\/p>\n\n\n\n<p>12.11.17 k\u00df<\/p>\n\n\n\n<h2 class=\"wp-block-heading\"><strong>Ausflug zur Brauerei Faust<\/strong><\/h2>\n\n\n\n<div class=\"wp-block-image\"><figure class=\"aligncenter\"><a href=\"http:\/\/s710205766.online.de\/ssv-wordpress\/wp-content\/uploads\/IMG_7432.jpg\" target=\"_blank\" rel=\"noreferrer noopener\"><img loading=\"lazy\" decoding=\"async\" width=\"300\" height=\"137\" src=\"http:\/\/s710205766.online.de\/ssv-wordpress\/wp-content\/uploads\/IMG_7432-300x137.jpg\" alt=\"\" class=\"wp-image-1042\" srcset=\"http:\/\/s710205766.online.de\/ssv-wordpress\/wp-content\/uploads\/IMG_7432-300x137.jpg 300w, http:\/\/s710205766.online.de\/ssv-wordpress\/wp-content\/uploads\/IMG_7432-768x350.jpg 768w, http:\/\/s710205766.online.de\/ssv-wordpress\/wp-content\/uploads\/IMG_7432-1024x467.jpg 1024w, http:\/\/s710205766.online.de\/ssv-wordpress\/wp-content\/uploads\/IMG_7432-1018x460.jpg 1018w, http:\/\/s710205766.online.de\/ssv-wordpress\/wp-content\/uploads\/IMG_7432.jpg 1861w\" sizes=\"(max-width: 300px) 100vw, 300px\" \/><\/a><\/figure><\/div>\n\n\n\n<p>Die Brauerei Faust hatte unseren Verein schon l\u00e4nger zu einer Besichtigung eingeladen.<\/p>\n\n\n\n<p>Am 05.11.2017 war es dann soweit. 30 Teilnehmer fuhren mit dem Bus in das sch\u00f6ne Miltenberg am Main, wo die Brauerei ihren Sitz hat.<\/p>\n\n\n\n<p>Nach einer herzlichen Begr\u00fc\u00dfung und einem Film st\u00e4rkten wir uns mit Wei\u00dfw\u00fcrsten, Brezeln und nat\u00fcrlich dem leckeren Bier.<\/p>\n\n\n\n<p>Danach durften wir unter einer tollen F\u00fchrung, die Brauerei besichtigen.<\/p>\n\n\n\n<div class=\"wp-block-image\"><figure class=\"alignleft\"><a href=\"http:\/\/s710205766.online.de\/ssv-wordpress\/wp-content\/uploads\/IMG_7444.jpg\" target=\"_blank\" rel=\"noreferrer noopener\"><img loading=\"lazy\" decoding=\"async\" width=\"150\" height=\"150\" src=\"http:\/\/s710205766.online.de\/ssv-wordpress\/wp-content\/uploads\/IMG_7444-150x150.jpg\" alt=\"\" class=\"wp-image-1051\" srcset=\"http:\/\/s710205766.online.de\/ssv-wordpress\/wp-content\/uploads\/IMG_7444-150x150.jpg 150w, http:\/\/s710205766.online.de\/ssv-wordpress\/wp-content\/uploads\/IMG_7444-230x230.jpg 230w\" sizes=\"(max-width: 150px) 100vw, 150px\" \/><\/a><\/figure><\/div>\n\n\n\n<div class=\"wp-block-image\"><figure class=\"alignleft\"><a href=\"http:\/\/s710205766.online.de\/ssv-wordpress\/wp-content\/uploads\/IMG_7457.jpg\" target=\"_blank\" rel=\"noreferrer noopener\"><img loading=\"lazy\" decoding=\"async\" width=\"150\" height=\"150\" src=\"http:\/\/s710205766.online.de\/ssv-wordpress\/wp-content\/uploads\/IMG_7457-150x150.jpg\" alt=\"\" class=\"wp-image-1046\" srcset=\"http:\/\/s710205766.online.de\/ssv-wordpress\/wp-content\/uploads\/IMG_7457-150x150.jpg 150w, http:\/\/s710205766.online.de\/ssv-wordpress\/wp-content\/uploads\/IMG_7457-230x230.jpg 230w\" sizes=\"(max-width: 150px) 100vw, 150px\" \/><\/a><\/figure><\/div>\n\n\n\n<div class=\"wp-block-image\"><figure class=\"alignright\"><a href=\"http:\/\/s710205766.online.de\/ssv-wordpress\/wp-content\/uploads\/IMG_7460.jpg\" target=\"_blank\" rel=\"noreferrer noopener\"><img loading=\"lazy\" decoding=\"async\" width=\"150\" height=\"150\" src=\"http:\/\/s710205766.online.de\/ssv-wordpress\/wp-content\/uploads\/IMG_7460-150x150.jpg\" alt=\"\" class=\"wp-image-1066\" srcset=\"http:\/\/s710205766.online.de\/ssv-wordpress\/wp-content\/uploads\/IMG_7460-150x150.jpg 150w, http:\/\/s710205766.online.de\/ssv-wordpress\/wp-content\/uploads\/IMG_7460-230x230.jpg 230w\" sizes=\"(max-width: 150px) 100vw, 150px\" \/><\/a><\/figure><\/div>\n\n\n\n<div class=\"wp-block-image\"><figure class=\"alignright\"><a href=\"http:\/\/s710205766.online.de\/ssv-wordpress\/wp-content\/uploads\/IMG_7437.jpg\" target=\"_blank\" rel=\"noreferrer noopener\"><img loading=\"lazy\" decoding=\"async\" width=\"150\" height=\"150\" src=\"http:\/\/s710205766.online.de\/ssv-wordpress\/wp-content\/uploads\/IMG_7437-150x150.jpg\" alt=\"\" class=\"wp-image-1045\" srcset=\"http:\/\/s710205766.online.de\/ssv-wordpress\/wp-content\/uploads\/IMG_7437-150x150.jpg 150w, http:\/\/s710205766.online.de\/ssv-wordpress\/wp-content\/uploads\/IMG_7437-230x230.jpg 230w\" sizes=\"(max-width: 150px) 100vw, 150px\" \/><\/a><\/figure><\/div>\n\n\n\n<div class=\"wp-block-image\"><figure class=\"aligncenter\"><a href=\"http:\/\/s710205766.online.de\/ssv-wordpress\/wp-content\/uploads\/IMG_7454.jpg\" target=\"_blank\" rel=\"noreferrer noopener\"><img loading=\"lazy\" decoding=\"async\" width=\"150\" height=\"150\" src=\"http:\/\/s710205766.online.de\/ssv-wordpress\/wp-content\/uploads\/IMG_7454-150x150.jpg\" alt=\"\" class=\"wp-image-1052\" srcset=\"http:\/\/s710205766.online.de\/ssv-wordpress\/wp-content\/uploads\/IMG_7454-150x150.jpg 150w, http:\/\/s710205766.online.de\/ssv-wordpress\/wp-content\/uploads\/IMG_7454-230x230.jpg 230w\" sizes=\"(max-width: 150px) 100vw, 150px\" \/><\/a><\/figure><\/div>\n\n\n\n<p>Wir haben viel Interessantes \u00fcber die Braukunst und den Familienbetrieb Faust erfahren.<\/p>\n\n\n\n<p>Es war ein sch\u00f6ner Nachmittag, kurzweilig und sehr harmonisch.<\/p>\n\n\n\n<p>Nach einer angenehmen R\u00fcckfahrt, waren sich alle einig, dass solche Ausfl\u00fcge \u00f6fter statt finden sollen.<\/p>\n\n\n\n<div class=\"wp-block-image\"><figure class=\"aligncenter\"><a href=\"http:\/\/s710205766.online.de\/ssv-wordpress\/wp-content\/uploads\/IMG_7456.jpg\" target=\"_blank\" rel=\"noreferrer noopener\"><img loading=\"lazy\" decoding=\"async\" width=\"150\" height=\"150\" src=\"http:\/\/s710205766.online.de\/ssv-wordpress\/wp-content\/uploads\/IMG_7456-150x150.jpg\" alt=\"\" class=\"wp-image-1050\" srcset=\"http:\/\/s710205766.online.de\/ssv-wordpress\/wp-content\/uploads\/IMG_7456-150x150.jpg 150w, http:\/\/s710205766.online.de\/ssv-wordpress\/wp-content\/uploads\/IMG_7456-230x230.jpg 230w\" sizes=\"(max-width: 150px) 100vw, 150px\" \/><\/a><\/figure><\/div>\n\n\n\n<p>06.11.2017\/ MW<\/p>\n\n\n\n<h3 class=\"wp-block-heading\"><strong>Landesk\u00f6nig 2017<\/strong><\/h3>\n\n\n\n<p>Am Samstag, den 28.10.2017 fand in St. Leon Rot der diesj\u00e4hrige Landesk\u00f6nigsball statt.<\/p>\n\n\n\n<p>Wir hatten einen sch\u00f6nen Abend, mit einem abwechslungsreichen Programm und gutem Essen.<\/p>\n\n\n\n<p>Die Spannung wurde hochgehalten bis zum Schluss des Abends.<\/p>\n\n\n\n<p>Nach der Proklamation der K\u00f6nige stand fest. Karin Kre\u00df wurde in diesem Jahr, mit dem drittbesten Schuss, 2. Hofdame.<\/p>\n\n\n\n<p>Wir gratulieren ganz herzlich.<\/p>\n\n\n\n<div class=\"wp-block-image\"><figure class=\"alignleft\"><a href=\"http:\/\/s710205766.online.de\/ssv-wordpress\/wp-content\/uploads\/IMG_7406.jpeg\"><img loading=\"lazy\" decoding=\"async\" width=\"150\" height=\"150\" src=\"http:\/\/s710205766.online.de\/ssv-wordpress\/wp-content\/uploads\/IMG_7406-150x150.jpeg\" alt=\"\" class=\"wp-image-796\" srcset=\"http:\/\/s710205766.online.de\/ssv-wordpress\/wp-content\/uploads\/IMG_7406-150x150.jpeg 150w, http:\/\/s710205766.online.de\/ssv-wordpress\/wp-content\/uploads\/IMG_7406-230x230.jpeg 230w\" sizes=\"(max-width: 150px) 100vw, 150px\" \/><\/a><\/figure><\/div>\n\n\n\n<div class=\"wp-block-image\"><figure class=\"alignright\"><a href=\"http:\/\/s710205766.online.de\/ssv-wordpress\/wp-content\/uploads\/IMG_7411.jpg\"><img loading=\"lazy\" decoding=\"async\" width=\"150\" height=\"150\" src=\"http:\/\/s710205766.online.de\/ssv-wordpress\/wp-content\/uploads\/IMG_7411-150x150.jpg\" alt=\"\" class=\"wp-image-797\" srcset=\"http:\/\/s710205766.online.de\/ssv-wordpress\/wp-content\/uploads\/IMG_7411-150x150.jpg 150w, http:\/\/s710205766.online.de\/ssv-wordpress\/wp-content\/uploads\/IMG_7411-230x230.jpg 230w\" sizes=\"(max-width: 150px) 100vw, 150px\" \/><\/a><\/figure><\/div>\n\n\n\n<p>29.10.2017\/ MW<\/p>\n\n\n\n<p><\/p>\n\n\n\n<p><\/p>\n\n\n\n<hr class=\"wp-block-separator\"\/>\n\n\n\n<p><strong>Deutsche Meisterschaften<\/strong><\/p>\n\n\n\n<p>Am Wochenende gingen die diesj\u00e4hrigen Deutschen Meisterschaften in M\u00fcnchen zu Ende.<br>Insgesamt gingen 11 Sch\u00fctzinnen und Sch\u00fctzen f\u00fcr den SSV Eberbach an den Start, darunter<br>6 Jugendliche.<\/p>\n\n\n\n<p>Den Anfang machte Steffen Kre\u00df in der Juniorenklasse A mit der Disziplin KK 3&#215;40.<br>Nach 3 Stunden Wettkampf erreichte er ein Ergebnis von 1.098 Ringen und belegte damit den<br>26. Platz. Im Luftgewehr 60 Schuss Programm kam er auf 569 Ringe, was f\u00fcr ihn Platz 60 bedeutete.<br>In seiner letzten Disziplin KK 3&#215;20 konnte er nochmal alle Reserven aus sich herausholen und<br>schoss sich mit guten 552 Ringen auf Platz 26 von 54 Sch\u00fctzen.<\/p>\n\n\n\n<p>Leon Joho ging in der Jugendklasse im KK 60 Schuss Liegend an den Start und schoss starke 578<br>Ringe, die ihn auf Platz 10. brachten. Mit seinen Mannschaftskolleginnen Larissa Weindorf (584 Ringe,<br>Platz 10.) und Sarah Schendel (566 Ringe, Platz 52.) reichte dies in der Mannschaftwertung f\u00fcr Platz 9.<br>Annika Ruff (572 Ringe, Platz 44.) und Nina Lapszies (563 Ringe, 63 Platz) vervollst\u00e4ndigten die guten<br>Ergebnisse unserer Jugendlichen.<\/p>\n\n\n\n<p>Im Damenbereich konnte unsere Zimmerstutzen-Mannschaft einen guten 5. Platz erreichen. Nina Johe<br>schoss von Ihrer Mannschaft das beste Ergebnis mit 273 Ringen und konnte sich Platz 18 sichern. Ihre<br>Kolleginnen Karina Schneider und Chantal Kaucher erreichten 270 und 269 Ringe.<\/p>\n\n\n\n<p>In der Herren-Altersklasse ging Thomas M\u00fcller zum ersten Mal mit dem Zimmerstutzen in M\u00fcnchen an<br>den Start. Trotz Nervosit\u00e4t erreichte er gute 264 Ringe, die f\u00fcr ihn Platz 55 bedeuteten. Karin Kre\u00df<br>erreichte in der gleichen Disziplin in der Damen Altersklasse 261 Ringe und kam auf Platz 22.<\/p>\n\n\n\n<p>Zwei unserer Sch\u00fctzen traten mit Mannschaften f\u00fcr andere Vereine bei den Deutschen Meisterschaften an.<br>So auch Kerstin Liebsch, die mit dem Luftgewehr starke 375 Ringe f\u00fcr den KKS Ispringen erreichte und<br>mit der Mannschaft auf den 7. Platz kam.<\/p>\n\n\n\n<p>Leon Joho schoss im Luftgewehr 368 Ringe f\u00fcr Kronau und im KK 3&#215;20 f\u00fcr den SSV Karlsbad 520 Ringe.<\/p>\n\n\n\n<p>k\u00df<\/p>\n","protected":false},"excerpt":{"rendered":"<p>A&amp;B Schie\u00dfen Heute am 29.12.2017 fand wieder unser traditionelles A&amp;B Schie\u00dfen statt. Immer am letztm\u00f6glichen Trainingsabend im alten Jahr treffen sich die Sch\u00fctzen zum Schie\u00dfen und anschlie\u00dfendem Essen und gem\u00fctlichem Beisammensein. Es gab eine kleine Tombola, von der sich jeder&hellip; <\/p>\n","protected":false},"author":1,"featured_media":0,"parent":0,"menu_order":0,"comment_status":"closed","ping_status":"closed","template":"","meta":{"footnotes":""},"_links":{"self":[{"href":"http:\/\/s710205766.online.de\/ssv-wordpress\/index.php?rest_route=\/wp\/v2\/pages\/5837"}],"collection":[{"href":"http:\/\/s710205766.online.de\/ssv-wordpress\/index.php?rest_route=\/wp\/v2\/pages"}],"about":[{"href":"http:\/\/s710205766.online.de\/ssv-wordpress\/index.php?rest_route=\/wp\/v2\/types\/page"}],"author":[{"embeddable":true,"href":"http:\/\/s710205766.online.de\/ssv-wordpress\/index.php?rest_route=\/wp\/v2\/users\/1"}],"replies":[{"embeddable":true,"href":"http:\/\/s710205766.online.de\/ssv-wordpress\/index.php?rest_route=%2Fwp%2Fv2%2Fcomments&post=5837"}],"version-history":[{"count":12,"href":"http:\/\/s710205766.online.de\/ssv-wordpress\/index.php?rest_route=\/wp\/v2\/pages\/5837\/revisions"}],"predecessor-version":[{"id":5863,"href":"http:\/\/s710205766.online.de\/ssv-wordpress\/index.php?rest_route=\/wp\/v2\/pages\/5837\/revisions\/5863"}],"wp:attachment":[{"href":"http:\/\/s710205766.online.de\/ssv-wordpress\/index.php?rest_route=%2Fwp%2Fv2%2Fmedia&parent=5837"}],"curies":[{"name":"wp","href":"https:\/\/api.w.org\/{rel}","templated":true}]}}